{"id":456,"date":"2015-07-29T13:44:44","date_gmt":"2015-07-29T13:44:44","guid":{"rendered":"https:\/\/zakra-agency.sites.qsandbox.com\/?page_id=4"},"modified":"2025-07-24T11:15:04","modified_gmt":"2025-07-24T09:15:04","slug":"home","status":"publish","type":"page","link":"http:\/\/www.adapei64.fr\/site\/","title":{"rendered":""},"content":{"rendered":"\n<div class=\"wp-block-columns is-layout-flex wp-container-core-columns-is-layout-7387b849 wp-block-columns-is-layout-flex\" id=\"bandeau_accueil\">\n<div class=\"wp-block-column is-layout-flow wp-block-column-is-layout-flow\" style=\"flex-basis:82%\"><div class=\"n2-section-smartslider fitvidsignore  n2_clear\" data-ssid=\"2\" tabindex=\"0\" role=\"region\" aria-label=\"Slider\"><div id=\"n2-ss-2-align\" class=\"n2-ss-align\"><div class=\"n2-padding\"><div id=\"n2-ss-2\" data-creator=\"Smart Slider 3\" data-responsive=\"fullwidth\" class=\"n2-ss-slider n2-ow n2-has-hover n2notransition  \">\n\n\n\n\n\n\n\n\n\n<div class=\"n2-ss-slider-wrapper-inside\">\n        <div class=\"n2-ss-slider-1 n2_ss__touch_element n2-ow\">\n            <div class=\"n2-ss-slider-2 n2-ow\">\n                                                <div class=\"n2-ss-slider-3 n2-ow\">\n\n                    <div class=\"n2-ss-slide-backgrounds n2-ow-all\"><div class=\"n2-ss-slide-background\" data-public-id=\"1\" data-mode=\"fill\"><div class=\"n2-ss-slide-background-image\" data-blur=\"0\" data-opacity=\"100\" data-x=\"50\" data-y=\"50\" data-alt=\"\" data-title=\"\"><picture class=\"skip-lazy\" data-skip-lazy=\"1\"><img decoding=\"async\" src=\"\/\/www.adapei64.fr\/site\/wp-content\/uploads\/slider\/cache\/93e2ae27cdd0dc9fbcaaab3f03655b0b\/velo-Lou-Caminot.jpg\" alt=\"\" title=\"\" loading=\"lazy\" class=\"skip-lazy\" data-skip-lazy=\"1\"><\/picture><\/div><div data-color=\"RGBA(255,255,255,0)\" style=\"background-color: RGBA(255,255,255,0);\" class=\"n2-ss-slide-background-color\"><\/div><\/div><div class=\"n2-ss-slide-background\" data-public-id=\"2\" data-mode=\"fill\" aria-hidden=\"true\"><div class=\"n2-ss-slide-background-image\" data-blur=\"0\" data-opacity=\"100\" data-x=\"50\" data-y=\"50\" data-alt=\"\" data-title=\"\"><picture class=\"skip-lazy\" data-skip-lazy=\"1\"><img decoding=\"async\" src=\"\/\/www.adapei64.fr\/site\/wp-content\/uploads\/slider\/cache\/eb999b5ce6dc44b4234577b615256d22\/DuoDayInvHameau01.jpg\" alt=\"\" title=\"\" loading=\"lazy\" class=\"skip-lazy\" data-skip-lazy=\"1\"><\/picture><\/div><div data-color=\"RGBA(255,255,255,0)\" style=\"background-color: RGBA(255,255,255,0);\" class=\"n2-ss-slide-background-color\"><\/div><\/div><div class=\"n2-ss-slide-background\" data-public-id=\"3\" data-mode=\"fill\" aria-hidden=\"true\"><div class=\"n2-ss-slide-background-image\" data-blur=\"0\" data-opacity=\"100\" data-x=\"50\" data-y=\"50\" data-alt=\"\" data-title=\"\"><picture class=\"skip-lazy\" data-skip-lazy=\"1\"><img decoding=\"async\" src=\"\/\/www.adapei64.fr\/site\/wp-content\/uploads\/slider\/cache\/8887772d295880da6b1f69cfe90e852a\/Printemps-de-poetes.jpg\" alt=\"\" title=\"\" loading=\"lazy\" class=\"skip-lazy\" data-skip-lazy=\"1\"><\/picture><\/div><div data-color=\"RGBA(255,255,255,0)\" style=\"background-color: RGBA(255,255,255,0);\" class=\"n2-ss-slide-background-color\"><\/div><\/div><\/div>                    <div class=\"n2-ss-slider-4 n2-ow\">\n                        <svg xmlns=\"http:\/\/www.w3.org\/2000\/svg\" viewBox=\"0 0 1200 800\" data-related-device=\"desktopPortrait\" class=\"n2-ow n2-ss-preserve-size n2-ss-preserve-size--slider n2-ss-slide-limiter\"><\/svg><div data-first=\"1\" data-slide-duration=\"0\" data-id=\"6\" data-slide-public-id=\"1\" data-title=\"La bonne pratique RSO du mois : Adapter la mobilit\u00e9\" data-haslink=\"1\" data-href=\"https:\/\/www.adapei64.fr\/site\/1-mois-1-bonne-pratique-rso-adapter-la-mobilite\/\" tabindex=\"0\" role=\"button\" data-n2click=\"url\" data-force-pointer=\"\" class=\"n2-ss-slide n2-ow  n2-ss-slide-6\"><div role=\"note\" class=\"n2-ss-slide--focus\">La bonne pratique RSO du mois : Adapter la mobilit\u00e9<\/div><div class=\"n2-ss-layers-container n2-ss-slide-limiter n2-ow\"><div class=\"n2-ss-layer n2-ow n-uc-GKnb31AEqr4B\" data-sstype=\"slide\" data-pm=\"default\"><div class=\"n2-ss-layer n2-ow n-uc-kPu7qi0UaedX\" data-pm=\"default\" data-sstype=\"content\" data-hasbackground=\"0\"><div class=\"n2-ss-section-main-content n2-ss-layer-with-background n2-ss-layer-content n2-ow n-uc-kPu7qi0UaedX-inner\"><div class=\"n2-ss-layer n2-ow n2-ss-layer--block n2-ss-has-self-align n-uc-P7CaxnycZcMJ\" data-pm=\"normal\" data-sstype=\"row\"><div class=\"n2-ss-layer-row n2-ss-layer-with-background n-uc-P7CaxnycZcMJ-inner\"><div class=\"n2-ss-layer-row-inner \"><div class=\"n2-ss-layer n2-ow n-uc-aagu9zG6bD7k\" data-pm=\"default\" data-sstype=\"col\"><div class=\"n2-ss-layer-col n2-ss-layer-with-background n2-ss-layer-content n-uc-aagu9zG6bD7k-inner\"><div class=\"n2-ss-layer n2-ow n-uc-VO0sowKLlT6N\" data-pm=\"normal\" data-sstype=\"layer\"><div id=\"n2-ss-2item1\" class=\"n2-font-551b71c8d54a21e4de96f404abb92663-hover n2-style-f20c151d99d31877cae787392751ca24-heading   n2-ss-item-content n2-ss-text n2-ow\" style=\"display:block;\">La bonne pratique RSO du mois : Adapter la mobilit\u00e9<\/div><\/div><div class=\"n2-ss-layer n2-ow n-uc-Zyx4zjVg0xx8\" data-pm=\"normal\" data-sstype=\"layer\"><div class=\"n2-ss-item-content n2-ss-text n2-ow-all\"><div class=\"\"><p class=\"n2-font-efbf74be803372968e570fce47e7afde-paragraph  n2-style-b0eb591498834a1e131eda9c9265d3d2-heading  \">La MAS (Maison d\u2019Accueil Sp\u00e9cialis\u00e9e) LOU CAMINOT r\u00eavait depuis plusieurs ann\u00e9es d\u2019acqu\u00e9rir des v\u00e9los adapt\u00e9s pour offrir des moments de libert\u00e9 et&#8230;<\/p>\n<\/div><\/div><\/div><\/div><\/div><\/div><\/div><\/div><\/div><\/div><\/div><\/div><\/div><div data-slide-duration=\"0\" data-id=\"6\" data-slide-public-id=\"2\" aria-hidden=\"true\" data-title=\"Duo Day invers\u00e9 \u00e0 l&amp;#8217;ESAT Le Hameau\" data-haslink=\"1\" data-href=\"https:\/\/www.adapei64.fr\/site\/duo-day-inverse-a-lesat-le-hameau\/\" tabindex=\"0\" role=\"button\" data-n2click=\"url\" data-force-pointer=\"\" class=\"n2-ss-slide n2-ow  n2-ss-slide-6\"><div role=\"note\" class=\"n2-ss-slide--focus\">Duo Day invers\u00e9 \u00e0 l&#8217;ESAT Le Hameau<\/div><div class=\"n2-ss-layers-container n2-ss-slide-limiter n2-ow\"><div class=\"n2-ss-layer n2-ow n-uc-WwMdaZIxuqnb1\" data-sstype=\"slide\" data-pm=\"default\"><div class=\"n2-ss-layer n2-ow n-uc-kPu7qi0UaedX1\" data-pm=\"default\" data-sstype=\"content\" data-hasbackground=\"0\"><div class=\"n2-ss-section-main-content n2-ss-layer-with-background n2-ss-layer-content n2-ow n-uc-kPu7qi0UaedX1-inner\"><div class=\"n2-ss-layer n2-ow n2-ss-layer--block n2-ss-has-self-align n-uc-P7CaxnycZcMJ1\" data-pm=\"normal\" data-sstype=\"row\"><div class=\"n2-ss-layer-row n2-ss-layer-with-background n-uc-P7CaxnycZcMJ1-inner\"><div class=\"n2-ss-layer-row-inner \"><div class=\"n2-ss-layer n2-ow n-uc-aagu9zG6bD7k1\" data-pm=\"default\" data-sstype=\"col\"><div class=\"n2-ss-layer-col n2-ss-layer-with-background n2-ss-layer-content n-uc-aagu9zG6bD7k1-inner\"><div class=\"n2-ss-layer n2-ow n-uc-VO0sowKLlT6N1\" data-pm=\"normal\" data-sstype=\"layer\"><div id=\"n2-ss-2item3\" class=\"n2-font-551b71c8d54a21e4de96f404abb92663-hover n2-style-f20c151d99d31877cae787392751ca24-heading   n2-ss-item-content n2-ss-text n2-ow\" style=\"display:block;\">Duo Day invers\u00e9 \u00e0 l\u2019ESAT Le Hameau<\/div><\/div><div class=\"n2-ss-layer n2-ow n-uc-Zyx4zjVg0xx81\" data-pm=\"normal\" data-sstype=\"layer\"><div class=\"n2-ss-item-content n2-ss-text n2-ow-all\"><div class=\"\"><p class=\"n2-font-efbf74be803372968e570fce47e7afde-paragraph  n2-style-b0eb591498834a1e131eda9c9265d3d2-heading  \">\ud83e\udd1d Duo Day invers\u00e9 \u00e0 l\u2019ESAT Le Hameau :<br \/>une exp\u00e9rience de partage et d\u2019inclusion<\/p>\n<p class=\"n2-font-efbf74be803372968e570fce47e7afde-paragraph  n2-style-b0eb591498834a1e131eda9c9265d3d2-heading  \">Hier, 9 agents de Pau, Capitale Humaine ont \u00e9t\u00e9 accueillis&#8230;<\/p>\n<\/div><\/div><\/div><\/div><\/div><\/div><\/div><\/div><\/div><\/div><\/div><\/div><\/div><div data-slide-duration=\"0\" data-id=\"6\" data-slide-public-id=\"3\" aria-hidden=\"true\" data-title=\"Le Gabarn r\u00e9compens\u00e9 au Printemps des Po\u00e8tes\" data-haslink=\"1\" data-href=\"https:\/\/www.adapei64.fr\/site\/le-gabarn-recompense-au-printemps-des-poetes\/\" tabindex=\"0\" role=\"button\" data-n2click=\"url\" data-force-pointer=\"\" class=\"n2-ss-slide n2-ow  n2-ss-slide-6\"><div role=\"note\" class=\"n2-ss-slide--focus\">Le Gabarn r\u00e9compens\u00e9 au Printemps des Po\u00e8tes<\/div><div class=\"n2-ss-layers-container n2-ss-slide-limiter n2-ow\"><div class=\"n2-ss-layer n2-ow n-uc-SN8v9F3u5kl52\" data-sstype=\"slide\" data-pm=\"default\"><div class=\"n2-ss-layer n2-ow n-uc-kPu7qi0UaedX2\" data-pm=\"default\" data-sstype=\"content\" data-hasbackground=\"0\"><div class=\"n2-ss-section-main-content n2-ss-layer-with-background n2-ss-layer-content n2-ow n-uc-kPu7qi0UaedX2-inner\"><div class=\"n2-ss-layer n2-ow n2-ss-layer--block n2-ss-has-self-align n-uc-P7CaxnycZcMJ2\" data-pm=\"normal\" data-sstype=\"row\"><div class=\"n2-ss-layer-row n2-ss-layer-with-background n-uc-P7CaxnycZcMJ2-inner\"><div class=\"n2-ss-layer-row-inner \"><div class=\"n2-ss-layer n2-ow n-uc-aagu9zG6bD7k2\" data-pm=\"default\" data-sstype=\"col\"><div class=\"n2-ss-layer-col n2-ss-layer-with-background n2-ss-layer-content n-uc-aagu9zG6bD7k2-inner\"><div class=\"n2-ss-layer n2-ow n-uc-VO0sowKLlT6N2\" data-pm=\"normal\" data-sstype=\"layer\"><div id=\"n2-ss-2item5\" class=\"n2-font-551b71c8d54a21e4de96f404abb92663-hover n2-style-f20c151d99d31877cae787392751ca24-heading   n2-ss-item-content n2-ss-text n2-ow\" style=\"display:block;\">Le Gabarn r\u00e9compens\u00e9 au Printemps des Po\u00e8tes<\/div><\/div><div class=\"n2-ss-layer n2-ow n-uc-Zyx4zjVg0xx82\" data-pm=\"normal\" data-sstype=\"layer\"><div class=\"n2-ss-item-content n2-ss-text n2-ow-all\"><div class=\"\"><p class=\"n2-font-efbf74be803372968e570fce47e7afde-paragraph  n2-style-b0eb591498834a1e131eda9c9265d3d2-heading  \">Le Printemps des Po\u00e8tes a mis cette ann\u00e9e la cr\u00e9ation \u00e0 l\u2019honneur autour du th\u00e8me national \u00ab Libert\u00e9. Force vive. D\u00e9ploy\u00e9e. \u00bb.<\/p>\n<p class=\"n2-font-efbf74be803372968e570fce47e7afde-paragraph  n2-style-b0eb591498834a1e131eda9c9265d3d2-heading  \">\u00c0 cette occasion,&#8230;<\/p>\n<\/div><\/div><\/div><\/div><\/div><\/div><\/div><\/div><\/div><\/div><\/div><\/div><\/div>                    <\/div>\n\n                                    <\/div>\n            <\/div>\n        <\/div>\n        <div class=\"n2-ss-slider-controls n2-ss-slider-controls-absolute-left-center\"><div style=\"--widget-offset:15px;\" class=\"n2-ss-widget n2-style-09a8364a7159aeff35b6b40ac3f789f6-heading nextend-arrow n2-ow-all nextend-arrow-previous  nextend-arrow-animated-fade\" data-hide-tabletportrait=\"1\" data-hide-mobileportrait=\"1\" id=\"n2-ss-2-arrow-previous\" role=\"button\" aria-label=\"fl\u00e8che pr\u00e9c\u00e9dent\" tabindex=\"0\"><img loading=\"lazy\" decoding=\"async\" width=\"32\" height=\"32\" class=\"n2-arrow-normal-img skip-lazy\" data-skip-lazy=\"1\" src=\"data:image\/svg+xml;base64,PHN2ZyB3aWR0aD0iMzIiIGhlaWdodD0iMzIiIHZpZXdCb3g9IjAgMCAzMiAzMiIgeG1sbnM9Imh0dHA6Ly93d3cudzMub3JnLzIwMDAvc3ZnIj4KICAgIDxwYXRoIGQ9Ik0xMS40MzMgMTUuOTkyTDIyLjY5IDUuNzEyYy4zOTMtLjM5LjM5My0xLjAzIDAtMS40Mi0uMzkzLS4zOS0xLjAzLS4zOS0xLjQyMyAwbC0xMS45OCAxMC45NGMtLjIxLjIxLS4zLjQ5LS4yODUuNzYtLjAxNS4yOC4wNzUuNTYuMjg0Ljc3bDExLjk4IDEwLjk0Yy4zOTMuMzkgMS4wMy4zOSAxLjQyNCAwIC4zOTMtLjQuMzkzLTEuMDMgMC0xLjQybC0xMS4yNTctMTAuMjkiCiAgICAgICAgICBmaWxsPSIjMTZiN2NjIiBvcGFjaXR5PSIxIiBmaWxsLXJ1bGU9ImV2ZW5vZGQiLz4KPC9zdmc+\" alt=\"fl\u00e8che pr\u00e9c\u00e9dent\"><img loading=\"lazy\" decoding=\"async\" width=\"32\" height=\"32\" class=\"n2-arrow-hover-img skip-lazy\" data-skip-lazy=\"1\" src=\"data:image\/svg+xml;base64,PHN2ZyB3aWR0aD0iMzIiIGhlaWdodD0iMzIiIHZpZXdCb3g9IjAgMCAzMiAzMiIgeG1sbnM9Imh0dHA6Ly93d3cudzMub3JnLzIwMDAvc3ZnIj4KICAgIDxwYXRoIGQ9Ik0xMS40MzMgMTUuOTkyTDIyLjY5IDUuNzEyYy4zOTMtLjM5LjM5My0xLjAzIDAtMS40Mi0uMzkzLS4zOS0xLjAzLS4zOS0xLjQyMyAwbC0xMS45OCAxMC45NGMtLjIxLjIxLS4zLjQ5LS4yODUuNzYtLjAxNS4yOC4wNzUuNTYuMjg0Ljc3bDExLjk4IDEwLjk0Yy4zOTMuMzkgMS4wMy4zOSAxLjQyNCAwIC4zOTMtLjQuMzkzLTEuMDMgMC0xLjQybC0xMS4yNTctMTAuMjkiCiAgICAgICAgICBmaWxsPSIjZmZmZmZmIiBvcGFjaXR5PSIxIiBmaWxsLXJ1bGU9ImV2ZW5vZGQiLz4KPC9zdmc+\" alt=\"fl\u00e8che pr\u00e9c\u00e9dent\"><\/div><\/div><div class=\"n2-ss-slider-controls n2-ss-slider-controls-absolute-right-center\"><div style=\"--widget-offset:15px;\" class=\"n2-ss-widget n2-style-09a8364a7159aeff35b6b40ac3f789f6-heading nextend-arrow n2-ow-all nextend-arrow-next  nextend-arrow-animated-fade\" data-hide-tabletportrait=\"1\" data-hide-mobileportrait=\"1\" id=\"n2-ss-2-arrow-next\" role=\"button\" aria-label=\"fl\u00e8che suivant\" tabindex=\"0\"><img loading=\"lazy\" decoding=\"async\" width=\"32\" height=\"32\" class=\"n2-arrow-normal-img skip-lazy\" data-skip-lazy=\"1\" src=\"data:image\/svg+xml;base64,PHN2ZyB3aWR0aD0iMzIiIGhlaWdodD0iMzIiIHZpZXdCb3g9IjAgMCAzMiAzMiIgeG1sbnM9Imh0dHA6Ly93d3cudzMub3JnLzIwMDAvc3ZnIj4KICAgIDxwYXRoIGQ9Ik0xMC43MjIgNC4yOTNjLS4zOTQtLjM5LTEuMDMyLS4zOS0xLjQyNyAwLS4zOTMuMzktLjM5MyAxLjAzIDAgMS40MmwxMS4yODMgMTAuMjgtMTEuMjgzIDEwLjI5Yy0uMzkzLjM5LS4zOTMgMS4wMiAwIDEuNDIuMzk1LjM5IDEuMDMzLjM5IDEuNDI3IDBsMTIuMDA3LTEwLjk0Yy4yMS0uMjEuMy0uNDkuMjg0LS43Ny4wMTQtLjI3LS4wNzYtLjU1LS4yODYtLjc2TDEwLjcyIDQuMjkzeiIKICAgICAgICAgIGZpbGw9IiMxNmI3Y2MiIG9wYWNpdHk9IjEiIGZpbGwtcnVsZT0iZXZlbm9kZCIvPgo8L3N2Zz4=\" alt=\"fl\u00e8che suivant\"><img loading=\"lazy\" decoding=\"async\" width=\"32\" height=\"32\" class=\"n2-arrow-hover-img skip-lazy\" data-skip-lazy=\"1\" src=\"data:image\/svg+xml;base64,PHN2ZyB3aWR0aD0iMzIiIGhlaWdodD0iMzIiIHZpZXdCb3g9IjAgMCAzMiAzMiIgeG1sbnM9Imh0dHA6Ly93d3cudzMub3JnLzIwMDAvc3ZnIj4KICAgIDxwYXRoIGQ9Ik0xMC43MjIgNC4yOTNjLS4zOTQtLjM5LTEuMDMyLS4zOS0xLjQyNyAwLS4zOTMuMzktLjM5MyAxLjAzIDAgMS40MmwxMS4yODMgMTAuMjgtMTEuMjgzIDEwLjI5Yy0uMzkzLjM5LS4zOTMgMS4wMiAwIDEuNDIuMzk1LjM5IDEuMDMzLjM5IDEuNDI3IDBsMTIuMDA3LTEwLjk0Yy4yMS0uMjEuMy0uNDkuMjg0LS43Ny4wMTQtLjI3LS4wNzYtLjU1LS4yODYtLjc2TDEwLjcyIDQuMjkzeiIKICAgICAgICAgIGZpbGw9IiNmZmZmZmYiIG9wYWNpdHk9IjEiIGZpbGwtcnVsZT0iZXZlbm9kZCIvPgo8L3N2Zz4=\" alt=\"fl\u00e8che suivant\"><\/div><\/div><div class=\"n2-ss-slider-controls n2-ss-slider-controls-absolute-center-bottom\"><div style=\"--widget-offset:10px;\" class=\"n2-ss-widget n2-ss-control-bullet n2-ow-all n2-ss-control-bullet-horizontal\"><div class=\"n2-style-52a3032cdf5e0a73159365f609201a73-simple  nextend-bullet-bar n2-bar-justify-content-center\" role=\"group\" aria-label=\"Choose slide to display.\"><div class=\"n2-bullet n2-style-4f72beb15bfb0511e07bfb33dde48a42-dot \" style=\"visibility:hidden;\"><\/div><\/div><\/div><\/div><\/div><\/div><ss3-loader><\/ss3-loader><\/div><\/div><div class=\"n2_clear\"><\/div><\/div><\/div>\n\n\n\n<div class=\"wp-block-column is-vertically-aligned-stretch has-custom-bleu-background-color has-background is-layout-flow wp-block-column-is-layout-flow\" style=\"flex-basis:18%\" id=\"blocs_accueil\">\n<figure class=\"wp-block-image\"><a href=\"https:\/\/www.adapei64.fr\/site\/adapei\/les-etablissements-et-services\/\"><img decoding=\"async\" src=\"http:\/\/www.adapei64.fr\/site\/wp-content\/uploads\/2021\/02\/TrouverESMS.png\" alt=\"Carte vers les \u00e9tablissements et services de l'Adapei des Pyr\u00e9n\u00e9es-Atlantiques\"\/><\/a><figcaption class=\"wp-element-caption\">Trouver un \u00e9tablissement ou service<\/figcaption><\/figure>\n\n\n\n<figure class=\"wp-block-image alignfull bloc_gris\"><a href=\"https:\/\/www.adapei64.fr\/site\/espiute\/\"><img decoding=\"async\" src=\"http:\/\/www.adapei64.fr\/site\/wp-content\/uploads\/2020\/11\/LogoBoutiqueWeb.png\" alt=\"Logo de la boutique des ESAT\"\/><\/a><\/figure>\n\n\n\n<figure class=\"wp-block-image\"><a href=\"https:\/\/www.adapei64.fr\/site\/cfr\/\"><img decoding=\"async\" src=\"http:\/\/www.adapei64.fr\/site\/wp-content\/uploads\/2021\/08\/Logo_CFR_Blanc.png\" alt=\"Centre de Formation et de Recherche de l'Adapei des PA\"\/><\/a><figcaption class=\"wp-element-caption\">Retrouvez toutes nos formations<br>sur le site du CFR<\/figcaption><\/figure>\n<\/div>\n<\/div>\n\n\n\n<div class=\"wp-block-columns is-layout-flex wp-container-core-columns-is-layout-724084dc wp-block-columns-is-layout-flex\" style=\"padding-top:5rem;padding-right:7%;padding-bottom:5rem;padding-left:7%\">\n<div class=\"wp-block-column is-layout-flow wp-block-column-is-layout-flow\" style=\"flex-basis:66.66%\">\n<h2 class=\"wp-block-heading\">Actualit\u00e9s<\/h2>\n\n\n\n<div class=\"wp-block-query is-layout-flow wp-block-query-is-layout-flow\"><ul class=\"columns-2 wp-block-post-template is-layout-grid wp-container-core-post-template-is-layout-45fa7e1d wp-block-post-template-is-layout-grid\"><li class=\"wp-block-post post-21481 post type-post status-publish format-standard has-post-thumbnail hentry category-rso category-actualites\">\n<figure style=\"aspect-ratio:16\/9;\" class=\"wp-block-post-featured-image\"><a href=\"http:\/\/www.adapei64.fr\/site\/1-mois-1-bonne-pratique-rso-adapter-la-mobilite\/\" target=\"_self\"  ><img loading=\"lazy\" decoding=\"async\" width=\"800\" height=\"450\" src=\"http:\/\/www.adapei64.fr\/site\/wp-content\/uploads\/2026\/04\/velo-Lou-Caminot.jpg\" class=\"attachment-post-thumbnail size-post-thumbnail wp-post-image\" alt=\"La bonne pratique RSO du mois : Adapter la mobilit\u00e9\" style=\"width:100%;height:100%;object-fit:cover;\" srcset=\"http:\/\/www.adapei64.fr\/site\/wp-content\/uploads\/2026\/04\/velo-Lou-Caminot.jpg 800w, http:\/\/www.adapei64.fr\/site\/wp-content\/uploads\/2026\/04\/velo-Lou-Caminot-768x432.jpg 768w\" sizes=\"auto, (max-width: 800px) 100vw, 800px\" longdesc=\"http:\/\/www.adapei64.fr\/site?longdesc=21483&amp;referrer=21481\" id=\"longdesc-return-21483\" \/><\/a><\/figure>\n\n<h3 class=\"wp-block-post-title\"><a href=\"http:\/\/www.adapei64.fr\/site\/1-mois-1-bonne-pratique-rso-adapter-la-mobilite\/\" target=\"_self\" >La bonne pratique RSO du mois : Adapter la mobilit\u00e9<\/a><\/h3>\n\n<div class=\"wp-block-post-date\"><time datetime=\"2026-04-23T08:00:00+02:00\">23 avril 2026<\/time><\/div>\n\n<div class=\"wp-block-post-excerpt\"><p class=\"wp-block-post-excerpt__excerpt\">La MAS (Maison d\u2019Accueil Sp\u00e9cialis\u00e9e) LOU CAMINOT r\u00eavait depuis plusieurs ann\u00e9es d\u2019acqu\u00e9rir des v\u00e9los adapt\u00e9s pour offrir des moments de libert\u00e9 et d\u2019\u00e9vasion aux personnes accompagn\u00e9es. Mr TORRES d\u00e9l\u00e9gu\u00e9 d\u00e9partemental 64 de l\u2019Association De Pr\u00e9voyance Sant\u00e9 de Nouvelle Aquitaine est venu \u00e0 la rencontre des coordinatrices \u00e9ducatives de la Maison d\u2019Accueil Sp\u00e9cialis\u00e9e pour leur pr\u00e9senter ce\u2026 <\/p><\/div>\n<\/li><li class=\"wp-block-post post-21452 post type-post status-publish format-standard has-post-thumbnail hentry category-actualites\">\n<figure style=\"aspect-ratio:16\/9;\" class=\"wp-block-post-featured-image\"><a href=\"http:\/\/www.adapei64.fr\/site\/duo-day-inverse-a-lesat-le-hameau\/\" target=\"_self\"  ><img loading=\"lazy\" decoding=\"async\" width=\"2000\" height=\"1333\" src=\"http:\/\/www.adapei64.fr\/site\/wp-content\/uploads\/2026\/04\/DuoDayInvHameau01.jpeg\" class=\"attachment-post-thumbnail size-post-thumbnail wp-post-image\" alt=\"Duo Day invers\u00e9 \u00e0 l&#8217;ESAT Le Hameau\" style=\"width:100%;height:100%;object-fit:cover;\" srcset=\"http:\/\/www.adapei64.fr\/site\/wp-content\/uploads\/2026\/04\/DuoDayInvHameau01.jpeg 2000w, http:\/\/www.adapei64.fr\/site\/wp-content\/uploads\/2026\/04\/DuoDayInvHameau01-1000x667.jpeg 1000w, http:\/\/www.adapei64.fr\/site\/wp-content\/uploads\/2026\/04\/DuoDayInvHameau01-768x512.jpeg 768w, http:\/\/www.adapei64.fr\/site\/wp-content\/uploads\/2026\/04\/DuoDayInvHameau01-1536x1024.jpeg 1536w\" sizes=\"auto, (max-width: 2000px) 100vw, 2000px\" \/><\/a><\/figure>\n\n<h3 class=\"wp-block-post-title\"><a href=\"http:\/\/www.adapei64.fr\/site\/duo-day-inverse-a-lesat-le-hameau\/\" target=\"_self\" >Duo Day invers\u00e9 \u00e0 l&#8217;ESAT Le Hameau<\/a><\/h3>\n\n<div class=\"wp-block-post-date\"><time datetime=\"2026-04-17T15:28:57+02:00\">17 avril 2026<\/time><\/div>\n\n<div class=\"wp-block-post-excerpt\"><p class=\"wp-block-post-excerpt__excerpt\">\ud83e\udd1d Duo Day invers\u00e9 \u00e0 l\u2019ESAT Le Hameau :une exp\u00e9rience de partage et d\u2019inclusion Hier, 9 agents de Pau, Capitale Humaine ont \u00e9t\u00e9 accueillis \u00e0 l\u2019ESAT Le Hameau pour d\u00e9couvrir les ateliers sous\u2011traitance, repassage, recyclage et menuiserie. Une immersion au c\u0153ur des savoir\u2011faire\u2026 et des rencontres qui comptent pour :&#8211; Cr\u00e9er du lien et remettre l\u2019humain\u2026 <\/p><\/div>\n<\/li><li class=\"wp-block-post post-21420 post type-post status-publish format-standard has-post-thumbnail hentry category-actualites\">\n<figure style=\"aspect-ratio:16\/9;\" class=\"wp-block-post-featured-image\"><a href=\"http:\/\/www.adapei64.fr\/site\/le-gabarn-recompense-au-printemps-des-poetes\/\" target=\"_self\"  ><img loading=\"lazy\" decoding=\"async\" width=\"1920\" height=\"1445\" src=\"http:\/\/www.adapei64.fr\/site\/wp-content\/uploads\/2026\/04\/Printemps-de-poetes.jpg\" class=\"attachment-post-thumbnail size-post-thumbnail wp-post-image\" alt=\"Le Gabarn r\u00e9compens\u00e9 au Printemps des Po\u00e8tes\" style=\"width:100%;height:100%;object-fit:cover;\" srcset=\"http:\/\/www.adapei64.fr\/site\/wp-content\/uploads\/2026\/04\/Printemps-de-poetes.jpg 1920w, http:\/\/www.adapei64.fr\/site\/wp-content\/uploads\/2026\/04\/Printemps-de-poetes-1000x753.jpg 1000w, http:\/\/www.adapei64.fr\/site\/wp-content\/uploads\/2026\/04\/Printemps-de-poetes-768x578.jpg 768w, http:\/\/www.adapei64.fr\/site\/wp-content\/uploads\/2026\/04\/Printemps-de-poetes-1536x1156.jpg 1536w\" sizes=\"auto, (max-width: 1920px) 100vw, 1920px\" \/><\/a><\/figure>\n\n<h3 class=\"wp-block-post-title\"><a href=\"http:\/\/www.adapei64.fr\/site\/le-gabarn-recompense-au-printemps-des-poetes\/\" target=\"_self\" >Le Gabarn r\u00e9compens\u00e9 au Printemps des Po\u00e8tes<\/a><\/h3>\n\n<div class=\"wp-block-post-date\"><time datetime=\"2026-04-02T15:50:23+02:00\">2 avril 2026<\/time><\/div>\n\n<div class=\"wp-block-post-excerpt\"><p class=\"wp-block-post-excerpt__excerpt\">Le Printemps des Po\u00e8tes a mis cette ann\u00e9e la cr\u00e9ation \u00e0 l\u2019honneur autour du th\u00e8me national \u00ab Libert\u00e9. Force vive. D\u00e9ploy\u00e9e. \u00bb. \u00c0 cette occasion, le D\u00e9partement des Pyr\u00e9n\u00e9es-Atlantiques a organis\u00e9, pour la 1\u00e8re fois, un concours ouvert aux habitants du territoire d\u00e8s 16 ans et aux institutions conventionn\u00e9es avec Biblio64, rassemblant des participants de 25\u2026 <\/p><\/div>\n<\/li><li class=\"wp-block-post post-21416 post type-post status-publish format-standard has-post-thumbnail hentry category-actualites\">\n<figure style=\"aspect-ratio:16\/9;\" class=\"wp-block-post-featured-image\"><a href=\"http:\/\/www.adapei64.fr\/site\/pau-propre-une-action-eco-citoyenne-dans-le-quartier-saragosse\/\" target=\"_self\"  ><img loading=\"lazy\" decoding=\"async\" width=\"1414\" height=\"2000\" src=\"http:\/\/www.adapei64.fr\/site\/wp-content\/uploads\/2026\/04\/IMG_5570.png\" class=\"attachment-post-thumbnail size-post-thumbnail wp-post-image\" alt=\"Pau Propre : une action eco-citoyenne dans le quartier Saragosse\" style=\"width:100%;height:100%;object-fit:cover;\" srcset=\"http:\/\/www.adapei64.fr\/site\/wp-content\/uploads\/2026\/04\/IMG_5570.png 1414w, http:\/\/www.adapei64.fr\/site\/wp-content\/uploads\/2026\/04\/IMG_5570-707x1000.png 707w, http:\/\/www.adapei64.fr\/site\/wp-content\/uploads\/2026\/04\/IMG_5570-768x1086.png 768w, http:\/\/www.adapei64.fr\/site\/wp-content\/uploads\/2026\/04\/IMG_5570-1086x1536.png 1086w\" sizes=\"auto, (max-width: 1414px) 100vw, 1414px\" \/><\/a><\/figure>\n\n<h3 class=\"wp-block-post-title\"><a href=\"http:\/\/www.adapei64.fr\/site\/pau-propre-une-action-eco-citoyenne-dans-le-quartier-saragosse\/\" target=\"_self\" >Pau Propre : une action eco-citoyenne dans le quartier Saragosse<\/a><\/h3>\n\n<div class=\"wp-block-post-date\"><time datetime=\"2026-04-01T15:19:49+02:00\">1 avril 2026<\/time><\/div>\n\n<div class=\"wp-block-post-excerpt\"><p class=\"wp-block-post-excerpt__excerpt\">La prochaine marche \u00e9cocitoyenne Pau Propre se d\u00e9roulera dans le quartier Saragosse en partenariat avec l\u2019Adapei des Pyr\u00e9n\u00e9es-Atlantiques, le jeudi 09 avril 2026 de 14h \u00e0 16h. D\u00e9part de la place Laherr\u00e8re. Cette initiative, port\u00e9e conjointement par le Sesips (\u00e9tablissement de l\u2019Adapei), et la Maison du Jardinier de la Ville de Pau, vise \u00e0 valoriser un\u2026 <\/p><\/div>\n<\/li><li class=\"wp-block-post post-21295 post type-post status-publish format-standard has-post-thumbnail hentry category-actualites\">\n<figure style=\"aspect-ratio:16\/9;\" class=\"wp-block-post-featured-image\"><a href=\"http:\/\/www.adapei64.fr\/site\/congres-de-lunapei-2026-handicap-les-familles-au-coeur-de-laction\/\" target=\"_self\"  ><img loading=\"lazy\" decoding=\"async\" width=\"1810\" height=\"2560\" src=\"http:\/\/www.adapei64.fr\/site\/wp-content\/uploads\/2026\/03\/Affiche-Congres-2026_Assos-01-scaled.jpg\" class=\"attachment-post-thumbnail size-post-thumbnail wp-post-image\" alt=\"Congr\u00e8s de l\u2019Unapei 2026\u00a0: handicap, les familles au c\u0153ur de l\u2019action\u00a0\" style=\"width:100%;height:100%;object-fit:cover;\" srcset=\"http:\/\/www.adapei64.fr\/site\/wp-content\/uploads\/2026\/03\/Affiche-Congres-2026_Assos-01-scaled.jpg 1810w, http:\/\/www.adapei64.fr\/site\/wp-content\/uploads\/2026\/03\/Affiche-Congres-2026_Assos-01-707x1000.jpg 707w, http:\/\/www.adapei64.fr\/site\/wp-content\/uploads\/2026\/03\/Affiche-Congres-2026_Assos-01-1768x2500.jpg 1768w, http:\/\/www.adapei64.fr\/site\/wp-content\/uploads\/2026\/03\/Affiche-Congres-2026_Assos-01-768x1086.jpg 768w, http:\/\/www.adapei64.fr\/site\/wp-content\/uploads\/2026\/03\/Affiche-Congres-2026_Assos-01-1086x1536.jpg 1086w, http:\/\/www.adapei64.fr\/site\/wp-content\/uploads\/2026\/03\/Affiche-Congres-2026_Assos-01-1448x2048.jpg 1448w\" sizes=\"auto, (max-width: 1810px) 100vw, 1810px\" \/><\/a><\/figure>\n\n<h3 class=\"wp-block-post-title\"><a href=\"http:\/\/www.adapei64.fr\/site\/congres-de-lunapei-2026-handicap-les-familles-au-coeur-de-laction\/\" target=\"_self\" >Congr\u00e8s de l\u2019Unapei 2026\u00a0: handicap, les familles au c\u0153ur de l\u2019action\u00a0<\/a><\/h3>\n\n<div class=\"wp-block-post-date\"><time datetime=\"2026-03-31T09:00:00+02:00\">31 mars 2026<\/time><\/div>\n\n<div class=\"wp-block-post-excerpt\"><p class=\"wp-block-post-excerpt__excerpt\">L\u2019Unapei, avec l\u2019Unapei Nouvelle-Aquitaine et ses associations membres, vous donnent rendez-vous pour son congr\u00e8s national qui aura lieu cette ann\u00e9e \u00e0 Bordeaux du 3 au 5 juin 2026. La 66\u00e8me \u00e9dition du congr\u00e8s de l\u2019Unapei intitul\u00e9 \u00ab&nbsp;S\u2019engager pour le vivre ensemble&nbsp;: handicap, les familles au c\u0153ur de l\u2019action&nbsp;\u00bb vous propose des rencontres et des \u00e9changes r\u00e9partis\u2026 <\/p><\/div>\n<\/li><li class=\"wp-block-post post-21396 post type-post status-publish format-standard has-post-thumbnail hentry category-actualites\">\n<figure style=\"aspect-ratio:16\/9;\" class=\"wp-block-post-featured-image\"><a href=\"http:\/\/www.adapei64.fr\/site\/mars-attaque-2026\/\" target=\"_self\"  ><img loading=\"lazy\" decoding=\"async\" width=\"358\" height=\"359\" src=\"http:\/\/www.adapei64.fr\/site\/wp-content\/uploads\/2026\/03\/MarsAttaque2026.png\" class=\"attachment-post-thumbnail size-post-thumbnail wp-post-image\" alt=\"Mars attaque 2026\" style=\"width:100%;height:100%;object-fit:cover;\" \/><\/a><\/figure>\n\n<h3 class=\"wp-block-post-title\"><a href=\"http:\/\/www.adapei64.fr\/site\/mars-attaque-2026\/\" target=\"_self\" >Mars attaque 2026<\/a><\/h3>\n\n<div class=\"wp-block-post-date\"><time datetime=\"2026-03-30T16:04:32+02:00\">30 mars 2026<\/time><\/div>\n\n<div class=\"wp-block-post-excerpt\"><p class=\"wp-block-post-excerpt__excerpt\">A l&#8217;occasion de Mars Attaque, la Ville de Pau et ses partenaires se mobilisent pour dire \u00ab Non aux discriminations \u00bb. Parce que nous sommes tous et toutes concern\u00e9s. Ici le programme du 30 mars au 18 avril, jour par jour. Pour cette 9e&nbsp;\u00e9dition de Mars Attaque, le mois de lutte contre les discriminations, la Ville\u2026 <\/p><\/div>\n<\/li><\/ul>\n\n<nav class=\"wp-block-query-pagination is-content-justification-center is-nowrap is-layout-flex wp-container-core-query-pagination-is-layout-f8f67980 wp-block-query-pagination-is-layout-flex\" aria-label=\"Pagination\">\n\n\n<a href=\"\/site\/wp-json\/wp\/v2\/pages\/456?query-60-page=2\" class=\"wp-block-query-pagination-next\">Page suivante<span class='wp-block-query-pagination-next-arrow is-arrow-arrow' aria-hidden='true'>\u2192<\/span><\/a>\n<\/nav>\n\n<\/div>\n<\/div>\n\n\n\n<div class=\"wp-block-column is-layout-flow wp-block-column-is-layout-flow\" style=\"flex-basis:33.33%\">\n<div  class=\"tribe-compatibility-container\" >\n\t<div\n\t\t class=\"tribe-common tribe-events tribe-events-view tribe-events-view--widget-events-list tribe-events-widget\" \t\tdata-js=\"tribe-events-view\"\n\t\tdata-view-rest-url=\"http:\/\/www.adapei64.fr\/site\/wp-json\/tribe\/views\/v2\/html\"\n\t\tdata-view-manage-url=\"1\"\n\t\t\t\t\t\t\tdata-view-breakpoint-pointer=\"73b0e6af-aada-4b80-8a08-edb92a75e1f1\"\n\t\t\t>\n\t\t<div class=\"tribe-events-widget-events-list\">\n\n\t\t\t<script type=\"application\/ld+json\">\r\n[{\"@context\":\"http:\/\/schema.org\",\"@type\":\"Event\",\"name\":\"Congr\\u00e8s de l\\u2019Unapei 2026\\u00a0: handicap, les familles au c\\u0153ur de l\\u2019action\\u00a0\",\"description\":\"&lt;p&gt;L\\u2019Unapei, avec l\\u2019Unapei Nouvelle-Aquitaine et ses associations membres, vous donnent rendez-vous pour son congr\\u00e8s national qui aura lieu cette ann\\u00e9e \\u00e0 Bordeaux du 3 au 5 juin 2026. La 66\\u00e8me&hellip; &lt;a class=&quot;continue&quot; href=&quot;http:\/\/www.adapei64.fr\/site\/mars-attaque-2026\/&quot;&gt;Lire :&lt;span&gt; Mars attaque 2026&lt;\/span&gt;&lt;\/a&gt;&lt;\/p&gt;\\\\n\",\"url\":\"http:\/\/www.adapei64.fr\/site\/evenement\/congres-de-lunapei-2026-handicap-les-familles-au-coeur-de-laction\/\",\"eventAttendanceMode\":\"https:\/\/schema.org\/OfflineEventAttendanceMode\",\"eventStatus\":\"https:\/\/schema.org\/EventScheduled\",\"startDate\":\"2026-06-03T00:00:00+02:00\",\"endDate\":\"2026-06-05T23:59:59+02:00\",\"location\":{\"@type\":\"Place\",\"name\":\"Bordeaux\",\"description\":\"\",\"url\":\"\",\"address\":{\"@type\":\"PostalAddress\",\"addressCountry\":\"France\"},\"telephone\":\"\",\"sameAs\":\"\"},\"organizer\":{\"@type\":\"Person\",\"name\":\"Unapei\",\"description\":\"\",\"url\":\"\",\"telephone\":\"\",\"email\":\"\",\"sameAs\":\"\"},\"performer\":\"Organization\"}]\r\n<\/script>\n\t\t\t<script data-js=\"tribe-events-view-data\" type=\"application\/json\">\n\t{\"slug\":\"widget-events-list\",\"prev_url\":\"\",\"next_url\":\"\",\"view_class\":\"Tribe\\\\Events\\\\Views\\\\V2\\\\Views\\\\Widgets\\\\Widget_List_View\",\"view_slug\":\"widget-events-list\",\"view_label\":\"View\",\"view\":null,\"should_manage_url\":true,\"id\":null,\"alias-slugs\":null,\"title\":\"\\u00c9v\\u00e8nements depuis 28 avril \\u2013 3 juin \\u2013 Adapei des Pyr\\u00e9n\\u00e9es-Atlantiques\",\"limit\":\"5\",\"no_upcoming_events\":false,\"featured_events_only\":false,\"jsonld_enable\":true,\"tribe_is_list_widget\":false,\"admin_fields\":{\"title\":{\"label\":\"Titre\\u00a0:\",\"type\":\"text\",\"parent_classes\":\"\",\"classes\":\"\",\"dependency\":\"\",\"id\":\"widget-tribe-widget-events-list--1-title\",\"name\":\"widget-tribe-widget-events-list[-1][title]\",\"options\":[],\"placeholder\":\"\",\"value\":null},\"limit\":{\"label\":\"Afficher\\u00a0:\",\"type\":\"number\",\"default\":5,\"min\":1,\"max\":10,\"step\":1,\"parent_classes\":\"\",\"classes\":\"\",\"dependency\":\"\",\"id\":\"widget-tribe-widget-events-list--1-limit\",\"name\":\"widget-tribe-widget-events-list[-1][limit]\",\"options\":[],\"placeholder\":\"\",\"value\":null},\"no_upcoming_events\":{\"label\":\"Cacher ce widget s\\u2019il n\\u2019y a pas d\\u2019\\u00e9v\\u00e8nements \\u00e0 venir.\",\"type\":\"checkbox\",\"parent_classes\":\"\",\"classes\":\"\",\"dependency\":\"\",\"id\":\"widget-tribe-widget-events-list--1-no_upcoming_events\",\"name\":\"widget-tribe-widget-events-list[-1][no_upcoming_events]\",\"options\":[],\"placeholder\":\"\",\"value\":null},\"featured_events_only\":{\"label\":\"Limiter uniquement pour les \\u00e9v\\u00e8nements mis en avant\",\"type\":\"checkbox\",\"parent_classes\":\"\",\"classes\":\"\",\"dependency\":\"\",\"id\":\"widget-tribe-widget-events-list--1-featured_events_only\",\"name\":\"widget-tribe-widget-events-list[-1][featured_events_only]\",\"options\":[],\"placeholder\":\"\",\"value\":null},\"jsonld_enable\":{\"label\":\"G\\u00e9n\\u00e9rer les donn\\u00e9es JSON-LD\",\"type\":\"checkbox\",\"parent_classes\":\"\",\"classes\":\"\",\"dependency\":\"\",\"id\":\"widget-tribe-widget-events-list--1-jsonld_enable\",\"name\":\"widget-tribe-widget-events-list[-1][jsonld_enable]\",\"options\":[],\"placeholder\":\"\",\"value\":null}},\"events\":[21303],\"url\":\"http:\\\/\\\/www.adapei64.fr\\\/site\\\/?post_type=tribe_events&eventDisplay=widget-events-list\",\"url_event_date\":false,\"bar\":{\"keyword\":\"\",\"date\":\"\"},\"today\":\"2026-04-28 00:00:00\",\"now\":\"2026-04-28 01:40:11\",\"home_url\":\"http:\\\/\\\/www.adapei64.fr\\\/site\",\"rest_url\":\"http:\\\/\\\/www.adapei64.fr\\\/site\\\/wp-json\\\/tribe\\\/views\\\/v2\\\/html\",\"rest_method\":\"GET\",\"rest_nonce\":\"\",\"today_url\":\"http:\\\/\\\/www.adapei64.fr\\\/site\\\/?post_type=tribe_events&eventDisplay=widget-events-list&rest_route=%2Fwp%2Fv2%2Fpages%2F456\",\"today_title\":\"Cliquer pour s\\u00e9lectionner la date du jour\",\"today_label\":\"Aujourd\\u2019hui\",\"prev_label\":\"\",\"next_label\":\"\",\"date_formats\":{\"compact\":\"d\\\/m\\\/Y\",\"month_and_year_compact\":\"m\\\/Y\",\"month_and_year\":\"F Y\",\"time_range_separator\":\" - \",\"date_time_separator\":\" -  \"},\"messages\":[],\"start_of_week\":\"1\",\"header_title\":\"\",\"header_title_element\":\"h1\",\"content_title\":\"\",\"show_content_title\":false,\"breadcrumbs\":[],\"backlink\":false,\"before_events\":\"\",\"after_events\":\"\\n<!--\\nThis calendar is powered by The Events Calendar.\\nhttp:\\\/\\\/evnt.is\\\/18wn\\n-->\\n\",\"display_events_bar\":false,\"disable_event_search\":false,\"live_refresh\":true,\"ical\":{\"display_link\":true,\"link\":{\"url\":\"http:\\\/\\\/www.adapei64.fr\\\/site\\\/?post_type=tribe_events&#038;eventDisplay=widget-events-list&#038;ical=1\",\"text\":\"Exporter \\u00c9v\\u00e8nements\",\"title\":\"Utilisez ceci pour partager les donn\\u00e9es de calendrier avec Google Calendar, Apple iCal et d\\u2019autres applications compatibles\"}},\"container_classes\":[\"tribe-common\",\"tribe-events\",\"tribe-events-view\",\"tribe-events-view--widget-events-list\",\"tribe-events-widget\"],\"container_data\":[],\"is_past\":false,\"breakpoints\":{\"xsmall\":500,\"medium\":768,\"full\":960},\"breakpoint_pointer\":\"73b0e6af-aada-4b80-8a08-edb92a75e1f1\",\"is_initial_load\":false,\"public_views\":{\"list\":{\"view_class\":\"Tribe\\\\Events\\\\Views\\\\V2\\\\Views\\\\List_View\",\"view_url\":\"http:\\\/\\\/www.adapei64.fr\\\/site\\\/evenements\\\/liste\\\/\",\"view_label\":\"Liste\",\"aria_label\":\"Display \\u00c9v\\u00e8nements in Liste View\"},\"month\":{\"view_class\":\"Tribe\\\\Events\\\\Views\\\\V2\\\\Views\\\\Month_View\",\"view_url\":\"http:\\\/\\\/www.adapei64.fr\\\/site\\\/evenements\\\/mois\\\/\",\"view_label\":\"Mois\",\"aria_label\":\"Display \\u00c9v\\u00e8nements in Mois View\"},\"day\":{\"view_class\":\"Tribe\\\\Events\\\\Views\\\\V2\\\\Views\\\\Day_View\",\"view_url\":\"http:\\\/\\\/www.adapei64.fr\\\/site\\\/evenements\\\/aujourdhui\\\/\",\"view_label\":\"Jour\",\"aria_label\":\"Display \\u00c9v\\u00e8nements in Jour View\"}},\"show_latest_past\":false,\"past\":false,\"compatibility_classes\":[\"tribe-compatibility-container\"],\"view_more_text\":\"Voir le calendrier\",\"view_more_title\":\"Voir plus d\\u2019\\u00e9v\\u00e8nements.\",\"view_more_link\":\"http:\\\/\\\/www.adapei64.fr\\\/site\\\/evenements\\\/\",\"widget_title\":\"\\u00c9v\\u00e8nements \\u00e0 venir\",\"hide_if_no_upcoming_events\":false,\"display\":[],\"subscribe_links\":{\"gcal\":{\"label\":\"Google Agenda\",\"single_label\":\"Ajouter \\u00e0 Google Agenda\",\"visible\":true,\"block_slug\":\"hasGoogleCalendar\"},\"ical\":{\"label\":\"iCalendar\",\"single_label\":\"Ajouter \\u00e0 iCalendar\",\"visible\":true,\"block_slug\":\"hasiCal\"},\"outlook-365\":{\"label\":\"Outlook 365\",\"single_label\":\"Outlook 365\",\"visible\":true,\"block_slug\":\"hasOutlook365\"},\"outlook-live\":{\"label\":\"Outlook Live\",\"single_label\":\"Outlook Live\",\"visible\":true,\"block_slug\":\"hasOutlookLive\"},\"ics\":{\"label\":\"Exporter le fichier .ics\",\"single_label\":\"Exporter le fichier .ics\",\"visible\":true,\"block_slug\":null},\"outlook-ics\":{\"label\":\"Exporter le fichier Outlook .ics\",\"single_label\":\"Exporter le fichier Outlook .ics\",\"visible\":true,\"block_slug\":null}},\"_context\":{\"slug\":\"widget-events-list\"}}<\/script>\n\n\t\t\t\t\t\t\t<header class=\"tribe-events-widget-events-list__header\">\n\t\t\t\t\t<h2 class=\"tribe-events-widget-events-list__header-title tribe-common-h6 tribe-common-h--alt\">\n\t\t\t\t\t\t\u00c9v\u00e8nements \u00e0 venir\t\t\t\t\t<\/h2>\n\t\t\t\t<\/header>\n\t\t\t\n\t\t\t\n\t\t\t\t<div class=\"tribe-events-widget-events-list__events\">\n\t\t\t\t\t\t\t\t\t\t\t<div  class=\"tribe-common-g-row tribe-events-widget-events-list__event-row\" >\n\n\t<div class=\"tribe-events-widget-events-list__event-date-tag tribe-common-g-col\">\n\t<time class=\"tribe-events-widget-events-list__event-date-tag-datetime\" datetime=\"2026-06-03\">\n\t\t<span class=\"tribe-events-widget-events-list__event-date-tag-month\">\n\t\t\tJuin\t\t<\/span>\n\t\t<span class=\"tribe-events-widget-events-list__event-date-tag-daynum tribe-common-h2 tribe-common-h4--min-medium\">\n\t\t\t3\t\t<\/span>\n\t<\/time>\n<\/div>\n\n\t<div class=\"tribe-events-widget-events-list__event-wrapper tribe-common-g-col\">\n\t\t<article  class=\"tribe-events-widget-events-list__event post-21303 tribe_events type-tribe_events status-publish hentry\" >\n\t\t\t<div class=\"tribe-events-widget-events-list__event-details\">\n\n\t\t\t\t<header class=\"tribe-events-widget-events-list__event-header\">\n\t\t\t\t\t<div class=\"tribe-events-widget-events-list__event-datetime-wrapper tribe-common-b2 tribe-common-b3--min-medium\">\n\t\t<time class=\"tribe-events-widget-events-list__event-datetime\" datetime=\"2026-06-03\">\n\t\t<span class=\"tribe-event-date-start\">3 juin<\/span> &#8211; <span class=\"tribe-event-date-end\">5 juin<\/span>\t<\/time>\n\t<\/div>\n\t\t\t\t\t<h3 class=\"tribe-events-widget-events-list__event-title tribe-common-h7\">\n\t<a\n\t\thref=\"http:\/\/www.adapei64.fr\/site\/evenement\/congres-de-lunapei-2026-handicap-les-familles-au-coeur-de-laction\/\"\n\t\ttitle=\"Congr\u00e8s de l\u2019Unapei 2026\u00a0: handicap, les familles au c\u0153ur de l\u2019action\u00a0\"\n\t\trel=\"bookmark\"\n\t\tclass=\"tribe-events-widget-events-list__event-title-link tribe-common-anchor-thin\"\n\t>\n\t\tCongr\u00e8s de l\u2019Unapei 2026\u00a0: handicap, les familles au c\u0153ur de l\u2019action\u00a0\t<\/a>\n<\/h3>\n\t\t\t\t<\/header>\n\n\t\t\t\t\n\t\t\t<\/div>\n\t\t<\/article>\n\t<\/div>\n\n<\/div>\n\t\t\t\t\t\t\t\t\t<\/div>\n\n\t\t\t\t<div class=\"tribe-events-widget-events-list__view-more tribe-common-b1 tribe-common-b2--min-medium\">\n\t<a\n\t\thref=\"http:\/\/www.adapei64.fr\/site\/evenements\/\"\n\t\tclass=\"tribe-events-widget-events-list__view-more-link tribe-common-anchor-thin\"\n\t\ttitle=\"Voir plus d\u2019\u00e9v\u00e8nements.\"\n\t>\n\t\tVoir le calendrier\t<\/a>\n<\/div>\n\n\t\t\t\t\t<\/div>\n\t<\/div>\n<\/div>\n<script data-js='tribe-events-view-nonce-data' type='application\/json'>{\"tvn1\":\"3d99f02460\",\"tvn2\":\"\"}<\/script>\n<\/div>\n<\/div>\n\n\n\n<div id=\"bloc_accueil_asso\" class=\"wp-block-group has-white-color has-custom-bleu-background-color has-text-color has-background has-link-color wp-elements-10184036dc954d526463989a53a21f4b is-layout-flow wp-block-group-is-layout-flow\" style=\"padding-top:5rem;padding-right:7%;padding-bottom:5rem;padding-left:7%\">\n<div class=\"wp-block-group is-layout-flow wp-block-group-is-layout-flow\">\n<h2 class=\"wp-block-heading has-white-color has-text-color has-link-color wp-elements-ee88bec65412047a8358b4f958819aeb\">L&#8217;association<\/h2>\n\n\n\n<p class=\"wp-block-paragraph\">L\u2019Association D\u00e9partementale des Parents et Amis de Personnes Handicap\u00e9es Mentales (Adapei) des Pyr\u00e9n\u00e9es-Atlantiques a \u00e9t\u00e9 fond\u00e9e en 1962 pour r\u00e9pondre aux attentes des familles ayant un enfant d\u00e9ficient intellectuel. Depuis plus de 60 ans, les parents et amis, membres de l\u2019association, aid\u00e9s par des professionnels, ont men\u00e9 un combat sans rel\u00e2che pour cr\u00e9er des structures adapt\u00e9es \u00e0 l\u2019accueil de ces personnes.<\/p>\n\n\n\n<p class=\"wp-block-paragraph\">Ainsi, l\u2019association dispose \u00e0 ce jour de 40 \u00e9tablissements et services couvrant toutes les tranches d\u2019\u00e2ge et tous les degr\u00e9s de handicap. Ces \u00e9tablissements, r\u00e9partis sur l\u2019ensemble du B\u00e9arn, accueillent plus de 2300 personnes handicap\u00e9es et fonctionnent gr\u00e2ce au concours efficace de pr\u00e8s de 1000&nbsp; salari\u00e9s qualifi\u00e9s.<\/p>\n<\/div>\n\n\n\n<div class=\"wp-block-columns is-layout-flex wp-container-core-columns-is-layout-7387b849 wp-block-columns-is-layout-flex\">\n<div class=\"wp-block-column is-layout-flow wp-block-column-is-layout-flow\" style=\"flex-basis:25%\">\n<div class=\"wp-block-group has-global-padding is-layout-constrained wp-block-group-is-layout-constrained\">\n<h3 class=\"wp-block-heading has-white-color has-text-color has-link-color wp-elements-4e8b5705fac6f53605277fa38fe8a6ca\">Notre projet associatif<\/h3>\n\n\n\n<figure class=\"wp-block-image\"><img decoding=\"async\" src=\"http:\/\/www.adapei64.fr\/site\/wp-content\/uploads\/2020\/11\/ProjetAsso2.png\" alt=\"Projet associatif 2021-2025\"\/><\/figure>\n<\/div>\n<\/div>\n\n\n\n<div class=\"wp-block-column is-layout-flow wp-block-column-is-layout-flow\" style=\"flex-basis:25%\">\n<div class=\"wp-block-group has-global-padding is-layout-constrained wp-block-group-is-layout-constrained\">\n<h3 class=\"wp-block-heading has-white-color has-text-color has-link-color wp-elements-e6a2fb8026deb1fe9b3c9b1fa02669a5\">Nos valeurs<\/h3>\n\n\n\n<ul class=\"wp-block-list\">\n<li>Humanisme et tol\u00e9rance<\/li>\n\n\n\n<li>&nbsp;Respect et dignit\u00e9<\/li>\n\n\n\n<li>&nbsp;Esth\u00e9tisme et s\u00e9curit\u00e9 du cadre de vie<\/li>\n\n\n\n<li>&nbsp;Exemplarit\u00e9 et transmission<\/li>\n\n\n\n<li>&nbsp;Valorisation de la personne et de ses potentiels<\/li>\n\n\n\n<li>&nbsp;Solidarit\u00e9 vis-\u00e0-vis des familles et des personnes accompagn\u00e9es<\/li>\n\n\n\n<li>&nbsp;Citoyennet\u00e9 et accessibilit\u00e9<\/li>\n\n\n\n<li>Autod\u00e9termination et prise de risque<\/li>\n<\/ul>\n<\/div>\n<\/div>\n\n\n\n<div class=\"wp-block-column is-layout-flow wp-block-column-is-layout-flow\" style=\"flex-basis:25%\">\n<div class=\"wp-block-group has-global-padding is-layout-constrained wp-block-group-is-layout-constrained\">\n<h3 class=\"wp-block-heading has-white-color has-text-color has-link-color wp-elements-12c5ca15071516f1f0c1276df0c8de96\">Nos principes<\/h3>\n\n\n\n<ul class=\"wp-block-list\">\n<li>Principe d\u2019apprenance<\/li>\n\n\n\n<li>Principe de proximit\u00e9&nbsp;<\/li>\n\n\n\n<li>Principe de partage et d\u2019\u00e9coute&nbsp;<\/li>\n\n\n\n<li>Principe de transparence et de responsabilit\u00e9<\/li>\n\n\n\n<li>Principe d\u2019innovation<\/li>\n\n\n\n<li>Principe de coop\u00e9ration&nbsp;<\/li>\n<\/ul>\n<\/div>\n<\/div>\n\n\n\n<div class=\"wp-block-column is-layout-flow wp-block-column-is-layout-flow\" style=\"flex-basis:25%\">\n<div class=\"wp-block-group has-global-padding is-layout-constrained wp-block-group-is-layout-constrained\">\n<h3 class=\"wp-block-heading has-white-color has-text-color has-link-color wp-elements-7314aa27c3c4e8d34dd7a60e23d12e8b\">Nos missions<\/h3>\n\n\n\n<ul class=\"wp-block-list\">\n<li>Sensibilisation du public au handicap<\/li>\n\n\n\n<li>Repr\u00e9sentation et d\u00e9fense des droits des personnes en situation de handicap et de leurs familles<\/li>\n\n\n\n<li>D\u00e9veloppement des actions de \u00ab&nbsp;lobbying&nbsp;\u00bb pour promouvoir la pleine citoyennet\u00e9 des personnes en situation de handicap<\/li>\n\n\n\n<li>Participation aux r\u00e9flexions et d\u00e9cisions politiques du secteur m\u00e9dico-social et de la sant\u00e9 au sens de la d\u00e9finition de l\u2019OMS<\/li>\n\n\n\n<li>Accompagnement des personnes en situation de handicap.<\/li>\n\n\n\n<li>Aide et soutien aux familles.<\/li>\n\n\n\n<li>D\u00e9veloppement de r\u00e9seaux<\/li>\n\n\n\n<li>Gestion des \u00e9tablissements et services<\/li>\n\n\n\n<li>Recherche d\u2019innovation et de performance&nbsp;<\/li>\n<\/ul>\n<\/div>\n<\/div>\n<\/div>\n<\/div>\n","protected":false},"excerpt":{"rendered":"<p>Actualit\u00e9s L&#8217;association L\u2019Association D\u00e9partementale des Parents et Amis de Personnes Handicap\u00e9es Mentales (Adapei) des Pyr\u00e9n\u00e9es-Atlantiques a \u00e9t\u00e9 fond\u00e9e en 1962 pour r\u00e9pondre aux attentes des familles ayant un enfant d\u00e9ficient&hellip; <a class=\"continue\" href=\"http:\/\/www.adapei64.fr\/site\/organisateur\/unapei\/\">Lire :<span> Unapei<\/span><\/a><\/p>\n","protected":false},"author":1,"featured_media":0,"parent":0,"menu_order":17,"comment_status":"open","ping_status":"open","template":"","meta":{"_crdt_document":"","om_disable_all_campaigns":false,"_uag_custom_page_level_css":"","_monsterinsights_skip_tracking":false,"_monsterinsights_sitenote_active":false,"_monsterinsights_sitenote_note":"","_monsterinsights_sitenote_category":0,"_uf_show_specific_survey":0,"_uf_disable_surveys":false,"_EventAllDay":false,"_EventTimezone":"","_EventStartDate":"","_EventEndDate":"","_EventStartDateUTC":"","_EventEndDateUTC":"","_EventShowMap":false,"_EventShowMapLink":false,"_EventURL":"","_EventCost":"","_EventCostDescription":"","_EventCurrencySymbol":"","_EventCurrencyCode":"","_EventCurrencyPosition":"","_EventDateTimeSeparator":"","_EventTimeRangeSeparator":"","_EventOrganizerID":[],"_EventVenueID":[],"_OrganizerEmail":"","_OrganizerPhone":"","_OrganizerWebsite":"","_VenueAddress":"","_VenueCity":"","_VenueCountry":"","_VenueProvince":"","_VenueState":"","_VenueZip":"","_VenuePhone":"","_VenueURL":"","_VenueStateProvince":"","_VenueLat":"","_VenueLng":"","_VenueShowMap":false,"_VenueShowMapLink":false,"footnotes":""},"class_list":["post-456","page","type-page","status-publish","hentry"],"uagb_featured_image_src":{"full":false,"thumbnail":false,"medium":false,"medium_large":false,"large":false,"1536x1536":false,"2048x2048":false},"uagb_author_info":{"display_name":"Marie Lafargue","author_link":"http:\/\/www.adapei64.fr\/site\/author\/marie\/"},"uagb_comment_info":1,"uagb_excerpt":"Actualit\u00e9s L&#8217;association L\u2019Association D\u00e9partementale des Parents et Amis de Personnes Handicap\u00e9es Mentales (Adapei) des Pyr\u00e9n\u00e9es-Atlantiques a \u00e9t\u00e9 fond\u00e9e en 1962 pour r\u00e9pondre aux attentes des familles ayant un enfant d\u00e9ficient&hellip; Lire : Unapei","distributor_meta":false,"distributor_terms":false,"distributor_media":false,"distributor_original_site_name":"Adapei des Pyr\u00e9n\u00e9es-Atlantiques","distributor_original_site_url":"http:\/\/www.adapei64.fr\/site","push-errors":false,"_links":{"self":[{"href":"http:\/\/www.adapei64.fr\/site\/wp-json\/wp\/v2\/pages\/456","targetHints":{"allow":["GET"]}}],"collection":[{"href":"http:\/\/www.adapei64.fr\/site\/wp-json\/wp\/v2\/pages"}],"about":[{"href":"http:\/\/www.adapei64.fr\/site\/wp-json\/wp\/v2\/types\/page"}],"author":[{"embeddable":true,"href":"http:\/\/www.adapei64.fr\/site\/wp-json\/wp\/v2\/users\/1"}],"replies":[{"embeddable":true,"href":"http:\/\/www.adapei64.fr\/site\/wp-json\/wp\/v2\/comments?post=456"}],"version-history":[{"count":163,"href":"http:\/\/www.adapei64.fr\/site\/wp-json\/wp\/v2\/pages\/456\/revisions"}],"predecessor-version":[{"id":17970,"href":"http:\/\/www.adapei64.fr\/site\/wp-json\/wp\/v2\/pages\/456\/revisions\/17970"}],"wp:attachment":[{"href":"http:\/\/www.adapei64.fr\/site\/wp-json\/wp\/v2\/media?parent=456"}],"curies":[{"name":"wp","href":"https:\/\/api.w.org\/{rel}","templated":true}]}}