{"id":6080,"date":"2021-08-13T16:58:54","date_gmt":"2021-12-17T15:58:21","guid":{"rendered":"http:\/\/adapei64.fr\/wp2\/?page_id=6080"},"modified":"2025-07-30T18:11:03","modified_gmt":"2025-07-30T16:11:03","slug":"aides-pour-adultes","status":"publish","type":"page","link":"http:\/\/www.adapei64.fr\/site\/proche\/aides-pour-adultes\/","title":{"rendered":"Aides pour adultes"},"content":{"rendered":"\n<div style=\"height:70px\" aria-hidden=\"true\" class=\"wp-block-spacer\"><\/div>\n\n\n\n<div class=\"wp-block-columns is-layout-flex wp-container-core-columns-is-layout-07579d57 wp-block-columns-is-layout-flex\">\n<div class=\"wp-block-column is-layout-flow wp-block-column-is-layout-flow\" style=\"flex-basis:80%\">\n<h2 class=\"wp-block-heading\">L\u2019allocation aux adultes handicap\u00e9s : AAH<\/h2>\n\n\n\n<p class=\"wp-block-paragraph\">L\u2019allocation aux adultes handicap\u00e9s garantit un revenu minimum aux personnes en situation de handicap pour couvrir les frais du quotidien. Elle est attribu\u00e9e par la commission des droits et de l\u2019autonomie des personnes handicap\u00e9es (CDAPH) et est vers\u00e9e par la caisse d\u2019allocations familiales (Caf) ou la mutualit\u00e9 sociale agricole (MSA).<\/p>\n\n\n\n<p class=\"wp-block-paragraph\"><a href=\"https:\/\/www.monparcourshandicap.gouv.fr\/aides\/lallocation-aux-adultes-handicapes-aah\" target=\"_blank\" rel=\"noopener\">En savoir plus sur l&#8217;AAH<\/a><\/p>\n<\/div>\n\n\n\n<div class=\"wp-block-column is-layout-flow wp-block-column-is-layout-flow\" style=\"flex-basis:20%\">\n<figure class=\"wp-block-image bloc_gris\"><a href=\"https:\/\/www.cnsa.fr\/documentation\/cnsa_fiche_facilealire_7-aah-vf.pdf\" target=\"_blank\" rel=\"noopener\"><img decoding=\"async\" src=\"http:\/\/www.adapei64.fr\/site\/wp-content\/uploads\/2021\/12\/capture_aah.jpg\" alt=\"\"\/><\/a><figcaption class=\"wp-element-caption\">L&#8217;AAH<\/figcaption><\/figure>\n<\/div>\n<\/div>\n\n\n\n<div style=\"height:70px\" aria-hidden=\"true\" class=\"wp-block-spacer\"><\/div>\n\n\n\n<div class=\"wp-block-columns is-layout-flex wp-container-core-columns-is-layout-07579d57 wp-block-columns-is-layout-flex\">\n<div class=\"wp-block-column is-layout-flow wp-block-column-is-layout-flow\" style=\"flex-basis:80%\">\n<h2 class=\"wp-block-heading\">La prestation de compensation du handicap : PCH<\/h2>\n\n\n\n<p class=\"wp-block-paragraph\">La prestation de compensation du handicap est une aide financi\u00e8re attribu\u00e9e par la commission des droits et de l\u2019autonomie des personnes handicap\u00e9es (CDAPH). Elle est vers\u00e9e par le d\u00e9partement.<\/p>\n\n\n\n<p class=\"wp-block-paragraph\">La PCH est destin\u00e9e \u00e0 compenser les frais li\u00e9s \u00e0 :&nbsp;<\/p>\n\n\n\n<ul class=\"wp-block-list\">\n<li>un besoin d\u2019aide humaine ;<\/li>\n\n\n\n<li>un besoin d\u2019aides techniques ;<\/li>\n\n\n\n<li>un besoin d\u2019am\u00e9nagements du logement ou du v\u00e9hicule, ou des surco\u00fbts li\u00e9s aux transports ;<\/li>\n\n\n\n<li>des charges sp\u00e9cifiques ou exceptionnelles li\u00e9es au handicap ;<\/li>\n\n\n\n<li>un besoin d\u2019aide animali\u00e8re.&nbsp;&nbsp;<\/li>\n<\/ul>\n\n\n\n<p class=\"wp-block-paragraph\">Elle ne permet pas de r\u00e9pondre \u00e0 elle seule \u00e0 l\u2019ensemble des besoins de compensation.<\/p>\n\n\n\n<p class=\"wp-block-paragraph\">La PCH peut \u00eatre attribu\u00e9e \u00e0 des personnes vivant \u00e0 domicile ou dans un \u00e9tablissement (social, m\u00e9dico-social, de sant\u00e9), mais les droits attribuables ne sont pas identiques \u00e0 domicile et en \u00e9tablissement.&nbsp;<\/p>\n\n\n\n<p class=\"wp-block-paragraph\"><a href=\"https:\/\/www.monparcourshandicap.gouv.fr\/aides\/la-prestation-de-compensation-du-handicap-pch\" target=\"_blank\" rel=\"noopener\">En savoir plus sur la PCH<\/a><\/p>\n<\/div>\n\n\n\n<div class=\"wp-block-column is-layout-flow wp-block-column-is-layout-flow\" style=\"flex-basis:20%\">\n<figure class=\"wp-block-image bloc_gris\"><a href=\"https:\/\/www.cnsa.fr\/documentation\/cnsa_fiche_facile_a_lire_aide_pch.pdf\" target=\"_blank\" rel=\"noopener\"><img decoding=\"async\" src=\"http:\/\/www.adapei64.fr\/site\/wp-content\/uploads\/2021\/12\/capture_pch.jpg\" alt=\"\"\/><\/a><figcaption class=\"wp-element-caption\">La PCH<\/figcaption><\/figure>\n<\/div>\n<\/div>\n\n\n\n<div style=\"height:70px\" aria-hidden=\"true\" class=\"wp-block-spacer\"><\/div>\n\n\n\n<div class=\"wp-block-columns is-layout-flex wp-container-core-columns-is-layout-07579d57 wp-block-columns-is-layout-flex\">\n<div class=\"wp-block-column is-layout-flow wp-block-column-is-layout-flow\" style=\"flex-basis:80%\">\n<h2 class=\"wp-block-heading\">La prestation de compensation du handicap parentalit\u00e9<\/h2>\n\n\n\n<p class=\"wp-block-paragraph\">Depuis le 1er janvier 2021, les parents en situation de handicap ont droit \u00e0 une nouvelle aide : la prestation de compensation du handicap (PCH)&nbsp; parentalit\u00e9.<\/p>\n\n\n\n<p class=\"wp-block-paragraph\">Les parents en situation de handicap ayant des enfants de moins de 7 ans peuvent en b\u00e9n\u00e9ficier \u00e0 condition de :<\/p>\n\n\n\n<ul class=\"wp-block-list\">\n<li>b\u00e9n\u00e9ficier de la PCH aide humaine pour obtenir l\u2019aide humaine \u00e0 la parentalit\u00e9,<\/li>\n\n\n\n<li>b\u00e9n\u00e9ficier de la PCH pour obtenir l\u2019aide technique \u00e0 la parentalit\u00e9.<\/li>\n<\/ul>\n\n\n\n<p class=\"wp-block-paragraph\">La PCH parentalit\u00e9 se compose de 2 aides :<\/p>\n\n\n\n<ul class=\"wp-block-list\">\n<li>l\u2019aide humaine \u00e0 la parentalit\u00e9. Elle permet au parent de r\u00e9mun\u00e9rer quelqu\u2019un pour l\u2019aider \u00e0 s\u2019occuper de son enfant. Par exemple, un parent qui manque de force dans les bras en raison de son handicap, ne peut pas poser son b\u00e9b\u00e9 sur une table \u00e0 langer et lui faire les soins en toute s\u00e9curit\u00e9. Il a besoin de l\u2019aide de quelqu\u2019un<\/li>\n\n\n\n<li>l\u2019aide technique \u00e0 la parentalit\u00e9. Elle permet au parent d\u2019acheter du mat\u00e9riel adapt\u00e9 pour l\u2019aider \u00e0 s\u2019occuper de son enfant. Par exemple, un parent parapl\u00e9gique peut utiliser une table \u00e0 langer r\u00e9glable pour changer son enfant facilement et en s\u00e9curit\u00e9. La table \u00e0 langer r\u00e9glable permet de rapprocher le fauteuil roulant de la table \u00e0 langer.<\/li>\n<\/ul>\n\n\n\n<p class=\"wp-block-paragraph\"><a href=\"https:\/\/www.monparcourshandicap.gouv.fr\/aides\/la-prestation-de-compensation-du-handicap-parentalite\" target=\"_blank\" rel=\"noopener\">En savoir plus sur la PCH parentalit\u00e9<\/a><\/p>\n<\/div>\n\n\n\n<div class=\"wp-block-column is-layout-flow wp-block-column-is-layout-flow\" style=\"flex-basis:20%\">\n<figure class=\"wp-block-image bloc_gris\"><a href=\"https:\/\/www.cnsa.fr\/documentation\/cnsa_fiche_facile_a_lire_aide_pch_parentalite.pdf\" target=\"_blank\" rel=\"noopener\"><img decoding=\"async\" src=\"http:\/\/www.adapei64.fr\/site\/wp-content\/uploads\/2021\/12\/capture_pch_parentalite.jpg\" alt=\"\"\/><\/a><figcaption class=\"wp-element-caption\">La PCH Parentalit\u00e9<\/figcaption><\/figure>\n<\/div>\n<\/div>\n\n\n\n<div style=\"height:70px\" aria-hidden=\"true\" class=\"wp-block-spacer\"><\/div>\n\n\n\n<div class=\"wp-block-columns is-layout-flex wp-container-core-columns-is-layout-07579d57 wp-block-columns-is-layout-flex\">\n<div class=\"wp-block-column is-layout-flow wp-block-column-is-layout-flow\" style=\"flex-basis:80%\">\n<h2 class=\"wp-block-heading\">La majoration pour la vie autonome : MVA<\/h2>\n\n\n\n<p class=\"wp-block-paragraph\">La majoration pour la vie autonome (MVA) permet de faire face aux d\u00e9penses courantes d\u2019entretien d\u2019un logement ind\u00e9pendant.&nbsp;<br>Cette majoration compl\u00e8te l\u2019allocation aux adultes handicap\u00e9s per\u00e7ue par les b\u00e9n\u00e9ficiaires pr\u00e9sentant un taux d\u2019incapacit\u00e9 \u00e9gal ou sup\u00e9rieur \u00e0 80%.<\/p>\n\n\n\n<p class=\"wp-block-paragraph\">Elle peut \u00e9galement \u00eatre per\u00e7ue par les b\u00e9n\u00e9ficiaires de l\u2019allocation suppl\u00e9mentaire d\u2019invalidit\u00e9 (ASI) dans les m\u00eames conditions que pour l\u2019AAH.<\/p>\n\n\n\n<p class=\"wp-block-paragraph\">Depuis le 1er d\u00e9cembre 2019, la MVA a remplac\u00e9 le compl\u00e9ment de ressources (CPR).<br>Les b\u00e9n\u00e9ficiaires qui disposaient du compl\u00e9ment de ressources (CPR) peuvent toutefois continuer de le percevoir pendant une dur\u00e9e maximale de dix ans tant qu\u2019ils continuent de remplir les conditions d\u2019\u00e9ligibilit\u00e9.<\/p>\n\n\n\n<p class=\"wp-block-paragraph\"><a href=\"https:\/\/www.monparcourshandicap.gouv.fr\/aides\/la-majoration-pour-la-vie-autonome-mva-un-complement-pour-vivre-chez-soi\" target=\"_blank\" rel=\"noopener\">En savoir plus sur la MVA<\/a><\/p>\n<\/div>\n\n\n\n<div class=\"wp-block-column is-layout-flow wp-block-column-is-layout-flow\" style=\"flex-basis:20%\">\n<figure class=\"wp-block-image bloc_gris\"><a href=\"https:\/\/www.cnsa.fr\/documentation\/cnsa_20-07_fiches-facilealire_majoration_vie_autonome.pdf\" target=\"_blank\" rel=\"noopener\"><img decoding=\"async\" src=\"http:\/\/www.adapei64.fr\/site\/wp-content\/uploads\/2021\/12\/capture_majoration_vie_autonome.jpg\" alt=\"Fiche FALC &quot;Majoration pour la vie autonome&quot;\"\/><\/a><figcaption class=\"wp-element-caption\">La Majoration pour la vie autonome<\/figcaption><\/figure>\n<\/div>\n<\/div>\n\n\n\n<div style=\"height:70px\" aria-hidden=\"true\" class=\"wp-block-spacer\"><\/div>\n\n\n\n<div class=\"wp-block-columns is-layout-flex wp-container-core-columns-is-layout-07579d57 wp-block-columns-is-layout-flex\">\n<div class=\"wp-block-column is-layout-flow wp-block-column-is-layout-flow\" style=\"flex-basis:80%\">\n<h2 class=\"wp-block-heading\">La carte mobilit\u00e9 inclusion : CMI<\/h2>\n\n\n\n<figure class=\"wp-block-embed is-type-video is-provider-youtube wp-block-embed-youtube wp-embed-aspect-16-9 wp-has-aspect-ratio\"><div class=\"wp-block-embed__wrapper\">\n<iframe loading=\"lazy\" title=\"Tout savoir sur la CMI\" width=\"500\" height=\"281\" src=\"https:\/\/www.youtube.com\/embed\/XTb8R2RwiIU?feature=oembed\" frameborder=\"0\" allow=\"accelerometer; autoplay; clipboard-write; encrypted-media; gyroscope; picture-in-picture; web-share\" referrerpolicy=\"strict-origin-when-cross-origin\" allowfullscreen><\/iframe>\n<\/div><\/figure>\n\n\n\n<details class=\"wp-block-details falc is-layout-flow wp-block-details-is-layout-flow\"><summary>Transcription \/ Lire le texte de la vid\u00e9o<\/summary>\n<p class=\"wp-block-paragraph\">Tout savoir sur la CMI. <br><strong>Qu&#8217;est ce que la CMI ?<\/strong><\/p>\n\n\n\n<p class=\"wp-block-paragraph\">On parle de CMI pour parler des Cartes Mobilit\u00e9 Inclusion. <br>Les CMI sont des cartes.<br>Elles donnent des avantages aux personnes handicap\u00e9es et aux personnes \u00e2g\u00e9es pour faciliter leurs d\u00e9placements. <\/p>\n\n\n\n<p class=\"wp-block-paragraph\">Un avantage vous rend la vie plus simple.<\/p>\n\n\n\n<p class=\"wp-block-paragraph\">Il y a 3 CMI diff\u00e9rentes. <br>La CMI stationnement, la CMI priorit\u00e9, la CMI invalidit\u00e9. <\/p>\n\n\n\n<p class=\"wp-block-paragraph\">Les CMI donnent les m\u00eames avantages que les anciennes cartes. <\/p>\n\n\n\n<p class=\"wp-block-paragraph\">Les CMI sont gratuites.<\/p>\n\n\n\n<p class=\"wp-block-paragraph\"><strong>Qu&#8217;est ce que les CMI apportent de nouveau ? <\/strong><\/p>\n\n\n\n<p class=\"wp-block-paragraph\">Avec la CMI, vous attendez moins longtemps qu&#8217;avant pour avoir votre carte. <br>Les CMI sont plus s\u00e9curis\u00e9es que les anciennes cartes. <\/p>\n\n\n\n<p class=\"wp-block-paragraph\">Si votre CMI est vol\u00e9e ou perdue ou ab\u00eem\u00e9e, vous le d\u00e9clarez pour que la CMI ne fonctionne plus. <br>Vous le d\u00e9clarez sur le site internet www. carte-mobilit\u00e9-inclusion.fr .<\/p>\n\n\n\n<p class=\"wp-block-paragraph\">Par exemple si quelqu&#8217;un a vol\u00e9 votre CMI, il ne pourra pas l&#8217;utiliser. <br>Vous recevez ensuite une nouvelle CMI. <\/p>\n\n\n\n<p class=\"wp-block-paragraph\"><strong>Qui peut avoir une CMI ? <\/strong><\/p>\n\n\n\n<p class=\"wp-block-paragraph\">Les conditions pour avoir une CMI sont les m\u00eames que pour avoir les anciennes cartes. <br>Pour en savoir plus sur les conditions pour avoir une CMI, vous pouvez lire les fiches correspondantes.<\/p>\n<\/details>\n<\/div>\n\n\n\n<div class=\"wp-block-column is-layout-flow wp-block-column-is-layout-flow\" style=\"flex-basis:20%\">\n<figure class=\"wp-block-image bloc_gris\"><a href=\"https:\/\/www.cnsa.fr\/documentation\/cnsa_17-09_fiches-facilealire_cmi_toutsavoir.pdf\" target=\"_blank\" rel=\"noopener\"><img decoding=\"async\" src=\"http:\/\/www.adapei64.fr\/site\/wp-content\/uploads\/2022\/01\/CMI.jpg\" alt=\"Fiche FALC sur la CMI\"\/><\/a><figcaption class=\"wp-element-caption\">La CMI<\/figcaption><\/figure>\n<\/div>\n<\/div>\n\n\n\n<div style=\"height:35px\" aria-hidden=\"true\" class=\"wp-block-spacer\"><\/div>\n\n\n\n<div class=\"wp-block-columns is-layout-flex wp-container-core-columns-is-layout-07579d57 wp-block-columns-is-layout-flex\">\n<div class=\"wp-block-column is-layout-flow wp-block-column-is-layout-flow\" style=\"flex-basis:80%\">\n<h4 class=\"wp-block-heading\">La CMI Stationnement<\/h4>\n\n\n\n<p class=\"wp-block-paragraph\">Cette carte permet d&#8217;utiliser gratuitement et sans limitation de dur\u00e9e toutes les places de stationnement ouvertes au public. La carte peut \u00eatre utilis\u00e9e si votre proche est le conducteur de la voiture mais aussi s&#8217;il est passager.<br>La dur\u00e9e de stationnement peut \u00eatre limit\u00e9e sur d\u00e9cision de la mairie. Cette dur\u00e9e ne peut pas \u00eatre inf\u00e9rieure \u00e0 12 heures.<\/p>\n<\/div>\n\n\n\n<div class=\"wp-block-column is-layout-flow wp-block-column-is-layout-flow\" style=\"flex-basis:20%\">\n<figure class=\"wp-block-image bloc_gris\"><a href=\"https:\/\/www.cnsa.fr\/documentation\/cnsa_18-01_fiches-facilealire_cmi_stationnement.pdf\" target=\"_blank\" rel=\"noopener\"><img decoding=\"async\" src=\"http:\/\/www.adapei64.fr\/site\/wp-content\/uploads\/2022\/01\/CMI-Stationnement.jpg\" alt=\"\"\/><\/a><figcaption class=\"wp-element-caption\">La CMI stationnement<\/figcaption><\/figure>\n<\/div>\n<\/div>\n\n\n\n<div style=\"height:35px\" aria-hidden=\"true\" class=\"wp-block-spacer\"><\/div>\n\n\n\n<div class=\"wp-block-columns is-layout-flex wp-container-core-columns-is-layout-07579d57 wp-block-columns-is-layout-flex\">\n<div class=\"wp-block-column is-layout-flow wp-block-column-is-layout-flow\" style=\"flex-basis:80%\">\n<h4 class=\"wp-block-heading\">La CMI Priorit\u00e9<\/h4>\n\n\n\n<p class=\"wp-block-paragraph\">Cette carte permet d&#8217;obtenir le droit d&#8217;utiliser une place assise dans les transports en commun et les salles d&#8217;attente.<br>Elle permet \u00e9galement d&#8217;\u00eatre prioritaire dans les files d&#8217;attente.<\/p>\n\n\n\n<p class=\"wp-block-paragraph\">La personne qui accompagne votre proche dans ses d\u00e9placements b\u00e9n\u00e9ficie de ces m\u00eames avantages.<\/p>\n<\/div>\n\n\n\n<div class=\"wp-block-column is-layout-flow wp-block-column-is-layout-flow\" style=\"flex-basis:20%\">\n<figure class=\"wp-block-image bloc_gris\"><a href=\"https:\/\/www.cnsa.fr\/documentation\/cnsa_17-09_fiches-facilealire_cmi_priorite.pdf\" target=\"_blank\" rel=\"noopener\"><img decoding=\"async\" src=\"http:\/\/www.adapei64.fr\/site\/wp-content\/uploads\/2022\/01\/CMI-Priorite.jpg\" alt=\"\"\/><\/a><figcaption class=\"wp-element-caption\">La CMI priorit\u00e9<\/figcaption><\/figure>\n<\/div>\n<\/div>\n\n\n\n<div style=\"height:35px\" aria-hidden=\"true\" class=\"wp-block-spacer\"><\/div>\n\n\n\n<div class=\"wp-block-columns is-layout-flex wp-container-core-columns-is-layout-07579d57 wp-block-columns-is-layout-flex\">\n<div class=\"wp-block-column is-layout-flow wp-block-column-is-layout-flow\" style=\"flex-basis:80%\">\n<h4 class=\"wp-block-heading\">La CMI Invalidit\u00e9<\/h4>\n\n\n\n<p class=\"wp-block-paragraph\">La carte invalidit\u00e9 permet de b\u00e9n\u00e9ficier des m\u00eame droits que la carte priorit\u00e9.<\/p>\n\n\n\n<p class=\"wp-block-paragraph\">La carte vous permet aussi de b\u00e9n\u00e9ficier des avantages suivants :<\/p>\n\n\n\n<ul class=\"wp-block-list\">\n<li>Dispositions concernant les travailleurs handicap\u00e9s dans le secteur priv\u00e9 ou public sans avoir \u00e0 faire une d\u00e9marche de reconnaissance de la qualit\u00e9 de travailleur handicap\u00e9 (RQTH)<\/li>\n\n\n\n<li>Avantages fiscaux (par exemple, sous conditions, demi-part suppl\u00e9mentaire pour le calcul de l&#8217;imp\u00f4t sur le revenu)<\/li>\n\n\n\n<li>R\u00e9ductions dans les transports (par exemple, RATP, SNCF, Air France)<\/li>\n<\/ul>\n\n\n\n<p class=\"wp-block-paragraph\"><a href=\"https:\/\/www.service-public.fr\/particuliers\/vosdroits\/F34049\" target=\"_blank\" rel=\"noopener\">En savoir plus sur la CMI<\/a><\/p>\n<\/div>\n\n\n\n<div class=\"wp-block-column is-layout-flow wp-block-column-is-layout-flow\" style=\"flex-basis:20%\">\n<figure class=\"wp-block-image bloc_gris\"><a href=\"https:\/\/www.cnsa.fr\/documentation\/cnsa_18-01_fiches-facilealire_cmi_invalidite.pdf\" target=\"_blank\" rel=\"noopener\"><img decoding=\"async\" src=\"http:\/\/www.adapei64.fr\/site\/wp-content\/uploads\/2022\/01\/CMI-Invalidite.jpg\" alt=\"\"\/><\/a><figcaption class=\"wp-element-caption\">La CMI invalidit\u00e9<\/figcaption><\/figure>\n<\/div>\n<\/div>\n\n\n\n<div class=\"wp-block-columns is-layout-flex wp-container-core-columns-is-layout-07579d57 wp-block-columns-is-layout-flex\">\n<div class=\"wp-block-column is-layout-flow wp-block-column-is-layout-flow\" style=\"flex-basis:80%\">\n<h2 class=\"wp-block-heading\">&#8220;Mes droits sociaux&#8221;<\/h2>\n\n\n\n<p class=\"wp-block-paragraph\">Le site&nbsp;<a href=\"https:\/\/www.mesdroitssociaux.gouv.fr\/accueil\/\" target=\"_blank\" rel=\"noopener\">mesdroitssociaux.gouv.fr<\/a> vous permet de consulter, de g\u00e9rer et d&#8217;estimer vos droits sociaux en quelques clics.<\/p>\n\n\n\n<p class=\"wp-block-paragraph\">Gr\u00e2ce au simulateur, d\u00e9couvrez en quelques \u00e9tapes les aides que vous pouvez demander et faites votre demande aupr\u00e8s des organismes concern\u00e9s.<\/p>\n\n\n\n<figure class=\"wp-block-embed is-type-video is-provider-youtube wp-block-embed-youtube wp-embed-aspect-16-9 wp-has-aspect-ratio\"><div class=\"wp-block-embed__wrapper\">\n<iframe loading=\"lazy\" title=\"Vos droits sociaux en un seul clic \u2013 mesdroitssociaux.gouv.fr (PNDS),\" width=\"500\" height=\"281\" src=\"https:\/\/www.youtube.com\/embed\/ZXhQpM8bnY8?feature=oembed\" frameborder=\"0\" allow=\"accelerometer; autoplay; clipboard-write; encrypted-media; gyroscope; picture-in-picture; web-share\" referrerpolicy=\"strict-origin-when-cross-origin\" allowfullscreen><\/iframe>\n<\/div><\/figure>\n\n\n\n<details class=\"wp-block-details falc is-layout-flow wp-block-details-is-layout-flow\"><summary>Transcription \/ Lire le texte de la vid\u00e9o<\/summary>\n<p class=\"wp-block-paragraph\">Universel simple et lisible.&nbsp;<\/p>\n\n\n\n<p class=\"wp-block-paragraph\">Gr\u00e2ce au portail mes droits sociaux point gouv.fr, vous pouvez consulter l\u2019ensemble de vos droits sociaux en un seul endroit.&nbsp;<\/p>\n\n\n\n<p class=\"wp-block-paragraph\">Sant\u00e9, famille, logement, retraite, solidarit\u00e9, autour de l\u2019emploi\u2026<br>Toutes les informations sont regroup\u00e9es <br>et facilement accessible.&nbsp;<\/p>\n\n\n\n<p class=\"wp-block-paragraph\">Je me connecte pour acc\u00e9der<br>\u00e0 mesdroitssociaux.gouv.fr&nbsp;<\/p>\n\n\n\n<p class=\"wp-block-paragraph\">Pas de nouveaux comptes a cr\u00e9er.<br>L\u2019acc\u00e8s au portail se fait avec France Connect.&nbsp;<br>Le bouton de connexion s\u00e9curis\u00e9e de l\u2019administration fran\u00e7aise et un compte existant comme Ameli ou  impots.gouv.fr &nbsp;<\/p>\n\n\n\n<p class=\"wp-block-paragraph\">Pour plus de s\u00e9curit\u00e9, lors de votre premi\u00e8re connexion, vous \u00eates invit\u00e9s \u00e0 saisir votre num\u00e9ro de s\u00e9curit\u00e9 sociale.&nbsp;<br>Vous arrivez ensuite sur la page d\u2019accueil.<\/p>\n\n\n\n<p class=\"wp-block-paragraph\">Elle pr\u00e9sente tous les services disponibles.&nbsp;<\/p>\n\n\n\n<p class=\"wp-block-paragraph\"><strong>La rubrique \u00ab&nbsp;vos droits&nbsp;\u00bb.<\/strong>&nbsp;<\/p>\n\n\n\n<p class=\"wp-block-paragraph\">Elle vous permet de visualiser vos droits<br>dans chaque domaine :<\/p>\n\n\n\n<ul class=\"wp-block-list\">\n<li>famille<\/li>\n\n\n\n<li>logement<\/li>\n\n\n\n<li>solidarit\u00e9<\/li>\n\n\n\n<li>sant\u00e9<\/li>\n\n\n\n<li>droits retraite<\/li>\n<\/ul>\n\n\n\n<p class=\"wp-block-paragraph\">Prenons par exemple, la bulle emploi.<br>Cette page r\u00e9capitule vos interlocuteurs et vos identifiants.&nbsp;<\/p>\n\n\n\n<p class=\"wp-block-paragraph\">Vous pouvez contacter votre organisme de rattachement et acc\u00e9der \u00e0 vos comptes personnels directement depuis le portail.&nbsp;<\/p>\n\n\n\n<p class=\"wp-block-paragraph\">La pr\u00e9sentation des aides dont vous b\u00e9n\u00e9ficiez d\u00e9j\u00e0 avec les montants<br>et des informations compl\u00e9mentaires sur celle que vous pourriez demander.&nbsp;<\/p>\n\n\n\n<p class=\"wp-block-paragraph\"><strong>La rubrique \u00ab&nbsp;d\u00e9marches&nbsp;\u00bb<\/strong>&nbsp;<\/p>\n\n\n\n<p class=\"wp-block-paragraph\">Dans la rubrique d\u00e9marches,<br>vous pouvez d\u00e9clarer un changement de situation, comme un d\u00e9m\u00e9nagement ou obtenir une attestation.&nbsp;<\/p>\n\n\n\n<p class=\"wp-block-paragraph\"><strong>La rubrique \u00ab&nbsp;Pour aller plus loin&nbsp;\u00bb<\/strong>&nbsp;<\/p>\n\n\n\n<p class=\"wp-block-paragraph\">La rubrique pour aller plus loin<br>vous permettra de trouver les informations utiles<br>sur les offres et les services propos\u00e9s par les organismes de s\u00e9curit\u00e9 sociale et leurs partenaires.&nbsp;<\/p>\n\n\n\n<p class=\"wp-block-paragraph\">Les administrations et organismes de protection sociale s\u2019engagent \u00e0 simplifier vos d\u00e9marches d\u2019acc\u00e8s au droit.&nbsp;<\/p>\n\n\n\n<p class=\"wp-block-paragraph\">Bient\u00f4t vous ne communiquerez vos informations qu\u2019une seule fois pour l\u2019ensemble des d\u00e9marches pour vos droits sociaux.&nbsp;<\/p>\n\n\n\n<p class=\"wp-block-paragraph\"><strong>Le simulateur<\/strong>&nbsp;<\/p>\n\n\n\n<p class=\"wp-block-paragraph\">Vous pensez pouvoir b\u00e9n\u00e9ficier d\u2019une prestation sociale ? <br>R\u00e9alisez en quelques minutes votre simulation multi-prestations.&nbsp;<\/p>\n\n\n\n<p class=\"wp-block-paragraph\">Inutile de tout saisir.<br>Le simulateur et d\u00e9j\u00e0 pr\u00e9-rempli avec les informations connues des organismes de s\u00e9curit\u00e9 sociale.&nbsp;<br>Vous pouvez bien s\u00fbr les modifier pour tenir compte de vos changements de situation.&nbsp;&nbsp;<\/p>\n\n\n\n<p class=\"wp-block-paragraph\">Le portail permet de visualiser les informations relatives \u00e0 votre r\u00e9mun\u00e9ration et vos contrats&nbsp;d\u00e9clar\u00e9s par votre employeur aupr\u00e8s des organismes sociaux.&nbsp;<br>Disponibles, dans un premier temps, pour les salari\u00e9s de droit priv\u00e9, cette fonctionnalit\u00e9 sera progressivement ouverte \u00e0 tous les salari\u00e9s.&nbsp;<\/p>\n\n\n\n<p class=\"wp-block-paragraph\">Pour ne rien oublier, le portail vous informe des \u00e9ch\u00e9ances \u00e0 venir sur vos droits ou des formalit\u00e9s \u00e0 pr\u00e9parer.&nbsp;<\/p>\n\n\n\n<p class=\"wp-block-paragraph\">Au fil du temps, le portail continuera \u00e0 vous offrir plus de services.&nbsp;<\/p>\n\n\n\n<p class=\"wp-block-paragraph\">Aidez-nous \u00e0 l\u2019am\u00e9liorer ; donnez-nous votre avis.&nbsp;Alors, n\u2019attendez plus,connectez-vous au sur <a href=\"http:\/\/mesdroitssociaux.gouv.fr\" target=\"_blank\" rel=\"noopener\">mesdroitssociaux.gouv.fr<\/a>&nbsp;<\/p>\n\n\n\n<p class=\"wp-block-paragraph\">Vos droits sociaux en un seul clic !<\/p>\n<\/details>\n<\/div>\n\n\n\n<div class=\"wp-block-column is-layout-flow wp-block-column-is-layout-flow\" style=\"flex-basis:20%\">\n<figure class=\"wp-block-image bloc_gris\"><a href=\"https:\/\/www.mesdroitssociaux.gouv.fr\/votre-simulateur\/accueil\" target=\"_blank\" rel=\"noopener\"><img decoding=\"async\" src=\"http:\/\/www.adapei64.fr\/site\/wp-content\/uploads\/2022\/01\/logo-mes-droits-sociaux-gouv-fr.svg\" alt=\"Mes droits Sociaux.gouv.fr\"\/><\/a><figcaption class=\"wp-element-caption\"><a href=\"https:\/\/www.mesdroitssociaux.gouv.fr\/votre-simulateur\/accueil\">Voir toutes les aides que-e vous pouvez demander<\/a><\/figcaption><\/figure>\n<\/div>\n<\/div>\n","protected":false},"excerpt":{"rendered":"<p>L\u2019allocation aux adultes handicap\u00e9s : AAH L\u2019allocation aux adultes handicap\u00e9s garantit un revenu minimum aux personnes en situation de handicap pour couvrir les frais du quotidien. Elle est attribu\u00e9e par&hellip; <a class=\"continue\" href=\"http:\/\/www.adapei64.fr\/site\/proche\/aides-pour-adultes\/\">Lire :<span> Aides pour adultes<\/span><\/a><\/p>\n","protected":false},"author":1,"featured_media":5710,"parent":1597,"menu_order":12,"comment_status":"closed","ping_status":"closed","template":"","meta":{"_crdt_document":"","om_disable_all_campaigns":false,"_uag_custom_page_level_css":"","_monsterinsights_skip_tracking":false,"_monsterinsights_sitenote_active":false,"_monsterinsights_sitenote_note":"","_monsterinsights_sitenote_category":0,"_uf_show_specific_survey":0,"_uf_disable_surveys":false,"_EventAllDay":false,"_EventTimezone":"","_EventStartDate":"","_EventEndDate":"","_EventStartDateUTC":"","_EventEndDateUTC":"","_EventShowMap":false,"_EventShowMapLink":false,"_EventURL":"","_EventCost":"","_EventCostDescription":"","_EventCurrencySymbol":"","_EventCurrencyCode":"","_EventCurrencyPosition":"","_EventDateTimeSeparator":"","_EventTimeRangeSeparator":"","_EventOrganizerID":[],"_EventVenueID":[],"_OrganizerEmail":"","_OrganizerPhone":"","_OrganizerWebsite":"","_VenueAddress":"","_VenueCity":"","_VenueCountry":"","_VenueProvince":"","_VenueState":"","_VenueZip":"","_VenuePhone":"","_VenueURL":"","_VenueStateProvince":"","_VenueLat":"","_VenueLng":"","_VenueShowMap":false,"_VenueShowMapLink":false,"footnotes":""},"class_list":["post-6080","page","type-page","status-publish","has-post-thumbnail","hentry"],"uagb_featured_image_src":{"full":["http:\/\/www.adapei64.fr\/site\/wp-content\/uploads\/2021\/12\/12-Aides-Adultes.svg",750,500,false],"thumbnail":["http:\/\/www.adapei64.fr\/site\/wp-content\/uploads\/2021\/12\/12-Aides-Adultes.svg",750,500,false],"medium":["http:\/\/www.adapei64.fr\/site\/wp-content\/uploads\/2021\/12\/12-Aides-Adultes.svg",750,500,false],"medium_large":["http:\/\/www.adapei64.fr\/site\/wp-content\/uploads\/2021\/12\/12-Aides-Adultes.svg",750,500,false],"large":["http:\/\/www.adapei64.fr\/site\/wp-content\/uploads\/2021\/12\/12-Aides-Adultes.svg",750,500,false],"1536x1536":["http:\/\/www.adapei64.fr\/site\/wp-content\/uploads\/2021\/12\/12-Aides-Adultes.svg",750,500,false],"2048x2048":["http:\/\/www.adapei64.fr\/site\/wp-content\/uploads\/2021\/12\/12-Aides-Adultes.svg",750,500,false]},"uagb_author_info":{"display_name":"Marie Lafargue","author_link":"http:\/\/www.adapei64.fr\/site\/author\/marie\/"},"uagb_comment_info":0,"uagb_excerpt":"L\u2019allocation aux adultes handicap\u00e9s : AAH L\u2019allocation aux adultes handicap\u00e9s garantit un revenu minimum aux personnes en situation de handicap pour couvrir les frais du quotidien. Elle est attribu\u00e9e par&hellip; Lire : Aides pour adultes","distributor_meta":false,"distributor_terms":false,"distributor_media":false,"distributor_original_site_name":"Adapei des Pyr\u00e9n\u00e9es-Atlantiques","distributor_original_site_url":"http:\/\/www.adapei64.fr\/site","push-errors":false,"_links":{"self":[{"href":"http:\/\/www.adapei64.fr\/site\/wp-json\/wp\/v2\/pages\/6080","targetHints":{"allow":["GET"]}}],"collection":[{"href":"http:\/\/www.adapei64.fr\/site\/wp-json\/wp\/v2\/pages"}],"about":[{"href":"http:\/\/www.adapei64.fr\/site\/wp-json\/wp\/v2\/types\/page"}],"author":[{"embeddable":true,"href":"http:\/\/www.adapei64.fr\/site\/wp-json\/wp\/v2\/users\/1"}],"replies":[{"embeddable":true,"href":"http:\/\/www.adapei64.fr\/site\/wp-json\/wp\/v2\/comments?post=6080"}],"version-history":[{"count":44,"href":"http:\/\/www.adapei64.fr\/site\/wp-json\/wp\/v2\/pages\/6080\/revisions"}],"predecessor-version":[{"id":15762,"href":"http:\/\/www.adapei64.fr\/site\/wp-json\/wp\/v2\/pages\/6080\/revisions\/15762"}],"up":[{"embeddable":true,"href":"http:\/\/www.adapei64.fr\/site\/wp-json\/wp\/v2\/pages\/1597"}],"wp:featuredmedia":[{"embeddable":true,"href":"http:\/\/www.adapei64.fr\/site\/wp-json\/wp\/v2\/media\/5710"}],"wp:attachment":[{"href":"http:\/\/www.adapei64.fr\/site\/wp-json\/wp\/v2\/media?parent=6080"}],"curies":[{"name":"wp","href":"https:\/\/api.w.org\/{rel}","templated":true}]}}