{"id":18860,"date":"2025-11-19T10:26:25","date_gmt":"2025-11-19T09:26:25","guid":{"rendered":"https:\/\/www.adapei64.fr\/site\/?post_type=tribe_events&#038;p=18860"},"modified":"2025-11-19T10:26:25","modified_gmt":"2025-11-19T09:26:25","slug":"marche-de-noel-de-la-mas-lou-caminot","status":"publish","type":"tribe_events","link":"http:\/\/www.adapei64.fr\/site\/evenement\/marche-de-noel-de-la-mas-lou-caminot\/","title":{"rendered":"March\u00e9 de No\u00ebl de la MAS Lou Caminot"},"content":{"rendered":"<p>Le 5 d\u00e9cembre 2025 de 11h \u00e0 18h, notre Maison d\u2019Accueil Sp\u00e9cialis\u00e9e se pare de ses plus belles couleurs pour vous inviter \u00e0 partager un moment chaleureux et festif.<\/p>\n<p>Tout au long de la journ\u00e9e, d\u00e9couvrez notre march\u00e9 de No\u00ebl o\u00f9 vous trouverez de magnifiques cr\u00e9ations r\u00e9alis\u00e9es avec soin et c\u0153ur par les r\u00e9sidents et les \u00e9quipes de la MAS.<\/p>\n<p>Chaque objet raconte une histoire, celle du temps pass\u00e9 ensemble, de la cr\u00e9ativit\u00e9, et de la joie de pr\u00e9parer No\u00ebl main dans la main.<br \/>\nVenez fl\u00e2ner, \u00e9changer, sourire, et pourquoi pas, d\u00e9nicher quelques tr\u00e9sors uniques pour vos f\u00eates de fin d\u2019ann\u00e9e.<\/p>\n<p>\ud83c\udf81Gourmandises, petite restauration, d\u00e9corations, surprises et ambiance conviviale vous attendent !<br \/>\nPr\u00e9sence du P\u00e8re No\u00ebl dans les all\u00e9es du march\u00e9.<\/p>\n<p>\u2728 Merci de soutenir nos r\u00e9sidents et leurs beaux projets ! \u2728<\/p>\n<p>&nbsp;<\/p>\n<p>&nbsp;<\/p>\n<p>&nbsp;<\/p>\n","protected":false},"excerpt":{"rendered":"<p>Le 5 d\u00e9cembre 2025 de 11h \u00e0 18h, notre Maison d\u2019Accueil Sp\u00e9cialis\u00e9e se pare de ses plus belles couleurs pour vous inviter \u00e0 partager un moment chaleureux et festif. Tout&hellip; <a class=\"continue\" href=\"http:\/\/www.adapei64.fr\/site\/evenement\/marche-de-noel-de-la-mas-lou-caminot\/\">Lire :<span> March\u00e9 de No\u00ebl de la MAS Lou Caminot<\/span><\/a><\/p>\n","protected":false},"author":1,"featured_media":0,"template":"","meta":{"_crdt_document":"","om_disable_all_campaigns":false,"_uag_custom_page_level_css":"","_monsterinsights_skip_tracking":false,"_monsterinsights_sitenote_active":false,"_monsterinsights_sitenote_note":"","_monsterinsights_sitenote_category":0,"_uf_show_specific_survey":0,"_uf_disable_surveys":false,"_EventAllDay":false,"_EventTimezone":"Europe\/Paris","_EventStartDate":"2025-12-05 11:00:00","_EventEndDate":"2025-12-05 18:00:00","_EventStartDateUTC":"2025-12-05 10:00:00","_EventEndDateUTC":"2025-12-05 17:00:00","_EventShowMap":true,"_EventShowMapLink":false,"_EventURL":"","_EventCost":"","_EventCostDescription":"","_EventCurrencySymbol":"\u20ac","_EventCurrencyCode":"EUR","_EventCurrencyPosition":"suffix","_EventDateTimeSeparator":"","_EventTimeRangeSeparator":"","_EventOrganizerID":[16969],"_EventVenueID":[18864],"_OrganizerEmail":"","_OrganizerPhone":"","_OrganizerWebsite":"","_VenueAddress":"","_VenueCity":"","_VenueCountry":"","_VenueProvince":"","_VenueState":"","_VenueZip":"","_VenuePhone":"","_VenueURL":"","_VenueStateProvince":"","_VenueLat":"","_VenueLng":"","_VenueShowMap":false,"_VenueShowMapLink":false,"_tribe_events_status":"","_tribe_events_status_reason":"","footnotes":""},"tags":[],"tribe_events_cat":[],"class_list":["post-18860","tribe_events","type-tribe_events","status-publish","hentry"],"uagb_featured_image_src":{"full":false,"thumbnail":false,"medium":false,"medium_large":false,"large":false,"1536x1536":false,"2048x2048":false},"uagb_author_info":{"display_name":"Marie Lafargue","author_link":"http:\/\/www.adapei64.fr\/site\/author\/marie\/"},"uagb_comment_info":0,"uagb_excerpt":"Le 5 d\u00e9cembre 2025 de 11h \u00e0 18h, notre Maison d\u2019Accueil Sp\u00e9cialis\u00e9e se pare de ses plus belles couleurs pour vous inviter \u00e0 partager un moment chaleureux et festif. Tout&hellip; Lire : March\u00e9 de No\u00ebl de la MAS Lou Caminot","distributor_meta":false,"distributor_terms":false,"distributor_media":false,"distributor_original_site_name":"Adapei des Pyr\u00e9n\u00e9es-Atlantiques","distributor_original_site_url":"http:\/\/www.adapei64.fr\/site","push-errors":false,"_links":{"self":[{"href":"http:\/\/www.adapei64.fr\/site\/wp-json\/wp\/v2\/tribe_events\/18860","targetHints":{"allow":["GET"]}}],"collection":[{"href":"http:\/\/www.adapei64.fr\/site\/wp-json\/wp\/v2\/tribe_events"}],"about":[{"href":"http:\/\/www.adapei64.fr\/site\/wp-json\/wp\/v2\/types\/tribe_events"}],"author":[{"embeddable":true,"href":"http:\/\/www.adapei64.fr\/site\/wp-json\/wp\/v2\/users\/1"}],"version-history":[{"count":1,"href":"http:\/\/www.adapei64.fr\/site\/wp-json\/wp\/v2\/tribe_events\/18860\/revisions"}],"predecessor-version":[{"id":18865,"href":"http:\/\/www.adapei64.fr\/site\/wp-json\/wp\/v2\/tribe_events\/18860\/revisions\/18865"}],"wp:attachment":[{"href":"http:\/\/www.adapei64.fr\/site\/wp-json\/wp\/v2\/media?parent=18860"}],"wp:term":[{"taxonomy":"post_tag","embeddable":true,"href":"http:\/\/www.adapei64.fr\/site\/wp-json\/wp\/v2\/tags?post=18860"},{"taxonomy":"tribe_events_cat","embeddable":true,"href":"http:\/\/www.adapei64.fr\/site\/wp-json\/wp\/v2\/tribe_events_cat?post=18860"}],"curies":[{"name":"wp","href":"https:\/\/api.w.org\/{rel}","templated":true}]}}