{"id":194,"date":"2020-12-03T12:40:46","date_gmt":"2020-12-03T11:40:46","guid":{"rendered":"http:\/\/adapei64.fr\/wp2\/cfr\/?page_id=194"},"modified":"2024-07-11T17:41:41","modified_gmt":"2024-07-11T15:41:41","slug":"matinales-de-ladapei","status":"publish","type":"page","link":"https:\/\/www.adapei64.fr\/site\/cfr\/matinales-de-ladapei\/","title":{"rendered":"Matinales de l&rsquo;Adapei"},"content":{"rendered":"\n<h3 class=\"wp-block-heading\">Pour une volont\u00e9 d\u2019apprendre et d\u2019apprendre ensemble.<\/h3>\n\n\n\n<p>L&rsquo;Adapei des Pyr\u00e9n\u00e9es-Atlantiques organise des matin\u00e9es petits d\u00e9jeuners informatives de sensibilisation ou de formation, pour les professionnels, familles, partenaires.<\/p>\n\n\n\n<p><style type=\"text\/css\">\/* widget: Post Blocks *\/<br \/>\n#uc_post_blocks_elementor_55b9ea03 {<br \/>\n    display:grid;<br \/>\n\tgrid-template-columns: repeat(2, 1fr);<br \/>\n}<br \/>\n#uc_post_blocks_elementor_55b9ea03 .ue_post_blocks_box<br \/>\n{<br \/>\n  overflow:hidden;<br \/>\n}<br \/>\n#uc_post_blocks_elementor_55b9ea03 .ue_post_blocks_image<br \/>\n{<br \/>\n  overflow:hidden;<br \/>\n}<br \/>\n#uc_post_blocks_elementor_55b9ea03 .ue_post_blocks_image img<br \/>\n{<br \/>\n  object-fit: cover;<br \/>\n  object-position:center center;<br \/>\n  width:100%;<br \/>\n  display:block;<br \/>\n}<br \/>\n#uc_post_blocks_elementor_55b9ea03 .ue_post_blocks_link a<br \/>\n{<br \/>\n  display:inline-block;<br \/>\n  text-decoration:none;<br \/>\n}<br \/>\n #uc_post_blocks_elementor_55b9ea03 .ue_post_blocks_box img<br \/>\n{<br \/>\n  transition:0.5s;<br \/>\n}<br \/>\n #uc_post_blocks_elementor_55b9ea03 .ue_post_blocks_box:hover img<br \/>\n{<br \/>\n  transform:scale(1.1,1.1);<br \/>\n}<br \/>\n@media screen and (max-width: 800px) {<br \/>\n  #uc_post_blocks_elementor_55b9ea03 {<br \/>\n  grid-template-columns: repeat(2, 1fr);<br \/>\n  }<br \/>\n}<br \/>\n@media screen and (max-width: 420px) {<br \/>\n   #uc_post_blocks_elementor_55b9ea03 {<br \/>\n  grid-template-columns: repeat(1, 1fr);<br \/>\n   }<br \/>\n}<br \/>\n<\/style><\/p>\n\n\n\n<div class=\"wp-block-query alignwide is-layout-flow wp-block-query-is-layout-flow\">\n\n\n<div class=\"wp-block-group is-layout-flow wp-block-group-is-layout-flow\" style=\"margin-top:0;margin-bottom:0;padding-top:var(--wp--preset--spacing--50);padding-right:0;padding-bottom:var(--wp--preset--spacing--50);padding-left:0\"><ul class=\"columns-2 alignfull wp-block-post-template is-layout-grid wp-container-core-post-template-is-layout-5e73b338 wp-block-post-template-is-layout-grid\"><li class=\"wp-block-post post-3247 post type-post status-publish format-standard has-post-thumbnail hentry category-matinales\">\n<figure style=\"aspect-ratio:16\/9; padding-bottom:var(--wp--preset--spacing--20);margin-bottom:0;\" class=\"wp-block-post-featured-image\"><a href=\"https:\/\/www.adapei64.fr\/site\/cfr\/parlons-ensemble-de-la-preparation-a-la-retraite-des-travailleurs-desat-2-decembre-2024\/\" target=\"_self\"  ><img fetchpriority=\"high\" decoding=\"async\" width=\"2420\" height=\"1816\" src=\"https:\/\/www.adapei64.fr\/site\/cfr\/wp-content\/uploads\/sites\/2\/2024\/09\/Photo-matinale-retraite-02-12-2024.jpeg\" class=\"attachment-post-thumbnail size-post-thumbnail wp-post-image\" alt=\"Parlons ensemble de la pr\u00e9paration \u00e0 la retraite des travailleurs d\u2019ESAT. 2 d\u00e9cembre 2024\" style=\"width:100%;height:100%;object-fit:cover;\" srcset=\"https:\/\/www.adapei64.fr\/site\/cfr\/wp-content\/uploads\/sites\/2\/2024\/09\/Photo-matinale-retraite-02-12-2024.jpeg 2420w, https:\/\/www.adapei64.fr\/site\/cfr\/wp-content\/uploads\/sites\/2\/2024\/09\/Photo-matinale-retraite-02-12-2024-300x225.jpeg 300w, https:\/\/www.adapei64.fr\/site\/cfr\/wp-content\/uploads\/sites\/2\/2024\/09\/Photo-matinale-retraite-02-12-2024-1024x768.jpeg 1024w, https:\/\/www.adapei64.fr\/site\/cfr\/wp-content\/uploads\/sites\/2\/2024\/09\/Photo-matinale-retraite-02-12-2024-768x576.jpeg 768w, https:\/\/www.adapei64.fr\/site\/cfr\/wp-content\/uploads\/sites\/2\/2024\/09\/Photo-matinale-retraite-02-12-2024-1536x1153.jpeg 1536w, https:\/\/www.adapei64.fr\/site\/cfr\/wp-content\/uploads\/sites\/2\/2024\/09\/Photo-matinale-retraite-02-12-2024-2048x1537.jpeg 2048w\" sizes=\"(max-width: 2420px) 100vw, 2420px\" \/><\/a><\/figure>\n\n\n<div class=\"wp-block-group is-vertical is-nowrap is-layout-flex wp-container-core-group-is-layout-97ba36a5 wp-block-group-is-layout-flex\" style=\"margin-top:var(--wp--preset--spacing--20);padding-top:0\"><h3 class=\"wp-block-post-title wp-container-content-32e3a40d\"><a href=\"https:\/\/www.adapei64.fr\/site\/cfr\/parlons-ensemble-de-la-preparation-a-la-retraite-des-travailleurs-desat-2-decembre-2024\/\" target=\"_self\" >Parlons ensemble de la pr\u00e9paration \u00e0 la retraite des travailleurs d\u2019ESAT. 2 d\u00e9cembre 2024<\/a><\/h3>\n\n<div class=\"wp-block-post-excerpt has-text-color has-contrast-2-color has-small-font-size wp-container-content-32e3a40d\"><p class=\"wp-block-post-excerpt__excerpt\">2 d\u00e9cembre 2024 &#8211; de 9h \u00e0 12h30 Le passage en retraite, peut-\u00eatre, pour les personnes que nous accompagnons, un v\u00e9ritable coup d\u2019arr\u00eat sur une partie de leur vie construite en ESAT et\/ou en Foyer d\u2019H\u00e9bergement. La d\u00e9marche Un Avenir Apr\u00e8s le Travail am\u00e8ne une m\u00e9thodologie d\u2019accompagnement pour anticiper, pr\u00e9parer et parler de la question\u2026 <\/p><\/div>\n\n\n<div style=\"height:0px\" aria-hidden=\"true\" class=\"wp-block-spacer wp-container-content-32e3a40d\"><\/div>\n<\/div>\n\n<\/li><li class=\"wp-block-post post-3242 post type-post status-publish format-standard has-post-thumbnail hentry category-matinales\">\n<figure style=\"aspect-ratio:16\/9; padding-bottom:var(--wp--preset--spacing--20);margin-bottom:0;\" class=\"wp-block-post-featured-image\"><a href=\"https:\/\/www.adapei64.fr\/site\/cfr\/autodetermination-de-quoi-parle-t-on-2\/\" target=\"_self\"  ><img decoding=\"async\" width=\"1600\" height=\"1200\" src=\"https:\/\/www.adapei64.fr\/site\/cfr\/wp-content\/uploads\/sites\/2\/2023\/12\/2023-12-14-MatinaleAutodetermination-BD.jpg\" class=\"attachment-post-thumbnail size-post-thumbnail wp-post-image\" alt=\"Autod\u00e9termination : de quoi parle-t-on ? 5 novembre 2024\" style=\"width:100%;height:100%;object-fit:cover;\" srcset=\"https:\/\/www.adapei64.fr\/site\/cfr\/wp-content\/uploads\/sites\/2\/2023\/12\/2023-12-14-MatinaleAutodetermination-BD.jpg 1600w, https:\/\/www.adapei64.fr\/site\/cfr\/wp-content\/uploads\/sites\/2\/2023\/12\/2023-12-14-MatinaleAutodetermination-BD-300x225.jpg 300w, https:\/\/www.adapei64.fr\/site\/cfr\/wp-content\/uploads\/sites\/2\/2023\/12\/2023-12-14-MatinaleAutodetermination-BD-1024x768.jpg 1024w, https:\/\/www.adapei64.fr\/site\/cfr\/wp-content\/uploads\/sites\/2\/2023\/12\/2023-12-14-MatinaleAutodetermination-BD-768x576.jpg 768w, https:\/\/www.adapei64.fr\/site\/cfr\/wp-content\/uploads\/sites\/2\/2023\/12\/2023-12-14-MatinaleAutodetermination-BD-1536x1152.jpg 1536w\" sizes=\"(max-width: 1600px) 100vw, 1600px\" \/><\/a><\/figure>\n\n\n<div class=\"wp-block-group is-vertical is-nowrap is-layout-flex wp-container-core-group-is-layout-97ba36a5 wp-block-group-is-layout-flex\" style=\"margin-top:var(--wp--preset--spacing--20);padding-top:0\"><h3 class=\"wp-block-post-title wp-container-content-32e3a40d\"><a href=\"https:\/\/www.adapei64.fr\/site\/cfr\/autodetermination-de-quoi-parle-t-on-2\/\" target=\"_self\" >Autod\u00e9termination : de quoi parle-t-on ? 5 novembre 2024<\/a><\/h3>\n\n<div class=\"wp-block-post-excerpt has-text-color has-contrast-2-color has-small-font-size wp-container-content-32e3a40d\"><p class=\"wp-block-post-excerpt__excerpt\">5 novembre 2024 &#8211; de 9h \u00e0 12h30 L\u2019autod\u00e9termination est un droit pour tous \u00e0 d\u00e9cider par soi-m\u00eame. C\u2019est un cheminement, cela s\u2019apprend, s\u2019accompagne et se d\u00e9veloppe tout au long de la vie.C\u2019est un droit \u00e0 envisager sa vie en : L\u2019animation de cette matinale s\u2019articulera autour de t\u00e9moignages de personnes accompagn\u00e9es, familles et professionnels\u2026 <\/p><\/div>\n\n\n<div style=\"height:0px\" aria-hidden=\"true\" class=\"wp-block-spacer wp-container-content-32e3a40d\"><\/div>\n<\/div>\n\n<\/li><li class=\"wp-block-post post-2552 post type-post status-publish format-standard has-post-thumbnail hentry category-actualites category-matinales\">\n<figure style=\"aspect-ratio:16\/9; padding-bottom:var(--wp--preset--spacing--20);margin-bottom:0;\" class=\"wp-block-post-featured-image\"><a href=\"https:\/\/www.adapei64.fr\/site\/cfr\/autodetermination-de-quoi-parle-t-on\/\" target=\"_self\"  ><img decoding=\"async\" width=\"1600\" height=\"1200\" src=\"https:\/\/www.adapei64.fr\/site\/cfr\/wp-content\/uploads\/sites\/2\/2023\/12\/2023-12-14-MatinaleAutodetermination-BD.jpg\" class=\"attachment-post-thumbnail size-post-thumbnail wp-post-image\" alt=\"Autod\u00e9termination : de quoi parle-t-on ? : 14 d\u00e9cembre 2023\" style=\"width:100%;height:100%;object-fit:cover;\" srcset=\"https:\/\/www.adapei64.fr\/site\/cfr\/wp-content\/uploads\/sites\/2\/2023\/12\/2023-12-14-MatinaleAutodetermination-BD.jpg 1600w, https:\/\/www.adapei64.fr\/site\/cfr\/wp-content\/uploads\/sites\/2\/2023\/12\/2023-12-14-MatinaleAutodetermination-BD-300x225.jpg 300w, https:\/\/www.adapei64.fr\/site\/cfr\/wp-content\/uploads\/sites\/2\/2023\/12\/2023-12-14-MatinaleAutodetermination-BD-1024x768.jpg 1024w, https:\/\/www.adapei64.fr\/site\/cfr\/wp-content\/uploads\/sites\/2\/2023\/12\/2023-12-14-MatinaleAutodetermination-BD-768x576.jpg 768w, https:\/\/www.adapei64.fr\/site\/cfr\/wp-content\/uploads\/sites\/2\/2023\/12\/2023-12-14-MatinaleAutodetermination-BD-1536x1152.jpg 1536w\" sizes=\"(max-width: 1600px) 100vw, 1600px\" \/><\/a><\/figure>\n\n\n<div class=\"wp-block-group is-vertical is-nowrap is-layout-flex wp-container-core-group-is-layout-97ba36a5 wp-block-group-is-layout-flex\" style=\"margin-top:var(--wp--preset--spacing--20);padding-top:0\"><h3 class=\"wp-block-post-title wp-container-content-32e3a40d\"><a href=\"https:\/\/www.adapei64.fr\/site\/cfr\/autodetermination-de-quoi-parle-t-on\/\" target=\"_self\" >Autod\u00e9termination : de quoi parle-t-on ? : 14 d\u00e9cembre 2023<\/a><\/h3>\n\n<div class=\"wp-block-post-excerpt has-text-color has-contrast-2-color has-small-font-size wp-container-content-32e3a40d\"><p class=\"wp-block-post-excerpt__excerpt\">L\u2019autod\u00e9termination est un droit pour tous \u00e0 d\u00e9cider par soi-m\u00eame. C\u2019est un cheminement, cela s\u2019apprend, s\u2019accompagne et se d\u00e9veloppe tout au long de la vie. C\u2019est un droit \u00e0 envisager sa vie en : Exprimant ses envies et ses pr\u00e9f\u00e9rences Faisant des choix seul (je peux et sais demander de l\u2019aide), en fonction de ce\u2026 <\/p><\/div>\n\n\n<div style=\"height:0px\" aria-hidden=\"true\" class=\"wp-block-spacer wp-container-content-32e3a40d\"><\/div>\n<\/div>\n\n<\/li><li class=\"wp-block-post post-2242 post type-post status-publish format-standard has-post-thumbnail hentry category-actualites category-matinales\">\n<figure style=\"aspect-ratio:16\/9; padding-bottom:var(--wp--preset--spacing--20);margin-bottom:0;\" class=\"wp-block-post-featured-image\"><a href=\"https:\/\/www.adapei64.fr\/site\/cfr\/2242-2\/\" target=\"_self\"  ><img loading=\"lazy\" decoding=\"async\" width=\"795\" height=\"598\" src=\"https:\/\/www.adapei64.fr\/site\/cfr\/wp-content\/uploads\/sites\/2\/2023\/05\/MatinaleModeleInclusif.jpg\" class=\"attachment-post-thumbnail size-post-thumbnail wp-post-image\" alt=\"\u00ab\u00a0Du mod\u00e8le protecteur au mod\u00e8le inclusif : quels impacts pour le secteur du handicap\u00a0\u00bb : 13 d\u00e9cembre 2022\" style=\"width:100%;height:100%;object-fit:cover;\" srcset=\"https:\/\/www.adapei64.fr\/site\/cfr\/wp-content\/uploads\/sites\/2\/2023\/05\/MatinaleModeleInclusif.jpg 795w, https:\/\/www.adapei64.fr\/site\/cfr\/wp-content\/uploads\/sites\/2\/2023\/05\/MatinaleModeleInclusif-300x226.jpg 300w, https:\/\/www.adapei64.fr\/site\/cfr\/wp-content\/uploads\/sites\/2\/2023\/05\/MatinaleModeleInclusif-768x578.jpg 768w\" sizes=\"(max-width: 795px) 100vw, 795px\" \/><\/a><\/figure>\n\n\n<div class=\"wp-block-group is-vertical is-nowrap is-layout-flex wp-container-core-group-is-layout-97ba36a5 wp-block-group-is-layout-flex\" style=\"margin-top:var(--wp--preset--spacing--20);padding-top:0\"><h3 class=\"wp-block-post-title wp-container-content-32e3a40d\"><a href=\"https:\/\/www.adapei64.fr\/site\/cfr\/2242-2\/\" target=\"_self\" >\u00ab\u00a0Du mod\u00e8le protecteur au mod\u00e8le inclusif : quels impacts pour le secteur du handicap\u00a0\u00bb : 13 d\u00e9cembre 2022<\/a><\/h3>\n\n<div class=\"wp-block-post-excerpt has-text-color has-contrast-2-color has-small-font-size wp-container-content-32e3a40d\"><p class=\"wp-block-post-excerpt__excerpt\">Une soixantaine de personnes a particip\u00e9 \u00e0 notre derni\u00e8re Matinale du 13 d\u00e9cembre dernier sur la th\u00e9matique \u00ab\u00a0Du mod\u00e8le protecteur au mod\u00e8le inclusif : quels impacts pour le secteur du handicap\u00a0\u00bb. Des \u00e9changes enrichissants avec l&rsquo;intervenant,\u00a0Jean-Luc Gautherot. En 2023, un nouveau programme de Matinales se pr\u00e9pare ! <\/p><\/div>\n\n\n<div style=\"height:0px\" aria-hidden=\"true\" class=\"wp-block-spacer wp-container-content-32e3a40d\"><\/div>\n<\/div>\n\n<\/li><li class=\"wp-block-post post-278 post type-post status-publish format-standard has-post-thumbnail hentry category-matinales\">\n<figure style=\"aspect-ratio:16\/9; padding-bottom:var(--wp--preset--spacing--20);margin-bottom:0;\" class=\"wp-block-post-featured-image\"><a href=\"https:\/\/www.adapei64.fr\/site\/cfr\/lacces-au-soin-des-personnes-vivant-avec-un-handicap\/\" target=\"_self\"  ><img loading=\"lazy\" decoding=\"async\" width=\"1100\" height=\"733\" src=\"https:\/\/www.adapei64.fr\/site\/cfr\/wp-content\/uploads\/sites\/2\/2020\/12\/2019-12-12-Matinale-Handifaction-5-Copier.jpg\" class=\"attachment-post-thumbnail size-post-thumbnail wp-post-image\" alt=\"\u00ab\u00a0L&rsquo;acc\u00e8s au soin des personnes vivant avec un handicap\u00a0\u00bb : 12 d\u00e9cembre 2019\" style=\"width:100%;height:100%;object-fit:cover;\" srcset=\"https:\/\/www.adapei64.fr\/site\/cfr\/wp-content\/uploads\/sites\/2\/2020\/12\/2019-12-12-Matinale-Handifaction-5-Copier.jpg 1100w, https:\/\/www.adapei64.fr\/site\/cfr\/wp-content\/uploads\/sites\/2\/2020\/12\/2019-12-12-Matinale-Handifaction-5-Copier-300x200.jpg 300w, https:\/\/www.adapei64.fr\/site\/cfr\/wp-content\/uploads\/sites\/2\/2020\/12\/2019-12-12-Matinale-Handifaction-5-Copier-1024x682.jpg 1024w, https:\/\/www.adapei64.fr\/site\/cfr\/wp-content\/uploads\/sites\/2\/2020\/12\/2019-12-12-Matinale-Handifaction-5-Copier-768x512.jpg 768w\" sizes=\"(max-width: 1100px) 100vw, 1100px\" \/><\/a><\/figure>\n\n\n<div class=\"wp-block-group is-vertical is-nowrap is-layout-flex wp-container-core-group-is-layout-97ba36a5 wp-block-group-is-layout-flex\" style=\"margin-top:var(--wp--preset--spacing--20);padding-top:0\"><h3 class=\"wp-block-post-title wp-container-content-32e3a40d\"><a href=\"https:\/\/www.adapei64.fr\/site\/cfr\/lacces-au-soin-des-personnes-vivant-avec-un-handicap\/\" target=\"_self\" >\u00ab\u00a0L&rsquo;acc\u00e8s au soin des personnes vivant avec un handicap\u00a0\u00bb : 12 d\u00e9cembre 2019<\/a><\/h3>\n\n<div class=\"wp-block-post-excerpt has-text-color has-contrast-2-color has-small-font-size wp-container-content-32e3a40d\"><p class=\"wp-block-post-excerpt__excerpt\">Le 12 d\u00e9cembre 2019, s\u2019est d\u00e9roul\u00e9e la 3e Matinale de l\u2019Adapei des Pyr\u00e9n\u00e9es Atlantiques sur la th\u00e9matique de \u00ab l\u2019Acc\u00e8s aux soins des personnes en situation de handicap \u00bb. Autour de Pascal JACOB, une cinquantaine de participants (familles et professionnels de diverses associations) a pu \u00e9changer autour de ces probl\u00e9matiques.\u00a0Monsieur Pascal JACOB\u00a0 est parents de\u2026 <\/p><\/div>\n\n\n<div style=\"height:0px\" aria-hidden=\"true\" class=\"wp-block-spacer wp-container-content-32e3a40d\"><\/div>\n<\/div>\n\n<\/li><li class=\"wp-block-post post-276 post type-post status-publish format-standard has-post-thumbnail hentry category-matinales\">\n<figure style=\"aspect-ratio:16\/9; padding-bottom:var(--wp--preset--spacing--20);margin-bottom:0;\" class=\"wp-block-post-featured-image\"><a href=\"https:\/\/www.adapei64.fr\/site\/cfr\/la-valorisation-des-roles-sociaux-vrs-17-octobre-2019\/\" target=\"_self\"  ><img loading=\"lazy\" decoding=\"async\" width=\"2560\" height=\"937\" src=\"https:\/\/www.adapei64.fr\/site\/cfr\/wp-content\/uploads\/sites\/2\/2020\/12\/bandeau_matinales-1-scaled.jpg\" class=\"attachment-post-thumbnail size-post-thumbnail wp-post-image\" alt=\"\u00ab\u00a0La valorisation des r\u00f4les sociaux (VRS)\u00a0\u00bb : 17 octobre 2019\" style=\"width:100%;height:100%;object-fit:cover;\" srcset=\"https:\/\/www.adapei64.fr\/site\/cfr\/wp-content\/uploads\/sites\/2\/2020\/12\/bandeau_matinales-1-scaled.jpg 2560w, https:\/\/www.adapei64.fr\/site\/cfr\/wp-content\/uploads\/sites\/2\/2020\/12\/bandeau_matinales-1-300x110.jpg 300w, https:\/\/www.adapei64.fr\/site\/cfr\/wp-content\/uploads\/sites\/2\/2020\/12\/bandeau_matinales-1-1024x375.jpg 1024w, https:\/\/www.adapei64.fr\/site\/cfr\/wp-content\/uploads\/sites\/2\/2020\/12\/bandeau_matinales-1-768x281.jpg 768w, https:\/\/www.adapei64.fr\/site\/cfr\/wp-content\/uploads\/sites\/2\/2020\/12\/bandeau_matinales-1-1536x562.jpg 1536w, https:\/\/www.adapei64.fr\/site\/cfr\/wp-content\/uploads\/sites\/2\/2020\/12\/bandeau_matinales-1-2048x749.jpg 2048w\" sizes=\"(max-width: 2560px) 100vw, 2560px\" \/><\/a><\/figure>\n\n\n<div class=\"wp-block-group is-vertical is-nowrap is-layout-flex wp-container-core-group-is-layout-97ba36a5 wp-block-group-is-layout-flex\" style=\"margin-top:var(--wp--preset--spacing--20);padding-top:0\"><h3 class=\"wp-block-post-title wp-container-content-32e3a40d\"><a href=\"https:\/\/www.adapei64.fr\/site\/cfr\/la-valorisation-des-roles-sociaux-vrs-17-octobre-2019\/\" target=\"_self\" >\u00ab\u00a0La valorisation des r\u00f4les sociaux (VRS)\u00a0\u00bb : 17 octobre 2019<\/a><\/h3>\n\n<div class=\"wp-block-post-excerpt has-text-color has-contrast-2-color has-small-font-size wp-container-content-32e3a40d\"><p class=\"wp-block-post-excerpt__excerpt\">17 octobre 2019 : La Valorisation des R\u00f4les Sociaux, Une fa\u00e7on de voir et de comprendre Une&nbsp;fa\u00e7on&nbsp;de faireUn&nbsp;changement&nbsp;de&nbsp;paradigmeUne&nbsp;d\u00e9marche&nbsp;simple&nbsp;mais&nbsp;pas&nbsp;simpliste\u2026 La&nbsp;d\u00e9valorisation&nbsp;sociale&nbsp;d\u2019une&nbsp;personne&nbsp;r\u00e9sulte&nbsp;du \u00ab&nbsp;regard&nbsp;\u00bb de&nbsp;l\u2019observateur,&nbsp;elle&nbsp;n\u2019est&nbsp;pas&nbsp;inh\u00e9rente&nbsp;\u00e0 la&nbsp;personne&nbsp;observ\u00e9e. La&nbsp;d\u00e9valorisation&nbsp;sociale&nbsp;est&nbsp;universelle&nbsp;et&nbsp;intemporelle&nbsp;: on la&nbsp;retrouve&nbsp;de tout temps&nbsp;dans&nbsp;toutes&nbsp;les&nbsp;soci\u00e9t\u00e9s.&nbsp;MAIS&nbsp;le&nbsp;d\u00e9valoris\u00e9&nbsp;change&nbsp;d\u2019une&nbsp;soci\u00e9t\u00e9&nbsp;\u00e0&nbsp;une&nbsp;autre.Quand&nbsp;nous&nbsp;travaillons&nbsp;avec&nbsp;des&nbsp;personnes&nbsp;dont&nbsp;le&nbsp;r\u00f4le&nbsp;social est&nbsp;d\u00e9valoris\u00e9, nous&nbsp;pouvons&nbsp;activer,&nbsp;selon&nbsp;la&nbsp;VRS,&nbsp;certains&nbsp;leviers pour&nbsp;lutter&nbsp;contre&nbsp;ces&nbsp;st\u00e9r\u00e9otypes&nbsp;n\u00e9gatifs. Nos&nbsp;objectifs&nbsp;pour&nbsp;cette&nbsp;matinale&nbsp;:&nbsp; Intervenant(s) : St\u00e9phane VINCENT a grandi aupr\u00e8s d\u2019un fr\u00e8re en situation de handicap. Il se souvient des regards dans la rue et de leur\u2026 <\/p><\/div>\n\n\n<div style=\"height:0px\" aria-hidden=\"true\" class=\"wp-block-spacer wp-container-content-32e3a40d\"><\/div>\n<\/div>\n\n<\/li><li class=\"wp-block-post post-274 post type-post status-publish format-standard has-post-thumbnail hentry category-matinales category-non-classe\">\n<figure style=\"aspect-ratio:16\/9; padding-bottom:var(--wp--preset--spacing--20);margin-bottom:0;\" class=\"wp-block-post-featured-image\"><a href=\"https:\/\/www.adapei64.fr\/site\/cfr\/lorganisation-apprenante-6-juin-2019\/\" target=\"_self\"  ><img loading=\"lazy\" decoding=\"async\" width=\"2560\" height=\"937\" src=\"https:\/\/www.adapei64.fr\/site\/cfr\/wp-content\/uploads\/sites\/2\/2020\/12\/bandeau_matinales-1-scaled.jpg\" class=\"attachment-post-thumbnail size-post-thumbnail wp-post-image\" alt=\"\u00ab\u00a0L&rsquo;organisation apprenante \u00a0\u00bb : 6 juin 2019\" style=\"width:100%;height:100%;object-fit:cover;\" srcset=\"https:\/\/www.adapei64.fr\/site\/cfr\/wp-content\/uploads\/sites\/2\/2020\/12\/bandeau_matinales-1-scaled.jpg 2560w, https:\/\/www.adapei64.fr\/site\/cfr\/wp-content\/uploads\/sites\/2\/2020\/12\/bandeau_matinales-1-300x110.jpg 300w, https:\/\/www.adapei64.fr\/site\/cfr\/wp-content\/uploads\/sites\/2\/2020\/12\/bandeau_matinales-1-1024x375.jpg 1024w, https:\/\/www.adapei64.fr\/site\/cfr\/wp-content\/uploads\/sites\/2\/2020\/12\/bandeau_matinales-1-768x281.jpg 768w, https:\/\/www.adapei64.fr\/site\/cfr\/wp-content\/uploads\/sites\/2\/2020\/12\/bandeau_matinales-1-1536x562.jpg 1536w, https:\/\/www.adapei64.fr\/site\/cfr\/wp-content\/uploads\/sites\/2\/2020\/12\/bandeau_matinales-1-2048x749.jpg 2048w\" sizes=\"(max-width: 2560px) 100vw, 2560px\" \/><\/a><\/figure>\n\n\n<div class=\"wp-block-group is-vertical is-nowrap is-layout-flex wp-container-core-group-is-layout-97ba36a5 wp-block-group-is-layout-flex\" style=\"margin-top:var(--wp--preset--spacing--20);padding-top:0\"><h3 class=\"wp-block-post-title wp-container-content-32e3a40d\"><a href=\"https:\/\/www.adapei64.fr\/site\/cfr\/lorganisation-apprenante-6-juin-2019\/\" target=\"_self\" >\u00ab\u00a0L&rsquo;organisation apprenante \u00a0\u00bb : 6 juin 2019<\/a><\/h3>\n\n<div class=\"wp-block-post-excerpt has-text-color has-contrast-2-color has-small-font-size wp-container-content-32e3a40d\"><p class=\"wp-block-post-excerpt__excerpt\">\u00ab Comment d\u00e9finir une organisation apprenante ? Quels outils et quelles postures pour y parvenir ? \u00bbProfessionnels d\u2019horizons divers, travailleurs d\u2019ESAT et parents, ont pu croiser leurs regards autour de cette th\u00e9matique, le 6 juin dernier au centre de Formation et de Recherche de l\u2019Adapei !Des \u00e9changes d\u2019une grande richesse et des intervenants de qualit\u00e9\u2026 <\/p><\/div>\n\n\n<div style=\"height:0px\" aria-hidden=\"true\" class=\"wp-block-spacer wp-container-content-32e3a40d\"><\/div>\n<\/div>\n\n<\/li><\/ul>\n\n\n<div style=\"margin-top:0;margin-bottom:0;height:var(--wp--preset--spacing--40)\" aria-hidden=\"true\" class=\"wp-block-spacer\"><\/div>\n\n\n<\/div>\n<\/div>\n","protected":false},"excerpt":{"rendered":"<p>Pour une volont\u00e9 d\u2019apprendre et d\u2019apprendre ensemble. L&rsquo;Adapei des Pyr\u00e9n\u00e9es-Atlantiques organise des matin\u00e9es petits d\u00e9jeuners informatives de sensibilisation ou de formation, pour les professionnels, familles, partenaires.<\/p>\n","protected":false},"author":1,"featured_media":260,"parent":0,"menu_order":6,"comment_status":"closed","ping_status":"closed","template":"","meta":{"_acf_changed":false,"footnotes":""},"class_list":["post-194","page","type-page","status-publish","has-post-thumbnail","hentry"],"acf":[],"distributor_meta":false,"distributor_terms":false,"distributor_media":false,"distributor_original_site_name":"Centre de Formation et de Recherche","distributor_original_site_url":"https:\/\/www.adapei64.fr\/site\/cfr","push-errors":false,"_links":{"self":[{"href":"https:\/\/www.adapei64.fr\/site\/cfr\/wp-json\/wp\/v2\/pages\/194","targetHints":{"allow":["GET"]}}],"collection":[{"href":"https:\/\/www.adapei64.fr\/site\/cfr\/wp-json\/wp\/v2\/pages"}],"about":[{"href":"https:\/\/www.adapei64.fr\/site\/cfr\/wp-json\/wp\/v2\/types\/page"}],"author":[{"embeddable":true,"href":"https:\/\/www.adapei64.fr\/site\/cfr\/wp-json\/wp\/v2\/users\/1"}],"replies":[{"embeddable":true,"href":"https:\/\/www.adapei64.fr\/site\/cfr\/wp-json\/wp\/v2\/comments?post=194"}],"version-history":[{"count":43,"href":"https:\/\/www.adapei64.fr\/site\/cfr\/wp-json\/wp\/v2\/pages\/194\/revisions"}],"predecessor-version":[{"id":3127,"href":"https:\/\/www.adapei64.fr\/site\/cfr\/wp-json\/wp\/v2\/pages\/194\/revisions\/3127"}],"wp:featuredmedia":[{"embeddable":true,"href":"https:\/\/www.adapei64.fr\/site\/cfr\/wp-json\/wp\/v2\/media\/260"}],"wp:attachment":[{"href":"https:\/\/www.adapei64.fr\/site\/cfr\/wp-json\/wp\/v2\/media?parent=194"}],"curies":[{"name":"wp","href":"https:\/\/api.w.org\/{rel}","templated":true}]}}