{"id":54,"date":"2020-12-02T14:48:57","date_gmt":"2020-12-02T13:48:57","guid":{"rendered":"http:\/\/adapei64.fr\/wp2\/cfr\/?page_id=54"},"modified":"2026-04-20T12:25:58","modified_gmt":"2026-04-20T10:25:58","slug":"formation","status":"publish","type":"page","link":"https:\/\/www.adapei64.fr\/site\/cfr\/formation\/","title":{"rendered":"Nos formations"},"content":{"rendered":"\n<div class=\"wp-block-columns is-layout-flex wp-container-core-columns-is-layout-ef06f3fc wp-block-columns-is-layout-flex\">\n<div class=\"wp-block-column formation-liste is-layout-flow wp-block-column-is-layout-flow\" style=\"flex-basis:75%\">\n<div class=\"wp-block-group handicap-et-soins header is-layout-flow wp-block-group-is-layout-flow\">\n<h2 class=\"wp-block-heading\">Handicap et soins<\/h2>\n\n\n\n<h3 class=\"wp-block-heading\">Handicap<\/h3>\n\n\n\n<div class=\"wp-block-query is-layout-flow wp-block-query-is-layout-flow\">\n\n\n<div class=\"wp-block-group has-global-padding is-layout-constrained wp-container-core-group-is-layout-dfac14d7 wp-block-group-is-layout-constrained\" style=\"margin-top:0;margin-bottom:0;padding-top:var(--wp--preset--spacing--50);padding-right:0;padding-bottom:var(--wp--preset--spacing--50);padding-left:0\"><ul class=\"columns-3 alignfull wp-block-post-template is-layout-grid wp-container-core-post-template-is-layout-96bd1808 wp-block-post-template-is-layout-grid\"><li class=\"wp-block-post post-2159 formations type-formations status-publish has-post-thumbnail hentry category-handicap category-handicap-et-soins tag-bientraitance tag-sante\">\n<figure style=\"aspect-ratio:16\/9; margin-bottom:var(--wp--preset--spacing--20);\" class=\"wp-block-post-featured-image\"><a href=\"https:\/\/www.adapei64.fr\/site\/cfr\/formations\/accompagnement-de-la-personne-handicapee-veillissante\/\" target=\"_self\"  ><img fetchpriority=\"high\" decoding=\"async\" width=\"1500\" height=\"1000\" src=\"https:\/\/www.adapei64.fr\/site\/cfr\/wp-content\/uploads\/sites\/2\/2023\/05\/elderly-person-being-taken-care-by-female-caretaker-BD.jpg\" class=\"attachment-post-thumbnail size-post-thumbnail wp-post-image\" alt=\"Accompagnement de la personne handicap\u00e9e veillissante\" style=\"width:100%;height:100%;object-fit:cover;\" srcset=\"https:\/\/www.adapei64.fr\/site\/cfr\/wp-content\/uploads\/sites\/2\/2023\/05\/elderly-person-being-taken-care-by-female-caretaker-BD.jpg 1500w, https:\/\/www.adapei64.fr\/site\/cfr\/wp-content\/uploads\/sites\/2\/2023\/05\/elderly-person-being-taken-care-by-female-caretaker-BD-300x200.jpg 300w, https:\/\/www.adapei64.fr\/site\/cfr\/wp-content\/uploads\/sites\/2\/2023\/05\/elderly-person-being-taken-care-by-female-caretaker-BD-1024x683.jpg 1024w, https:\/\/www.adapei64.fr\/site\/cfr\/wp-content\/uploads\/sites\/2\/2023\/05\/elderly-person-being-taken-care-by-female-caretaker-BD-768x512.jpg 768w\" sizes=\"(max-width: 1500px) 100vw, 1500px\" \/><\/a><\/figure>\n\n\n<div class=\"wp-block-group is-vertical is-nowrap is-layout-flex wp-container-core-group-is-layout-9bc6ff26 wp-block-group-is-layout-flex\"><h4 class=\"wp-block-post-title\"><a href=\"https:\/\/www.adapei64.fr\/site\/cfr\/formations\/accompagnement-de-la-personne-handicapee-veillissante\/\" target=\"_self\" >Accompagnement de la personne handicap\u00e9e veillissante<\/a><\/h4>\n\n<div class=\"wp-block-post-excerpt\"><p class=\"wp-block-post-excerpt__excerpt\">L\u2019esp\u00e9rance de vie des personnes en situation de handicap s\u2019est allong\u00e9e\u00a0; par cons\u00e9quence, le vieillissement\u2026 <\/p><\/div><\/div>\n\n<\/li><li class=\"wp-block-post post-1425 formations type-formations status-publish has-post-thumbnail hentry category-handicap category-handicap-et-soins tag-bientraitance tag-inclusion tag-sante\">\n<figure style=\"aspect-ratio:16\/9; margin-bottom:var(--wp--preset--spacing--20);\" class=\"wp-block-post-featured-image\"><a href=\"https:\/\/www.adapei64.fr\/site\/cfr\/formations\/ameliorer-la-prise-en-charge-des-personnes-handicapees-vieillissantes-en-ehpad\/\" target=\"_self\"  ><img decoding=\"async\" width=\"1022\" height=\"738\" src=\"https:\/\/www.adapei64.fr\/site\/cfr\/wp-content\/uploads\/sites\/2\/2022\/04\/ehpad.jpg\" class=\"attachment-post-thumbnail size-post-thumbnail wp-post-image\" alt=\"Am\u00e9liorer la prise en charge des personnes handicap\u00e9es vieillissantes en EHPAD\" style=\"width:100%;height:100%;object-fit:cover;\" srcset=\"https:\/\/www.adapei64.fr\/site\/cfr\/wp-content\/uploads\/sites\/2\/2022\/04\/ehpad.jpg 1022w, https:\/\/www.adapei64.fr\/site\/cfr\/wp-content\/uploads\/sites\/2\/2022\/04\/ehpad-300x217.jpg 300w, https:\/\/www.adapei64.fr\/site\/cfr\/wp-content\/uploads\/sites\/2\/2022\/04\/ehpad-768x555.jpg 768w\" sizes=\"(max-width: 1022px) 100vw, 1022px\" \/><\/a><\/figure>\n\n\n<div class=\"wp-block-group is-vertical is-nowrap is-layout-flex wp-container-core-group-is-layout-9bc6ff26 wp-block-group-is-layout-flex\"><h4 class=\"wp-block-post-title\"><a href=\"https:\/\/www.adapei64.fr\/site\/cfr\/formations\/ameliorer-la-prise-en-charge-des-personnes-handicapees-vieillissantes-en-ehpad\/\" target=\"_self\" >Am\u00e9liorer la prise en charge des personnes handicap\u00e9es vieillissantes en EHPAD<\/a><\/h4>\n\n<div class=\"wp-block-post-excerpt\"><p class=\"wp-block-post-excerpt__excerpt\">Les questions de la sp\u00e9cificit\u00e9 et de l\u2019ajustement de l\u2019accompagnement de la personne handicap\u00e9e vieillissante\u2026 <\/p><\/div><\/div>\n\n<\/li><li class=\"wp-block-post post-1424 formations type-formations status-publish has-post-thumbnail hentry category-handicap category-handicap-et-soins tag-travail tag-vie-professionnelle\">\n<figure style=\"aspect-ratio:16\/9; margin-bottom:var(--wp--preset--spacing--20);\" class=\"wp-block-post-featured-image\"><a href=\"https:\/\/www.adapei64.fr\/site\/cfr\/formations\/handicap-psychique-et-emploi\/\" target=\"_self\"  ><img decoding=\"async\" width=\"1108\" height=\"737\" src=\"https:\/\/www.adapei64.fr\/site\/cfr\/wp-content\/uploads\/sites\/2\/2022\/04\/inclusion_travail.jpg\" class=\"attachment-post-thumbnail size-post-thumbnail wp-post-image\" alt=\"Handicap psychique et emploi\" style=\"width:100%;height:100%;object-fit:cover;\" srcset=\"https:\/\/www.adapei64.fr\/site\/cfr\/wp-content\/uploads\/sites\/2\/2022\/04\/inclusion_travail.jpg 1108w, https:\/\/www.adapei64.fr\/site\/cfr\/wp-content\/uploads\/sites\/2\/2022\/04\/inclusion_travail-300x200.jpg 300w, https:\/\/www.adapei64.fr\/site\/cfr\/wp-content\/uploads\/sites\/2\/2022\/04\/inclusion_travail-1024x681.jpg 1024w, https:\/\/www.adapei64.fr\/site\/cfr\/wp-content\/uploads\/sites\/2\/2022\/04\/inclusion_travail-768x511.jpg 768w\" sizes=\"(max-width: 1108px) 100vw, 1108px\" \/><\/a><\/figure>\n\n\n<div class=\"wp-block-group is-vertical is-nowrap is-layout-flex wp-container-core-group-is-layout-9bc6ff26 wp-block-group-is-layout-flex\"><h4 class=\"wp-block-post-title\"><a href=\"https:\/\/www.adapei64.fr\/site\/cfr\/formations\/handicap-psychique-et-emploi\/\" target=\"_self\" >Handicap psychique et emploi<\/a><\/h4>\n\n<div class=\"wp-block-post-excerpt\"><p class=\"wp-block-post-excerpt__excerpt\">L\u2019emploi des personnes vivant avec un handicap psychique a longtemps \u00e9t\u00e9 consid\u00e9r\u00e9 en France comme\u2026 <\/p><\/div><\/div>\n\n<\/li><li class=\"wp-block-post post-1423 formations type-formations status-publish has-post-thumbnail hentry category-handicap category-handicap-et-soins tag-vie-professionnelle\">\n<figure style=\"aspect-ratio:16\/9; margin-bottom:var(--wp--preset--spacing--20);\" class=\"wp-block-post-featured-image\"><a href=\"https:\/\/www.adapei64.fr\/site\/cfr\/formations\/handicap-mental-et-psychique\/\" target=\"_self\"  ><img loading=\"lazy\" decoding=\"async\" width=\"949\" height=\"675\" src=\"https:\/\/www.adapei64.fr\/site\/cfr\/wp-content\/uploads\/sites\/2\/2022\/04\/handicap.jpg\" class=\"attachment-post-thumbnail size-post-thumbnail wp-post-image\" alt=\"Handicap mental et psychique\" style=\"width:100%;height:100%;object-fit:cover;\" srcset=\"https:\/\/www.adapei64.fr\/site\/cfr\/wp-content\/uploads\/sites\/2\/2022\/04\/handicap.jpg 949w, https:\/\/www.adapei64.fr\/site\/cfr\/wp-content\/uploads\/sites\/2\/2022\/04\/handicap-300x213.jpg 300w, https:\/\/www.adapei64.fr\/site\/cfr\/wp-content\/uploads\/sites\/2\/2022\/04\/handicap-768x546.jpg 768w\" sizes=\"(max-width: 949px) 100vw, 949px\" \/><\/a><\/figure>\n\n\n<div class=\"wp-block-group is-vertical is-nowrap is-layout-flex wp-container-core-group-is-layout-9bc6ff26 wp-block-group-is-layout-flex\"><h4 class=\"wp-block-post-title\"><a href=\"https:\/\/www.adapei64.fr\/site\/cfr\/formations\/handicap-mental-et-psychique\/\" target=\"_self\" >Handicap mental et psychique<\/a><\/h4>\n\n<div class=\"wp-block-post-excerpt\"><p class=\"wp-block-post-excerpt__excerpt\">Les questions de handicap psychique et mental sont encore mal connues du grand public et\u2026 <\/p><\/div><\/div>\n\n<\/li><li class=\"wp-block-post post-1303 formations type-formations status-publish has-post-thumbnail hentry category-handicap category-handicap-et-soins tag-vie-professionnelle\">\n<figure style=\"aspect-ratio:16\/9; margin-bottom:var(--wp--preset--spacing--20);\" class=\"wp-block-post-featured-image\"><a href=\"https:\/\/www.adapei64.fr\/site\/cfr\/formations\/approche-du-handicap\/\" target=\"_self\"  ><img loading=\"lazy\" decoding=\"async\" width=\"949\" height=\"675\" src=\"https:\/\/www.adapei64.fr\/site\/cfr\/wp-content\/uploads\/sites\/2\/2022\/04\/handicap.jpg\" class=\"attachment-post-thumbnail size-post-thumbnail wp-post-image\" alt=\"Approche du handicap\" style=\"width:100%;height:100%;object-fit:cover;\" srcset=\"https:\/\/www.adapei64.fr\/site\/cfr\/wp-content\/uploads\/sites\/2\/2022\/04\/handicap.jpg 949w, https:\/\/www.adapei64.fr\/site\/cfr\/wp-content\/uploads\/sites\/2\/2022\/04\/handicap-300x213.jpg 300w, https:\/\/www.adapei64.fr\/site\/cfr\/wp-content\/uploads\/sites\/2\/2022\/04\/handicap-768x546.jpg 768w\" sizes=\"(max-width: 949px) 100vw, 949px\" \/><\/a><\/figure>\n\n\n<div class=\"wp-block-group is-vertical is-nowrap is-layout-flex wp-container-core-group-is-layout-9bc6ff26 wp-block-group-is-layout-flex\"><h4 class=\"wp-block-post-title\"><a href=\"https:\/\/www.adapei64.fr\/site\/cfr\/formations\/approche-du-handicap\/\" target=\"_self\" >Approche du handicap<\/a><\/h4>\n\n<div class=\"wp-block-post-excerpt\"><p class=\"wp-block-post-excerpt__excerpt\">Un certain nombre de professionnels n\u2019ayant pas b\u00e9n\u00e9fici\u00e9 de formation initiale sur le handicap (administratifs,\u2026 <\/p><\/div><\/div>\n\n<\/li><\/ul>\n\n\n<div style=\"margin-top:0;margin-bottom:0;height:1.5rem;width:0px\" aria-hidden=\"true\" class=\"wp-block-spacer\"><\/div>\n\n\n<\/div>\n<\/div>\n\n\n\n<h3 class=\"wp-block-heading\">Autisme<\/h3>\n\n\n\n<div class=\"wp-block-query is-layout-flow wp-block-query-is-layout-flow\">\n\n\n<div class=\"wp-block-group has-global-padding is-layout-constrained wp-container-core-group-is-layout-dfac14d7 wp-block-group-is-layout-constrained\" style=\"margin-top:0;margin-bottom:0;padding-top:var(--wp--preset--spacing--50);padding-right:0;padding-bottom:var(--wp--preset--spacing--50);padding-left:0\"><ul class=\"columns-3 alignfull wp-block-post-template is-layout-grid wp-container-core-post-template-is-layout-96bd1808 wp-block-post-template-is-layout-grid\"><li class=\"wp-block-post post-3396 formations type-formations status-publish has-post-thumbnail hentry category-autisme category-handicap-et-soins\">\n<figure style=\"aspect-ratio:16\/9; margin-bottom:var(--wp--preset--spacing--20);\" class=\"wp-block-post-featured-image\"><a href=\"https:\/\/www.adapei64.fr\/site\/cfr\/formations\/prevention-et-gestion-des-comportements-problemes-aupres-de-personnes-tsa\/\" target=\"_self\"  ><img loading=\"lazy\" decoding=\"async\" width=\"1500\" height=\"998\" src=\"https:\/\/www.adapei64.fr\/site\/cfr\/wp-content\/uploads\/sites\/2\/2022\/04\/mother-taking-care-her-autistic-son-home-BD.jpg\" class=\"attachment-post-thumbnail size-post-thumbnail wp-post-image\" alt=\"Pr\u00e9vention et gestion des comportements-probl\u00e8mes aupr\u00e8s de personnes TSA\" style=\"width:100%;height:100%;object-fit:cover;\" srcset=\"https:\/\/www.adapei64.fr\/site\/cfr\/wp-content\/uploads\/sites\/2\/2022\/04\/mother-taking-care-her-autistic-son-home-BD.jpg 1500w, https:\/\/www.adapei64.fr\/site\/cfr\/wp-content\/uploads\/sites\/2\/2022\/04\/mother-taking-care-her-autistic-son-home-BD-300x200.jpg 300w, https:\/\/www.adapei64.fr\/site\/cfr\/wp-content\/uploads\/sites\/2\/2022\/04\/mother-taking-care-her-autistic-son-home-BD-1024x681.jpg 1024w, https:\/\/www.adapei64.fr\/site\/cfr\/wp-content\/uploads\/sites\/2\/2022\/04\/mother-taking-care-her-autistic-son-home-BD-768x511.jpg 768w\" sizes=\"(max-width: 1500px) 100vw, 1500px\" \/><\/a><\/figure>\n\n\n<div class=\"wp-block-group is-vertical is-nowrap is-layout-flex wp-container-core-group-is-layout-9bc6ff26 wp-block-group-is-layout-flex\"><h4 class=\"wp-block-post-title\"><a href=\"https:\/\/www.adapei64.fr\/site\/cfr\/formations\/prevention-et-gestion-des-comportements-problemes-aupres-de-personnes-tsa\/\" target=\"_self\" >Pr\u00e9vention et gestion des comportements-probl\u00e8mes aupr\u00e8s de personnes TSA<\/a><\/h4>\n\n<div class=\"wp-block-post-excerpt\"><p class=\"wp-block-post-excerpt__excerpt\">(Niveau 2 &#8211; Perfectionnement) Les comportements-probl\u00e8mes repr\u00e9sentent un d\u00e9fi majeur dans l\u2019accompagnement des personnes accompagn\u00e9es\u2026 <\/p><\/div><\/div>\n\n<\/li><li class=\"wp-block-post post-1427 formations type-formations status-publish has-post-thumbnail hentry category-autisme category-handicap-et-soins tag-vie-professionnelle\">\n<figure style=\"aspect-ratio:16\/9; margin-bottom:var(--wp--preset--spacing--20);\" class=\"wp-block-post-featured-image\"><a href=\"https:\/\/www.adapei64.fr\/site\/cfr\/formations\/comprendre-les-personnes-avec-tsa\/\" target=\"_self\"  ><img loading=\"lazy\" decoding=\"async\" width=\"1500\" height=\"998\" src=\"https:\/\/www.adapei64.fr\/site\/cfr\/wp-content\/uploads\/sites\/2\/2022\/04\/mother-taking-care-her-autistic-son-home-BD.jpg\" class=\"attachment-post-thumbnail size-post-thumbnail wp-post-image\" alt=\"Comprendre les personnes avec TSA pour mieux les accompagner\" style=\"width:100%;height:100%;object-fit:cover;\" srcset=\"https:\/\/www.adapei64.fr\/site\/cfr\/wp-content\/uploads\/sites\/2\/2022\/04\/mother-taking-care-her-autistic-son-home-BD.jpg 1500w, https:\/\/www.adapei64.fr\/site\/cfr\/wp-content\/uploads\/sites\/2\/2022\/04\/mother-taking-care-her-autistic-son-home-BD-300x200.jpg 300w, https:\/\/www.adapei64.fr\/site\/cfr\/wp-content\/uploads\/sites\/2\/2022\/04\/mother-taking-care-her-autistic-son-home-BD-1024x681.jpg 1024w, https:\/\/www.adapei64.fr\/site\/cfr\/wp-content\/uploads\/sites\/2\/2022\/04\/mother-taking-care-her-autistic-son-home-BD-768x511.jpg 768w\" sizes=\"(max-width: 1500px) 100vw, 1500px\" \/><\/a><\/figure>\n\n\n<div class=\"wp-block-group is-vertical is-nowrap is-layout-flex wp-container-core-group-is-layout-9bc6ff26 wp-block-group-is-layout-flex\"><h4 class=\"wp-block-post-title\"><a href=\"https:\/\/www.adapei64.fr\/site\/cfr\/formations\/comprendre-les-personnes-avec-tsa\/\" target=\"_self\" >Comprendre les personnes avec TSA pour mieux les accompagner<\/a><\/h4>\n\n<div class=\"wp-block-post-excerpt\"><p class=\"wp-block-post-excerpt__excerpt\">(Niveau 1 &#8211; \u00a0Connaissances de base) L\u2019accompagnement des personnes pr\u00e9sentant un Trouble du Spectre de\u2026 <\/p><\/div><\/div>\n\n<\/li><\/ul>\n\n\n<div style=\"margin-top:0;margin-bottom:0;height:1.5rem;width:0px\" aria-hidden=\"true\" class=\"wp-block-spacer\"><\/div>\n\n\n<\/div>\n<\/div>\n\n\n\n<h3 class=\"wp-block-heading\">Ethique et bientraitance<\/h3>\n\n\n\n<div class=\"wp-block-query is-layout-flow wp-block-query-is-layout-flow\">\n\n\n<div class=\"wp-block-group has-global-padding is-layout-constrained wp-container-core-group-is-layout-dfac14d7 wp-block-group-is-layout-constrained\" style=\"margin-top:0;margin-bottom:0;padding-top:var(--wp--preset--spacing--50);padding-right:0;padding-bottom:var(--wp--preset--spacing--50);padding-left:0\"><ul class=\"columns-3 alignfull wp-block-post-template is-layout-grid wp-container-core-post-template-is-layout-96bd1808 wp-block-post-template-is-layout-grid\"><li class=\"wp-block-post post-1428 formations type-formations status-publish has-post-thumbnail hentry category-ethique-et-bientraitance category-handicap-et-soins tag-bientraitance tag-ethique\">\n<figure style=\"aspect-ratio:16\/9; margin-bottom:var(--wp--preset--spacing--20);\" class=\"wp-block-post-featured-image\"><a href=\"https:\/\/www.adapei64.fr\/site\/cfr\/formations\/ethique-et-bientraitance-dans-les-pratiques-professionnelles\/\" target=\"_self\"  ><img loading=\"lazy\" decoding=\"async\" width=\"1500\" height=\"1200\" src=\"https:\/\/www.adapei64.fr\/site\/cfr\/wp-content\/uploads\/sites\/2\/2023\/05\/manager-working-together-with-disabled-worker-BD.jpg\" class=\"attachment-post-thumbnail size-post-thumbnail wp-post-image\" alt=\"Ethique et bientraitance dans les pratiques professionnelles\" style=\"width:100%;height:100%;object-fit:cover;\" srcset=\"https:\/\/www.adapei64.fr\/site\/cfr\/wp-content\/uploads\/sites\/2\/2023\/05\/manager-working-together-with-disabled-worker-BD.jpg 1500w, https:\/\/www.adapei64.fr\/site\/cfr\/wp-content\/uploads\/sites\/2\/2023\/05\/manager-working-together-with-disabled-worker-BD-300x240.jpg 300w, https:\/\/www.adapei64.fr\/site\/cfr\/wp-content\/uploads\/sites\/2\/2023\/05\/manager-working-together-with-disabled-worker-BD-1024x819.jpg 1024w, https:\/\/www.adapei64.fr\/site\/cfr\/wp-content\/uploads\/sites\/2\/2023\/05\/manager-working-together-with-disabled-worker-BD-768x614.jpg 768w\" sizes=\"(max-width: 1500px) 100vw, 1500px\" \/><\/a><\/figure>\n\n\n<div class=\"wp-block-group is-vertical is-nowrap is-layout-flex wp-container-core-group-is-layout-9bc6ff26 wp-block-group-is-layout-flex\"><h4 class=\"wp-block-post-title\"><a href=\"https:\/\/www.adapei64.fr\/site\/cfr\/formations\/ethique-et-bientraitance-dans-les-pratiques-professionnelles\/\" target=\"_self\" >Ethique et bientraitance dans les pratiques professionnelles<\/a><\/h4>\n\n<div class=\"wp-block-post-excerpt\"><p class=\"wp-block-post-excerpt__excerpt\">Adopter des pratiques et des postures \u00e9thiques, participe \u00e0 garantir la bienveillance, tant envers les\u2026 <\/p><\/div><\/div>\n\n<\/li><\/ul>\n\n\n<div style=\"margin-top:0;margin-bottom:0;height:1.5rem;width:0px\" aria-hidden=\"true\" class=\"wp-block-spacer\"><\/div>\n\n\n<\/div>\n<\/div>\n\n\n\n<h3 class=\"wp-block-heading\">Lien avec les familles<\/h3>\n\n\n\n<div class=\"wp-block-query is-layout-flow wp-block-query-is-layout-flow\">\n\n\n<div class=\"wp-block-group has-global-padding is-layout-constrained wp-container-core-group-is-layout-dfac14d7 wp-block-group-is-layout-constrained\" style=\"margin-top:0;margin-bottom:0;padding-top:var(--wp--preset--spacing--50);padding-right:0;padding-bottom:var(--wp--preset--spacing--50);padding-left:0\"><ul class=\"columns-3 alignfull wp-block-post-template is-layout-grid wp-container-core-post-template-is-layout-96bd1808 wp-block-post-template-is-layout-grid\"><li class=\"wp-block-post post-2145 formations type-formations status-publish has-post-thumbnail hentry category-handicap-et-soins category-lien-avec-les-familles tag-bientraitance tag-violence\">\n<figure style=\"aspect-ratio:16\/9; margin-bottom:var(--wp--preset--spacing--20);\" class=\"wp-block-post-featured-image\"><a href=\"https:\/\/www.adapei64.fr\/site\/cfr\/formations\/prevenir-et-accompagner-les-situations-de-violence-a-lattention-des-aidants\/\" target=\"_self\"  ><img loading=\"lazy\" decoding=\"async\" width=\"1500\" height=\"1068\" src=\"https:\/\/www.adapei64.fr\/site\/cfr\/wp-content\/uploads\/sites\/2\/2023\/05\/agression-faisant-valoir-conflit-lutte-contre-stress-BD.jpg\" class=\"attachment-post-thumbnail size-post-thumbnail wp-post-image\" alt=\"Pr\u00e9venir et accompagner les situations de violence externe \u00e0 l\u2019attention des aidants\" style=\"width:100%;height:100%;object-fit:cover;\" srcset=\"https:\/\/www.adapei64.fr\/site\/cfr\/wp-content\/uploads\/sites\/2\/2023\/05\/agression-faisant-valoir-conflit-lutte-contre-stress-BD.jpg 1500w, https:\/\/www.adapei64.fr\/site\/cfr\/wp-content\/uploads\/sites\/2\/2023\/05\/agression-faisant-valoir-conflit-lutte-contre-stress-BD-300x214.jpg 300w, https:\/\/www.adapei64.fr\/site\/cfr\/wp-content\/uploads\/sites\/2\/2023\/05\/agression-faisant-valoir-conflit-lutte-contre-stress-BD-1024x729.jpg 1024w, https:\/\/www.adapei64.fr\/site\/cfr\/wp-content\/uploads\/sites\/2\/2023\/05\/agression-faisant-valoir-conflit-lutte-contre-stress-BD-768x547.jpg 768w\" sizes=\"(max-width: 1500px) 100vw, 1500px\" \/><\/a><\/figure>\n\n\n<div class=\"wp-block-group is-vertical is-nowrap is-layout-flex wp-container-core-group-is-layout-9bc6ff26 wp-block-group-is-layout-flex\"><h4 class=\"wp-block-post-title\"><a href=\"https:\/\/www.adapei64.fr\/site\/cfr\/formations\/prevenir-et-accompagner-les-situations-de-violence-a-lattention-des-aidants\/\" target=\"_self\" >Pr\u00e9venir et accompagner les situations de violence externe \u00e0 l\u2019attention des aidants<\/a><\/h4>\n\n<div class=\"wp-block-post-excerpt\"><p class=\"wp-block-post-excerpt__excerpt\">L\u2019Adapei des Pyr\u00e9n\u00e9es Atlantiques est heureuse de vous accueillir dans cette formation qui a \u00e9t\u00e9\u2026 <\/p><\/div><\/div>\n\n<\/li><li class=\"wp-block-post post-2143 formations type-formations status-publish has-post-thumbnail hentry category-handicap-et-soins category-lien-avec-les-familles\">\n<figure style=\"aspect-ratio:16\/9; margin-bottom:var(--wp--preset--spacing--20);\" class=\"wp-block-post-featured-image\"><a href=\"https:\/\/www.adapei64.fr\/site\/cfr\/formations\/repenser-le-partenariat-entre-personnes-accompagnees-familles-et-professionnels\/\" target=\"_self\"  ><img loading=\"lazy\" decoding=\"async\" width=\"992\" height=\"661\" src=\"https:\/\/www.adapei64.fr\/site\/cfr\/wp-content\/uploads\/sites\/2\/2022\/04\/equipe.jpg\" class=\"attachment-post-thumbnail size-post-thumbnail wp-post-image\" alt=\"Repenser le partenariat entre personnes accompagn\u00e9es, familles et professionnels\" style=\"width:100%;height:100%;object-fit:cover;\" srcset=\"https:\/\/www.adapei64.fr\/site\/cfr\/wp-content\/uploads\/sites\/2\/2022\/04\/equipe.jpg 992w, https:\/\/www.adapei64.fr\/site\/cfr\/wp-content\/uploads\/sites\/2\/2022\/04\/equipe-300x200.jpg 300w, https:\/\/www.adapei64.fr\/site\/cfr\/wp-content\/uploads\/sites\/2\/2022\/04\/equipe-768x512.jpg 768w\" sizes=\"(max-width: 992px) 100vw, 992px\" \/><\/a><\/figure>\n\n\n<div class=\"wp-block-group is-vertical is-nowrap is-layout-flex wp-container-core-group-is-layout-9bc6ff26 wp-block-group-is-layout-flex\"><h4 class=\"wp-block-post-title\"><a href=\"https:\/\/www.adapei64.fr\/site\/cfr\/formations\/repenser-le-partenariat-entre-personnes-accompagnees-familles-et-professionnels\/\" target=\"_self\" >Repenser le partenariat entre personnes accompagn\u00e9es, familles et professionnels<\/a><\/h4>\n\n<div class=\"wp-block-post-excerpt\"><p class=\"wp-block-post-excerpt__excerpt\"> <\/p><\/div><\/div>\n\n<\/li><\/ul>\n\n\n<div style=\"margin-top:0;margin-bottom:0;height:1.5rem;width:0px\" aria-hidden=\"true\" class=\"wp-block-spacer\"><\/div>\n\n\n<\/div>\n<\/div>\n\n\n\n<h3 class=\"wp-block-heading\">Parcours de moniteur d&rsquo;atelier<\/h3>\n\n\n\n<div class=\"wp-block-query is-layout-flow wp-block-query-is-layout-flow\">\n\n\n<div class=\"wp-block-group has-global-padding is-layout-constrained wp-container-core-group-is-layout-dfac14d7 wp-block-group-is-layout-constrained\" style=\"margin-top:0;margin-bottom:0;padding-top:var(--wp--preset--spacing--50);padding-right:0;padding-bottom:var(--wp--preset--spacing--50);padding-left:0\"><ul class=\"columns-3 alignfull wp-block-post-template is-layout-grid wp-container-core-post-template-is-layout-96bd1808 wp-block-post-template-is-layout-grid\"><li class=\"wp-block-post post-2147 formations type-formations status-publish has-post-thumbnail hentry category-handicap-et-soins category-parcours-moniteur-datelier tag-travail tag-vie-professionnelle\">\n<figure style=\"aspect-ratio:16\/9; margin-bottom:var(--wp--preset--spacing--20);\" class=\"wp-block-post-featured-image\"><a href=\"https:\/\/www.adapei64.fr\/site\/cfr\/formations\/se-creer-une-culture-esat\/\" target=\"_self\"  ><img loading=\"lazy\" decoding=\"async\" width=\"1500\" height=\"1000\" src=\"https:\/\/www.adapei64.fr\/site\/cfr\/wp-content\/uploads\/sites\/2\/2023\/05\/happy-carpenter-handshaking-with-is-colleague-while-greeting-workshop-BD.jpg\" class=\"attachment-post-thumbnail size-post-thumbnail wp-post-image\" alt=\"Se cr\u00e9er une culture ESAT\" style=\"width:100%;height:100%;object-fit:cover;\" srcset=\"https:\/\/www.adapei64.fr\/site\/cfr\/wp-content\/uploads\/sites\/2\/2023\/05\/happy-carpenter-handshaking-with-is-colleague-while-greeting-workshop-BD.jpg 1500w, https:\/\/www.adapei64.fr\/site\/cfr\/wp-content\/uploads\/sites\/2\/2023\/05\/happy-carpenter-handshaking-with-is-colleague-while-greeting-workshop-BD-300x200.jpg 300w, https:\/\/www.adapei64.fr\/site\/cfr\/wp-content\/uploads\/sites\/2\/2023\/05\/happy-carpenter-handshaking-with-is-colleague-while-greeting-workshop-BD-1024x683.jpg 1024w, https:\/\/www.adapei64.fr\/site\/cfr\/wp-content\/uploads\/sites\/2\/2023\/05\/happy-carpenter-handshaking-with-is-colleague-while-greeting-workshop-BD-768x512.jpg 768w\" sizes=\"(max-width: 1500px) 100vw, 1500px\" \/><\/a><\/figure>\n\n\n<div class=\"wp-block-group is-vertical is-nowrap is-layout-flex wp-container-core-group-is-layout-9bc6ff26 wp-block-group-is-layout-flex\"><h4 class=\"wp-block-post-title\"><a href=\"https:\/\/www.adapei64.fr\/site\/cfr\/formations\/se-creer-une-culture-esat\/\" target=\"_self\" >Se cr\u00e9er une culture ESAT<\/a><\/h4>\n\n<div class=\"wp-block-post-excerpt\"><p class=\"wp-block-post-excerpt__excerpt\">Le module 1 de cette formation est \u00e0 distance. Si vous rencontrez des probl\u00e8mes lors\u2026 <\/p><\/div><\/div>\n\n<\/li><\/ul>\n\n\n<div style=\"margin-top:0;margin-bottom:0;height:1.5rem;width:0px\" aria-hidden=\"true\" class=\"wp-block-spacer\"><\/div>\n\n\n<\/div>\n<\/div>\n\n\n\n<h3 class=\"wp-block-heading\">Inclusion et accessibilit\u00e9<\/h3>\n\n\n\n<div class=\"wp-block-query is-layout-flow wp-block-query-is-layout-flow\">\n\n\n<div class=\"wp-block-group has-global-padding is-layout-constrained wp-container-core-group-is-layout-dfac14d7 wp-block-group-is-layout-constrained\" style=\"margin-top:0;margin-bottom:0;padding-top:var(--wp--preset--spacing--50);padding-right:0;padding-bottom:var(--wp--preset--spacing--50);padding-left:0\"><ul class=\"columns-3 alignfull wp-block-post-template is-layout-grid wp-container-core-post-template-is-layout-96bd1808 wp-block-post-template-is-layout-grid\"><li class=\"wp-block-post post-2148 formations type-formations status-publish has-post-thumbnail hentry category-handicap-et-soins category-inclusion-et-accessibilite tag-accessibilite tag-inclusion tag-travail tag-vie-professionnelle\">\n<figure style=\"aspect-ratio:16\/9; margin-bottom:var(--wp--preset--spacing--20);\" class=\"wp-block-post-featured-image\"><a href=\"https:\/\/www.adapei64.fr\/site\/cfr\/formations\/les-enjeux-du-virage-inclusif\/\" target=\"_self\"  ><img loading=\"lazy\" decoding=\"async\" width=\"1500\" height=\"1200\" src=\"https:\/\/www.adapei64.fr\/site\/cfr\/wp-content\/uploads\/sites\/2\/2023\/05\/manager-working-together-with-disabled-worker-BD.jpg\" class=\"attachment-post-thumbnail size-post-thumbnail wp-post-image\" alt=\"Les enjeux du virage inclusif\" style=\"width:100%;height:100%;object-fit:cover;\" srcset=\"https:\/\/www.adapei64.fr\/site\/cfr\/wp-content\/uploads\/sites\/2\/2023\/05\/manager-working-together-with-disabled-worker-BD.jpg 1500w, https:\/\/www.adapei64.fr\/site\/cfr\/wp-content\/uploads\/sites\/2\/2023\/05\/manager-working-together-with-disabled-worker-BD-300x240.jpg 300w, https:\/\/www.adapei64.fr\/site\/cfr\/wp-content\/uploads\/sites\/2\/2023\/05\/manager-working-together-with-disabled-worker-BD-1024x819.jpg 1024w, https:\/\/www.adapei64.fr\/site\/cfr\/wp-content\/uploads\/sites\/2\/2023\/05\/manager-working-together-with-disabled-worker-BD-768x614.jpg 768w\" sizes=\"(max-width: 1500px) 100vw, 1500px\" \/><\/a><\/figure>\n\n\n<div class=\"wp-block-group is-vertical is-nowrap is-layout-flex wp-container-core-group-is-layout-9bc6ff26 wp-block-group-is-layout-flex\"><h4 class=\"wp-block-post-title\"><a href=\"https:\/\/www.adapei64.fr\/site\/cfr\/formations\/les-enjeux-du-virage-inclusif\/\" target=\"_self\" >Les enjeux du virage inclusif<\/a><\/h4>\n\n<div class=\"wp-block-post-excerpt\"><p class=\"wp-block-post-excerpt__excerpt\">Les politiques publiques vont dans le sens de plus d\u2019inclusion. Parall\u00e8lement, nos publics accompagn\u00e9s demandent\u2026 <\/p><\/div><\/div>\n\n<\/li><li class=\"wp-block-post post-1451 formations type-formations status-publish has-post-thumbnail hentry category-handicap-et-soins category-inclusion-et-accessibilite tag-accessibilite tag-falc\">\n<figure style=\"aspect-ratio:16\/9; margin-bottom:var(--wp--preset--spacing--20);\" class=\"wp-block-post-featured-image\"><a href=\"https:\/\/www.adapei64.fr\/site\/cfr\/formations\/la-methode-du-facile-a-lire-et-a-comprendre-falc\/\" target=\"_self\"  ><img loading=\"lazy\" decoding=\"async\" width=\"800\" height=\"794\" src=\"https:\/\/www.adapei64.fr\/site\/cfr\/wp-content\/uploads\/sites\/2\/2020\/12\/Easy_to_read_Logo.jpg\" class=\"attachment-post-thumbnail size-post-thumbnail wp-post-image\" alt=\"La m\u00e9thode du \u00abFacile \u00e0 Lire et \u00e0 Comprendre\u00bb (FALC)\" style=\"width:100%;height:100%;object-fit:cover;\" srcset=\"https:\/\/www.adapei64.fr\/site\/cfr\/wp-content\/uploads\/sites\/2\/2020\/12\/Easy_to_read_Logo.jpg 800w, https:\/\/www.adapei64.fr\/site\/cfr\/wp-content\/uploads\/sites\/2\/2020\/12\/Easy_to_read_Logo-300x298.jpg 300w, https:\/\/www.adapei64.fr\/site\/cfr\/wp-content\/uploads\/sites\/2\/2020\/12\/Easy_to_read_Logo-150x150.jpg 150w, https:\/\/www.adapei64.fr\/site\/cfr\/wp-content\/uploads\/sites\/2\/2020\/12\/Easy_to_read_Logo-768x762.jpg 768w\" sizes=\"(max-width: 800px) 100vw, 800px\" \/><\/a><\/figure>\n\n\n<div class=\"wp-block-group is-vertical is-nowrap is-layout-flex wp-container-core-group-is-layout-9bc6ff26 wp-block-group-is-layout-flex\"><h4 class=\"wp-block-post-title\"><a href=\"https:\/\/www.adapei64.fr\/site\/cfr\/formations\/la-methode-du-facile-a-lire-et-a-comprendre-falc\/\" target=\"_self\" >La m\u00e9thode du \u00abFacile \u00e0 Lire et \u00e0 Comprendre\u00bb (FALC)<\/a><\/h4>\n\n<div class=\"wp-block-post-excerpt\"><p class=\"wp-block-post-excerpt__excerpt\">Consid\u00e9rant que chaque individu, m\u00eame le plus fragilis\u00e9, est avant tout un citoyen \u00e0 part\u2026 <\/p><\/div><\/div>\n\n<\/li><\/ul>\n\n\n<div style=\"margin-top:0;margin-bottom:0;height:1.5rem;width:0px\" aria-hidden=\"true\" class=\"wp-block-spacer\"><\/div>\n\n\n<\/div>\n<\/div>\n\n\n\n<h3 class=\"wp-block-heading\">Dimension corporelle et esth\u00e9tique de la personne accompagn\u00e9e<\/h3>\n\n\n\n<div class=\"wp-block-query is-layout-flow wp-block-query-is-layout-flow\">\n\n\n<div class=\"wp-block-group has-global-padding is-layout-constrained wp-container-core-group-is-layout-dfac14d7 wp-block-group-is-layout-constrained\" style=\"margin-top:0;margin-bottom:0;padding-top:var(--wp--preset--spacing--50);padding-right:0;padding-bottom:var(--wp--preset--spacing--50);padding-left:0\"><ul class=\"columns-3 alignfull wp-block-post-template is-layout-grid wp-container-core-post-template-is-layout-96bd1808 wp-block-post-template-is-layout-grid\"><li class=\"wp-block-post post-3462 formations type-formations status-publish has-post-thumbnail hentry category-dimension-corporelle-et-esthetique-de-la-personne-accompagnee category-handicap-et-soins\">\n<figure style=\"aspect-ratio:16\/9; margin-bottom:var(--wp--preset--spacing--20);\" class=\"wp-block-post-featured-image\"><a href=\"https:\/\/www.adapei64.fr\/site\/cfr\/formations\/aborder-la-vie-intime-affective-et-sexuelle-avec-les-personnes-en-situation-de-handicap\/\" target=\"_self\"  ><img loading=\"lazy\" decoding=\"async\" width=\"300\" height=\"300\" src=\"https:\/\/www.adapei64.fr\/site\/cfr\/wp-content\/uploads\/sites\/2\/2026\/01\/love-1-300x300-1.png\" class=\"attachment-post-thumbnail size-post-thumbnail wp-post-image\" alt=\"Aborder la vie Intime, Affective et Sexuelle avec les personnes en situation de handicap\" style=\"width:100%;height:100%;object-fit:cover;\" srcset=\"https:\/\/www.adapei64.fr\/site\/cfr\/wp-content\/uploads\/sites\/2\/2026\/01\/love-1-300x300-1.png 300w, https:\/\/www.adapei64.fr\/site\/cfr\/wp-content\/uploads\/sites\/2\/2026\/01\/love-1-300x300-1-150x150.png 150w\" sizes=\"(max-width: 300px) 100vw, 300px\" \/><\/a><\/figure>\n\n\n<div class=\"wp-block-group is-vertical is-nowrap is-layout-flex wp-container-core-group-is-layout-9bc6ff26 wp-block-group-is-layout-flex\"><h4 class=\"wp-block-post-title\"><a href=\"https:\/\/www.adapei64.fr\/site\/cfr\/formations\/aborder-la-vie-intime-affective-et-sexuelle-avec-les-personnes-en-situation-de-handicap\/\" target=\"_self\" >Aborder la vie Intime, Affective et Sexuelle avec les personnes en situation de handicap<\/a><\/h4>\n\n<div class=\"wp-block-post-excerpt\"><p class=\"wp-block-post-excerpt__excerpt\">Le Centre Ressource Intim\u2019Agir Nouvelle-Aquitaine, cr\u00e9\u00e9 en 2023, est destin\u00e9 \u00e0 accompagner la Vie Intime,\u2026 <\/p><\/div><\/div>\n\n<\/li><li class=\"wp-block-post post-2149 formations type-formations status-publish has-post-thumbnail hentry category-dimension-corporelle-et-esthetique-de-la-personne-accompagnee category-handicap-et-soins tag-bientraitance tag-hygiene tag-inclusion\">\n<figure style=\"aspect-ratio:16\/9; margin-bottom:var(--wp--preset--spacing--20);\" class=\"wp-block-post-featured-image\"><a href=\"https:\/\/www.adapei64.fr\/site\/cfr\/formations\/soins-esthetiques-et-image-de-soi-dans-la-relation-daide\/\" target=\"_self\"  ><img loading=\"lazy\" decoding=\"async\" width=\"2000\" height=\"1334\" src=\"https:\/\/www.adapei64.fr\/site\/cfr\/wp-content\/uploads\/sites\/2\/2023\/01\/coiffeur-BD.jpg\" class=\"attachment-post-thumbnail size-post-thumbnail wp-post-image\" alt=\"Soins esth\u00e9tiques et image de soi dans la relation d\u2019aide\" style=\"width:100%;height:100%;object-fit:cover;\" srcset=\"https:\/\/www.adapei64.fr\/site\/cfr\/wp-content\/uploads\/sites\/2\/2023\/01\/coiffeur-BD.jpg 2000w, https:\/\/www.adapei64.fr\/site\/cfr\/wp-content\/uploads\/sites\/2\/2023\/01\/coiffeur-BD-300x200.jpg 300w, https:\/\/www.adapei64.fr\/site\/cfr\/wp-content\/uploads\/sites\/2\/2023\/01\/coiffeur-BD-1024x683.jpg 1024w, https:\/\/www.adapei64.fr\/site\/cfr\/wp-content\/uploads\/sites\/2\/2023\/01\/coiffeur-BD-768x512.jpg 768w, https:\/\/www.adapei64.fr\/site\/cfr\/wp-content\/uploads\/sites\/2\/2023\/01\/coiffeur-BD-1536x1025.jpg 1536w\" sizes=\"(max-width: 2000px) 100vw, 2000px\" \/><\/a><\/figure>\n\n\n<div class=\"wp-block-group is-vertical is-nowrap is-layout-flex wp-container-core-group-is-layout-9bc6ff26 wp-block-group-is-layout-flex\"><h4 class=\"wp-block-post-title\"><a href=\"https:\/\/www.adapei64.fr\/site\/cfr\/formations\/soins-esthetiques-et-image-de-soi-dans-la-relation-daide\/\" target=\"_self\" >Soins esth\u00e9tiques et image de soi dans la relation d\u2019aide<\/a><\/h4>\n\n<div class=\"wp-block-post-excerpt\"><p class=\"wp-block-post-excerpt__excerpt\">La dimension esth\u00e9tique est une composante essentielle de la repr\u00e9sentation que l\u2019on a de soi-m\u00eame\u2026 <\/p><\/div><\/div>\n\n<\/li><\/ul>\n\n\n<div style=\"margin-top:0;margin-bottom:0;height:1.5rem;width:0px\" aria-hidden=\"true\" class=\"wp-block-spacer\"><\/div>\n\n\n<\/div>\n<\/div>\n<\/div>\n\n\n\n<div class=\"wp-block-group qualite-de-vie-et-des-conditions-de-travail-qvct is-layout-flow wp-block-group-is-layout-flow\">\n<h2 class=\"wp-block-heading\">Qualit\u00e9 de vie et des conditions de travail<\/h2>\n\n\n\n<h3 class=\"wp-block-heading\">Organisation et conditions de travail<\/h3>\n\n\n\n<div class=\"wp-block-query is-layout-flow wp-block-query-is-layout-flow\">\n\n\n<div class=\"wp-block-group has-global-padding is-layout-constrained wp-container-core-group-is-layout-dfac14d7 wp-block-group-is-layout-constrained\" style=\"margin-top:0;margin-bottom:0;padding-top:var(--wp--preset--spacing--50);padding-right:0;padding-bottom:var(--wp--preset--spacing--50);padding-left:0\"><ul class=\"columns-3 alignfull wp-block-post-template is-layout-grid wp-container-core-post-template-is-layout-96bd1808 wp-block-post-template-is-layout-grid\"><li class=\"wp-block-post post-3512 formations type-formations status-publish has-post-thumbnail hentry category-organisation-et-conditions-de-travail category-securite-et-sante-au-travail\">\n<figure style=\"aspect-ratio:16\/9; margin-bottom:var(--wp--preset--spacing--20);\" class=\"wp-block-post-featured-image\"><a href=\"https:\/\/www.adapei64.fr\/site\/cfr\/formations\/mise-en-place-dune-demarche-de-prevention-des-risques-psycho-sociaux-rps\/\" target=\"_self\"  ><img loading=\"lazy\" decoding=\"async\" width=\"1174\" height=\"637\" src=\"https:\/\/www.adapei64.fr\/site\/cfr\/wp-content\/uploads\/sites\/2\/2026\/02\/Capture-rps.png\" class=\"attachment-post-thumbnail size-post-thumbnail wp-post-image\" alt=\"Mise en place d\u2019une d\u00e9marche de pr\u00e9vention des Risques Psycho-Sociaux (RPS)\" style=\"width:100%;height:100%;object-fit:cover;\" srcset=\"https:\/\/www.adapei64.fr\/site\/cfr\/wp-content\/uploads\/sites\/2\/2026\/02\/Capture-rps.png 1174w, https:\/\/www.adapei64.fr\/site\/cfr\/wp-content\/uploads\/sites\/2\/2026\/02\/Capture-rps-300x163.png 300w, https:\/\/www.adapei64.fr\/site\/cfr\/wp-content\/uploads\/sites\/2\/2026\/02\/Capture-rps-1024x556.png 1024w, https:\/\/www.adapei64.fr\/site\/cfr\/wp-content\/uploads\/sites\/2\/2026\/02\/Capture-rps-768x417.png 768w\" sizes=\"(max-width: 1174px) 100vw, 1174px\" \/><\/a><\/figure>\n\n\n<div class=\"wp-block-group is-vertical is-nowrap is-layout-flex wp-container-core-group-is-layout-9bc6ff26 wp-block-group-is-layout-flex\"><h4 class=\"wp-block-post-title\"><a href=\"https:\/\/www.adapei64.fr\/site\/cfr\/formations\/mise-en-place-dune-demarche-de-prevention-des-risques-psycho-sociaux-rps\/\" target=\"_self\" >Mise en place d\u2019une d\u00e9marche de pr\u00e9vention des Risques Psycho-Sociaux (RPS)<\/a><\/h4>\n\n<div class=\"wp-block-post-excerpt\"><p class=\"wp-block-post-excerpt__excerpt\">Dans le cadre de la pr\u00e9vention des risques professionnels, il est essentiel de d\u00e9ployer la\u2026 <\/p><\/div><\/div>\n\n<\/li><li class=\"wp-block-post post-1449 formations type-formations status-publish has-post-thumbnail hentry category-organisation-et-conditions-de-travail category-qualite-de-vie-et-des-conditions-de-travail-qvct tag-violence\">\n<figure style=\"aspect-ratio:16\/9; margin-bottom:var(--wp--preset--spacing--20);\" class=\"wp-block-post-featured-image\"><a href=\"https:\/\/www.adapei64.fr\/site\/cfr\/formations\/prevenir-et-accompagner-les-situations-de-violence\/\" target=\"_self\"  ><img loading=\"lazy\" decoding=\"async\" width=\"1500\" height=\"1068\" src=\"https:\/\/www.adapei64.fr\/site\/cfr\/wp-content\/uploads\/sites\/2\/2023\/05\/agression-faisant-valoir-conflit-lutte-contre-stress-BD.jpg\" class=\"attachment-post-thumbnail size-post-thumbnail wp-post-image\" alt=\"Pr\u00e9venir et accompagner les situations de violence externe\" style=\"width:100%;height:100%;object-fit:cover;\" srcset=\"https:\/\/www.adapei64.fr\/site\/cfr\/wp-content\/uploads\/sites\/2\/2023\/05\/agression-faisant-valoir-conflit-lutte-contre-stress-BD.jpg 1500w, https:\/\/www.adapei64.fr\/site\/cfr\/wp-content\/uploads\/sites\/2\/2023\/05\/agression-faisant-valoir-conflit-lutte-contre-stress-BD-300x214.jpg 300w, https:\/\/www.adapei64.fr\/site\/cfr\/wp-content\/uploads\/sites\/2\/2023\/05\/agression-faisant-valoir-conflit-lutte-contre-stress-BD-1024x729.jpg 1024w, https:\/\/www.adapei64.fr\/site\/cfr\/wp-content\/uploads\/sites\/2\/2023\/05\/agression-faisant-valoir-conflit-lutte-contre-stress-BD-768x547.jpg 768w\" sizes=\"(max-width: 1500px) 100vw, 1500px\" \/><\/a><\/figure>\n\n\n<div class=\"wp-block-group is-vertical is-nowrap is-layout-flex wp-container-core-group-is-layout-9bc6ff26 wp-block-group-is-layout-flex\"><h4 class=\"wp-block-post-title\"><a href=\"https:\/\/www.adapei64.fr\/site\/cfr\/formations\/prevenir-et-accompagner-les-situations-de-violence\/\" target=\"_self\" >Pr\u00e9venir et accompagner les situations de violence externe<\/a><\/h4>\n\n<div class=\"wp-block-post-excerpt\"><p class=\"wp-block-post-excerpt__excerpt\">L\u2019Adapei des Pyr\u00e9n\u00e9es Atlantiques est heureuse de vous accueillir dans cette formation qui a \u00e9t\u00e9\u2026 <\/p><\/div><\/div>\n\n<\/li><\/ul>\n\n\n<div style=\"margin-top:0;margin-bottom:0;height:1.5rem;width:0px\" aria-hidden=\"true\" class=\"wp-block-spacer\"><\/div>\n\n\n<\/div>\n<\/div>\n\n\n\n<h3 class=\"wp-block-heading\">S\u00e9curit\u00e9 et sant\u00e9 au travail<\/h3>\n\n\n\n<div class=\"wp-block-query is-layout-flow wp-block-query-is-layout-flow\">\n\n\n<div class=\"wp-block-group has-global-padding is-layout-constrained wp-container-core-group-is-layout-dfac14d7 wp-block-group-is-layout-constrained\" style=\"margin-top:0;margin-bottom:0;padding-top:var(--wp--preset--spacing--50);padding-right:0;padding-bottom:var(--wp--preset--spacing--50);padding-left:0\"><ul class=\"columns-3 alignfull wp-block-post-template is-layout-grid wp-container-core-post-template-is-layout-96bd1808 wp-block-post-template-is-layout-grid\"><li class=\"wp-block-post post-3512 formations type-formations status-publish has-post-thumbnail hentry category-organisation-et-conditions-de-travail category-securite-et-sante-au-travail\">\n<figure style=\"aspect-ratio:16\/9; margin-bottom:var(--wp--preset--spacing--20);\" class=\"wp-block-post-featured-image\"><a href=\"https:\/\/www.adapei64.fr\/site\/cfr\/formations\/mise-en-place-dune-demarche-de-prevention-des-risques-psycho-sociaux-rps\/\" target=\"_self\"  ><img loading=\"lazy\" decoding=\"async\" width=\"1174\" height=\"637\" src=\"https:\/\/www.adapei64.fr\/site\/cfr\/wp-content\/uploads\/sites\/2\/2026\/02\/Capture-rps.png\" class=\"attachment-post-thumbnail size-post-thumbnail wp-post-image\" alt=\"Mise en place d\u2019une d\u00e9marche de pr\u00e9vention des Risques Psycho-Sociaux (RPS)\" style=\"width:100%;height:100%;object-fit:cover;\" srcset=\"https:\/\/www.adapei64.fr\/site\/cfr\/wp-content\/uploads\/sites\/2\/2026\/02\/Capture-rps.png 1174w, https:\/\/www.adapei64.fr\/site\/cfr\/wp-content\/uploads\/sites\/2\/2026\/02\/Capture-rps-300x163.png 300w, https:\/\/www.adapei64.fr\/site\/cfr\/wp-content\/uploads\/sites\/2\/2026\/02\/Capture-rps-1024x556.png 1024w, https:\/\/www.adapei64.fr\/site\/cfr\/wp-content\/uploads\/sites\/2\/2026\/02\/Capture-rps-768x417.png 768w\" sizes=\"(max-width: 1174px) 100vw, 1174px\" \/><\/a><\/figure>\n\n\n<div class=\"wp-block-group is-vertical is-nowrap is-layout-flex wp-container-core-group-is-layout-9bc6ff26 wp-block-group-is-layout-flex\"><h4 class=\"wp-block-post-title\"><a href=\"https:\/\/www.adapei64.fr\/site\/cfr\/formations\/mise-en-place-dune-demarche-de-prevention-des-risques-psycho-sociaux-rps\/\" target=\"_self\" >Mise en place d\u2019une d\u00e9marche de pr\u00e9vention des Risques Psycho-Sociaux (RPS)<\/a><\/h4>\n\n<div class=\"wp-block-post-excerpt\"><p class=\"wp-block-post-excerpt__excerpt\">Dans le cadre de la pr\u00e9vention des risques professionnels, il est essentiel de d\u00e9ployer la\u2026 <\/p><\/div><\/div>\n\n<\/li><li class=\"wp-block-post post-3482 formations type-formations status-publish has-post-thumbnail hentry category-qualite-de-vie-et-des-conditions-de-travail-qvct category-securite-et-sante-au-travail\">\n<figure style=\"aspect-ratio:16\/9; margin-bottom:var(--wp--preset--spacing--20);\" class=\"wp-block-post-featured-image\"><a href=\"https:\/\/www.adapei64.fr\/site\/cfr\/formations\/etre-referent-pour-lactivite-physique-et-sportive-aps-au-sein-dun-etablissement-medico-social\/\" target=\"_self\"  ><img loading=\"lazy\" decoding=\"async\" width=\"520\" height=\"319\" src=\"https:\/\/www.adapei64.fr\/site\/cfr\/wp-content\/uploads\/sites\/2\/2026\/01\/sportif.png\" class=\"attachment-post-thumbnail size-post-thumbnail wp-post-image\" alt=\"\u00catre r\u00e9f\u00e9rent pour l\u2019Activit\u00e9 Physique et Sportive (APS) au sein d\u2019un \u00e9tablissement m\u00e9dico-social\" style=\"width:100%;height:100%;object-fit:cover;\" srcset=\"https:\/\/www.adapei64.fr\/site\/cfr\/wp-content\/uploads\/sites\/2\/2026\/01\/sportif.png 520w, https:\/\/www.adapei64.fr\/site\/cfr\/wp-content\/uploads\/sites\/2\/2026\/01\/sportif-300x184.png 300w\" sizes=\"(max-width: 520px) 100vw, 520px\" \/><\/a><\/figure>\n\n\n<div class=\"wp-block-group is-vertical is-nowrap is-layout-flex wp-container-core-group-is-layout-9bc6ff26 wp-block-group-is-layout-flex\"><h4 class=\"wp-block-post-title\"><a href=\"https:\/\/www.adapei64.fr\/site\/cfr\/formations\/etre-referent-pour-lactivite-physique-et-sportive-aps-au-sein-dun-etablissement-medico-social\/\" target=\"_self\" >\u00catre r\u00e9f\u00e9rent pour l\u2019Activit\u00e9 Physique et Sportive (APS) au sein d\u2019un \u00e9tablissement m\u00e9dico-social<\/a><\/h4>\n\n<div class=\"wp-block-post-excerpt\"><p class=\"wp-block-post-excerpt__excerpt\">L\u2019identification et la formation de r\u00e9f\u00e9rents APS au sein des structures m\u00e9dico-sociales s\u2019impose comme une\u2026 <\/p><\/div><\/div>\n\n<\/li><li class=\"wp-block-post post-3072 formations type-formations status-publish has-post-thumbnail hentry category-securite-et-sante-au-travail\">\n<figure style=\"aspect-ratio:16\/9; margin-bottom:var(--wp--preset--spacing--20);\" class=\"wp-block-post-featured-image\"><a href=\"https:\/\/www.adapei64.fr\/site\/cfr\/formations\/se-premunir-et-premunir-son-equipe-dun-epuisement-professionnel\/\" target=\"_self\"  ><img loading=\"lazy\" decoding=\"async\" width=\"1500\" height=\"1060\" src=\"https:\/\/www.adapei64.fr\/site\/cfr\/wp-content\/uploads\/sites\/2\/2023\/05\/agency-young-adult-profession-stressed-black-BD.jpg\" class=\"attachment-post-thumbnail size-post-thumbnail wp-post-image\" alt=\"Se pr\u00e9munir et pr\u00e9munir son \u00e9quipe d\u2019un \u00e9puisement professionnel\" style=\"width:100%;height:100%;object-fit:cover;\" srcset=\"https:\/\/www.adapei64.fr\/site\/cfr\/wp-content\/uploads\/sites\/2\/2023\/05\/agency-young-adult-profession-stressed-black-BD.jpg 1500w, https:\/\/www.adapei64.fr\/site\/cfr\/wp-content\/uploads\/sites\/2\/2023\/05\/agency-young-adult-profession-stressed-black-BD-300x212.jpg 300w, https:\/\/www.adapei64.fr\/site\/cfr\/wp-content\/uploads\/sites\/2\/2023\/05\/agency-young-adult-profession-stressed-black-BD-1024x724.jpg 1024w, https:\/\/www.adapei64.fr\/site\/cfr\/wp-content\/uploads\/sites\/2\/2023\/05\/agency-young-adult-profession-stressed-black-BD-768x543.jpg 768w\" sizes=\"(max-width: 1500px) 100vw, 1500px\" \/><\/a><\/figure>\n\n\n<div class=\"wp-block-group is-vertical is-nowrap is-layout-flex wp-container-core-group-is-layout-9bc6ff26 wp-block-group-is-layout-flex\"><h4 class=\"wp-block-post-title\"><a href=\"https:\/\/www.adapei64.fr\/site\/cfr\/formations\/se-premunir-et-premunir-son-equipe-dun-epuisement-professionnel\/\" target=\"_self\" >Se pr\u00e9munir et pr\u00e9munir son \u00e9quipe d\u2019un \u00e9puisement professionnel<\/a><\/h4>\n\n<div class=\"wp-block-post-excerpt\"><p class=\"wp-block-post-excerpt__excerpt\">Les professions li\u00e9es \u00e0 l\u2019encadrement des \u00e9quipes sont particuli\u00e8rement expos\u00e9es aux risques d&rsquo;\u00e9puisement professionnel. S&rsquo;installent\u2026 <\/p><\/div><\/div>\n\n<\/li><li class=\"wp-block-post post-3068 formations type-formations status-publish has-post-thumbnail hentry category-securite-et-sante-au-travail\">\n<figure style=\"aspect-ratio:16\/9; margin-bottom:var(--wp--preset--spacing--20);\" class=\"wp-block-post-featured-image\"><a href=\"https:\/\/www.adapei64.fr\/site\/cfr\/formations\/evacuation-des-locaux\/\" target=\"_self\"  ><img loading=\"lazy\" decoding=\"async\" width=\"1280\" height=\"849\" src=\"https:\/\/www.adapei64.fr\/site\/cfr\/wp-content\/uploads\/sites\/2\/2024\/07\/evacuation.jpg\" class=\"attachment-post-thumbnail size-post-thumbnail wp-post-image\" alt=\"Evacuation des locaux\" style=\"width:100%;height:100%;object-fit:cover;\" srcset=\"https:\/\/www.adapei64.fr\/site\/cfr\/wp-content\/uploads\/sites\/2\/2024\/07\/evacuation.jpg 1280w, https:\/\/www.adapei64.fr\/site\/cfr\/wp-content\/uploads\/sites\/2\/2024\/07\/evacuation-300x199.jpg 300w, https:\/\/www.adapei64.fr\/site\/cfr\/wp-content\/uploads\/sites\/2\/2024\/07\/evacuation-1024x679.jpg 1024w, https:\/\/www.adapei64.fr\/site\/cfr\/wp-content\/uploads\/sites\/2\/2024\/07\/evacuation-768x509.jpg 768w\" sizes=\"(max-width: 1280px) 100vw, 1280px\" \/><\/a><\/figure>\n\n\n<div class=\"wp-block-group is-vertical is-nowrap is-layout-flex wp-container-core-group-is-layout-9bc6ff26 wp-block-group-is-layout-flex\"><h4 class=\"wp-block-post-title\"><a href=\"https:\/\/www.adapei64.fr\/site\/cfr\/formations\/evacuation-des-locaux\/\" target=\"_self\" >Evacuation des locaux<\/a><\/h4>\n\n<div class=\"wp-block-post-excerpt\"><p class=\"wp-block-post-excerpt__excerpt\">Afin de garantir la sant\u00e9 et la s\u00e9curit\u00e9 de ses salari\u00e9s et prot\u00e9ger sa responsabilit\u00e9,\u2026 <\/p><\/div><\/div>\n\n<\/li><li class=\"wp-block-post post-2155 formations type-formations status-publish has-post-thumbnail hentry category-qualite-de-vie-et-des-conditions-de-travail-qvct category-securite-et-sante-au-travail tag-sante tag-travail tag-vie-professionnelle\">\n<figure style=\"aspect-ratio:16\/9; margin-bottom:var(--wp--preset--spacing--20);\" class=\"wp-block-post-featured-image\"><a href=\"https:\/\/www.adapei64.fr\/site\/cfr\/formations\/se-premunir-dun-epuisement-professionnel-et-ou-le-surmonter\/\" target=\"_self\"  ><img loading=\"lazy\" decoding=\"async\" width=\"1500\" height=\"1060\" src=\"https:\/\/www.adapei64.fr\/site\/cfr\/wp-content\/uploads\/sites\/2\/2023\/05\/agency-young-adult-profession-stressed-black-BD.jpg\" class=\"attachment-post-thumbnail size-post-thumbnail wp-post-image\" alt=\"Se pr\u00e9munir d\u2019un \u00e9puisement professionnel et\/ou le surmonter\" style=\"width:100%;height:100%;object-fit:cover;\" srcset=\"https:\/\/www.adapei64.fr\/site\/cfr\/wp-content\/uploads\/sites\/2\/2023\/05\/agency-young-adult-profession-stressed-black-BD.jpg 1500w, https:\/\/www.adapei64.fr\/site\/cfr\/wp-content\/uploads\/sites\/2\/2023\/05\/agency-young-adult-profession-stressed-black-BD-300x212.jpg 300w, https:\/\/www.adapei64.fr\/site\/cfr\/wp-content\/uploads\/sites\/2\/2023\/05\/agency-young-adult-profession-stressed-black-BD-1024x724.jpg 1024w, https:\/\/www.adapei64.fr\/site\/cfr\/wp-content\/uploads\/sites\/2\/2023\/05\/agency-young-adult-profession-stressed-black-BD-768x543.jpg 768w\" sizes=\"(max-width: 1500px) 100vw, 1500px\" \/><\/a><\/figure>\n\n\n<div class=\"wp-block-group is-vertical is-nowrap is-layout-flex wp-container-core-group-is-layout-9bc6ff26 wp-block-group-is-layout-flex\"><h4 class=\"wp-block-post-title\"><a href=\"https:\/\/www.adapei64.fr\/site\/cfr\/formations\/se-premunir-dun-epuisement-professionnel-et-ou-le-surmonter\/\" target=\"_self\" >Se pr\u00e9munir d\u2019un \u00e9puisement professionnel et\/ou le surmonter<\/a><\/h4>\n\n<div class=\"wp-block-post-excerpt\"><p class=\"wp-block-post-excerpt__excerpt\">Les professions li\u00e9es \u00e0 la relation d&rsquo;accompagnement et d&rsquo;aide sont particuli\u00e8rement expos\u00e9es aux risques d&rsquo;\u00e9puisement\u2026 <\/p><\/div><\/div>\n\n<\/li><li class=\"wp-block-post post-2153 formations type-formations status-publish has-post-thumbnail hentry category-qualite-de-vie-et-des-conditions-de-travail-qvct category-securite-et-sante-au-travail tag-sante tag-secourisme\">\n<figure style=\"aspect-ratio:16\/9; margin-bottom:var(--wp--preset--spacing--20);\" class=\"wp-block-post-featured-image\"><a href=\"https:\/\/www.adapei64.fr\/site\/cfr\/formations\/premiers-secours-en-sante-mentale-pssm\/\" target=\"_self\"  ><img loading=\"lazy\" decoding=\"async\" width=\"1500\" height=\"1000\" src=\"https:\/\/www.adapei64.fr\/site\/cfr\/wp-content\/uploads\/sites\/2\/2023\/05\/pssm.jpg\" class=\"attachment-post-thumbnail size-post-thumbnail wp-post-image\" alt=\"Premiers secours en sant\u00e9 mentale (PSSM)\" style=\"width:100%;height:100%;object-fit:cover;\" srcset=\"https:\/\/www.adapei64.fr\/site\/cfr\/wp-content\/uploads\/sites\/2\/2023\/05\/pssm.jpg 1500w, https:\/\/www.adapei64.fr\/site\/cfr\/wp-content\/uploads\/sites\/2\/2023\/05\/pssm-300x200.jpg 300w, https:\/\/www.adapei64.fr\/site\/cfr\/wp-content\/uploads\/sites\/2\/2023\/05\/pssm-1024x683.jpg 1024w, https:\/\/www.adapei64.fr\/site\/cfr\/wp-content\/uploads\/sites\/2\/2023\/05\/pssm-768x512.jpg 768w\" sizes=\"(max-width: 1500px) 100vw, 1500px\" \/><\/a><\/figure>\n\n\n<div class=\"wp-block-group is-vertical is-nowrap is-layout-flex wp-container-core-group-is-layout-9bc6ff26 wp-block-group-is-layout-flex\"><h4 class=\"wp-block-post-title\"><a href=\"https:\/\/www.adapei64.fr\/site\/cfr\/formations\/premiers-secours-en-sante-mentale-pssm\/\" target=\"_self\" >Premiers secours en sant\u00e9 mentale (PSSM)<\/a><\/h4>\n\n<div class=\"wp-block-post-excerpt\"><p class=\"wp-block-post-excerpt__excerpt\">Les Premiers Secours en Sant\u00e9 Mentale constituent l&rsquo;aide qui est apport\u00e9e \u00e0 une personne qui\u2026 <\/p><\/div><\/div>\n\n<\/li><li class=\"wp-block-post post-1448 formations type-formations status-publish has-post-thumbnail hentry category-qualite-de-vie-et-des-conditions-de-travail-qvct category-securite-et-sante-au-travail tag-sante tag-travail tag-vie-professionnelle\">\n<figure style=\"aspect-ratio:16\/9; margin-bottom:var(--wp--preset--spacing--20);\" class=\"wp-block-post-featured-image\"><a href=\"https:\/\/www.adapei64.fr\/site\/cfr\/formations\/sante-et-securite-au-travail-sensibiliser-les-acteurs-de-proximite\/\" target=\"_self\"  ><img loading=\"lazy\" decoding=\"async\" width=\"1500\" height=\"1060\" src=\"https:\/\/www.adapei64.fr\/site\/cfr\/wp-content\/uploads\/sites\/2\/2023\/05\/agency-young-adult-profession-stressed-black-BD.jpg\" class=\"attachment-post-thumbnail size-post-thumbnail wp-post-image\" alt=\"Sant\u00e9 et s\u00e9curit\u00e9 au travail &#8211; Sensibiliser les acteurs de proximit\u00e9\" style=\"width:100%;height:100%;object-fit:cover;\" srcset=\"https:\/\/www.adapei64.fr\/site\/cfr\/wp-content\/uploads\/sites\/2\/2023\/05\/agency-young-adult-profession-stressed-black-BD.jpg 1500w, https:\/\/www.adapei64.fr\/site\/cfr\/wp-content\/uploads\/sites\/2\/2023\/05\/agency-young-adult-profession-stressed-black-BD-300x212.jpg 300w, https:\/\/www.adapei64.fr\/site\/cfr\/wp-content\/uploads\/sites\/2\/2023\/05\/agency-young-adult-profession-stressed-black-BD-1024x724.jpg 1024w, https:\/\/www.adapei64.fr\/site\/cfr\/wp-content\/uploads\/sites\/2\/2023\/05\/agency-young-adult-profession-stressed-black-BD-768x543.jpg 768w\" sizes=\"(max-width: 1500px) 100vw, 1500px\" \/><\/a><\/figure>\n\n\n<div class=\"wp-block-group is-vertical is-nowrap is-layout-flex wp-container-core-group-is-layout-9bc6ff26 wp-block-group-is-layout-flex\"><h4 class=\"wp-block-post-title\"><a href=\"https:\/\/www.adapei64.fr\/site\/cfr\/formations\/sante-et-securite-au-travail-sensibiliser-les-acteurs-de-proximite\/\" target=\"_self\" >Sant\u00e9 et s\u00e9curit\u00e9 au travail &#8211; Sensibiliser les acteurs de proximit\u00e9<\/a><\/h4>\n\n<div class=\"wp-block-post-excerpt\"><p class=\"wp-block-post-excerpt__excerpt\">Tout employeur a l\u2019obligation d\u2019assurer la s\u00e9curit\u00e9 de ses salari\u00e9s, de prot\u00e9ger leur sant\u00e9, ainsi\u2026 <\/p><\/div><\/div>\n\n<\/li><li class=\"wp-block-post post-1447 formations type-formations status-publish has-post-thumbnail hentry category-qualite-de-vie-et-des-conditions-de-travail-qvct category-securite-et-sante-au-travail tag-sante tag-vie-professionnelle\">\n<figure style=\"aspect-ratio:16\/9; margin-bottom:var(--wp--preset--spacing--20);\" class=\"wp-block-post-featured-image\"><a href=\"https:\/\/www.adapei64.fr\/site\/cfr\/formations\/gestion-des-risques-professionnels-en-etablissement-medico-social\/\" target=\"_self\"  ><img loading=\"lazy\" decoding=\"async\" width=\"400\" height=\"401\" src=\"https:\/\/www.adapei64.fr\/site\/cfr\/wp-content\/uploads\/sites\/2\/2022\/04\/gestion-secu-.png\" class=\"attachment-post-thumbnail size-post-thumbnail wp-post-image\" alt=\"Gestion des risques professionnels en \u00e9tablissement m\u00e9dico-social\" style=\"width:100%;height:100%;object-fit:cover;\" srcset=\"https:\/\/www.adapei64.fr\/site\/cfr\/wp-content\/uploads\/sites\/2\/2022\/04\/gestion-secu-.png 400w, https:\/\/www.adapei64.fr\/site\/cfr\/wp-content\/uploads\/sites\/2\/2022\/04\/gestion-secu--300x300.png 300w, https:\/\/www.adapei64.fr\/site\/cfr\/wp-content\/uploads\/sites\/2\/2022\/04\/gestion-secu--150x150.png 150w\" sizes=\"(max-width: 400px) 100vw, 400px\" \/><\/a><\/figure>\n\n\n<div class=\"wp-block-group is-vertical is-nowrap is-layout-flex wp-container-core-group-is-layout-9bc6ff26 wp-block-group-is-layout-flex\"><h4 class=\"wp-block-post-title\"><a href=\"https:\/\/www.adapei64.fr\/site\/cfr\/formations\/gestion-des-risques-professionnels-en-etablissement-medico-social\/\" target=\"_self\" >Gestion des risques professionnels en \u00e9tablissement m\u00e9dico-social<\/a><\/h4>\n\n<div class=\"wp-block-post-excerpt\"><p class=\"wp-block-post-excerpt__excerpt\">La d\u00e9marche de gestion des risques s\u2019impose aux ESMS et, d\u00e8s lors, dans le r\u00e9f\u00e9rentiel\u2026 <\/p><\/div><\/div>\n\n<\/li><li class=\"wp-block-post post-1445 formations type-formations status-publish has-post-thumbnail hentry category-qualite-de-vie-et-des-conditions-de-travail-qvct category-securite-et-sante-au-travail tag-incendie\">\n<figure style=\"aspect-ratio:16\/9; margin-bottom:var(--wp--preset--spacing--20);\" class=\"wp-block-post-featured-image\"><a href=\"https:\/\/www.adapei64.fr\/site\/cfr\/formations\/prevention-incendie-manipulation-des-extincteurs\/\" target=\"_self\"  ><img loading=\"lazy\" decoding=\"async\" width=\"1047\" height=\"734\" src=\"https:\/\/www.adapei64.fr\/site\/cfr\/wp-content\/uploads\/sites\/2\/2022\/04\/extincteur.jpg\" class=\"attachment-post-thumbnail size-post-thumbnail wp-post-image\" alt=\"Pr\u00e9vention incendie &#8211; Manipulation des extincteurs\" style=\"width:100%;height:100%;object-fit:cover;\" srcset=\"https:\/\/www.adapei64.fr\/site\/cfr\/wp-content\/uploads\/sites\/2\/2022\/04\/extincteur.jpg 1047w, https:\/\/www.adapei64.fr\/site\/cfr\/wp-content\/uploads\/sites\/2\/2022\/04\/extincteur-300x210.jpg 300w, https:\/\/www.adapei64.fr\/site\/cfr\/wp-content\/uploads\/sites\/2\/2022\/04\/extincteur-1024x718.jpg 1024w, https:\/\/www.adapei64.fr\/site\/cfr\/wp-content\/uploads\/sites\/2\/2022\/04\/extincteur-768x538.jpg 768w\" sizes=\"(max-width: 1047px) 100vw, 1047px\" \/><\/a><\/figure>\n\n\n<div class=\"wp-block-group is-vertical is-nowrap is-layout-flex wp-container-core-group-is-layout-9bc6ff26 wp-block-group-is-layout-flex\"><h4 class=\"wp-block-post-title\"><a href=\"https:\/\/www.adapei64.fr\/site\/cfr\/formations\/prevention-incendie-manipulation-des-extincteurs\/\" target=\"_self\" >Pr\u00e9vention incendie &#8211; Manipulation des extincteurs<\/a><\/h4>\n\n<div class=\"wp-block-post-excerpt\"><p class=\"wp-block-post-excerpt__excerpt\">Afin de garantir la sant\u00e9 et la s\u00e9curit\u00e9 de ses salari\u00e9s et prot\u00e9ger sa responsabilit\u00e9,\u2026 <\/p><\/div><\/div>\n\n<\/li><li class=\"wp-block-post post-1444 formations type-formations status-publish has-post-thumbnail hentry category-qualite-de-vie-et-des-conditions-de-travail-qvct category-securite-et-sante-au-travail tag-secourisme tag-sst\">\n<figure style=\"aspect-ratio:16\/9; margin-bottom:var(--wp--preset--spacing--20);\" class=\"wp-block-post-featured-image\"><a href=\"https:\/\/www.adapei64.fr\/site\/cfr\/formations\/sauveteur-secouriste-au-travail-maintien-et-actualisation-des-competences-mac\/\" target=\"_self\"  ><img loading=\"lazy\" decoding=\"async\" width=\"1048\" height=\"704\" src=\"https:\/\/www.adapei64.fr\/site\/cfr\/wp-content\/uploads\/sites\/2\/2022\/04\/sst.jpg\" class=\"attachment-post-thumbnail size-post-thumbnail wp-post-image\" alt=\"Sauveteur secouriste au travail &#8211; Maintien et actualisation des comp\u00e9tences (MAC)\" style=\"width:100%;height:100%;object-fit:cover;\" srcset=\"https:\/\/www.adapei64.fr\/site\/cfr\/wp-content\/uploads\/sites\/2\/2022\/04\/sst.jpg 1048w, https:\/\/www.adapei64.fr\/site\/cfr\/wp-content\/uploads\/sites\/2\/2022\/04\/sst-300x202.jpg 300w, https:\/\/www.adapei64.fr\/site\/cfr\/wp-content\/uploads\/sites\/2\/2022\/04\/sst-1024x688.jpg 1024w, https:\/\/www.adapei64.fr\/site\/cfr\/wp-content\/uploads\/sites\/2\/2022\/04\/sst-768x516.jpg 768w\" sizes=\"(max-width: 1048px) 100vw, 1048px\" \/><\/a><\/figure>\n\n\n<div class=\"wp-block-group is-vertical is-nowrap is-layout-flex wp-container-core-group-is-layout-9bc6ff26 wp-block-group-is-layout-flex\"><h4 class=\"wp-block-post-title\"><a href=\"https:\/\/www.adapei64.fr\/site\/cfr\/formations\/sauveteur-secouriste-au-travail-maintien-et-actualisation-des-competences-mac\/\" target=\"_self\" >Sauveteur secouriste au travail &#8211; Maintien et actualisation des comp\u00e9tences (MAC)<\/a><\/h4>\n\n<div class=\"wp-block-post-excerpt\"><p class=\"wp-block-post-excerpt__excerpt\"> <\/p><\/div><\/div>\n\n<\/li><li class=\"wp-block-post post-1381 formations type-formations status-publish has-post-thumbnail hentry category-qualite-de-vie-et-des-conditions-de-travail-qvct category-securite-et-sante-au-travail tag-secourisme tag-sst\">\n<figure style=\"aspect-ratio:16\/9; margin-bottom:var(--wp--preset--spacing--20);\" class=\"wp-block-post-featured-image\"><a href=\"https:\/\/www.adapei64.fr\/site\/cfr\/formations\/sauveteur-secouriste-au-travail-sst-formation-initiale\/\" target=\"_self\"  ><img loading=\"lazy\" decoding=\"async\" width=\"969\" height=\"739\" src=\"https:\/\/www.adapei64.fr\/site\/cfr\/wp-content\/uploads\/sites\/2\/2022\/04\/sst1.jpg\" class=\"attachment-post-thumbnail size-post-thumbnail wp-post-image\" alt=\"Sauveteur secouriste au travail (SST) &#8211; Formation Initiale\" style=\"width:100%;height:100%;object-fit:cover;\" srcset=\"https:\/\/www.adapei64.fr\/site\/cfr\/wp-content\/uploads\/sites\/2\/2022\/04\/sst1.jpg 969w, https:\/\/www.adapei64.fr\/site\/cfr\/wp-content\/uploads\/sites\/2\/2022\/04\/sst1-300x229.jpg 300w, https:\/\/www.adapei64.fr\/site\/cfr\/wp-content\/uploads\/sites\/2\/2022\/04\/sst1-768x586.jpg 768w\" sizes=\"(max-width: 969px) 100vw, 969px\" \/><\/a><\/figure>\n\n\n<div class=\"wp-block-group is-vertical is-nowrap is-layout-flex wp-container-core-group-is-layout-9bc6ff26 wp-block-group-is-layout-flex\"><h4 class=\"wp-block-post-title\"><a href=\"https:\/\/www.adapei64.fr\/site\/cfr\/formations\/sauveteur-secouriste-au-travail-sst-formation-initiale\/\" target=\"_self\" >Sauveteur secouriste au travail (SST) &#8211; Formation Initiale<\/a><\/h4>\n\n<div class=\"wp-block-post-excerpt\"><p class=\"wp-block-post-excerpt__excerpt\"> <\/p><\/div><\/div>\n\n<\/li><\/ul>\n\n\n<div style=\"margin-top:0;margin-bottom:0;height:1.5rem;width:0px\" aria-hidden=\"true\" class=\"wp-block-spacer\"><\/div>\n\n\n<\/div>\n<\/div>\n\n\n\n<h3 class=\"wp-block-heading\">Gestion des comp\u00e9tences<\/h3>\n\n\n\n<div class=\"wp-block-query is-layout-flow wp-block-query-is-layout-flow\">\n\n\n<div class=\"wp-block-group has-global-padding is-layout-constrained wp-container-core-group-is-layout-dfac14d7 wp-block-group-is-layout-constrained\" style=\"margin-top:0;margin-bottom:0;padding-top:var(--wp--preset--spacing--50);padding-right:0;padding-bottom:var(--wp--preset--spacing--50);padding-left:0\"><ul class=\"columns-3 alignfull wp-block-post-template is-layout-grid wp-container-core-post-template-is-layout-96bd1808 wp-block-post-template-is-layout-grid\"><li class=\"wp-block-post post-1430 formations type-formations status-publish has-post-thumbnail hentry category-gestion-des-competences category-qualite-de-vie-et-des-conditions-de-travail-qvct tag-vie-professionnelle\">\n<figure style=\"aspect-ratio:16\/9; margin-bottom:var(--wp--preset--spacing--20);\" class=\"wp-block-post-featured-image\"><a href=\"https:\/\/www.adapei64.fr\/site\/cfr\/formations\/devenir-formateur-occasionnel-de-lapprenance\/\" target=\"_self\"  ><img loading=\"lazy\" decoding=\"async\" width=\"1500\" height=\"1000\" src=\"https:\/\/www.adapei64.fr\/site\/cfr\/wp-content\/uploads\/sites\/2\/2022\/04\/coach-by-whiteboard-BD.jpg\" class=\"attachment-post-thumbnail size-post-thumbnail wp-post-image\" alt=\"Devenir formateur occasionnel de l\u2019apprenance\" style=\"width:100%;height:100%;object-fit:cover;\" srcset=\"https:\/\/www.adapei64.fr\/site\/cfr\/wp-content\/uploads\/sites\/2\/2022\/04\/coach-by-whiteboard-BD.jpg 1500w, https:\/\/www.adapei64.fr\/site\/cfr\/wp-content\/uploads\/sites\/2\/2022\/04\/coach-by-whiteboard-BD-300x200.jpg 300w, https:\/\/www.adapei64.fr\/site\/cfr\/wp-content\/uploads\/sites\/2\/2022\/04\/coach-by-whiteboard-BD-1024x683.jpg 1024w, https:\/\/www.adapei64.fr\/site\/cfr\/wp-content\/uploads\/sites\/2\/2022\/04\/coach-by-whiteboard-BD-768x512.jpg 768w\" sizes=\"(max-width: 1500px) 100vw, 1500px\" \/><\/a><\/figure>\n\n\n<div class=\"wp-block-group is-vertical is-nowrap is-layout-flex wp-container-core-group-is-layout-9bc6ff26 wp-block-group-is-layout-flex\"><h4 class=\"wp-block-post-title\"><a href=\"https:\/\/www.adapei64.fr\/site\/cfr\/formations\/devenir-formateur-occasionnel-de-lapprenance\/\" target=\"_self\" >Devenir formateur occasionnel de l\u2019apprenance<\/a><\/h4>\n\n<div class=\"wp-block-post-excerpt\"><p class=\"wp-block-post-excerpt__excerpt\">Devenir salari\u00e9(e)-formateur(trice) et repr\u00e9senter votre structure ? C\u2019est le moyen d\u2019approfondir et de diversifier vos\u2026 <\/p><\/div><\/div>\n\n<\/li><\/ul>\n\n\n<div style=\"margin-top:0;margin-bottom:0;height:1.5rem;width:0px\" aria-hidden=\"true\" class=\"wp-block-spacer\"><\/div>\n\n\n<\/div>\n<\/div>\n<\/div>\n\n\n\n<div class=\"wp-block-group informatique is-layout-flow wp-block-group-is-layout-flow\">\n<h2 class=\"wp-block-heading\">Informatique<\/h2>\n\n\n\n<h3 class=\"wp-block-heading\">Excel<\/h3>\n\n\n\n<div class=\"wp-block-query is-layout-flow wp-block-query-is-layout-flow\">\n\n\n<div class=\"wp-block-group has-global-padding is-layout-constrained wp-container-core-group-is-layout-dfac14d7 wp-block-group-is-layout-constrained\" style=\"margin-top:0;margin-bottom:0;padding-top:var(--wp--preset--spacing--50);padding-right:0;padding-bottom:var(--wp--preset--spacing--50);padding-left:0\"><ul class=\"columns-3 alignfull wp-block-post-template is-layout-grid wp-container-core-post-template-is-layout-96bd1808 wp-block-post-template-is-layout-grid\"><li class=\"wp-block-post post-2157 formations type-formations status-publish has-post-thumbnail hentry category-excel category-informatique tag-excel tag-vie-professionnelle\">\n<figure style=\"aspect-ratio:16\/9; margin-bottom:var(--wp--preset--spacing--20);\" class=\"wp-block-post-featured-image\"><a href=\"https:\/\/www.adapei64.fr\/site\/cfr\/formations\/logiciel-excel-graphiques\/\" target=\"_self\"  ><img loading=\"lazy\" decoding=\"async\" width=\"1500\" height=\"1000\" src=\"https:\/\/www.adapei64.fr\/site\/cfr\/wp-content\/uploads\/sites\/2\/2022\/04\/working-process-startup-businessman-working-wood-table-with-new-finance-project-modern-notebook-table-pen-holding-hand-BD-1.jpg\" class=\"attachment-post-thumbnail size-post-thumbnail wp-post-image\" alt=\"Logiciel Excel Graphiques\" style=\"width:100%;height:100%;object-fit:cover;\" srcset=\"https:\/\/www.adapei64.fr\/site\/cfr\/wp-content\/uploads\/sites\/2\/2022\/04\/working-process-startup-businessman-working-wood-table-with-new-finance-project-modern-notebook-table-pen-holding-hand-BD-1.jpg 1500w, https:\/\/www.adapei64.fr\/site\/cfr\/wp-content\/uploads\/sites\/2\/2022\/04\/working-process-startup-businessman-working-wood-table-with-new-finance-project-modern-notebook-table-pen-holding-hand-BD-1-300x200.jpg 300w, https:\/\/www.adapei64.fr\/site\/cfr\/wp-content\/uploads\/sites\/2\/2022\/04\/working-process-startup-businessman-working-wood-table-with-new-finance-project-modern-notebook-table-pen-holding-hand-BD-1-1024x683.jpg 1024w, https:\/\/www.adapei64.fr\/site\/cfr\/wp-content\/uploads\/sites\/2\/2022\/04\/working-process-startup-businessman-working-wood-table-with-new-finance-project-modern-notebook-table-pen-holding-hand-BD-1-768x512.jpg 768w\" sizes=\"(max-width: 1500px) 100vw, 1500px\" \/><\/a><\/figure>\n\n\n<div class=\"wp-block-group is-vertical is-nowrap is-layout-flex wp-container-core-group-is-layout-9bc6ff26 wp-block-group-is-layout-flex\"><h4 class=\"wp-block-post-title\"><a href=\"https:\/\/www.adapei64.fr\/site\/cfr\/formations\/logiciel-excel-graphiques\/\" target=\"_self\" >Logiciel Excel Graphiques<\/a><\/h4>\n\n<div class=\"wp-block-post-excerpt\"><p class=\"wp-block-post-excerpt__excerpt\">L\u2019\u00e9volution du num\u00e9rique et l\u2019utilisation croissante de l\u2019informatique dans les pratiques professionnelles, n\u00e9cessitent de former\u2026 <\/p><\/div><\/div>\n\n<\/li><li class=\"wp-block-post post-1439 formations type-formations status-publish has-post-thumbnail hentry category-excel category-informatique tag-excel\">\n<figure style=\"aspect-ratio:16\/9; margin-bottom:var(--wp--preset--spacing--20);\" class=\"wp-block-post-featured-image\"><a href=\"https:\/\/www.adapei64.fr\/site\/cfr\/formations\/logiciel-excel-fonctions-et-tableaux-croises-dynamiques\/\" target=\"_self\"  ><img loading=\"lazy\" decoding=\"async\" width=\"1500\" height=\"1016\" src=\"https:\/\/www.adapei64.fr\/site\/cfr\/wp-content\/uploads\/sites\/2\/2022\/04\/closeup-hands-using-computer-laptop-with-screen-showing-analysis-data-BD.jpg\" class=\"attachment-post-thumbnail size-post-thumbnail wp-post-image\" alt=\"Logiciel Excel &#8211; Fonctions et tableaux crois\u00e9s dynamiques\" style=\"width:100%;height:100%;object-fit:cover;\" srcset=\"https:\/\/www.adapei64.fr\/site\/cfr\/wp-content\/uploads\/sites\/2\/2022\/04\/closeup-hands-using-computer-laptop-with-screen-showing-analysis-data-BD.jpg 1500w, https:\/\/www.adapei64.fr\/site\/cfr\/wp-content\/uploads\/sites\/2\/2022\/04\/closeup-hands-using-computer-laptop-with-screen-showing-analysis-data-BD-300x203.jpg 300w, https:\/\/www.adapei64.fr\/site\/cfr\/wp-content\/uploads\/sites\/2\/2022\/04\/closeup-hands-using-computer-laptop-with-screen-showing-analysis-data-BD-1024x694.jpg 1024w, https:\/\/www.adapei64.fr\/site\/cfr\/wp-content\/uploads\/sites\/2\/2022\/04\/closeup-hands-using-computer-laptop-with-screen-showing-analysis-data-BD-768x520.jpg 768w\" sizes=\"(max-width: 1500px) 100vw, 1500px\" \/><\/a><\/figure>\n\n\n<div class=\"wp-block-group is-vertical is-nowrap is-layout-flex wp-container-core-group-is-layout-9bc6ff26 wp-block-group-is-layout-flex\"><h4 class=\"wp-block-post-title\"><a href=\"https:\/\/www.adapei64.fr\/site\/cfr\/formations\/logiciel-excel-fonctions-et-tableaux-croises-dynamiques\/\" target=\"_self\" >Logiciel Excel &#8211; Fonctions et tableaux crois\u00e9s dynamiques<\/a><\/h4>\n\n<div class=\"wp-block-post-excerpt\"><p class=\"wp-block-post-excerpt__excerpt\">L\u2019\u00e9volution du num\u00e9rique et l\u2019utilisation croissante de l\u2019informatique dans les pratiques professionnelles, n\u00e9cessitent de former\u2026 <\/p><\/div><\/div>\n\n<\/li><li class=\"wp-block-post post-1377 formations type-formations status-publish has-post-thumbnail hentry category-excel category-informatique tag-excel\">\n<figure style=\"aspect-ratio:16\/9; margin-bottom:var(--wp--preset--spacing--20);\" class=\"wp-block-post-featured-image\"><a href=\"https:\/\/www.adapei64.fr\/site\/cfr\/formations\/logiciel-excel-niveau-base\/\" target=\"_self\"  ><img loading=\"lazy\" decoding=\"async\" width=\"931\" height=\"673\" src=\"https:\/\/www.adapei64.fr\/site\/cfr\/wp-content\/uploads\/sites\/2\/2022\/04\/excel.jpg\" class=\"attachment-post-thumbnail size-post-thumbnail wp-post-image\" alt=\"Logiciel Excel &#8211; Niveau : Base\" style=\"width:100%;height:100%;object-fit:cover;\" srcset=\"https:\/\/www.adapei64.fr\/site\/cfr\/wp-content\/uploads\/sites\/2\/2022\/04\/excel.jpg 931w, https:\/\/www.adapei64.fr\/site\/cfr\/wp-content\/uploads\/sites\/2\/2022\/04\/excel-300x217.jpg 300w, https:\/\/www.adapei64.fr\/site\/cfr\/wp-content\/uploads\/sites\/2\/2022\/04\/excel-768x555.jpg 768w\" sizes=\"(max-width: 931px) 100vw, 931px\" \/><\/a><\/figure>\n\n\n<div class=\"wp-block-group is-vertical is-nowrap is-layout-flex wp-container-core-group-is-layout-9bc6ff26 wp-block-group-is-layout-flex\"><h4 class=\"wp-block-post-title\"><a href=\"https:\/\/www.adapei64.fr\/site\/cfr\/formations\/logiciel-excel-niveau-base\/\" target=\"_self\" >Logiciel Excel &#8211; Niveau : Base<\/a><\/h4>\n\n<div class=\"wp-block-post-excerpt\"><p class=\"wp-block-post-excerpt__excerpt\">L\u2019\u00e9volution du num\u00e9rique et l\u2019utilisation croissante de l\u2019informatique dans les pratiques professionnelles, n\u00e9cessitent de former\u2026 <\/p><\/div><\/div>\n\n<\/li><\/ul>\n\n\n<div style=\"margin-top:0;margin-bottom:0;height:1.5rem;width:0px\" aria-hidden=\"true\" class=\"wp-block-spacer\"><\/div>\n\n\n<\/div>\n<\/div>\n\n\n\n<h3 class=\"wp-block-heading\">Word<\/h3>\n\n\n\n<div class=\"wp-block-query is-layout-flow wp-block-query-is-layout-flow\">\n\n\n<div class=\"wp-block-group has-global-padding is-layout-constrained wp-container-core-group-is-layout-dfac14d7 wp-block-group-is-layout-constrained\" style=\"margin-top:0;margin-bottom:0;padding-top:var(--wp--preset--spacing--50);padding-right:0;padding-bottom:var(--wp--preset--spacing--50);padding-left:0\"><ul class=\"columns-3 alignfull wp-block-post-template is-layout-grid wp-container-core-post-template-is-layout-96bd1808 wp-block-post-template-is-layout-grid\"><li class=\"wp-block-post post-1443 formations type-formations status-publish has-post-thumbnail hentry category-informatique category-word tag-word\">\n<figure style=\"aspect-ratio:16\/9; margin-bottom:var(--wp--preset--spacing--20);\" class=\"wp-block-post-featured-image\"><a href=\"https:\/\/www.adapei64.fr\/site\/cfr\/formations\/logiciel-word-niveau-perfectionnement\/\" target=\"_self\"  ><img loading=\"lazy\" decoding=\"async\" width=\"1111\" height=\"721\" src=\"https:\/\/www.adapei64.fr\/site\/cfr\/wp-content\/uploads\/sites\/2\/2022\/04\/ordinateur.jpg\" class=\"attachment-post-thumbnail size-post-thumbnail wp-post-image\" alt=\"Logiciel Word Niveau &#8211; Perfectionnement\" style=\"width:100%;height:100%;object-fit:cover;\" srcset=\"https:\/\/www.adapei64.fr\/site\/cfr\/wp-content\/uploads\/sites\/2\/2022\/04\/ordinateur.jpg 1111w, https:\/\/www.adapei64.fr\/site\/cfr\/wp-content\/uploads\/sites\/2\/2022\/04\/ordinateur-300x195.jpg 300w, https:\/\/www.adapei64.fr\/site\/cfr\/wp-content\/uploads\/sites\/2\/2022\/04\/ordinateur-1024x665.jpg 1024w, https:\/\/www.adapei64.fr\/site\/cfr\/wp-content\/uploads\/sites\/2\/2022\/04\/ordinateur-768x498.jpg 768w\" sizes=\"(max-width: 1111px) 100vw, 1111px\" \/><\/a><\/figure>\n\n\n<div class=\"wp-block-group is-vertical is-nowrap is-layout-flex wp-container-core-group-is-layout-9bc6ff26 wp-block-group-is-layout-flex\"><h4 class=\"wp-block-post-title\"><a href=\"https:\/\/www.adapei64.fr\/site\/cfr\/formations\/logiciel-word-niveau-perfectionnement\/\" target=\"_self\" >Logiciel Word Niveau &#8211; Perfectionnement<\/a><\/h4>\n\n<div class=\"wp-block-post-excerpt\"><p class=\"wp-block-post-excerpt__excerpt\">L\u2019\u00e9volution du num\u00e9rique et l\u2019utilisation croissante de l\u2019informatique dans les pratiques professionnelles, n\u00e9cessitent de former\u2026 <\/p><\/div><\/div>\n\n<\/li><li class=\"wp-block-post post-1442 formations type-formations status-publish has-post-thumbnail hentry category-informatique category-word tag-word\">\n<figure style=\"aspect-ratio:16\/9; margin-bottom:var(--wp--preset--spacing--20);\" class=\"wp-block-post-featured-image\"><a href=\"https:\/\/www.adapei64.fr\/site\/cfr\/formations\/logiciel-word-niveau-intermediaire\/\" target=\"_self\"  ><img loading=\"lazy\" decoding=\"async\" width=\"1111\" height=\"721\" src=\"https:\/\/www.adapei64.fr\/site\/cfr\/wp-content\/uploads\/sites\/2\/2022\/04\/ordinateur.jpg\" class=\"attachment-post-thumbnail size-post-thumbnail wp-post-image\" alt=\"Logiciel Word Niveau &#8211; Interm\u00e9diaire\" style=\"width:100%;height:100%;object-fit:cover;\" srcset=\"https:\/\/www.adapei64.fr\/site\/cfr\/wp-content\/uploads\/sites\/2\/2022\/04\/ordinateur.jpg 1111w, https:\/\/www.adapei64.fr\/site\/cfr\/wp-content\/uploads\/sites\/2\/2022\/04\/ordinateur-300x195.jpg 300w, https:\/\/www.adapei64.fr\/site\/cfr\/wp-content\/uploads\/sites\/2\/2022\/04\/ordinateur-1024x665.jpg 1024w, https:\/\/www.adapei64.fr\/site\/cfr\/wp-content\/uploads\/sites\/2\/2022\/04\/ordinateur-768x498.jpg 768w\" sizes=\"(max-width: 1111px) 100vw, 1111px\" \/><\/a><\/figure>\n\n\n<div class=\"wp-block-group is-vertical is-nowrap is-layout-flex wp-container-core-group-is-layout-9bc6ff26 wp-block-group-is-layout-flex\"><h4 class=\"wp-block-post-title\"><a href=\"https:\/\/www.adapei64.fr\/site\/cfr\/formations\/logiciel-word-niveau-intermediaire\/\" target=\"_self\" >Logiciel Word Niveau &#8211; Interm\u00e9diaire<\/a><\/h4>\n\n<div class=\"wp-block-post-excerpt\"><p class=\"wp-block-post-excerpt__excerpt\">L\u2019\u00e9volution du num\u00e9rique et l\u2019utilisation croissante de l\u2019informatique dans les pratiques professionnelles, n\u00e9cessitent de former\u2026 <\/p><\/div><\/div>\n\n<\/li><li class=\"wp-block-post post-1440 formations type-formations status-publish has-post-thumbnail hentry category-informatique category-word tag-word\">\n<figure style=\"aspect-ratio:16\/9; margin-bottom:var(--wp--preset--spacing--20);\" class=\"wp-block-post-featured-image\"><a href=\"https:\/\/www.adapei64.fr\/site\/cfr\/formations\/logiciel-word-niveau-base\/\" target=\"_self\"  ><img loading=\"lazy\" decoding=\"async\" width=\"1111\" height=\"721\" src=\"https:\/\/www.adapei64.fr\/site\/cfr\/wp-content\/uploads\/sites\/2\/2022\/04\/ordinateur.jpg\" class=\"attachment-post-thumbnail size-post-thumbnail wp-post-image\" alt=\"Logiciel Word &#8211; Niveau : Base\" style=\"width:100%;height:100%;object-fit:cover;\" srcset=\"https:\/\/www.adapei64.fr\/site\/cfr\/wp-content\/uploads\/sites\/2\/2022\/04\/ordinateur.jpg 1111w, https:\/\/www.adapei64.fr\/site\/cfr\/wp-content\/uploads\/sites\/2\/2022\/04\/ordinateur-300x195.jpg 300w, https:\/\/www.adapei64.fr\/site\/cfr\/wp-content\/uploads\/sites\/2\/2022\/04\/ordinateur-1024x665.jpg 1024w, https:\/\/www.adapei64.fr\/site\/cfr\/wp-content\/uploads\/sites\/2\/2022\/04\/ordinateur-768x498.jpg 768w\" sizes=\"(max-width: 1111px) 100vw, 1111px\" \/><\/a><\/figure>\n\n\n<div class=\"wp-block-group is-vertical is-nowrap is-layout-flex wp-container-core-group-is-layout-9bc6ff26 wp-block-group-is-layout-flex\"><h4 class=\"wp-block-post-title\"><a href=\"https:\/\/www.adapei64.fr\/site\/cfr\/formations\/logiciel-word-niveau-base\/\" target=\"_self\" >Logiciel Word &#8211; Niveau : Base<\/a><\/h4>\n\n<div class=\"wp-block-post-excerpt\"><p class=\"wp-block-post-excerpt__excerpt\">L\u2019\u00e9volution du num\u00e9rique et l\u2019utilisation croissante de l\u2019informatique dans les pratiques professionnelles, n\u00e9cessitent de former\u2026 <\/p><\/div><\/div>\n\n<\/li><\/ul>\n\n\n<div style=\"margin-top:0;margin-bottom:0;height:1.5rem;width:0px\" aria-hidden=\"true\" class=\"wp-block-spacer\"><\/div>\n\n\n<\/div>\n<\/div>\n\n\n\n<h3 class=\"wp-block-heading\">Office 365<\/h3>\n\n\n\n<div class=\"wp-block-query is-layout-flow wp-block-query-is-layout-flow\">\n\n\n<div class=\"wp-block-group has-global-padding is-layout-constrained wp-container-core-group-is-layout-dfac14d7 wp-block-group-is-layout-constrained\" style=\"margin-top:0;margin-bottom:0;padding-top:var(--wp--preset--spacing--50);padding-right:0;padding-bottom:var(--wp--preset--spacing--50);padding-left:0\"><ul class=\"columns-3 alignfull wp-block-post-template is-layout-grid wp-container-core-post-template-is-layout-96bd1808 wp-block-post-template-is-layout-grid\"><li class=\"wp-block-post post-3083 formations type-formations status-publish has-post-thumbnail hentry category-office-365\">\n<figure style=\"aspect-ratio:16\/9; margin-bottom:var(--wp--preset--spacing--20);\" class=\"wp-block-post-featured-image\"><a href=\"https:\/\/www.adapei64.fr\/site\/cfr\/formations\/outlook-office-365-niveau-2-fonctionnalites-avancees-de-la-messagerie-et-du-calendrier-demarrage-avec-teams\/\" target=\"_self\"  ><img loading=\"lazy\" decoding=\"async\" width=\"2560\" height=\"1440\" src=\"https:\/\/www.adapei64.fr\/site\/cfr\/wp-content\/uploads\/sites\/2\/2024\/07\/teams-scaled.jpeg\" class=\"attachment-post-thumbnail size-post-thumbnail wp-post-image\" alt=\"Outlook office 365 Niveau 2 : fonctionnalit\u00e9s avanc\u00e9es de la messagerie et du calendrier. D\u00e9marrage avec Teams\" style=\"width:100%;height:100%;object-fit:cover;\" srcset=\"https:\/\/www.adapei64.fr\/site\/cfr\/wp-content\/uploads\/sites\/2\/2024\/07\/teams-scaled.jpeg 2560w, https:\/\/www.adapei64.fr\/site\/cfr\/wp-content\/uploads\/sites\/2\/2024\/07\/teams-300x169.jpeg 300w, https:\/\/www.adapei64.fr\/site\/cfr\/wp-content\/uploads\/sites\/2\/2024\/07\/teams-1024x576.jpeg 1024w, https:\/\/www.adapei64.fr\/site\/cfr\/wp-content\/uploads\/sites\/2\/2024\/07\/teams-768x432.jpeg 768w, https:\/\/www.adapei64.fr\/site\/cfr\/wp-content\/uploads\/sites\/2\/2024\/07\/teams-1536x864.jpeg 1536w, https:\/\/www.adapei64.fr\/site\/cfr\/wp-content\/uploads\/sites\/2\/2024\/07\/teams-2048x1152.jpeg 2048w\" sizes=\"(max-width: 2560px) 100vw, 2560px\" \/><\/a><\/figure>\n\n\n<div class=\"wp-block-group is-vertical is-nowrap is-layout-flex wp-container-core-group-is-layout-9bc6ff26 wp-block-group-is-layout-flex\"><h4 class=\"wp-block-post-title\"><a href=\"https:\/\/www.adapei64.fr\/site\/cfr\/formations\/outlook-office-365-niveau-2-fonctionnalites-avancees-de-la-messagerie-et-du-calendrier-demarrage-avec-teams\/\" target=\"_self\" >Outlook office 365 Niveau 2 : fonctionnalit\u00e9s avanc\u00e9es de la messagerie et du calendrier. D\u00e9marrage avec Teams<\/a><\/h4>\n\n<div class=\"wp-block-post-excerpt\"><p class=\"wp-block-post-excerpt__excerpt\">L\u2019\u00e9volution du num\u00e9rique et l\u2019utilisation croissante de l\u2019informatique dans les pratiques professionnelles, n\u00e9cessitent de former\u2026 <\/p><\/div><\/div>\n\n<\/li><li class=\"wp-block-post post-3081 formations type-formations status-publish has-post-thumbnail hentry category-office-365\">\n<figure style=\"aspect-ratio:16\/9; margin-bottom:var(--wp--preset--spacing--20);\" class=\"wp-block-post-featured-image\"><a href=\"https:\/\/www.adapei64.fr\/site\/cfr\/formations\/outlook-office-365-niveau-1-fonctionnalites-essentielles\/\" target=\"_self\"  ><img loading=\"lazy\" decoding=\"async\" width=\"1050\" height=\"600\" src=\"https:\/\/www.adapei64.fr\/site\/cfr\/wp-content\/uploads\/sites\/2\/2024\/07\/Microsoft-featured-3.jpg\" class=\"attachment-post-thumbnail size-post-thumbnail wp-post-image\" alt=\"Outlook office 365 Niveau 1 : Fonctionnalit\u00e9s essentielles\" style=\"width:100%;height:100%;object-fit:cover;\" srcset=\"https:\/\/www.adapei64.fr\/site\/cfr\/wp-content\/uploads\/sites\/2\/2024\/07\/Microsoft-featured-3.jpg 1050w, https:\/\/www.adapei64.fr\/site\/cfr\/wp-content\/uploads\/sites\/2\/2024\/07\/Microsoft-featured-3-300x171.jpg 300w, https:\/\/www.adapei64.fr\/site\/cfr\/wp-content\/uploads\/sites\/2\/2024\/07\/Microsoft-featured-3-1024x585.jpg 1024w, https:\/\/www.adapei64.fr\/site\/cfr\/wp-content\/uploads\/sites\/2\/2024\/07\/Microsoft-featured-3-768x439.jpg 768w\" sizes=\"(max-width: 1050px) 100vw, 1050px\" \/><\/a><\/figure>\n\n\n<div class=\"wp-block-group is-vertical is-nowrap is-layout-flex wp-container-core-group-is-layout-9bc6ff26 wp-block-group-is-layout-flex\"><h4 class=\"wp-block-post-title\"><a href=\"https:\/\/www.adapei64.fr\/site\/cfr\/formations\/outlook-office-365-niveau-1-fonctionnalites-essentielles\/\" target=\"_self\" >Outlook office 365 Niveau 1 : Fonctionnalit\u00e9s essentielles<\/a><\/h4>\n\n<div class=\"wp-block-post-excerpt\"><p class=\"wp-block-post-excerpt__excerpt\">L\u2019\u00e9volution du num\u00e9rique et l\u2019utilisation croissante de l\u2019informatique dans les pratiques professionnelles, n\u00e9cessitent de former\u2026 <\/p><\/div><\/div>\n\n<\/li><\/ul>\n\n\n<div style=\"margin-top:0;margin-bottom:0;height:1.5rem;width:0px\" aria-hidden=\"true\" class=\"wp-block-spacer\"><\/div>\n\n\n<\/div>\n<\/div>\n<\/div>\n\n\n\n<div class=\"wp-block-group en-lien-avec-les-esat is-layout-flow wp-block-group-is-layout-flow\">\n<h2 class=\"wp-block-heading\">En lien avec les ESAT<\/h2>\n\n\n\n<h3 class=\"wp-block-heading\">Espaces verts<\/h3>\n\n\n\n<div class=\"wp-block-query is-layout-flow wp-block-query-is-layout-flow\">\n\n\n<div class=\"wp-block-group has-global-padding is-layout-constrained wp-container-core-group-is-layout-dfac14d7 wp-block-group-is-layout-constrained\" style=\"margin-top:0;margin-bottom:0;padding-top:var(--wp--preset--spacing--50);padding-right:0;padding-bottom:var(--wp--preset--spacing--50);padding-left:0\"><ul class=\"columns-3 alignfull wp-block-post-template is-layout-grid wp-container-core-post-template-is-layout-96bd1808 wp-block-post-template-is-layout-grid\"><li class=\"wp-block-post post-1435 formations type-formations status-publish has-post-thumbnail hentry category-en-lien-avec-les-esat category-espaces-verts tag-espaces-verts tag-travail\">\n<figure style=\"aspect-ratio:16\/9; margin-bottom:var(--wp--preset--spacing--20);\" class=\"wp-block-post-featured-image\"><a href=\"https:\/\/www.adapei64.fr\/site\/cfr\/formations\/utilisation-de-la-tronconneuse\/\" target=\"_self\"  ><img loading=\"lazy\" decoding=\"async\" width=\"1000\" height=\"667\" src=\"https:\/\/www.adapei64.fr\/site\/cfr\/wp-content\/uploads\/sites\/2\/2022\/04\/1000_F_506692641_bzIkGuAxCJTmWR0AI6IYZ0Y0vHMfT8mq.jpg\" class=\"attachment-post-thumbnail size-post-thumbnail wp-post-image\" alt=\"Utilisation de la tron\u00e7onneuse\" style=\"width:100%;height:100%;object-fit:cover;\" srcset=\"https:\/\/www.adapei64.fr\/site\/cfr\/wp-content\/uploads\/sites\/2\/2022\/04\/1000_F_506692641_bzIkGuAxCJTmWR0AI6IYZ0Y0vHMfT8mq.jpg 1000w, https:\/\/www.adapei64.fr\/site\/cfr\/wp-content\/uploads\/sites\/2\/2022\/04\/1000_F_506692641_bzIkGuAxCJTmWR0AI6IYZ0Y0vHMfT8mq-300x200.jpg 300w, https:\/\/www.adapei64.fr\/site\/cfr\/wp-content\/uploads\/sites\/2\/2022\/04\/1000_F_506692641_bzIkGuAxCJTmWR0AI6IYZ0Y0vHMfT8mq-768x512.jpg 768w\" sizes=\"(max-width: 1000px) 100vw, 1000px\" \/><\/a><\/figure>\n\n\n<div class=\"wp-block-group is-vertical is-nowrap is-layout-flex wp-container-core-group-is-layout-9bc6ff26 wp-block-group-is-layout-flex\"><h4 class=\"wp-block-post-title\"><a href=\"https:\/\/www.adapei64.fr\/site\/cfr\/formations\/utilisation-de-la-tronconneuse\/\" target=\"_self\" >Utilisation de la tron\u00e7onneuse<\/a><\/h4>\n\n<div class=\"wp-block-post-excerpt\"><p class=\"wp-block-post-excerpt__excerpt\">L\u2019utilisation de la tron\u00e7onneuse n\u00e9cessite le respect de r\u00e8gles de s\u00e9curit\u00e9 incontournables, ainsi qu\u2019une bonne\u2026 <\/p><\/div><\/div>\n\n<\/li><li class=\"wp-block-post post-1431 formations type-formations status-publish has-post-thumbnail hentry category-en-lien-avec-les-esat category-espaces-verts tag-espaces-verts tag-travail\">\n<figure style=\"aspect-ratio:16\/9; margin-bottom:var(--wp--preset--spacing--20);\" class=\"wp-block-post-featured-image\"><a href=\"https:\/\/www.adapei64.fr\/site\/cfr\/formations\/initiation-a-la-reconnaissance-des-vegetaux\/\" target=\"_self\"  ><img loading=\"lazy\" decoding=\"async\" width=\"1110\" height=\"737\" src=\"https:\/\/www.adapei64.fr\/site\/cfr\/wp-content\/uploads\/sites\/2\/2022\/04\/vegetaux.jpg\" class=\"attachment-post-thumbnail size-post-thumbnail wp-post-image\" alt=\"Initiation \u00e0 la reconnaissance des v\u00e9g\u00e9taux\" style=\"width:100%;height:100%;object-fit:cover;\" srcset=\"https:\/\/www.adapei64.fr\/site\/cfr\/wp-content\/uploads\/sites\/2\/2022\/04\/vegetaux.jpg 1110w, https:\/\/www.adapei64.fr\/site\/cfr\/wp-content\/uploads\/sites\/2\/2022\/04\/vegetaux-300x199.jpg 300w, https:\/\/www.adapei64.fr\/site\/cfr\/wp-content\/uploads\/sites\/2\/2022\/04\/vegetaux-1024x680.jpg 1024w, https:\/\/www.adapei64.fr\/site\/cfr\/wp-content\/uploads\/sites\/2\/2022\/04\/vegetaux-768x510.jpg 768w\" sizes=\"(max-width: 1110px) 100vw, 1110px\" \/><\/a><\/figure>\n\n\n<div class=\"wp-block-group is-vertical is-nowrap is-layout-flex wp-container-core-group-is-layout-9bc6ff26 wp-block-group-is-layout-flex\"><h4 class=\"wp-block-post-title\"><a href=\"https:\/\/www.adapei64.fr\/site\/cfr\/formations\/initiation-a-la-reconnaissance-des-vegetaux\/\" target=\"_self\" >Initiation \u00e0 la reconnaissance des v\u00e9g\u00e9taux<\/a><\/h4>\n\n<div class=\"wp-block-post-excerpt\"><p class=\"wp-block-post-excerpt__excerpt\">Savoir reconna\u00eetre les v\u00e9g\u00e9taux et s\u2019approprier leurs caract\u00e9ristiques permet de rationnaliser et d\u2019optimiser l\u2019entretien des\u2026 <\/p><\/div><\/div>\n\n<\/li><\/ul>\n\n\n<div style=\"margin-top:0;margin-bottom:0;height:1.5rem;width:0px\" aria-hidden=\"true\" class=\"wp-block-spacer\"><\/div>\n\n\n<\/div>\n<\/div>\n\n\n\n<h3 class=\"wp-block-heading\">Cuisine<\/h3>\n\n\n\n<div class=\"wp-block-query is-layout-flow wp-block-query-is-layout-flow\">\n\n\n<div class=\"wp-block-group has-global-padding is-layout-constrained wp-container-core-group-is-layout-dfac14d7 wp-block-group-is-layout-constrained\" style=\"margin-top:0;margin-bottom:0;padding-top:var(--wp--preset--spacing--50);padding-right:0;padding-bottom:var(--wp--preset--spacing--50);padding-left:0\"><ul class=\"columns-3 alignfull wp-block-post-template is-layout-grid wp-container-core-post-template-is-layout-96bd1808 wp-block-post-template-is-layout-grid\"><li class=\"wp-block-post post-1805 formations type-formations status-publish has-post-thumbnail hentry category-cuisine category-en-lien-avec-les-esat tag-cuisine tag-hygiene tag-travail tag-vie-professionnelle\">\n<figure style=\"aspect-ratio:16\/9; margin-bottom:var(--wp--preset--spacing--20);\" class=\"wp-block-post-featured-image\"><a href=\"https:\/\/www.adapei64.fr\/site\/cfr\/formations\/module-2-hygiene-des-produits-et-temperature-des-plats\/\" target=\"_self\"  ><img loading=\"lazy\" decoding=\"async\" width=\"1920\" height=\"1280\" src=\"https:\/\/www.adapei64.fr\/site\/cfr\/wp-content\/uploads\/sites\/2\/2023\/01\/encuisine.jpg\" class=\"attachment-post-thumbnail size-post-thumbnail wp-post-image\" alt=\"Module 2 : Hygi\u00e8ne des produits et temp\u00e9rature des plats\" style=\"width:100%;height:100%;object-fit:cover;\" srcset=\"https:\/\/www.adapei64.fr\/site\/cfr\/wp-content\/uploads\/sites\/2\/2023\/01\/encuisine.jpg 1920w, https:\/\/www.adapei64.fr\/site\/cfr\/wp-content\/uploads\/sites\/2\/2023\/01\/encuisine-300x200.jpg 300w, https:\/\/www.adapei64.fr\/site\/cfr\/wp-content\/uploads\/sites\/2\/2023\/01\/encuisine-1024x683.jpg 1024w, https:\/\/www.adapei64.fr\/site\/cfr\/wp-content\/uploads\/sites\/2\/2023\/01\/encuisine-768x512.jpg 768w, https:\/\/www.adapei64.fr\/site\/cfr\/wp-content\/uploads\/sites\/2\/2023\/01\/encuisine-1536x1024.jpg 1536w\" sizes=\"(max-width: 1920px) 100vw, 1920px\" \/><\/a><\/figure>\n\n\n<div class=\"wp-block-group is-vertical is-nowrap is-layout-flex wp-container-core-group-is-layout-9bc6ff26 wp-block-group-is-layout-flex\"><h4 class=\"wp-block-post-title\"><a href=\"https:\/\/www.adapei64.fr\/site\/cfr\/formations\/module-2-hygiene-des-produits-et-temperature-des-plats\/\" target=\"_self\" >Module 2 : Hygi\u00e8ne des produits et temp\u00e9rature des plats<\/a><\/h4>\n\n<div class=\"wp-block-post-excerpt\"><p class=\"wp-block-post-excerpt__excerpt\"> <\/p><\/div><\/div>\n\n<\/li><li class=\"wp-block-post post-1436 formations type-formations status-publish has-post-thumbnail hentry category-cuisine category-en-lien-avec-les-esat tag-cuisine tag-hygiene tag-travail\">\n<figure style=\"aspect-ratio:16\/9; margin-bottom:var(--wp--preset--spacing--20);\" class=\"wp-block-post-featured-image\"><a href=\"https:\/\/www.adapei64.fr\/site\/cfr\/formations\/sensibilisation-a-lhygiene-en-cuisine\/\" target=\"_self\"  ><img loading=\"lazy\" decoding=\"async\" width=\"1110\" height=\"738\" src=\"https:\/\/www.adapei64.fr\/site\/cfr\/wp-content\/uploads\/sites\/2\/2022\/04\/cuisine.jpg\" class=\"attachment-post-thumbnail size-post-thumbnail wp-post-image\" alt=\"Module 1 : Sensibilisation \u00e0 l\u2019hygi\u00e8ne en cuisine\" style=\"width:100%;height:100%;object-fit:cover;\" srcset=\"https:\/\/www.adapei64.fr\/site\/cfr\/wp-content\/uploads\/sites\/2\/2022\/04\/cuisine.jpg 1110w, https:\/\/www.adapei64.fr\/site\/cfr\/wp-content\/uploads\/sites\/2\/2022\/04\/cuisine-300x199.jpg 300w, https:\/\/www.adapei64.fr\/site\/cfr\/wp-content\/uploads\/sites\/2\/2022\/04\/cuisine-1024x681.jpg 1024w, https:\/\/www.adapei64.fr\/site\/cfr\/wp-content\/uploads\/sites\/2\/2022\/04\/cuisine-768x511.jpg 768w\" sizes=\"(max-width: 1110px) 100vw, 1110px\" \/><\/a><\/figure>\n\n\n<div class=\"wp-block-group is-vertical is-nowrap is-layout-flex wp-container-core-group-is-layout-9bc6ff26 wp-block-group-is-layout-flex\"><h4 class=\"wp-block-post-title\"><a href=\"https:\/\/www.adapei64.fr\/site\/cfr\/formations\/sensibilisation-a-lhygiene-en-cuisine\/\" target=\"_self\" >Module 1 : Sensibilisation \u00e0 l\u2019hygi\u00e8ne en cuisine<\/a><\/h4>\n\n<div class=\"wp-block-post-excerpt\"><p class=\"wp-block-post-excerpt__excerpt\">Les risques et leur ma\u00eetrise Limiter les risques de contamination pour soi et pour les\u2026 <\/p><\/div><\/div>\n\n<\/li><\/ul>\n\n\n<div style=\"margin-top:0;margin-bottom:0;height:1.5rem;width:0px\" aria-hidden=\"true\" class=\"wp-block-spacer\"><\/div>\n\n\n<\/div>\n<\/div>\n\n\n\n<h3 class=\"wp-block-heading\">Vente<\/h3>\n\n\n\n<div class=\"wp-block-query is-layout-flow wp-block-query-is-layout-flow\">\n\n\n<div class=\"wp-block-group has-global-padding is-layout-constrained wp-container-core-group-is-layout-dfac14d7 wp-block-group-is-layout-constrained\" style=\"margin-top:0;margin-bottom:0;padding-top:var(--wp--preset--spacing--50);padding-right:0;padding-bottom:var(--wp--preset--spacing--50);padding-left:0\"><ul class=\"columns-3 alignfull wp-block-post-template is-layout-grid wp-container-core-post-template-is-layout-96bd1808 wp-block-post-template-is-layout-grid\"><li class=\"wp-block-post post-1820 formations type-formations status-publish has-post-thumbnail hentry category-en-lien-avec-les-esat category-vente tag-travail thema_formation-citoyennete thema_formation-en-lien-avec-les-esat\">\n<figure style=\"aspect-ratio:16\/9; margin-bottom:var(--wp--preset--spacing--20);\" class=\"wp-block-post-featured-image\"><a href=\"https:\/\/www.adapei64.fr\/site\/cfr\/formations\/techniques-de-vente\/\" target=\"_self\"  ><img loading=\"lazy\" decoding=\"async\" width=\"1920\" height=\"1280\" src=\"https:\/\/www.adapei64.fr\/site\/cfr\/wp-content\/uploads\/sites\/2\/2023\/01\/vente.jpg\" class=\"attachment-post-thumbnail size-post-thumbnail wp-post-image\" alt=\"Techniques de vente\" style=\"width:100%;height:100%;object-fit:cover;\" srcset=\"https:\/\/www.adapei64.fr\/site\/cfr\/wp-content\/uploads\/sites\/2\/2023\/01\/vente.jpg 1920w, https:\/\/www.adapei64.fr\/site\/cfr\/wp-content\/uploads\/sites\/2\/2023\/01\/vente-300x200.jpg 300w, https:\/\/www.adapei64.fr\/site\/cfr\/wp-content\/uploads\/sites\/2\/2023\/01\/vente-1024x683.jpg 1024w, https:\/\/www.adapei64.fr\/site\/cfr\/wp-content\/uploads\/sites\/2\/2023\/01\/vente-768x512.jpg 768w, https:\/\/www.adapei64.fr\/site\/cfr\/wp-content\/uploads\/sites\/2\/2023\/01\/vente-1536x1024.jpg 1536w\" sizes=\"(max-width: 1920px) 100vw, 1920px\" \/><\/a><\/figure>\n\n\n<div class=\"wp-block-group is-vertical is-nowrap is-layout-flex wp-container-core-group-is-layout-9bc6ff26 wp-block-group-is-layout-flex\"><h4 class=\"wp-block-post-title\"><a href=\"https:\/\/www.adapei64.fr\/site\/cfr\/formations\/techniques-de-vente\/\" target=\"_self\" >Techniques de vente<\/a><\/h4>\n\n<div class=\"wp-block-post-excerpt\"><p class=\"wp-block-post-excerpt__excerpt\">Les ESAT sont en contact r\u00e9gulier avec les clients au travers des prestations qu\u2019ils proposent\u2026 <\/p><\/div><\/div>\n\n<\/li><li class=\"wp-block-post post-1811 formations type-formations status-publish has-post-thumbnail hentry category-en-lien-avec-les-esat category-vente tag-travail\">\n<figure style=\"aspect-ratio:16\/9; margin-bottom:var(--wp--preset--spacing--20);\" class=\"wp-block-post-featured-image\"><a href=\"https:\/\/www.adapei64.fr\/site\/cfr\/formations\/relation-clients\/\" target=\"_self\"  ><img loading=\"lazy\" decoding=\"async\" width=\"1920\" height=\"1369\" src=\"https:\/\/www.adapei64.fr\/site\/cfr\/wp-content\/uploads\/sites\/2\/2023\/01\/Vente-jus.jpg\" class=\"attachment-post-thumbnail size-post-thumbnail wp-post-image\" alt=\"Relation clients\" style=\"width:100%;height:100%;object-fit:cover;\" srcset=\"https:\/\/www.adapei64.fr\/site\/cfr\/wp-content\/uploads\/sites\/2\/2023\/01\/Vente-jus.jpg 1920w, https:\/\/www.adapei64.fr\/site\/cfr\/wp-content\/uploads\/sites\/2\/2023\/01\/Vente-jus-300x214.jpg 300w, https:\/\/www.adapei64.fr\/site\/cfr\/wp-content\/uploads\/sites\/2\/2023\/01\/Vente-jus-1024x730.jpg 1024w, https:\/\/www.adapei64.fr\/site\/cfr\/wp-content\/uploads\/sites\/2\/2023\/01\/Vente-jus-768x548.jpg 768w, https:\/\/www.adapei64.fr\/site\/cfr\/wp-content\/uploads\/sites\/2\/2023\/01\/Vente-jus-1536x1095.jpg 1536w\" sizes=\"(max-width: 1920px) 100vw, 1920px\" \/><\/a><\/figure>\n\n\n<div class=\"wp-block-group is-vertical is-nowrap is-layout-flex wp-container-core-group-is-layout-9bc6ff26 wp-block-group-is-layout-flex\"><h4 class=\"wp-block-post-title\"><a href=\"https:\/\/www.adapei64.fr\/site\/cfr\/formations\/relation-clients\/\" target=\"_self\" >Relation clients<\/a><\/h4>\n\n<div class=\"wp-block-post-excerpt\"><p class=\"wp-block-post-excerpt__excerpt\">Les ESAT sont en contact r\u00e9gulier avec les clients au travers des prestations qu\u2019ils proposent\u2026 <\/p><\/div><\/div>\n\n<\/li><\/ul>\n\n\n<div style=\"margin-top:0;margin-bottom:0;height:1.5rem;width:0px\" aria-hidden=\"true\" class=\"wp-block-spacer\"><\/div>\n\n\n<\/div>\n<\/div>\n\n\n\n<h3 class=\"wp-block-heading\">S\u00e9curit\u00e9<\/h3>\n\n\n\n<div class=\"wp-block-query is-layout-flow wp-block-query-is-layout-flow\">\n\n\n<div class=\"wp-block-group has-global-padding is-layout-constrained wp-container-core-group-is-layout-dfac14d7 wp-block-group-is-layout-constrained\" style=\"margin-top:0;margin-bottom:0;padding-top:var(--wp--preset--spacing--50);padding-right:0;padding-bottom:var(--wp--preset--spacing--50);padding-left:0\"><ul class=\"columns-3 alignfull wp-block-post-template is-layout-grid wp-container-core-post-template-is-layout-96bd1808 wp-block-post-template-is-layout-grid\"><li class=\"wp-block-post post-3383 formations type-formations status-publish has-post-thumbnail hentry category-en-lien-avec-les-esat category-formations category-securite\">\n<figure style=\"aspect-ratio:16\/9; margin-bottom:var(--wp--preset--spacing--20);\" class=\"wp-block-post-featured-image\"><a href=\"https:\/\/www.adapei64.fr\/site\/cfr\/formations\/reperer-comprendre-et-gerer-une-situation-de-violence\/\" target=\"_self\"  ><img loading=\"lazy\" decoding=\"async\" width=\"558\" height=\"301\" src=\"https:\/\/www.adapei64.fr\/site\/cfr\/wp-content\/uploads\/sites\/2\/2026\/01\/violence.png\" class=\"attachment-post-thumbnail size-post-thumbnail wp-post-image\" alt=\"Rep\u00e9rer, comprendre et g\u00e9rer une situation de violence\" style=\"width:100%;height:100%;object-fit:cover;\" srcset=\"https:\/\/www.adapei64.fr\/site\/cfr\/wp-content\/uploads\/sites\/2\/2026\/01\/violence.png 558w, https:\/\/www.adapei64.fr\/site\/cfr\/wp-content\/uploads\/sites\/2\/2026\/01\/violence-300x162.png 300w\" sizes=\"(max-width: 558px) 100vw, 558px\" \/><\/a><\/figure>\n\n\n<div class=\"wp-block-group is-vertical is-nowrap is-layout-flex wp-container-core-group-is-layout-9bc6ff26 wp-block-group-is-layout-flex\"><h4 class=\"wp-block-post-title\"><a href=\"https:\/\/www.adapei64.fr\/site\/cfr\/formations\/reperer-comprendre-et-gerer-une-situation-de-violence\/\" target=\"_self\" >Rep\u00e9rer, comprendre et g\u00e9rer une situation de violence<\/a><\/h4>\n\n<div class=\"wp-block-post-excerpt\"><p class=\"wp-block-post-excerpt__excerpt\">Dans le cadre de leur travail en ESAT, les ouvriers peuvent \u00eatre confront\u00e9s \u00e0 des\u2026 <\/p><\/div><\/div>\n\n<\/li><li class=\"wp-block-post post-3094 formations type-formations status-publish has-post-thumbnail hentry category-en-lien-avec-les-esat category-securite\">\n<figure style=\"aspect-ratio:16\/9; margin-bottom:var(--wp--preset--spacing--20);\" class=\"wp-block-post-featured-image\"><a href=\"https:\/\/www.adapei64.fr\/site\/cfr\/formations\/psc1-recyclage\/\" target=\"_self\"  ><img loading=\"lazy\" decoding=\"async\" width=\"1048\" height=\"704\" src=\"https:\/\/www.adapei64.fr\/site\/cfr\/wp-content\/uploads\/sites\/2\/2022\/04\/sst.jpg\" class=\"attachment-post-thumbnail size-post-thumbnail wp-post-image\" alt=\"PSC1 &#8211; Recyclage\" style=\"width:100%;height:100%;object-fit:cover;\" srcset=\"https:\/\/www.adapei64.fr\/site\/cfr\/wp-content\/uploads\/sites\/2\/2022\/04\/sst.jpg 1048w, https:\/\/www.adapei64.fr\/site\/cfr\/wp-content\/uploads\/sites\/2\/2022\/04\/sst-300x202.jpg 300w, https:\/\/www.adapei64.fr\/site\/cfr\/wp-content\/uploads\/sites\/2\/2022\/04\/sst-1024x688.jpg 1024w, https:\/\/www.adapei64.fr\/site\/cfr\/wp-content\/uploads\/sites\/2\/2022\/04\/sst-768x516.jpg 768w\" sizes=\"(max-width: 1048px) 100vw, 1048px\" \/><\/a><\/figure>\n\n\n<div class=\"wp-block-group is-vertical is-nowrap is-layout-flex wp-container-core-group-is-layout-9bc6ff26 wp-block-group-is-layout-flex\"><h4 class=\"wp-block-post-title\"><a href=\"https:\/\/www.adapei64.fr\/site\/cfr\/formations\/psc1-recyclage\/\" target=\"_self\" >PSC1 &#8211; Recyclage<\/a><\/h4>\n\n<div class=\"wp-block-post-excerpt\"><p class=\"wp-block-post-excerpt__excerpt\">Un recyclage est propos\u00e9 tous les quatre ans \u00e0 ceux qui ont \u00e9t\u00e9 form\u00e9s aux\u2026 <\/p><\/div><\/div>\n\n<\/li><li class=\"wp-block-post post-1809 formations type-formations status-publish has-post-thumbnail hentry category-en-lien-avec-les-esat category-securite tag-sante tag-travail tag-vie-professionnelle\">\n<figure style=\"aspect-ratio:16\/9; margin-bottom:var(--wp--preset--spacing--20);\" class=\"wp-block-post-featured-image\"><a href=\"https:\/\/www.adapei64.fr\/site\/cfr\/formations\/gestes-et-postures\/\" target=\"_self\"  ><img loading=\"lazy\" decoding=\"async\" width=\"1920\" height=\"1080\" src=\"https:\/\/www.adapei64.fr\/site\/cfr\/wp-content\/uploads\/sites\/2\/2023\/01\/mal-dos.jpg\" class=\"attachment-post-thumbnail size-post-thumbnail wp-post-image\" alt=\"Gestes et postures\" style=\"width:100%;height:100%;object-fit:cover;\" srcset=\"https:\/\/www.adapei64.fr\/site\/cfr\/wp-content\/uploads\/sites\/2\/2023\/01\/mal-dos.jpg 1920w, https:\/\/www.adapei64.fr\/site\/cfr\/wp-content\/uploads\/sites\/2\/2023\/01\/mal-dos-300x169.jpg 300w, https:\/\/www.adapei64.fr\/site\/cfr\/wp-content\/uploads\/sites\/2\/2023\/01\/mal-dos-1024x576.jpg 1024w, https:\/\/www.adapei64.fr\/site\/cfr\/wp-content\/uploads\/sites\/2\/2023\/01\/mal-dos-768x432.jpg 768w, https:\/\/www.adapei64.fr\/site\/cfr\/wp-content\/uploads\/sites\/2\/2023\/01\/mal-dos-1536x864.jpg 1536w\" sizes=\"(max-width: 1920px) 100vw, 1920px\" \/><\/a><\/figure>\n\n\n<div class=\"wp-block-group is-vertical is-nowrap is-layout-flex wp-container-core-group-is-layout-9bc6ff26 wp-block-group-is-layout-flex\"><h4 class=\"wp-block-post-title\"><a href=\"https:\/\/www.adapei64.fr\/site\/cfr\/formations\/gestes-et-postures\/\" target=\"_self\" >Gestes et postures<\/a><\/h4>\n\n<div class=\"wp-block-post-excerpt\"><p class=\"wp-block-post-excerpt__excerpt\">Il est important de connaitre les gestes et les postures pour \u00e9viter de se faire\u2026 <\/p><\/div><\/div>\n\n<\/li><\/ul>\n\n\n<div style=\"margin-top:0;margin-bottom:0;height:1.5rem;width:0px\" aria-hidden=\"true\" class=\"wp-block-spacer\"><\/div>\n\n\n<\/div>\n<\/div>\n\n\n\n<h3 class=\"wp-block-heading\">Citoyennet\u00e9<\/h3>\n\n\n\n<div class=\"wp-block-query is-layout-flow wp-block-query-is-layout-flow\">\n\n\n<div class=\"wp-block-group has-global-padding is-layout-constrained wp-container-core-group-is-layout-dfac14d7 wp-block-group-is-layout-constrained\" style=\"margin-top:0;margin-bottom:0;padding-top:var(--wp--preset--spacing--50);padding-right:0;padding-bottom:var(--wp--preset--spacing--50);padding-left:0\"><ul class=\"columns-3 alignfull wp-block-post-template is-layout-grid wp-container-core-post-template-is-layout-96bd1808 wp-block-post-template-is-layout-grid\"><li class=\"wp-block-post post-3367 formations type-formations status-publish has-post-thumbnail hentry category-citoyennete category-formations\">\n<figure style=\"aspect-ratio:16\/9; margin-bottom:var(--wp--preset--spacing--20);\" class=\"wp-block-post-featured-image\"><a href=\"https:\/\/www.adapei64.fr\/site\/cfr\/formations\/vie-intime\/\" target=\"_self\"  ><img loading=\"lazy\" decoding=\"async\" width=\"1034\" height=\"740\" src=\"https:\/\/www.adapei64.fr\/site\/cfr\/wp-content\/uploads\/sites\/2\/2022\/04\/vieaffective.jpg\" class=\"attachment-post-thumbnail size-post-thumbnail wp-post-image\" alt=\"Vie intime\" style=\"width:100%;height:100%;object-fit:cover;\" srcset=\"https:\/\/www.adapei64.fr\/site\/cfr\/wp-content\/uploads\/sites\/2\/2022\/04\/vieaffective.jpg 1034w, https:\/\/www.adapei64.fr\/site\/cfr\/wp-content\/uploads\/sites\/2\/2022\/04\/vieaffective-300x215.jpg 300w, https:\/\/www.adapei64.fr\/site\/cfr\/wp-content\/uploads\/sites\/2\/2022\/04\/vieaffective-1024x733.jpg 1024w, https:\/\/www.adapei64.fr\/site\/cfr\/wp-content\/uploads\/sites\/2\/2022\/04\/vieaffective-768x550.jpg 768w\" sizes=\"(max-width: 1034px) 100vw, 1034px\" \/><\/a><\/figure>\n\n\n<div class=\"wp-block-group is-vertical is-nowrap is-layout-flex wp-container-core-group-is-layout-9bc6ff26 wp-block-group-is-layout-flex\"><h4 class=\"wp-block-post-title\"><a href=\"https:\/\/www.adapei64.fr\/site\/cfr\/formations\/vie-intime\/\" target=\"_self\" >Vie intime<\/a><\/h4>\n\n<div class=\"wp-block-post-excerpt\"><p class=\"wp-block-post-excerpt__excerpt\"> <\/p><\/div><\/div>\n\n<\/li><li class=\"wp-block-post post-3357 formations type-formations status-publish has-post-thumbnail hentry category-citoyennete category-en-lien-avec-les-esat category-formations\">\n<figure style=\"aspect-ratio:16\/9; margin-bottom:var(--wp--preset--spacing--20);\" class=\"wp-block-post-featured-image\"><a href=\"https:\/\/www.adapei64.fr\/site\/cfr\/formations\/etre-tuteur-au-sein-de-mon-esat\/\" target=\"_self\"  ><img loading=\"lazy\" decoding=\"async\" width=\"992\" height=\"661\" src=\"https:\/\/www.adapei64.fr\/site\/cfr\/wp-content\/uploads\/sites\/2\/2022\/04\/equipe.jpg\" class=\"attachment-post-thumbnail size-post-thumbnail wp-post-image\" alt=\"\u00catre tuteur au sein de mon ESAT\" style=\"width:100%;height:100%;object-fit:cover;\" srcset=\"https:\/\/www.adapei64.fr\/site\/cfr\/wp-content\/uploads\/sites\/2\/2022\/04\/equipe.jpg 992w, https:\/\/www.adapei64.fr\/site\/cfr\/wp-content\/uploads\/sites\/2\/2022\/04\/equipe-300x200.jpg 300w, https:\/\/www.adapei64.fr\/site\/cfr\/wp-content\/uploads\/sites\/2\/2022\/04\/equipe-768x512.jpg 768w\" sizes=\"(max-width: 992px) 100vw, 992px\" \/><\/a><\/figure>\n\n\n<div class=\"wp-block-group is-vertical is-nowrap is-layout-flex wp-container-core-group-is-layout-9bc6ff26 wp-block-group-is-layout-flex\"><h4 class=\"wp-block-post-title\"><a href=\"https:\/\/www.adapei64.fr\/site\/cfr\/formations\/etre-tuteur-au-sein-de-mon-esat\/\" target=\"_self\" >\u00catre tuteur au sein de mon ESAT<\/a><\/h4>\n\n<div class=\"wp-block-post-excerpt\"><p class=\"wp-block-post-excerpt__excerpt\">Dans le cadre de l\u2019accueil de nouveaux travailleurs d\u2019ESAT, il est n\u00e9cessaire de structurer le\u2026 <\/p><\/div><\/div>\n\n<\/li><li class=\"wp-block-post post-1801 formations type-formations status-publish has-post-thumbnail hentry category-citoyennete category-en-lien-avec-les-esat tag-hygiene tag-sante\">\n<figure style=\"aspect-ratio:16\/9; margin-bottom:var(--wp--preset--spacing--20);\" class=\"wp-block-post-featured-image\"><a href=\"https:\/\/www.adapei64.fr\/site\/cfr\/formations\/prendre-soin-de-soi-et-de-son-apparence\/\" target=\"_self\"  ><img loading=\"lazy\" decoding=\"async\" width=\"2000\" height=\"1334\" src=\"https:\/\/www.adapei64.fr\/site\/cfr\/wp-content\/uploads\/sites\/2\/2023\/01\/coiffeur-BD.jpg\" class=\"attachment-post-thumbnail size-post-thumbnail wp-post-image\" alt=\"Prendre soin de soi et de son apparence\" style=\"width:100%;height:100%;object-fit:cover;\" srcset=\"https:\/\/www.adapei64.fr\/site\/cfr\/wp-content\/uploads\/sites\/2\/2023\/01\/coiffeur-BD.jpg 2000w, https:\/\/www.adapei64.fr\/site\/cfr\/wp-content\/uploads\/sites\/2\/2023\/01\/coiffeur-BD-300x200.jpg 300w, https:\/\/www.adapei64.fr\/site\/cfr\/wp-content\/uploads\/sites\/2\/2023\/01\/coiffeur-BD-1024x683.jpg 1024w, https:\/\/www.adapei64.fr\/site\/cfr\/wp-content\/uploads\/sites\/2\/2023\/01\/coiffeur-BD-768x512.jpg 768w, https:\/\/www.adapei64.fr\/site\/cfr\/wp-content\/uploads\/sites\/2\/2023\/01\/coiffeur-BD-1536x1025.jpg 1536w\" sizes=\"(max-width: 2000px) 100vw, 2000px\" \/><\/a><\/figure>\n\n\n<div class=\"wp-block-group is-vertical is-nowrap is-layout-flex wp-container-core-group-is-layout-9bc6ff26 wp-block-group-is-layout-flex\"><h4 class=\"wp-block-post-title\"><a href=\"https:\/\/www.adapei64.fr\/site\/cfr\/formations\/prendre-soin-de-soi-et-de-son-apparence\/\" target=\"_self\" >Prendre soin de soi et de son apparence<\/a><\/h4>\n\n<div class=\"wp-block-post-excerpt\"><p class=\"wp-block-post-excerpt__excerpt\">Il est important de prendre soin de l\u2019hygi\u00e8ne de son corps et de son apparence\u2026 <\/p><\/div><\/div>\n\n<\/li><li class=\"wp-block-post post-1453 formations type-formations status-publish has-post-thumbnail hentry category-citoyennete category-en-lien-avec-les-esat tag-sante tag-vie-affective\">\n<figure style=\"aspect-ratio:16\/9; margin-bottom:var(--wp--preset--spacing--20);\" class=\"wp-block-post-featured-image\"><a href=\"https:\/\/www.adapei64.fr\/site\/cfr\/formations\/intimite-sexualite-affectivite\/\" target=\"_self\"  ><img loading=\"lazy\" decoding=\"async\" width=\"1034\" height=\"740\" src=\"https:\/\/www.adapei64.fr\/site\/cfr\/wp-content\/uploads\/sites\/2\/2022\/04\/vieaffective.jpg\" class=\"attachment-post-thumbnail size-post-thumbnail wp-post-image\" alt=\"Intimit\u00e9, sexualit\u00e9, affectivit\u00e9\" style=\"width:100%;height:100%;object-fit:cover;\" srcset=\"https:\/\/www.adapei64.fr\/site\/cfr\/wp-content\/uploads\/sites\/2\/2022\/04\/vieaffective.jpg 1034w, https:\/\/www.adapei64.fr\/site\/cfr\/wp-content\/uploads\/sites\/2\/2022\/04\/vieaffective-300x215.jpg 300w, https:\/\/www.adapei64.fr\/site\/cfr\/wp-content\/uploads\/sites\/2\/2022\/04\/vieaffective-1024x733.jpg 1024w, https:\/\/www.adapei64.fr\/site\/cfr\/wp-content\/uploads\/sites\/2\/2022\/04\/vieaffective-768x550.jpg 768w\" sizes=\"(max-width: 1034px) 100vw, 1034px\" \/><\/a><\/figure>\n\n\n<div class=\"wp-block-group is-vertical is-nowrap is-layout-flex wp-container-core-group-is-layout-9bc6ff26 wp-block-group-is-layout-flex\"><h4 class=\"wp-block-post-title\"><a href=\"https:\/\/www.adapei64.fr\/site\/cfr\/formations\/intimite-sexualite-affectivite\/\" target=\"_self\" >Intimit\u00e9, sexualit\u00e9, affectivit\u00e9<\/a><\/h4>\n\n<div class=\"wp-block-post-excerpt\"><p class=\"wp-block-post-excerpt__excerpt\"> <\/p><\/div><\/div>\n\n<\/li><li class=\"wp-block-post post-1450 formations type-formations status-publish has-post-thumbnail hentry category-citoyennete category-en-lien-avec-les-esat tag-cvs\">\n<figure style=\"aspect-ratio:16\/9; margin-bottom:var(--wp--preset--spacing--20);\" class=\"wp-block-post-featured-image\"><a href=\"https:\/\/www.adapei64.fr\/site\/cfr\/formations\/mieux-representer-les-ouvriers-desat-en-cvs\/\" target=\"_self\"  ><img loading=\"lazy\" decoding=\"async\" width=\"1221\" height=\"680\" src=\"https:\/\/www.adapei64.fr\/site\/cfr\/wp-content\/uploads\/sites\/2\/2022\/04\/cvs.jpg\" class=\"attachment-post-thumbnail size-post-thumbnail wp-post-image\" alt=\"Mieux repr\u00e9senter les ouvriers d\u2019ESAT en CVS\" style=\"width:100%;height:100%;object-fit:cover;\" srcset=\"https:\/\/www.adapei64.fr\/site\/cfr\/wp-content\/uploads\/sites\/2\/2022\/04\/cvs.jpg 1221w, https:\/\/www.adapei64.fr\/site\/cfr\/wp-content\/uploads\/sites\/2\/2022\/04\/cvs-300x167.jpg 300w, https:\/\/www.adapei64.fr\/site\/cfr\/wp-content\/uploads\/sites\/2\/2022\/04\/cvs-1024x570.jpg 1024w, https:\/\/www.adapei64.fr\/site\/cfr\/wp-content\/uploads\/sites\/2\/2022\/04\/cvs-768x428.jpg 768w\" sizes=\"(max-width: 1221px) 100vw, 1221px\" \/><\/a><\/figure>\n\n\n<div class=\"wp-block-group is-vertical is-nowrap is-layout-flex wp-container-core-group-is-layout-9bc6ff26 wp-block-group-is-layout-flex\"><h4 class=\"wp-block-post-title\"><a href=\"https:\/\/www.adapei64.fr\/site\/cfr\/formations\/mieux-representer-les-ouvriers-desat-en-cvs\/\" target=\"_self\" >Mieux repr\u00e9senter les ouvriers d\u2019ESAT en CVS<\/a><\/h4>\n\n<div class=\"wp-block-post-excerpt\"><p class=\"wp-block-post-excerpt__excerpt\">\u00a0 Depuis la Loi du 2 janvier 2002, les ESAT ont mis en place les\u2026 <\/p><\/div><\/div>\n\n<\/li><\/ul>\n\n\n<div style=\"margin-top:0;margin-bottom:0;height:1.5rem;width:0px\" aria-hidden=\"true\" class=\"wp-block-spacer\"><\/div>\n\n\n<\/div>\n<\/div>\n<\/div>\n<\/div>\n\n\n\n<div class=\"wp-block-column formation-sidebar is-layout-flow wp-block-column-is-layout-flow\" style=\"flex-basis:25%\">\n<h3 class=\"wp-block-heading\">Nos th\u00e9matiques de formation<\/h3>\n\n\n<nav class=\"is-responsive menu-thema wp-block-navigation is-layout-flex wp-block-navigation-is-layout-flex\" aria-label=\"Nos th\u00e9matiques\" \n\t\t data-wp-interactive=\"core\/navigation\" data-wp-context='{\"overlayOpenedBy\":{\"click\":false,\"hover\":false,\"focus\":false},\"type\":\"overlay\",\"roleAttribute\":\"\",\"ariaLabel\":\"Menu\"}'><button aria-haspopup=\"dialog\" aria-label=\"Ouvrir le menu\" class=\"wp-block-navigation__responsive-container-open\" \n\t\t\t\tdata-wp-on--click=\"actions.openMenuOnClick\"\n\t\t\t\tdata-wp-on--keydown=\"actions.handleMenuKeydown\"\n\t\t\t><svg width=\"24\" height=\"24\" xmlns=\"http:\/\/www.w3.org\/2000\/svg\" viewBox=\"0 0 24 24\" aria-hidden=\"true\" focusable=\"false\"><path d=\"M4 7.5h16v1.5H4z\"><\/path><path d=\"M4 15h16v1.5H4z\"><\/path><\/svg><\/button>\n\t\t\t\t<div class=\"wp-block-navigation__responsive-container\"  id=\"modal-1\" \n\t\t\t\tdata-wp-class--has-modal-open=\"state.isMenuOpen\"\n\t\t\t\tdata-wp-class--is-menu-open=\"state.isMenuOpen\"\n\t\t\t\tdata-wp-watch=\"callbacks.initMenu\"\n\t\t\t\tdata-wp-on--keydown=\"actions.handleMenuKeydown\"\n\t\t\t\tdata-wp-on--focusout=\"actions.handleMenuFocusout\"\n\t\t\t\ttabindex=\"-1\"\n\t\t\t>\n\t\t\t\t\t<div class=\"wp-block-navigation__responsive-close\" tabindex=\"-1\">\n\t\t\t\t\t\t<div class=\"wp-block-navigation__responsive-dialog\" \n\t\t\t\tdata-wp-bind--aria-modal=\"state.ariaModal\"\n\t\t\t\tdata-wp-bind--aria-label=\"state.ariaLabel\"\n\t\t\t\tdata-wp-bind--role=\"state.roleAttribute\"\n\t\t\t>\n\t\t\t\t\t\t\t<button aria-label=\"Fermer le menu\" class=\"wp-block-navigation__responsive-container-close\" \n\t\t\t\tdata-wp-on--click=\"actions.closeMenuOnClick\"\n\t\t\t><svg xmlns=\"http:\/\/www.w3.org\/2000\/svg\" viewBox=\"0 0 24 24\" width=\"24\" height=\"24\" aria-hidden=\"true\" focusable=\"false\"><path d=\"m13.06 12 6.47-6.47-1.06-1.06L12 10.94 5.53 4.47 4.47 5.53 10.94 12l-6.47 6.47 1.06 1.06L12 13.06l6.47 6.47 1.06-1.06L13.06 12Z\"><\/path><\/svg><\/button>\n\t\t\t\t\t\t\t<div class=\"wp-block-navigation__responsive-container-content\" \n\t\t\t\tdata-wp-watch=\"callbacks.focusFirstElement\"\n\t\t\t id=\"modal-1-content\">\n\t\t\t\t\t\t\t\t<ul class=\"wp-block-navigation__container is-responsive menu-thema wp-block-navigation\"><li class=\" wp-block-navigation-item  menu-item menu-item-type-post_type menu-item-object-page wp-block-navigation-link\"><a class=\"wp-block-navigation-item__content\"  href=\"https:\/\/www.adapei64.fr\/site\/cfr\/formation\/handicap-et-soins\/\" title=\"\"><span class=\"wp-block-navigation-item__label\">Handicap et soins<\/span><\/a><\/li><li class=\" wp-block-navigation-item  menu-item menu-item-type-post_type menu-item-object-page wp-block-navigation-link\"><a class=\"wp-block-navigation-item__content\"  href=\"https:\/\/www.adapei64.fr\/site\/cfr\/formation\/qualite-de-vie-et-des-conditions-de-travail-qvct\/\" title=\"\"><span class=\"wp-block-navigation-item__label\">Qualit\u00e9 de vie et des conditions de travail (QVCT)<\/span><\/a><\/li><li class=\" wp-block-navigation-item  menu-item menu-item-type-post_type menu-item-object-page wp-block-navigation-link\"><a class=\"wp-block-navigation-item__content\"  href=\"https:\/\/www.adapei64.fr\/site\/cfr\/formation\/en-lien-avec-les-esat\/\" title=\"\"><span class=\"wp-block-navigation-item__label\">En lien avec les ESAT<\/span><\/a><\/li><li class=\" wp-block-navigation-item  menu-item menu-item-type-post_type menu-item-object-page wp-block-navigation-link\"><a class=\"wp-block-navigation-item__content\"  href=\"https:\/\/www.adapei64.fr\/site\/cfr\/formation\/informatique\/\" title=\"\"><span class=\"wp-block-navigation-item__label\">Informatique<\/span><\/a><\/li><\/ul>\n\t\t\t\t\t\t\t<\/div>\n\t\t\t\t\t\t<\/div>\n\t\t\t\t\t<\/div>\n\t\t\t\t<\/div><\/nav>\n\n\n<figure class=\"wp-block-image size-full has-custom-border\"><a href=\"http:\/\/www.adapei64.fr\/site\/cfr\/wp-content\/uploads\/sites\/2\/2026\/04\/CFR-AdapeiPA-Catalogue-Formations-2026.pdf\" target=\"_blank\" rel=\"noopener\"><img loading=\"lazy\" decoding=\"async\" width=\"567\" height=\"800\" src=\"http:\/\/www.adapei64.fr\/site\/cfr\/wp-content\/uploads\/sites\/2\/2026\/01\/CatalogueFormations-2026.png\" alt=\"Couverture du catalogue de formation 2026\" class=\"wp-image-3503\" style=\"border-width:22px\" srcset=\"https:\/\/www.adapei64.fr\/site\/cfr\/wp-content\/uploads\/sites\/2\/2026\/01\/CatalogueFormations-2026.png 567w, https:\/\/www.adapei64.fr\/site\/cfr\/wp-content\/uploads\/sites\/2\/2026\/01\/CatalogueFormations-2026-213x300.png 213w\" sizes=\"(max-width: 567px) 100vw, 567px\" \/><\/a><\/figure>\n\n\n\n<div class=\"wp-block-buttons is-layout-flex wp-block-buttons-is-layout-flex\">\n<div class=\"wp-block-button has-custom-width wp-block-button__width-100\"><a class=\"wp-block-button__link has-black-color has-text-color has-background has-link-color wp-element-button\" href=\"https:\/\/www.adapei64.fr\/site\/cfr\/nos-formateurs\/\" style=\"border-radius:2px;background-color:#b6c125\">Nos formateurs<\/a><\/div>\n\n\n\n<div class=\"wp-block-button has-custom-width wp-block-button__width-100\"><a class=\"wp-block-button__link has-background wp-element-button\" href=\"http:\/\/www.adapei64.fr\/site\/cfr\/wp-content\/uploads\/sites\/2\/2024\/10\/Adapei64-CFR-Livret-Accueil.pdf\" style=\"border-radius:2px;background-color:#017e98\" target=\"_blank\" rel=\"noreferrer noopener\">Livret d&rsquo;accueil et R\u00e8glement int\u00e9rieur du CFR<\/a><\/div>\n\n\n\n<div class=\"wp-block-button has-custom-width wp-block-button__width-100\"><a class=\"wp-block-button__link has-background wp-element-button\" href=\"https:\/\/www.adapei64.fr\/site\/cfr\/conditions-generales-de-vente\/\" style=\"border-radius:2px;background-color:#017e98\" target=\"_blank\" rel=\"noreferrer noopener\">Conditions g\u00e9n\u00e9rales de vente<\/a><\/div>\n\n\n\n<div class=\"wp-block-button has-custom-width wp-block-button__width-100\"><a class=\"wp-block-button__link has-background wp-element-button\" href=\"https:\/\/www.adapei64.fr\/site\/cfr\/accessibilite-des-personnes-en-situation-de-handicap\/\" style=\"border-radius:2px;background-color:#017e98\" target=\"_blank\" rel=\"noreferrer noopener\">Accessibilit\u00e9 des personnes en situation de handicap<\/a><\/div>\n\n\n\n<div class=\"wp-block-button has-custom-width wp-block-button__width-100\"><a class=\"wp-block-button__link has-background wp-element-button\" href=\"http:\/\/www.adapei64.fr\/site\/cfr\/wp-content\/uploads\/sites\/2\/2026\/03\/Organigramme-CFR-14-04-2026.pdf\" style=\"border-radius:2px;background-color:#017e98\" target=\"_blank\" rel=\"noreferrer noopener\">Organigramme du CFR<\/a><\/div>\n<\/div>\n\n\n\n\n\n<p><a href=\"http:\/\/www.adapei64.fr\/site\/cfr\/wp-content\/uploads\/sites\/2\/2023\/07\/CFR-Organigramme.pdf\" target=\"_blank\" rel=\"noopener\"><br><\/a><\/p>\n<\/div>\n<\/div>\n","protected":false},"excerpt":{"rendered":"<p>Handicap et soins Handicap Autisme Ethique et bientraitance Lien avec les familles Parcours de moniteur d&rsquo;atelier Inclusion et accessibilit\u00e9 Dimension corporelle et esth\u00e9tique de la personne accompagn\u00e9e Qualit\u00e9 de vie et des conditions de travail Organisation et conditions de travail S\u00e9curit\u00e9 et sant\u00e9 au travail Gestion des comp\u00e9tences Informatique Excel Word Office 365 En lien [&hellip;]<\/p>\n","protected":false},"author":1,"featured_media":260,"parent":0,"menu_order":4,"comment_status":"closed","ping_status":"closed","template":"","meta":{"_acf_changed":false,"footnotes":""},"class_list":["post-54","page","type-page","status-publish","has-post-thumbnail","hentry"],"acf":[],"distributor_meta":false,"distributor_terms":false,"distributor_media":false,"distributor_original_site_name":"Centre de Formation et de Recherche","distributor_original_site_url":"https:\/\/www.adapei64.fr\/site\/cfr","push-errors":false,"_links":{"self":[{"href":"https:\/\/www.adapei64.fr\/site\/cfr\/wp-json\/wp\/v2\/pages\/54","targetHints":{"allow":["GET"]}}],"collection":[{"href":"https:\/\/www.adapei64.fr\/site\/cfr\/wp-json\/wp\/v2\/pages"}],"about":[{"href":"https:\/\/www.adapei64.fr\/site\/cfr\/wp-json\/wp\/v2\/types\/page"}],"author":[{"embeddable":true,"href":"https:\/\/www.adapei64.fr\/site\/cfr\/wp-json\/wp\/v2\/users\/1"}],"replies":[{"embeddable":true,"href":"https:\/\/www.adapei64.fr\/site\/cfr\/wp-json\/wp\/v2\/comments?post=54"}],"version-history":[{"count":474,"href":"https:\/\/www.adapei64.fr\/site\/cfr\/wp-json\/wp\/v2\/pages\/54\/revisions"}],"predecessor-version":[{"id":3564,"href":"https:\/\/www.adapei64.fr\/site\/cfr\/wp-json\/wp\/v2\/pages\/54\/revisions\/3564"}],"wp:featuredmedia":[{"embeddable":true,"href":"https:\/\/www.adapei64.fr\/site\/cfr\/wp-json\/wp\/v2\/media\/260"}],"wp:attachment":[{"href":"https:\/\/www.adapei64.fr\/site\/cfr\/wp-json\/wp\/v2\/media?parent=54"}],"curies":[{"name":"wp","href":"https:\/\/api.w.org\/{rel}","templated":true}]}}