{"id":17811,"date":"2025-06-10T14:46:14","date_gmt":"2025-06-10T12:46:14","guid":{"rendered":"https:\/\/www.adapei64.fr\/site\/?post_type=awsm_job_openings&#038;p=17811"},"modified":"2025-06-16T02:33:59","modified_gmt":"2025-06-16T00:33:59","slug":"1-moniteur-datelier-2eme-classe-h-f-sur-des-activites-de-sous-traitance-3","status":"expired","type":"awsm_job_openings","link":"https:\/\/www.adapei64.fr\/site\/?post_type=awsm_job_openings&p=17811","title":{"rendered":"1 Moniteur d\u2019Atelier 2\u00e8me classe (H\/F) sur des activit\u00e9s de sous-traitance"},"content":{"rendered":"\n<p class=\"wp-block-paragraph\"><strong><u>Cadre d\u2019intervention :<\/u><\/strong><\/p>\n\n\n\n<p class=\"wp-block-paragraph\">L\u2019Adapei des Pyr\u00e9n\u00e9es-Atlantiques est gestionnaire d\u2019une quarantaine d\u2019\u00e9tablissements et services et accompagne environ 1700 personnes en situation de handicap.<\/p>\n\n\n\n<p class=\"wp-block-paragraph\">Vous trouverez l\u2019ensemble de ces \u00e9tablissements et services sur le site internet de l\u2019Adapei des Pyr\u00e9n\u00e9es-Atlantiques&nbsp;(<a href=\"http:\/\/www.adapei64.fr\">www.adapei64.fr<\/a>).<br><br><\/p>\n\n\n\n<p class=\"wp-block-paragraph\">Porteuse des valeurs des associations parentales, l\u2019Adapei des Pyr\u00e9n\u00e9es-Atlantiques inscrit son projet associatif dans une posture de valorisation r\u00e9ciproque des comp\u00e9tences&nbsp;:<\/p>\n\n\n\n<ul class=\"wp-block-list\">\n<li>\u00a0Cr\u00e9er une culture et une organisation bas\u00e9e sur le partage des connaissances,<\/li>\n\n\n\n<li>\u00a0D\u00e9cloisonner les \u00e9tablissements et les services pour s\u2019enrichir mutuellement des expertises,<\/li>\n\n\n\n<li>\u00a0Accompagner en valorisant les comp\u00e9tences de l\u2019ensemble des acteurs,<\/li>\n\n\n\n<li>\u00a0Apprendre au niveau de son environnement en coop\u00e9rant avec d\u2019autres partenaires,<\/li>\n\n\n\n<li>\u00a0Investir dans la recherche, le d\u00e9veloppement et l\u2019innovation.\u00a0<\/li>\n<\/ul>\n\n\n\n<p class=\"wp-block-paragraph\">L\u2019ESAT Colo-Coustau accueille environ 235 travailleurs (agr\u00e9ment 207 ETP) en situation de handicap (dont des personnes pr\u00e9sentant des TSA), leur offrant ainsi une possibilit\u00e9 d\u2019insertion sociale et professionnelle dans le cadre d\u2019activit\u00e9s de production (menuiserie, cartonnerie, frisure, savonnerie, bijouterie\u2026) ou de services diversifi\u00e9es (sous-traitance industrielle, entretien d\u2019espaces verts, restauration\u2026) dont les prestations et mises \u00e0 dispositions dans les locaux de nos partenaires\/clients.<\/p>\n\n\n\n<p class=\"wp-block-paragraph\"><strong><u>Missions&nbsp;:<\/u><\/strong><\/p>\n\n\n\n<p class=\"wp-block-paragraph\">Plac\u00e9(e) sous l\u2019autorit\u00e9 des adjoints techniques, vous travaillez en \u00e9troite collaboration avec l\u2019\u00e9quipe pluridisciplinaire et vous \u00eates charg\u00e9(e), sur site ou chez nos partenaires\/clients, de :<\/p>\n\n\n\n<ul class=\"wp-block-list\">\n<li>Garantir la s\u00e9curit\u00e9, et veiller \u00e0 l\u2019hygi\u00e8ne et aux conditions de travail des personnes accompagn\u00e9es,<\/li>\n\n\n\n<li>Organiser et g\u00e9rer les activit\u00e9s de production (de la commande \u00e0 la livraison, dans un lien privil\u00e9gi\u00e9 avec le client) en tenant compte des potentialit\u00e9s de chacun, et en les adaptant aux postes de travail,<\/li>\n\n\n\n<li>Conduire une action \u00e9ducative et p\u00e9dagogique aupr\u00e8s des travailleurs en collaboration avec l\u2019\u00e9quipe m\u00e9dico-sociale et technique,<\/li>\n\n\n\n<li>Pr\u00e9parer et garantir la mise en \u0153uvre du projet personnalis\u00e9 des personnes dont vous \u00eates r\u00e9f\u00e9rent,<\/li>\n\n\n\n<li>Mettre en \u0153uvre les actions n\u00e9cessaires \u00e0 la formation et \u00e0 la valorisation des comp\u00e9tences des personnes accompagn\u00e9es,<\/li>\n\n\n\n<li>S\u2019impliquer dans les d\u00e9marches d\u2019am\u00e9lioration continue des pratiques et environnementale de l\u2019ESAT, ainsi que dans les projets transversaux associatifs.<\/li>\n<\/ul>\n\n\n\n<p class=\"wp-block-paragraph\"><strong><u>Profil recherch\u00e9 et Comp\u00e9tences requises&nbsp;:<\/u><\/strong><\/p>\n\n\n\n<ul class=\"wp-block-list\">\n<li>Dipl\u00f4me et Exp\u00e9rience professionnelle exig\u00e9s\u00a0:<ul><li>CAP \/ BEP avec 7 ann\u00e9es de pratique professionnelle dans l\u2019emploi ou dans milieu industriel \u00e9quivalent,<\/li><\/ul><ul><li>Ou, BP \/ BAC avec 5 ann\u00e9es de pratique professionnelle dans l\u2019emploi ou dans milieu industriel \u00e9quivalent,<\/li><\/ul>\n<ul class=\"wp-block-list\">\n<li>Ou Titre de Moniteur d\u2019atelier,<\/li>\n<\/ul>\n<\/li>\n\n\n\n<li>Capacit\u00e9 de travail en \u00e9quipe et \u00e0 inscrire l\u2019intervention dans une dynamique partenariale,<\/li>\n\n\n\n<li>Etre force de proposition, et en capacit\u00e9 \u00e0 porter des projets, \u00e0 mettre en place de nouvelles activit\u00e9s,<\/li>\n\n\n\n<li>Capacit\u00e9 d\u2019\u00e9coute, d\u2019analyse des situations, afin de soutenir les personnes accompagn\u00e9es sur le plan personnel et de r\u00e9guler les inter-relations,<\/li>\n\n\n\n<li>Aptitudes \u00e0 l\u2019analyse et \u00e0 l\u2019\u00e9valuation de la pratique professionnelle,<\/li>\n\n\n\n<li>Capacit\u00e9s organisationnelles (gestion de production) et capacit\u00e9 \u00e0 rendre compte<\/li>\n\n\n\n<li>Connaissances souhait\u00e9es en informatique : Pack OFFICE (Outlook, Excel, Word),<\/li>\n<\/ul>\n\n\n\n<p class=\"wp-block-paragraph\"><strong><u>Conditions&nbsp;:<\/u><\/strong><\/p>\n\n\n\n<ul class=\"wp-block-list\">\n<li>1 Contrat \u00e0 Dur\u00e9e D\u00e9termin\u00e9e \u00e0 Temps Plein (1 ETP), 1 mois renouvelable.<\/li>\n\n\n\n<li>Convention Collective Nationale du 15 mars 1966,<\/li>\n\n\n\n<li>Classification du poste\u00a0: Moniteur d\u2019atelier de 2<sup>\u00e8me<\/sup> classe (H\/F), sous r\u00e9serve des exigences conventionnelles,<\/li>\n\n\n\n<li>R\u00e9mun\u00e9ration selon les exigences conventionnelles,<\/li>\n\n\n\n<li>Type d\u2019Horaires\u00a0: Externat &#8211; Groupe 1.<\/li>\n<\/ul>\n\n\n\n<p class=\"wp-block-paragraph\">Merci d\u2019adresser votre candidature (CV + Lettre de motivation) <strong><u>au plus tard le 15\/06\/2025<\/u><\/strong>, \u00e0 l\u2019attention de Madame Corinne DANE, Directrice de l\u2019ESAT COLO-COUSTAU&nbsp;:<\/p>\n\n\n\n<ul class=\"wp-block-list\">\n<li>par mail\u00a0: colocoustau.secretariat@adapei64.fr<\/li>\n\n\n\n<li>ou par voie postale\u00a0: Rue Maurice COUSTAU \u2013 64230 LESCAR.<\/li>\n<\/ul>\n\n\n\n<p class=\"wp-block-paragraph\">Pour tout renseignement compl\u00e9mentaire, vous pouvez contacter l\u2019\u00e9tablissement au : 05 59 81 03 64.<\/p>\n","protected":false},"excerpt":{"rendered":"<p>Cadre d\u2019intervention : L\u2019Adapei des Pyr\u00e9n\u00e9es-Atlantiques est gestionnaire d\u2019une quarantaine d\u2019\u00e9tablissements et services et accompagne environ 1700 personnes en situation de handicap. Vous trouverez l\u2019ensemble de ces \u00e9tablissements et services&hellip; <a class=\"continue\" href=\"https:\/\/www.adapei64.fr\/site\/?post_type=awsm_job_openings&#038;p=17811\">Lire :<span> 1 Moniteur d\u2019Atelier 2\u00e8me classe (H\/F) sur des activit\u00e9s de sous-traitance<\/span><\/a><\/p>\n","protected":false},"author":96,"template":"","meta":{"_crdt_document":"","om_disable_all_campaigns":false,"_uag_custom_page_level_css":"","_monsterinsights_skip_tracking":false,"_monsterinsights_sitenote_active":false,"_monsterinsights_sitenote_note":"","_monsterinsights_sitenote_category":0,"_uf_show_specific_survey":0,"_uf_disable_surveys":false,"_EventAllDay":false,"_EventTimezone":"","_EventStartDate":"","_EventEndDate":"","_EventStartDateUTC":"","_EventEndDateUTC":"","_EventShowMap":false,"_EventShowMapLink":false,"_EventURL":"","_EventCost":"","_EventCostDescription":"","_EventCurrencySymbol":"","_EventCurrencyCode":"","_EventCurrencyPosition":"","_EventDateTimeSeparator":"","_EventTimeRangeSeparator":"","_EventOrganizerID":[],"_EventVenueID":[],"_OrganizerEmail":"","_OrganizerPhone":"","_OrganizerWebsite":"","_VenueAddress":"","_VenueCity":"","_VenueCountry":"","_VenueProvince":"","_VenueState":"","_VenueZip":"","_VenuePhone":"","_VenueURL":"","_VenueStateProvince":"","_VenueLat":"","_VenueLng":"","_VenueShowMap":false,"_VenueShowMapLink":false},"class_list":["post-17811","awsm_job_openings","type-awsm_job_openings","status-expired","hentry","job-category-fonctions-services-generaux","job-type-temps-plein-1-etp","job-location-esat-colo-coustau-lescar","job_contrat-cdd"],"uagb_featured_image_src":[],"uagb_author_info":{"display_name":"siegerh","author_link":"https:\/\/www.adapei64.fr\/site\/author\/siegerh\/"},"uagb_comment_info":0,"uagb_excerpt":"Cadre d\u2019intervention : L\u2019Adapei des Pyr\u00e9n\u00e9es-Atlantiques est gestionnaire d\u2019une quarantaine d\u2019\u00e9tablissements et services et accompagne environ 1700 personnes en situation de handicap. Vous trouverez l\u2019ensemble de ces \u00e9tablissements et services&hellip; Lire : 1 Moniteur d\u2019Atelier 2\u00e8me classe (H\/F) sur des activit\u00e9s de sous-traitance","distributor_meta":false,"distributor_terms":false,"distributor_media":false,"distributor_original_site_name":"Adapei des Pyr\u00e9n\u00e9es-Atlantiques","distributor_original_site_url":"https:\/\/www.adapei64.fr\/site","push-errors":false,"_links":{"self":[{"href":"https:\/\/www.adapei64.fr\/site\/wp-json\/wp\/v2\/awsm_job_openings\/17811","targetHints":{"allow":["GET"]}}],"collection":[{"href":"https:\/\/www.adapei64.fr\/site\/wp-json\/wp\/v2\/awsm_job_openings"}],"about":[{"href":"https:\/\/www.adapei64.fr\/site\/wp-json\/wp\/v2\/types\/awsm_job_openings"}],"author":[{"embeddable":true,"href":"https:\/\/www.adapei64.fr\/site\/wp-json\/wp\/v2\/users\/96"}],"wp:attachment":[{"href":"https:\/\/www.adapei64.fr\/site\/wp-json\/wp\/v2\/media?parent=17811"}],"curies":[{"name":"wp","href":"https:\/\/api.w.org\/{rel}","templated":true}]}}