{"id":17994,"date":"2025-07-25T14:07:28","date_gmt":"2025-07-25T12:07:28","guid":{"rendered":"https:\/\/www.adapei64.fr\/site\/?post_type=awsm_job_openings&#038;p=17994"},"modified":"2025-08-13T02:33:58","modified_gmt":"2025-08-13T00:33:58","slug":"1-psychologue-h-f-4","status":"expired","type":"awsm_job_openings","link":"https:\/\/www.adapei64.fr\/site\/?post_type=awsm_job_openings&p=17994","title":{"rendered":"1 PSYCHOLOGUE (H\/F)"},"content":{"rendered":"\n<p class=\"wp-block-paragraph\"><strong><u>Cadre d\u2019intervention :<\/u><\/strong><\/p>\n\n\n\n<p class=\"wp-block-paragraph\">L\u2019Adapei des Pyr\u00e9n\u00e9es-Atlantiques est gestionnaire d\u2019une quarantaine d\u2019\u00e9tablissements et services et accompagne environ 1700 personnes en situation de handicap.<\/p>\n\n\n\n<p class=\"wp-block-paragraph\">Vous trouverez l\u2019ensemble de ces \u00e9tablissements et services sur le site internet de l\u2019Adapei des Pyr\u00e9n\u00e9es-Atlantiques&nbsp;: <a href=\"http:\/\/www.adapei64.fr\">www.adapei64.fr<\/a>&nbsp;&nbsp;<\/p>\n\n\n\n<p class=\"wp-block-paragraph\">Porteuse des valeurs des associations parentales, l\u2019Adapei des Pyr\u00e9n\u00e9es-Atlantiques inscrit son projet associatif dans une posture de valorisation r\u00e9ciproque des comp\u00e9tences&nbsp;:<\/p>\n\n\n\n<ul class=\"wp-block-list\">\n<li>Cr\u00e9er une culture et une organisation bas\u00e9e sur le partage des connaissances,<\/li>\n\n\n\n<li>D\u00e9cloisonner les \u00e9tablissements et les services pour s\u2019enrichir mutuellement des expertises,<\/li>\n\n\n\n<li>Accompagner en valorisant les comp\u00e9tences de l\u2019ensemble des acteurs,<\/li>\n\n\n\n<li>Apprendre au niveau de son environnement en coop\u00e9rant avec d\u2019autres partenaires,<\/li>\n\n\n\n<li>Investir dans la recherche, le d\u00e9veloppement et l\u2019innovation.<\/li>\n<\/ul>\n\n\n\n<p class=\"wp-block-paragraph\"><strong>Le complexe Georgette BERTHE repr\u00e9sente actuellement 120 places r\u00e9parties sur deux territoires d\u2019intervention et regroupe 6 agr\u00e9ments pour des enfants et adolescents de 2 \u00e0 20 ans pr\u00e9sentant un trouble neurod\u00e9veloppemental&nbsp;:<\/strong><\/p>\n\n\n\n<ul class=\"wp-block-list\">\n<li>P\u00f4le palois\u00a0: IME Georgette Berthe dont internat (51 places pluri handicap \/ trouble du spectre de l\u2019autisme), UEE g\u00e9n\u00e9raliste coll\u00e8ge Pierre Emmanuel\u00a0;<\/li>\n\n\n\n<li>P\u00f4le ambulatoire B\u00e9arn et Haut B\u00e9arn\u00a0: SESSAD les Petits Princes dont antenne \u00e0 Oloron Sainte Marie (TSA\/TED, 18 places \u00e0 Pau et 6 places \u00e0 Oloron), \u00e9quipe mobile SESSAD Projet de vie de 5 places pour des jeunes de 16 \u00e0 25 ans, UEMA \/ UEEA sur le groupe scolaire de BIZANOS (classe sp\u00e9cialis\u00e9e autisme maternelle 7 places, classe sp\u00e9cialis\u00e9e autisme \u00e9l\u00e9mentaire de 10 places), SESSAD \u00e0 tendance dys- Georgette BERTHE de 8 places\u00a0;\u00a0\u00a0<\/li>\n\n\n\n<li>P\u00f4le Oloronais\u00a0: IME Espoir en accueil de jour de 15 places, UEE g\u00e9n\u00e9raliste \u00e9cole \u00e9l\u00e9mentaire de LEDEUIX.<\/li>\n<\/ul>\n\n\n\n<p class=\"wp-block-paragraph\"><strong><u>Missions&nbsp;:<\/u><\/strong><\/p>\n\n\n\n<ul class=\"wp-block-list\">\n<li>Evaluer les besoins des jeunes accompagn\u00e9s \u00e0 l\u2019aide des outils d\u2019\u00e9valuation recommand\u00e9s (WISC V, Vineland, ABLLS, PEP, AAPEP) dans les diff\u00e9rents domaines d\u2019intervention (fonctionnement, participation sociale, facteurs environnementaux),<\/li>\n\n\n\n<li>Elaborer et concevoir, en lien avec l\u2019\u00e9quipe et le chef de service, les programmes d\u2019apprentissage et de d\u00e9veloppement\u00a0: utilisation du PECS, des m\u00e9thodes d\u2019analyse appliqu\u00e9e du comportement (ABA) et TEACCH,<\/li>\n\n\n\n<li>Etayer l\u2019\u00e9quipe \u00e9ducative autour de la recherche, de la mise en \u0153uvre, du suivi et de l\u2019\u00e9valuation des objectifs de travail,<\/li>\n<\/ul>\n\n\n\n<ul class=\"wp-block-list\">\n<li>Assurer le suivi psychologique \/ soutien \u00e9motionnel des jeunes accompagn\u00e9s\u00a0: entretien individuels, activit\u00e9s et\/ou ateliers groupaux,<\/li>\n\n\n\n<li>Accompagner les familles\u00a0: mise en place de guidance parentale et contribution au d\u00e9veloppement des dispositifs de pair-aidance,<\/li>\n\n\n\n<li>S\u2019inscrire dans un maillage partenarial\u00a0: suivi et accompagnement des param\u00e9dicaux lib\u00e9raux et coordination des interventions avec les partenaires du secteur sanitaire.<\/li>\n\n\n\n<li>Participation, par d\u00e9l\u00e9gation, aux instances de travail partenarial avec l\u2019\u00e9ducation nationale, les PCPE, ESMS, etc.<\/li>\n<\/ul>\n\n\n\n<p class=\"wp-block-paragraph\"><strong><u>Profil recherch\u00e9 et Comp\u00e9tences requises&nbsp;:<\/u><\/strong><\/p>\n\n\n\n<ul class=\"wp-block-list\">\n<li>Titulaire d\u2019un MASTER 2 Psychologie clinique du d\u00e9veloppement de l\u2019enfant exig\u00e9,<\/li>\n\n\n\n<li>Exp\u00e9rience dans l\u2019accompagnement des enfants porteurs de handicap,<\/li>\n\n\n\n<li>Qualit\u00e9s d\u2019animation, p\u00e9dagogiques, r\u00e9dactionnelles et d\u2019analyse,<\/li>\n\n\n\n<li>Organisation, m\u00e9thode et rigueur,<\/li>\n\n\n\n<li>Savoir-\u00eatre attendus\u00a0: qualit\u00e9s relationnelles, capacit\u00e9s d\u2019\u00e9coute, travail en \u00e9quipe, rendre compte de ses activit\u00e9s, \u2026<\/li>\n<\/ul>\n\n\n\n<p class=\"wp-block-paragraph\"><strong><u>Conditions&nbsp;:<\/u><\/strong><\/p>\n\n\n\n<ul class=\"wp-block-list\">\n<li>1 Contrat \u00e0 Dur\u00e9e Ind\u00e9termin\u00e9e \u00e0 temps partiel (0.20 ETP),<\/li>\n\n\n\n<li>Convention Collective Nationale du 15 mars 1966,<\/li>\n\n\n\n<li>Classification du poste\u00a0: Psychologue (H\/F), sous r\u00e9serve des exigences conventionnelles,<\/li>\n\n\n\n<li>R\u00e9mun\u00e9ration selon les exigences conventionnelles,<\/li>\n\n\n\n<li>Type d\u2019horaires\u00a0: Externat \/ Groupe 2.<\/li>\n<\/ul>\n\n\n\n<p class=\"wp-block-paragraph\">Merci d\u2019adresser votre candidature (CV + Lettre de motivation) <strong><u>le plus vite possible<\/u><\/strong>, \u00e0 l\u2019attention de Madame LE GUYADER \u2013 Directrice de L\u2019IME Georgette BERTHE par mail&nbsp;: poleenfance.equipedirection@adapei64.fr.<\/p>\n\n\n\n<p class=\"wp-block-paragraph\">Pour tout renseignement compl\u00e9mentaire, vous pouvez contacter l\u2019\u00e9tablissement au&nbsp;: pr\u00e9ciser le num\u00e9ro de t\u00e9l\u00e9phone <em>05.59.14.89.90<\/em><\/p>\n","protected":false},"excerpt":{"rendered":"<p>Cadre d\u2019intervention : L\u2019Adapei des Pyr\u00e9n\u00e9es-Atlantiques est gestionnaire d\u2019une quarantaine d\u2019\u00e9tablissements et services et accompagne environ 1700 personnes en situation de handicap. Vous trouverez l\u2019ensemble de ces \u00e9tablissements et services&hellip; <a class=\"continue\" href=\"https:\/\/www.adapei64.fr\/site\/?post_type=awsm_job_openings&#038;p=17994\">Lire :<span> 1 PSYCHOLOGUE (H\/F)<\/span><\/a><\/p>\n","protected":false},"author":96,"template":"","meta":{"_crdt_document":"","om_disable_all_campaigns":false,"_uag_custom_page_level_css":"","_monsterinsights_skip_tracking":false,"_monsterinsights_sitenote_active":false,"_monsterinsights_sitenote_note":"","_monsterinsights_sitenote_category":0,"_uf_show_specific_survey":0,"_uf_disable_surveys":false,"_EventAllDay":false,"_EventTimezone":"","_EventStartDate":"","_EventEndDate":"","_EventStartDateUTC":"","_EventEndDateUTC":"","_EventShowMap":false,"_EventShowMapLink":false,"_EventURL":"","_EventCost":"","_EventCostDescription":"","_EventCurrencySymbol":"","_EventCurrencyCode":"","_EventCurrencyPosition":"","_EventDateTimeSeparator":"","_EventTimeRangeSeparator":"","_EventOrganizerID":[],"_EventVenueID":[],"_OrganizerEmail":"","_OrganizerPhone":"","_OrganizerWebsite":"","_VenueAddress":"","_VenueCity":"","_VenueCountry":"","_VenueProvince":"","_VenueState":"","_VenueZip":"","_VenuePhone":"","_VenueURL":"","_VenueStateProvince":"","_VenueLat":"","_VenueLng":"","_VenueShowMap":false,"_VenueShowMapLink":false},"class_list":["post-17994","awsm_job_openings","type-awsm_job_openings","status-expired","hentry","job-category-fonctions-services-generaux","job-type-temps-partiel","job-location-complexe-georgette-berthe-bizanos","job_contrat-cdi"],"uagb_featured_image_src":[],"uagb_author_info":{"display_name":"siegerh","author_link":"https:\/\/www.adapei64.fr\/site\/author\/siegerh\/"},"uagb_comment_info":0,"uagb_excerpt":"Cadre d\u2019intervention : L\u2019Adapei des Pyr\u00e9n\u00e9es-Atlantiques est gestionnaire d\u2019une quarantaine d\u2019\u00e9tablissements et services et accompagne environ 1700 personnes en situation de handicap. Vous trouverez l\u2019ensemble de ces \u00e9tablissements et services&hellip; Lire : 1 PSYCHOLOGUE (H\/F)","distributor_meta":false,"distributor_terms":false,"distributor_media":false,"distributor_original_site_name":"Adapei des Pyr\u00e9n\u00e9es-Atlantiques","distributor_original_site_url":"https:\/\/www.adapei64.fr\/site","push-errors":false,"_links":{"self":[{"href":"https:\/\/www.adapei64.fr\/site\/wp-json\/wp\/v2\/awsm_job_openings\/17994","targetHints":{"allow":["GET"]}}],"collection":[{"href":"https:\/\/www.adapei64.fr\/site\/wp-json\/wp\/v2\/awsm_job_openings"}],"about":[{"href":"https:\/\/www.adapei64.fr\/site\/wp-json\/wp\/v2\/types\/awsm_job_openings"}],"author":[{"embeddable":true,"href":"https:\/\/www.adapei64.fr\/site\/wp-json\/wp\/v2\/users\/96"}],"wp:attachment":[{"href":"https:\/\/www.adapei64.fr\/site\/wp-json\/wp\/v2\/media?parent=17994"}],"curies":[{"name":"wp","href":"https:\/\/api.w.org\/{rel}","templated":true}]}}