{"id":18153,"date":"2025-08-18T16:06:24","date_gmt":"2025-08-18T14:06:24","guid":{"rendered":"https:\/\/www.adapei64.fr\/site\/?post_type=awsm_job_openings&#038;p=18153"},"modified":"2025-09-09T02:33:37","modified_gmt":"2025-09-09T00:33:37","slug":"1-moniteur-educateur-h-f-cdi-1-etp-3","status":"expired","type":"awsm_job_openings","link":"https:\/\/www.adapei64.fr\/site\/?post_type=awsm_job_openings&p=18153","title":{"rendered":"\u00a0\u00a0\u00a0\u00a0\u00a0 \u00a0\u00a0\u00a0\u00a0\u00a0\u00a01 Moniteur-Educateur (H\/F) \u2013 CDI \u2013 1 ETP"},"content":{"rendered":"\n<h2 class=\"wp-block-heading\"><strong><u>Cadre d\u2019intervention :<\/u><\/strong><\/h2>\n\n\n\n<p class=\"wp-block-paragraph\">Le Complexe du Gabarn accompagne 60 personnes handicap\u00e9es psychiques et\/ou d\u00e9ficientes intellectuelles (un Foyer d\u2019Accueil M\u00e9dicalis\u00e9 25 r\u00e9sidents et un Foyer de vie 27 r\u00e9sidents et\u00a08 externes). Les personnes accueillies sont en situation complexe de handicap et peuvent pr\u00e9senter :<\/p>\n\n\n\n<ul class=\"wp-block-list\">\n<li>un polyhandicap,<\/li>\n\n\n\n<li>une psychose d\u00e9ficitaire, une d\u00e9ficience mentale avec troubles associ\u00e9s,<\/li>\n\n\n\n<li>un autisme ou un trouble envahissant du d\u00e9veloppement,<\/li>\n\n\n\n<li>d\u2019autres d\u00e9ficiences cons\u00e9cutives \u00e0 une pathologie d\u2019origine inconnue ou neurologique acquise,<\/li>\n\n\n\n<li>une maladie g\u00e9n\u00e9tique et\/ou une maladie rare avec d\u00e9ficience mentale.<\/li>\n<\/ul>\n\n\n\n<h2 class=\"wp-block-heading\"><strong><u>Missions\u00a0:<\/u><\/strong><\/h2>\n\n\n\n<p class=\"wp-block-paragraph\">Vos interventions s\u2019inscrivent dans le cadre des projets d\u2019accompagnement des personnes accueillies, \u00e0 ce titre, en lien avec l\u2019\u00e9quipe pluridisciplinaire, vous :<\/p>\n\n\n\n<ul class=\"wp-block-list\">\n<li>Accompagnez les personnes accueillies dans les actes de la vie quotidienne et sociale, dans le d\u00e9veloppement ou maintien de leur autonomie,<\/li>\n\n\n\n<li>Participez \u00e0 l\u2019animation de la vie du groupe par l\u2019organisation, l\u2019\u00e9laboration et l\u2019animation d\u2019activit\u00e9s adapt\u00e9es et diversifi\u00e9es,<\/li>\n\n\n\n<li>Participez \u00e0 l\u2019\u00e9laboration et la r\u00e9actualisation du projet individualis\u00e9 des personnes accueillies, notamment dans la construction du parcours \u00e9ducatif,<\/li>\n\n\n\n<li>Participez aux r\u00e9unions pluridisciplinaires de fa\u00e7on active et constructive,<\/li>\n\n\n\n<li>Contribuez au d\u00e9veloppement d\u2019une relation de partenariat et de confiance avec les familles et\/ou tuteurs,<\/li>\n\n\n\n<li>\u00cates partie prenante dans l\u2019\u00e9laboration du projet de vie du groupe,<\/li>\n\n\n\n<li>Coop\u00e9rez \u00e0 la dynamique institutionnelle dans une d\u00e9marche d\u2019am\u00e9lioration de la qualit\u00e9 des prestations.<\/li>\n<\/ul>\n\n\n\n<h2 class=\"wp-block-heading\"><strong><u>Profil recherch\u00e9 et Comp\u00e9tences requises&nbsp;:<\/u><\/strong><\/h2>\n\n\n\n<ul class=\"wp-block-list\">\n<li>Titulaire du Dipl\u00f4me d\u2019Etat de Moniteur Educateur,<\/li>\n\n\n\n<li>Bonne connaissance des probl\u00e9matiques des personnes pr\u00e9sentant un handicap mental\/psychique avec ou sans trouble du comportement,<\/li>\n\n\n\n<li>Savoir d\u00e9velopper une relation respectueuse et bienveillante de la personne,<\/li>\n\n\n\n<li>Qualit\u00e9s relationnelles et capacit\u00e9s d\u2019\u00e9coute,<\/li>\n\n\n\n<li>Faire preuve de cr\u00e9ativit\u00e9 et d\u2019adaptabilit\u00e9 aux besoins de r\u00e9sidents,<\/li>\n\n\n\n<li>Capacit\u00e9 \u00e0 travailler et \u00e0 coop\u00e9rer au sein d\u2019une \u00e9quipe pluri-professionnelle,<\/li>\n\n\n\n<li>Autonomie et Rigueur,<\/li>\n\n\n\n<li>Savoir rendre compte de ses activit\u00e9s,<\/li>\n\n\n\n<li>Maitriser les outils informatiques et la transmission d\u2019informations.<\/li>\n<\/ul>\n\n\n\n<h2 class=\"wp-block-heading\"><strong><u>Conditions\u00a0:<\/u><\/strong><\/h2>\n\n\n\n<ul class=\"wp-block-list\">\n<li>1 Contrat \u00e0 Dur\u00e9e Ind\u00e9termin\u00e9e \u00e0 Temps Plein (1 ETP),<\/li>\n\n\n\n<li>Convention Collective Nationale du 15 mars 1966,<\/li>\n\n\n\n<li>Classification des postes\u00a0: Moniteur Educateur pour adultes (H\/F), sous r\u00e9serves des exigences conventionnelles,<\/li>\n\n\n\n<li>R\u00e9mun\u00e9ration selon les exigences conventionnelles,<\/li>\n\n\n\n<li>Type d\u2019horaires\u00a0: Internat (horaires irr\u00e9guliers incluant des services de soir\u00e9e, de week-end et jours f\u00e9ri\u00e9s) \u2013 Groupe 1.\u00a0<\/li>\n<\/ul>\n\n\n\n<p class=\"wp-block-paragraph\">Poste \u00e0 pourvoir d\u00e8s que possible.<\/p>\n\n\n\n<p class=\"wp-block-paragraph\">Merci d\u2019adresser votre candidature (CV + Lettre de motivation)&nbsp; <strong><u>avant le 08 septembre 2025<\/u><\/strong>, \u00e0 l\u2019attention de Madame LARRIBIT\u00c9 \u2013 Directrice du Complexe du Gabarn&nbsp;:<\/p>\n\n\n\n<ul class=\"wp-block-list\">\n<li>par mail\u00a0: <a href=\"mailto:gabarn.accueil@adapei64.fr\">gabarn.accueil@adapei64.fr<\/a>\u00a0\u00a0\u00a0<\/li>\n\n\n\n<li>ou par voie postale\u00a0: 12 Chemin de Laborde \u2013 64400 OLORON- SAINTE-MARIE<\/li>\n<\/ul>\n\n\n\n<p class=\"wp-block-paragraph\"><\/p>\n","protected":false},"excerpt":{"rendered":"<p>Cadre d\u2019intervention : Le Complexe du Gabarn accompagne 60 personnes handicap\u00e9es psychiques et\/ou d\u00e9ficientes intellectuelles (un Foyer d\u2019Accueil M\u00e9dicalis\u00e9 25 r\u00e9sidents et un Foyer de vie 27 r\u00e9sidents et\u00a08 externes).&hellip; <a class=\"continue\" href=\"https:\/\/www.adapei64.fr\/site\/?post_type=awsm_job_openings&#038;p=18153\">Lire :<span> \u00a0\u00a0\u00a0\u00a0\u00a0 \u00a0\u00a0\u00a0\u00a0\u00a0\u00a01 Moniteur-Educateur (H\/F) \u2013 CDI \u2013 1 ETP<\/span><\/a><\/p>\n","protected":false},"author":96,"template":"","meta":{"_crdt_document":"","om_disable_all_campaigns":false,"_uag_custom_page_level_css":"","_monsterinsights_skip_tracking":false,"_monsterinsights_sitenote_active":false,"_monsterinsights_sitenote_note":"","_monsterinsights_sitenote_category":0,"_uf_show_specific_survey":0,"_uf_disable_surveys":false,"_EventAllDay":false,"_EventTimezone":"","_EventStartDate":"","_EventEndDate":"","_EventStartDateUTC":"","_EventEndDateUTC":"","_EventShowMap":false,"_EventShowMapLink":false,"_EventURL":"","_EventCost":"","_EventCostDescription":"","_EventCurrencySymbol":"","_EventCurrencyCode":"","_EventCurrencyPosition":"","_EventDateTimeSeparator":"","_EventTimeRangeSeparator":"","_EventOrganizerID":[],"_EventVenueID":[],"_OrganizerEmail":"","_OrganizerPhone":"","_OrganizerWebsite":"","_VenueAddress":"","_VenueCity":"","_VenueCountry":"","_VenueProvince":"","_VenueState":"","_VenueZip":"","_VenuePhone":"","_VenueURL":"","_VenueStateProvince":"","_VenueLat":"","_VenueLng":"","_VenueShowMap":false,"_VenueShowMapLink":false},"class_list":["post-18153","awsm_job_openings","type-awsm_job_openings","status-expired","hentry","job-category-fonctions-educatives","job-type-temps-plein-1-etp","job-location-complexe-du-gabarn-oloron-ste-marie","job_contrat-cdi"],"uagb_featured_image_src":[],"uagb_author_info":{"display_name":"siegerh","author_link":"https:\/\/www.adapei64.fr\/site\/author\/siegerh\/"},"uagb_comment_info":0,"uagb_excerpt":"Cadre d\u2019intervention : Le Complexe du Gabarn accompagne 60 personnes handicap\u00e9es psychiques et\/ou d\u00e9ficientes intellectuelles (un Foyer d\u2019Accueil M\u00e9dicalis\u00e9 25 r\u00e9sidents et un Foyer de vie 27 r\u00e9sidents et\u00a08 externes).&hellip; Lire : \u00a0\u00a0\u00a0\u00a0\u00a0 \u00a0\u00a0\u00a0\u00a0\u00a0\u00a01 Moniteur-Educateur (H\/F) \u2013 CDI \u2013 1 ETP","distributor_meta":false,"distributor_terms":false,"distributor_media":false,"distributor_original_site_name":"Adapei des Pyr\u00e9n\u00e9es-Atlantiques","distributor_original_site_url":"https:\/\/www.adapei64.fr\/site","push-errors":false,"_links":{"self":[{"href":"https:\/\/www.adapei64.fr\/site\/wp-json\/wp\/v2\/awsm_job_openings\/18153","targetHints":{"allow":["GET"]}}],"collection":[{"href":"https:\/\/www.adapei64.fr\/site\/wp-json\/wp\/v2\/awsm_job_openings"}],"about":[{"href":"https:\/\/www.adapei64.fr\/site\/wp-json\/wp\/v2\/types\/awsm_job_openings"}],"author":[{"embeddable":true,"href":"https:\/\/www.adapei64.fr\/site\/wp-json\/wp\/v2\/users\/96"}],"wp:attachment":[{"href":"https:\/\/www.adapei64.fr\/site\/wp-json\/wp\/v2\/media?parent=18153"}],"curies":[{"name":"wp","href":"https:\/\/api.w.org\/{rel}","templated":true}]}}