{"id":18337,"date":"2025-10-01T08:48:28","date_gmt":"2025-10-01T06:48:28","guid":{"rendered":"https:\/\/www.adapei64.fr\/site\/?post_type=awsm_job_openings&#038;p=18337"},"modified":"2025-10-18T02:34:03","modified_gmt":"2025-10-18T00:34:03","slug":"1-maitresse-de-maison-h-f-2","status":"expired","type":"awsm_job_openings","link":"https:\/\/www.adapei64.fr\/site\/?post_type=awsm_job_openings&p=18337","title":{"rendered":"1 Ma\u00eetresse de Maison (H\/F)"},"content":{"rendered":"\n<p class=\"wp-block-paragraph\"><strong><u>Cadre d\u2019intervention<\/u> :<\/strong><\/p>\n\n\n\n<p class=\"wp-block-paragraph\">L\u2019Adapei des Pyr\u00e9n\u00e9es-Atlantiques est gestionnaire d\u2019une quarantaine d\u2019\u00e9tablissements et services et accompagne environ 1700 personnes en situation de handicap.<\/p>\n\n\n\n<p class=\"wp-block-paragraph\">Vous trouverez l\u2019ensemble de ces \u00e9tablissements et services sur le site internet de l\u2019Adapei des Pyr\u00e9n\u00e9es-Atlantiques&nbsp;: <a href=\"http:\/\/www.adapei64.fr\">www.adapei64.fr<\/a>&nbsp;&nbsp;<\/p>\n\n\n\n<p class=\"wp-block-paragraph\">Porteuse des valeurs des associations parentales, l\u2019Adapei des Pyr\u00e9n\u00e9es-Atlantiques inscrit son projet associatif dans une posture de valorisation r\u00e9ciproque des comp\u00e9tences&nbsp;:<\/p>\n\n\n\n<ul class=\"wp-block-list\">\n<li>Cr\u00e9er une culture et une organisation bas\u00e9e sur le partage des connaissances,<\/li>\n\n\n\n<li>D\u00e9cloisonner les \u00e9tablissements et les services pour s\u2019enrichir mutuellement des expertises,<\/li>\n\n\n\n<li>Accompagner en valorisant les comp\u00e9tences de l\u2019ensemble des acteurs,<\/li>\n\n\n\n<li>Apprendre au niveau de son environnement en coop\u00e9rant avec d\u2019autres partenaires,<\/li>\n\n\n\n<li>Investir dans la recherche, le d\u00e9veloppement et l\u2019innovation.<\/li>\n<\/ul>\n\n\n\n<p class=\"wp-block-paragraph\">Le Complexe du Bial\u00e9 accueille 40 personnes en situation de handicap intellectuel et\/ou psychique sur le Foyer d\u2019h\u00e9bergement et 20 personnes \u00e0 la retraite.<\/p>\n\n\n\n<p class=\"wp-block-paragraph\"><strong>La MAPHA accompagne ces personnes retrait\u00e9es dans les actes de la vie courante.<\/strong><\/p>\n\n\n\n<p class=\"wp-block-paragraph\"><strong><u>Missions<\/u>&nbsp;:<\/strong><\/p>\n\n\n\n<p class=\"wp-block-paragraph\">Dans le cadre des orientations du projet associatif, du projet d\u2019\u00e9tablissement ou de service, des dynamiques territoriales et sous l\u2019autorit\u00e9 de la Direction, il\/elle&nbsp;:<\/p>\n\n\n\n<ul class=\"wp-block-list\">\n<li>Assure et veille \u00e0 maintenir la qualit\u00e9, la s\u00e9curit\u00e9 et l\u2019hygi\u00e8ne du cadre de vie en organisant, r\u00e9alisant et contr\u00f4lant les taches\u00a0de nettoyage des locaux (partie privative et collective de la MAPHA), d\u2019entretien du linge, de pr\u00e9paration au repas,<\/li>\n\n\n\n<li>Coordonne les activit\u00e9s logistiques relevant de son service et assure les bonnes conditions mat\u00e9rielles de vie quotidienne des personnes accueillies,<\/li>\n\n\n\n<li>Encourage les personnes accompagn\u00e9es dans leur vie quotidienne en accord avec le projet personnalis\u00e9 et en concertation avec l\u2019\u00e9quipe \u00e9ducative,<\/li>\n\n\n\n<li>Collabore avec l\u2019\u00e9quipe et les partenaires,<\/li>\n\n\n\n<li>Participe \u00e0 la dynamique de l\u2019\u00e9tablissement en s\u2019inscrivant dans une d\u00e9marche de r\u00e9flexion et d\u2019\u00e9valuation.<\/li>\n<\/ul>\n\n\n\n<p class=\"wp-block-paragraph\"><strong><u>Profil recherch\u00e9 et comp\u00e9tences<\/u><em> :<\/em><\/strong><\/p>\n\n\n\n<ul class=\"wp-block-list\">\n<li>Permis B exig\u00e9,<\/li>\n\n\n\n<li>Avoir connaissance des publics \u00e2g\u00e9s en situation de handicap mental,<\/li>\n\n\n\n<li>Inscrire sa pratique dans le cadre des orientations du projet associatif, celles du projet d\u2019\u00e9tablissement et du r\u00e9f\u00e9rentiel qualit\u00e9,<\/li>\n<\/ul>\n\n\n\n<ul class=\"wp-block-list\">\n<li>Maitriser les connaissances techniques et r\u00e9glementaires en lien avec le poste occup\u00e9\u00a0: les r\u00e8gles d\u2019hygi\u00e8ne et de s\u00e9curit\u00e9 (HACCP), les proc\u00e9dures de nettoyage et caract\u00e9ristiques des produits, les techniques de lavage m\u00e9canis\u00e9es,<\/li>\n\n\n\n<li>Savoir organiser son travail,<\/li>\n\n\n\n<li>\u00catre impliqu\u00e9, et rigoureux dans l\u2019exercice de son activit\u00e9,<\/li>\n\n\n\n<li>\u00a0\u00a0Faire preuve d\u2019autonomie et de prise d\u2019initiative,<\/li>\n\n\n\n<li>\u00catre en capacit\u00e9 d\u2019\u00e9valuer sa pratique professionnelle,<\/li>\n\n\n\n<li>Peut \u00eatre amen\u00e9 \u00e0 participer au processus du projet individuel de la personne accompagn\u00e9e et au travail pluridisciplinaire mis en place au sein de la MAPHA,<\/li>\n\n\n\n<li>Animer et adapter des activit\u00e9s de soutien \u00e0 l\u2019entretien des espaces privatifs et affaires personnelles en lien avec l\u2019\u00e9quipe des accompagnants,<\/li>\n\n\n\n<li>Savoir adapter ses interventions dans le cadre d\u2019une relation respectueuse des r\u00e9sidents, en tenant compte de leurs potentialit\u00e9s et de leurs difficult\u00e9s,<\/li>\n\n\n\n<li>Faire preuve de patience, de disponibilit\u00e9, et de ma\u00eetrise de soi,<\/li>\n\n\n\n<li>Faire preuve d\u2019un bon sens relationnel, d\u2019\u00e9coute, de discr\u00e9tion, et d\u2019empathie,<\/li>\n\n\n\n<li>Faire preuve de respect et bienveillance envers les personnes accompagn\u00e9es, familles et professionnels,<\/li>\n\n\n\n<li>Savoir g\u00e9rer les situations d\u2019urgence, et \u00eatre r\u00e9actif face aux demandes,<\/li>\n\n\n\n<li>Avoir le sens de l\u2019observation et de l\u2019analyse.<\/li>\n<\/ul>\n\n\n\n<p class=\"wp-block-paragraph\"><strong><u>Conditions<\/u><em>&nbsp;:<\/em><\/strong><\/p>\n\n\n\n<ul class=\"wp-block-list\">\n<li>1 Contrat \u00e0 Dur\u00e9e d\u00e9termin\u00e9e \u00e0 temps plein (1 ETP),<\/li>\n\n\n\n<li>Convention Collective Nationale du 15 mars 1966,<\/li>\n\n\n\n<li>Classification du poste\u00a0: Ouvrier qualifi\u00e9 \u2013 Ma\u00eetresse de Maison qualifi\u00e9(e) (H\/F) sous r\u00e9serve des exigences conventionnelles,<\/li>\n\n\n\n<li>R\u00e9mun\u00e9ration selon les exigences conventionnelles,<\/li>\n\n\n\n<li>Type d\u2019horaires\u00a0: Externat \u2013 Groupe 1\u00a0<\/li>\n<\/ul>\n\n\n\n<p class=\"wp-block-paragraph\">Merci d\u2019adresser votre candidature (CV + Lettre de motivation) au<strong><u> plus tard le <em>17 octobre 2025<\/em><\/u><\/strong>, \u00e0 l\u2019attention de <strong>Monsieur MATIAS Louis<\/strong>, Directeur du Complexe du Bial\u00e9&nbsp;:<\/p>\n\n\n\n<ul class=\"wp-block-list\">\n<li>par mail\u00a0: <strong><a href=\"mailto:biale.foyer@adapei64.fr\">biale.foyer@adapei64.fr<\/a><\/strong><\/li>\n\n\n\n<li>ou par voie postale\u00a0: <em>Foyer du Bial\u00e9 12 rue du Bial\u00e9 64230 LESCAR.<\/em><\/li>\n<\/ul>\n\n\n\n<p class=\"wp-block-paragraph\">Pour tous renseignements compl\u00e9mentaires, vous pouvez contacter l\u2019\u00e9tablissement au&nbsp;: pr\u00e9ciser le num\u00e9ro de t\u00e9l\u00e9phone <em>05.59.81.20.45<\/em><\/p>\n","protected":false},"excerpt":{"rendered":"<p>Cadre d\u2019intervention : L\u2019Adapei des Pyr\u00e9n\u00e9es-Atlantiques est gestionnaire d\u2019une quarantaine d\u2019\u00e9tablissements et services et accompagne environ 1700 personnes en situation de handicap. Vous trouverez l\u2019ensemble de ces \u00e9tablissements et services&hellip; <a class=\"continue\" href=\"https:\/\/www.adapei64.fr\/site\/?post_type=awsm_job_openings&#038;p=18337\">Lire :<span> 1 Ma\u00eetresse de Maison (H\/F)<\/span><\/a><\/p>\n","protected":false},"author":96,"template":"","meta":{"_crdt_document":"","om_disable_all_campaigns":false,"_uag_custom_page_level_css":"","_monsterinsights_skip_tracking":false,"_monsterinsights_sitenote_active":false,"_monsterinsights_sitenote_note":"","_monsterinsights_sitenote_category":0,"_uf_show_specific_survey":0,"_uf_disable_surveys":false,"_EventAllDay":false,"_EventTimezone":"","_EventStartDate":"","_EventEndDate":"","_EventStartDateUTC":"","_EventEndDateUTC":"","_EventShowMap":false,"_EventShowMapLink":false,"_EventURL":"","_EventCost":"","_EventCostDescription":"","_EventCurrencySymbol":"","_EventCurrencyCode":"","_EventCurrencyPosition":"","_EventDateTimeSeparator":"","_EventTimeRangeSeparator":"","_EventOrganizerID":[],"_EventVenueID":[],"_OrganizerEmail":"","_OrganizerPhone":"","_OrganizerWebsite":"","_VenueAddress":"","_VenueCity":"","_VenueCountry":"","_VenueProvince":"","_VenueState":"","_VenueZip":"","_VenuePhone":"","_VenueURL":"","_VenueStateProvince":"","_VenueLat":"","_VenueLng":"","_VenueShowMap":false,"_VenueShowMapLink":false},"class_list":["post-18337","awsm_job_openings","type-awsm_job_openings","status-expired","hentry","job-category-fonctions-services-generaux","job-type-temps-plein-1-etp","job-location-complexe-du-biale-lescar","job_contrat-cdi"],"uagb_featured_image_src":[],"uagb_author_info":{"display_name":"siegerh","author_link":"https:\/\/www.adapei64.fr\/site\/author\/siegerh\/"},"uagb_comment_info":0,"uagb_excerpt":"Cadre d\u2019intervention : L\u2019Adapei des Pyr\u00e9n\u00e9es-Atlantiques est gestionnaire d\u2019une quarantaine d\u2019\u00e9tablissements et services et accompagne environ 1700 personnes en situation de handicap. Vous trouverez l\u2019ensemble de ces \u00e9tablissements et services&hellip; Lire : 1 Ma\u00eetresse de Maison (H\/F)","distributor_meta":false,"distributor_terms":false,"distributor_media":false,"distributor_original_site_name":"Adapei des Pyr\u00e9n\u00e9es-Atlantiques","distributor_original_site_url":"https:\/\/www.adapei64.fr\/site","push-errors":false,"_links":{"self":[{"href":"https:\/\/www.adapei64.fr\/site\/wp-json\/wp\/v2\/awsm_job_openings\/18337","targetHints":{"allow":["GET"]}}],"collection":[{"href":"https:\/\/www.adapei64.fr\/site\/wp-json\/wp\/v2\/awsm_job_openings"}],"about":[{"href":"https:\/\/www.adapei64.fr\/site\/wp-json\/wp\/v2\/types\/awsm_job_openings"}],"author":[{"embeddable":true,"href":"https:\/\/www.adapei64.fr\/site\/wp-json\/wp\/v2\/users\/96"}],"wp:attachment":[{"href":"https:\/\/www.adapei64.fr\/site\/wp-json\/wp\/v2\/media?parent=18337"}],"curies":[{"name":"wp","href":"https:\/\/api.w.org\/{rel}","templated":true}]}}