{"id":18948,"date":"2025-11-20T14:37:36","date_gmt":"2025-11-20T13:37:36","guid":{"rendered":"https:\/\/www.adapei64.fr\/site\/?post_type=awsm_job_openings&#038;p=18948"},"modified":"2025-12-16T01:33:49","modified_gmt":"2025-12-16T00:33:49","slug":"1-psychologue-h-f-7","status":"expired","type":"awsm_job_openings","link":"https:\/\/www.adapei64.fr\/site\/?post_type=awsm_job_openings&p=18948","title":{"rendered":"1 Psychologue (H\/F)"},"content":{"rendered":"\n<p class=\"wp-block-paragraph\"><strong><u>Cadre d\u2019intervention :<\/u><\/strong><\/p>\n\n\n\n<p class=\"wp-block-paragraph\">L\u2019Adapei des Pyr\u00e9n\u00e9es-Atlantiques est gestionnaire d\u2019une quarantaine d\u2019\u00e9tablissements et services et accompagne environ 1700 personnes en situation de handicap.<\/p>\n\n\n\n<p class=\"wp-block-paragraph\">Vous trouverez l\u2019ensemble de ces \u00e9tablissements et services sur le site internet de l\u2019Adapei des Pyr\u00e9n\u00e9es-Atlantiques&nbsp;: <a href=\"http:\/\/www.adapei64.fr\">www.adapei64.fr<\/a>&nbsp;&nbsp;<\/p>\n\n\n\n<p class=\"wp-block-paragraph\">Porteuse des valeurs des associations parentales, l\u2019Adapei des Pyr\u00e9n\u00e9es-Atlantiques inscrit son projet associatif dans une posture de valorisation r\u00e9ciproque des comp\u00e9tences&nbsp;:<\/p>\n\n\n\n<ul class=\"wp-block-list\">\n<li>Cr\u00e9er une culture et une organisation bas\u00e9e sur le partage des connaissances,<\/li>\n\n\n\n<li>D\u00e9cloisonner les \u00e9tablissements et les services pour s\u2019enrichir mutuellement des expertises,<\/li>\n\n\n\n<li>Accompagner en valorisant les comp\u00e9tences de l\u2019ensemble des acteurs,<\/li>\n\n\n\n<li>Apprendre au niveau de son environnement en coop\u00e9rant avec d\u2019autres partenaires,<\/li>\n\n\n\n<li>Investir dans la recherche, le d\u00e9veloppement et l\u2019innovation.<\/li>\n<\/ul>\n\n\n\n<p class=\"wp-block-paragraph\">L\u2019IME Francis Jammes accompagne 17 enfants, adolescents et jeunes adultes, de 6 \u00e0 20 ans, en situation de d\u00e9ficience intellectuelle l\u00e9g\u00e8re \u00e0 moyenne. Le SESSAD Francis Jammes accompagne 16 jeunes de 3 \u00e0 20 ans en situation de d\u00e9ficience intellectuelle l\u00e9g\u00e8re \u00e0 moyenne.<\/p>\n\n\n\n<p class=\"wp-block-paragraph\"><strong><u>Missions&nbsp;:<\/u><\/strong><\/p>\n\n\n\n<p class=\"wp-block-paragraph\">Le cadre d\u2019intervention exact reste \u00e0 d\u00e9finir. Pour autant les missions porteront sur les axes suivants&nbsp;:&nbsp;<\/p>\n\n\n\n<ul class=\"wp-block-list\">\n<li>Evaluer les besoins des jeunes accompagn\u00e9s \u00e0 l\u2019aide d\u2019outils d\u2019\u00e9valuation,<\/li>\n\n\n\n<li>Etayer l\u2019\u00e9quipe \u00e9ducative autour de la recherche, de la mise en place, du suivi et de l\u2019\u00e9valuation des strat\u00e9gies d\u2019intervention,<\/li>\n\n\n\n<li>Assurer le suivi psychologique des jeunes accompagn\u00e9s (entretiens individuels, activit\u00e9s et\/ou ateliers de groupe),<\/li>\n\n\n\n<li>Accompagner les familles\u00a0: mise en place de guidance parentale, approche syst\u00e9mique,<\/li>\n\n\n\n<li>Participer \u00e0 la dynamique de l\u2019\u00e9tablissement en s\u2019inscrivant dans une d\u00e9marche de r\u00e9flexion et de d\u2019\u00e9valuation.<\/li>\n<\/ul>\n\n\n\n<p class=\"wp-block-paragraph\"><strong><u>Profil recherch\u00e9 et Comp\u00e9tences requises&nbsp;:<\/u><\/strong><\/p>\n\n\n\n<ul class=\"wp-block-list\">\n<li>Dipl\u00f4me\u00a0requis\u00a0: Titulaire d\u2019un master 2 en psychologie clinique,<\/li>\n\n\n\n<li>Exp\u00e9rience dans l\u2019accompagnement des enfants porteurs de handicap,<\/li>\n\n\n\n<li>Maitriser les outils d\u2019\u00e9valuations recommand\u00e9s (WISC V, Vineland)<\/li>\n\n\n\n<li>App\u00e9tences pour la sph\u00e8re num\u00e9rique et les technologies de l\u2019information et de la communication,<\/li>\n\n\n\n<li>Dynamique, organisation, rigueur et autonomie,<\/li>\n\n\n\n<li>Poss\u00e9der des qualit\u00e9s relationnelles, p\u00e9dagogiques, r\u00e9dactionnelles et d\u2019analyse,<\/li>\n\n\n\n<li>Savoir rendre compte de son activit\u00e9 et s\u2019inscrire dans un travail d\u2019\u00e9quipe pluridisciplinaire et partenarial,<\/li>\n\n\n\n<li>Titulaire du permis B.<\/li>\n<\/ul>\n\n\n\n<p class=\"wp-block-paragraph\"><strong><u>Conditions&nbsp;:<\/u><\/strong><\/p>\n\n\n\n<ul class=\"wp-block-list\">\n<li>1 Contrat \u00e0 Dur\u00e9e d\u00e9termin\u00e9e \u00e0 temps partiel (0.10 ETP,<\/li>\n\n\n\n<li>Convention Collective Nationale du 15 mars 1966,<\/li>\n\n\n\n<li>Classification du poste\u00a0: Psychologue, sous r\u00e9serve des exigences conventionnelles,<\/li>\n\n\n\n<li>R\u00e9mun\u00e9ration selon les exigences conventionnelles,<\/li>\n\n\n\n<li>Type d\u2019horaires\u00a0: externat \u2013 groupe 2.<\/li>\n<\/ul>\n\n\n\n<p class=\"wp-block-paragraph\">Merci d\u2019adresser votre candidature (CV + Lettre de motivation) <strong>d\u00e8s que possible<\/strong>, \u00e0 l\u2019attention de Monsieur St\u00e9phane PINARD \u2013 Directeur de l\u2019IME et du SESSAD Francis Jammes&nbsp;:<\/p>\n\n\n\n<ul class=\"wp-block-list\">\n<li>par mail\u00a0: lavirginie.secretariat@adapei64.fr<\/li>\n\n\n\n<li>par voie postale\u00a0: IME et SESSAD Francis Jammes \u2013 364 chemin de la Virginie \u2013 64\u00a0300 ORTHEZ<\/li>\n<\/ul>\n\n\n\n<p class=\"wp-block-paragraph\">Pour tout renseignement compl\u00e9mentaire, vous pouvez contacter l\u2019\u00e9tablissement au&nbsp;: 05.59.69.43.45<\/p>\n\n\n\n<p class=\"wp-block-paragraph\"><\/p>\n","protected":false},"excerpt":{"rendered":"<p>Cadre d\u2019intervention : L\u2019Adapei des Pyr\u00e9n\u00e9es-Atlantiques est gestionnaire d\u2019une quarantaine d\u2019\u00e9tablissements et services et accompagne environ 1700 personnes en situation de handicap. Vous trouverez l\u2019ensemble de ces \u00e9tablissements et services&hellip; <a class=\"continue\" href=\"https:\/\/www.adapei64.fr\/site\/?post_type=awsm_job_openings&#038;p=18948\">Lire :<span> 1 Psychologue (H\/F)<\/span><\/a><\/p>\n","protected":false},"author":96,"template":"","meta":{"_crdt_document":"","om_disable_all_campaigns":false,"_uag_custom_page_level_css":"","_monsterinsights_skip_tracking":false,"_monsterinsights_sitenote_active":false,"_monsterinsights_sitenote_note":"","_monsterinsights_sitenote_category":0,"_uf_show_specific_survey":0,"_uf_disable_surveys":false,"_EventAllDay":false,"_EventTimezone":"","_EventStartDate":"","_EventEndDate":"","_EventStartDateUTC":"","_EventEndDateUTC":"","_EventShowMap":false,"_EventShowMapLink":false,"_EventURL":"","_EventCost":"","_EventCostDescription":"","_EventCurrencySymbol":"","_EventCurrencyCode":"","_EventCurrencyPosition":"","_EventDateTimeSeparator":"","_EventTimeRangeSeparator":"","_EventOrganizerID":[],"_EventVenueID":[],"_OrganizerEmail":"","_OrganizerPhone":"","_OrganizerWebsite":"","_VenueAddress":"","_VenueCity":"","_VenueCountry":"","_VenueProvince":"","_VenueState":"","_VenueZip":"","_VenuePhone":"","_VenueURL":"","_VenueStateProvince":"","_VenueLat":"","_VenueLng":"","_VenueShowMap":false,"_VenueShowMapLink":false},"class_list":["post-18948","awsm_job_openings","type-awsm_job_openings","status-expired","hentry","job-category-fonctions-services-generaux","job-type-temps-partiel","job-location-ime-francis-jammes","job_contrat-cdd"],"uagb_featured_image_src":[],"uagb_author_info":{"display_name":"siegerh","author_link":"https:\/\/www.adapei64.fr\/site\/author\/siegerh\/"},"uagb_comment_info":0,"uagb_excerpt":"Cadre d\u2019intervention : L\u2019Adapei des Pyr\u00e9n\u00e9es-Atlantiques est gestionnaire d\u2019une quarantaine d\u2019\u00e9tablissements et services et accompagne environ 1700 personnes en situation de handicap. Vous trouverez l\u2019ensemble de ces \u00e9tablissements et services&hellip; Lire : 1 Psychologue (H\/F)","distributor_meta":false,"distributor_terms":false,"distributor_media":false,"distributor_original_site_name":"Adapei des Pyr\u00e9n\u00e9es-Atlantiques","distributor_original_site_url":"https:\/\/www.adapei64.fr\/site","push-errors":false,"_links":{"self":[{"href":"https:\/\/www.adapei64.fr\/site\/wp-json\/wp\/v2\/awsm_job_openings\/18948","targetHints":{"allow":["GET"]}}],"collection":[{"href":"https:\/\/www.adapei64.fr\/site\/wp-json\/wp\/v2\/awsm_job_openings"}],"about":[{"href":"https:\/\/www.adapei64.fr\/site\/wp-json\/wp\/v2\/types\/awsm_job_openings"}],"author":[{"embeddable":true,"href":"https:\/\/www.adapei64.fr\/site\/wp-json\/wp\/v2\/users\/96"}],"wp:attachment":[{"href":"https:\/\/www.adapei64.fr\/site\/wp-json\/wp\/v2\/media?parent=18948"}],"curies":[{"name":"wp","href":"https:\/\/api.w.org\/{rel}","templated":true}]}}