{"id":18818,"date":"2025-11-18T15:49:57","date_gmt":"2025-11-18T14:49:57","guid":{"rendered":"https:\/\/www.adapei64.fr\/site\/?page_id=18818"},"modified":"2025-11-18T15:49:58","modified_gmt":"2025-11-18T14:49:58","slug":"responsabilite-societale-des-organisations","status":"publish","type":"page","link":"https:\/\/www.adapei64.fr\/site\/responsabilite-societale-des-organisations\/","title":{"rendered":"Responsabilit\u00e9 Soci\u00e9tale des Organisations"},"content":{"rendered":"\n<p class=\"wp-block-paragraph\">Politique RSO<br><\/p>\n\n\n\n<div class=\"wp-block-query alignwide is-layout-flow wp-block-query-is-layout-flow\">\n\n\n<div class=\"wp-block-group is-layout-flow wp-block-group-is-layout-flow\" style=\"margin-top:0;margin-bottom:0;padding-top:var(--wp--preset--spacing--50);padding-right:0;padding-bottom:var(--wp--preset--spacing--50);padding-left:0\"><ul class=\"columns-3 alignfull wp-block-post-template is-layout-grid wp-container-core-post-template-is-layout-8f400b11 wp-block-post-template-is-layout-grid\"><li class=\"wp-block-post post-21481 post type-post status-publish format-standard has-post-thumbnail hentry category-rso category-actualites\">\n<figure style=\"aspect-ratio:3\/4; padding-bottom:var(--wp--preset--spacing--20);margin-bottom:0;\" class=\"wp-block-post-featured-image\"><a href=\"https:\/\/www.adapei64.fr\/site\/1-mois-1-bonne-pratique-rso-adapter-la-mobilite\/\" target=\"_self\"  ><img loading=\"lazy\" decoding=\"async\" width=\"800\" height=\"450\" src=\"https:\/\/www.adapei64.fr\/site\/wp-content\/uploads\/2026\/04\/velo-Lou-Caminot.jpg\" class=\"attachment-post-thumbnail size-post-thumbnail wp-post-image\" alt=\"La bonne pratique RSO du mois : Adapter la mobilit\u00e9\" style=\"width:100%;height:100%;object-fit:cover;\" srcset=\"https:\/\/www.adapei64.fr\/site\/wp-content\/uploads\/2026\/04\/velo-Lou-Caminot.jpg 800w, https:\/\/www.adapei64.fr\/site\/wp-content\/uploads\/2026\/04\/velo-Lou-Caminot-768x432.jpg 768w\" sizes=\"auto, (max-width: 800px) 100vw, 800px\" longdesc=\"https:\/\/www.adapei64.fr\/site?longdesc=21483&amp;referrer=21481\" id=\"longdesc-return-21483\" \/><\/a><\/figure>\n\n\n<div class=\"wp-block-group is-vertical is-nowrap is-layout-flex wp-container-core-group-is-layout-37c62d8e wp-block-group-is-layout-flex\" style=\"margin-top:var(--wp--preset--spacing--20);padding-top:0\"><h2 class=\"wp-block-post-title has-large-font-size wp-container-content-32e3a40d\"><a href=\"https:\/\/www.adapei64.fr\/site\/1-mois-1-bonne-pratique-rso-adapter-la-mobilite\/\" target=\"_self\" >La bonne pratique RSO du mois : Adapter la mobilit\u00e9<\/a><\/h2>\n\n<div class=\"wp-block-template-part\">\n<div class=\"wp-block-group is-content-justification-left is-layout-flex wp-container-core-group-is-layout-3923442b wp-block-group-is-layout-flex\"><div class=\"wp-block-post-date\"><time datetime=\"2026-04-23T08:00:00+02:00\">jeu 23 Avr 2026<\/time><\/div>\n\n<div class=\"taxonomy-category is-style-default wp-block-post-terms\"><span class=\"wp-block-post-terms__prefix\">dans <\/span><a href=\"https:\/\/www.adapei64.fr\/site\/category\/rso\/\" rel=\"tag\">RSO<\/a><span class=\"wp-block-post-terms__separator\">, <\/span><a href=\"https:\/\/www.adapei64.fr\/site\/category\/actualites\/\" rel=\"tag\">Actualit\u00e9s<\/a><\/div><\/div>\n<\/div>\n\n<div class=\"wp-block-post-excerpt has-text-color has-contrast-2-color has-small-font-size wp-container-content-32e3a40d\"><p class=\"wp-block-post-excerpt__excerpt\">La MAS (Maison d\u2019Accueil Sp\u00e9cialis\u00e9e) LOU CAMINOT r\u00eavait depuis plusieurs ann\u00e9es d\u2019acqu\u00e9rir des v\u00e9los adapt\u00e9s pour offrir des moments de libert\u00e9 et d\u2019\u00e9vasion aux personnes accompagn\u00e9es. Mr TORRES d\u00e9l\u00e9gu\u00e9 d\u00e9partemental 64 de l\u2019Association De Pr\u00e9voyance Sant\u00e9 de Nouvelle Aquitaine est venu \u00e0 la rencontre des coordinatrices \u00e9ducatives de la Maison d\u2019Accueil Sp\u00e9cialis\u00e9e pour leur pr\u00e9senter\u2026 <\/p><\/div>\n\n\n<div style=\"height:0px\" aria-hidden=\"true\" class=\"wp-block-spacer wp-container-content-32e3a40d\"><\/div>\n<\/div>\n\n<\/li><li class=\"wp-block-post post-20753 post type-post status-publish format-standard has-post-thumbnail hentry category-rso category-actualites\">\n<figure style=\"aspect-ratio:3\/4; padding-bottom:var(--wp--preset--spacing--20);margin-bottom:0;\" class=\"wp-block-post-featured-image\"><a href=\"https:\/\/www.adapei64.fr\/site\/la-bonne-pratique-rso-du-mois-mars-2026-volterres-un-fournisseur-denergie-verte\/\" target=\"_self\"  ><img loading=\"lazy\" decoding=\"async\" width=\"920\" height=\"508\" src=\"https:\/\/www.adapei64.fr\/site\/wp-content\/uploads\/2026\/03\/Volterres-e1773906466159.png\" class=\"attachment-post-thumbnail size-post-thumbnail wp-post-image\" alt=\"La bonne pratique RSO du mois : Mars 2026 Volterres : un fournisseur d&#8217;\u00e9nergie verte\" style=\"width:100%;height:100%;object-fit:cover;\" \/><\/a><\/figure>\n\n\n<div class=\"wp-block-group is-vertical is-nowrap is-layout-flex wp-container-core-group-is-layout-37c62d8e wp-block-group-is-layout-flex\" style=\"margin-top:var(--wp--preset--spacing--20);padding-top:0\"><h2 class=\"wp-block-post-title has-large-font-size wp-container-content-32e3a40d\"><a href=\"https:\/\/www.adapei64.fr\/site\/la-bonne-pratique-rso-du-mois-mars-2026-volterres-un-fournisseur-denergie-verte\/\" target=\"_self\" >La bonne pratique RSO du mois : Mars 2026 Volterres : un fournisseur d&#8217;\u00e9nergie verte<\/a><\/h2>\n\n<div class=\"wp-block-template-part\">\n<div class=\"wp-block-group is-content-justification-left is-layout-flex wp-container-core-group-is-layout-3923442b wp-block-group-is-layout-flex\"><div class=\"wp-block-post-date\"><time datetime=\"2026-03-19T09:44:07+01:00\">jeu 19 Mar 2026<\/time><\/div>\n\n<div class=\"taxonomy-category is-style-default wp-block-post-terms\"><span class=\"wp-block-post-terms__prefix\">dans <\/span><a href=\"https:\/\/www.adapei64.fr\/site\/category\/rso\/\" rel=\"tag\">RSO<\/a><span class=\"wp-block-post-terms__separator\">, <\/span><a href=\"https:\/\/www.adapei64.fr\/site\/category\/actualites\/\" rel=\"tag\">Actualit\u00e9s<\/a><\/div><\/div>\n<\/div>\n\n<div class=\"wp-block-post-excerpt has-text-color has-contrast-2-color has-small-font-size wp-container-content-32e3a40d\"><p class=\"wp-block-post-excerpt__excerpt\">L\u2019Adapei, dans le cadre de l\u2019UGAP, a souscrit un nouveau contrat d\u2019\u00e9nergie verte aupr\u00e8s d\u2019un fournisseur engag\u00e9 qu\u2019est Volterres. Aujourd\u2019hui, 70.1% de nos consommations d\u2019\u00e9lectricit\u00e9 sont issues d\u2019\u00e9nergies renouvelables dont 70% sont trac\u00e9es et produites dans un rayon moyen de 247Km, principalement dans les Landes. Pour l\u2019ann\u00e9e 2025, 38.5% de nos consommations sont issues de\u2026 <\/p><\/div>\n\n\n<div style=\"height:0px\" aria-hidden=\"true\" class=\"wp-block-spacer wp-container-content-32e3a40d\"><\/div>\n<\/div>\n\n<\/li><li class=\"wp-block-post post-20415 post type-post status-publish format-standard has-post-thumbnail hentry category-rso category-actualites\">\n<figure style=\"aspect-ratio:3\/4; padding-bottom:var(--wp--preset--spacing--20);margin-bottom:0;\" class=\"wp-block-post-featured-image\"><a href=\"https:\/\/www.adapei64.fr\/site\/la-bonne-pratique-rso-du-mois-fevrier-2026-leanm-du-biale-lautodetermination-au-coeur-de-la-mobilite\/\" target=\"_self\"  ><img loading=\"lazy\" decoding=\"async\" width=\"480\" height=\"640\" src=\"https:\/\/www.adapei64.fr\/site\/wp-content\/uploads\/2026\/02\/Bus-1-1-rotated.jpg\" class=\"attachment-post-thumbnail size-post-thumbnail wp-post-image\" alt=\"La bonne pratique RSO du mois &#8211; F\u00e9vrier 2026 : L&#8217;EANM du Bial\u00e9, l&#8217;autod\u00e9termination au c\u0153ur de la mobilit\u00e9\" style=\"width:100%;height:100%;object-fit:cover;\" \/><\/a><\/figure>\n\n\n<div class=\"wp-block-group is-vertical is-nowrap is-layout-flex wp-container-core-group-is-layout-37c62d8e wp-block-group-is-layout-flex\" style=\"margin-top:var(--wp--preset--spacing--20);padding-top:0\"><h2 class=\"wp-block-post-title has-large-font-size wp-container-content-32e3a40d\"><a href=\"https:\/\/www.adapei64.fr\/site\/la-bonne-pratique-rso-du-mois-fevrier-2026-leanm-du-biale-lautodetermination-au-coeur-de-la-mobilite\/\" target=\"_self\" >La bonne pratique RSO du mois &#8211; F\u00e9vrier 2026 : L&#8217;EANM du Bial\u00e9, l&#8217;autod\u00e9termination au c\u0153ur de la mobilit\u00e9<\/a><\/h2>\n\n<div class=\"wp-block-template-part\">\n<div class=\"wp-block-group is-content-justification-left is-layout-flex wp-container-core-group-is-layout-3923442b wp-block-group-is-layout-flex\"><div class=\"wp-block-post-date\"><time datetime=\"2026-02-19T15:43:14+01:00\">jeu 19 F\u00e9v 2026<\/time><\/div>\n\n<div class=\"taxonomy-category is-style-default wp-block-post-terms\"><span class=\"wp-block-post-terms__prefix\">dans <\/span><a href=\"https:\/\/www.adapei64.fr\/site\/category\/rso\/\" rel=\"tag\">RSO<\/a><span class=\"wp-block-post-terms__separator\">, <\/span><a href=\"https:\/\/www.adapei64.fr\/site\/category\/actualites\/\" rel=\"tag\">Actualit\u00e9s<\/a><\/div><\/div>\n<\/div>\n\n<div class=\"wp-block-post-excerpt has-text-color has-contrast-2-color has-small-font-size wp-container-content-32e3a40d\"><p class=\"wp-block-post-excerpt__excerpt\">En 2025, les r\u00e9sidents de l&#8217;EANM du Bial\u00e9 travaillant \u00e0 l\u2019ESAT Colo-Coustau ont requestionn\u00e9 leur moyen de transport pour se rendre sur leur lieu de travail. Un bus priv\u00e9 \u00e9tait initialement affr\u00e9t\u00e9 pour assurer le transport des ouvriers d\u2019ESAT entre ces deux \u00e9tablissements de l\u2019Adapei. Lire : La bonne pratique RSO du mois &#8211; F\u00e9vrier\u2026 <\/p><\/div>\n\n\n<div style=\"height:0px\" aria-hidden=\"true\" class=\"wp-block-spacer wp-container-content-32e3a40d\"><\/div>\n<\/div>\n\n<\/li><li class=\"wp-block-post post-20038 post type-post status-publish format-standard has-post-thumbnail hentry category-rso category-actualites\">\n<figure style=\"aspect-ratio:3\/4; padding-bottom:var(--wp--preset--spacing--20);margin-bottom:0;\" class=\"wp-block-post-featured-image\"><a href=\"https:\/\/www.adapei64.fr\/site\/la-bonne-pratique-rso-du-mois-janvier-2026\/\" target=\"_self\"  ><img loading=\"lazy\" decoding=\"async\" width=\"776\" height=\"394\" src=\"https:\/\/www.adapei64.fr\/site\/wp-content\/uploads\/2026\/01\/blanhisserie-1.png\" class=\"attachment-post-thumbnail size-post-thumbnail wp-post-image\" alt=\"La bonne pratique RSO du mois &#8211; Janvier 2026 : Complexe La Virginie, une mission sociale align\u00e9e avec les enjeux environnementaux\" style=\"width:100%;height:100%;object-fit:cover;\" srcset=\"https:\/\/www.adapei64.fr\/site\/wp-content\/uploads\/2026\/01\/blanhisserie-1.png 776w, https:\/\/www.adapei64.fr\/site\/wp-content\/uploads\/2026\/01\/blanhisserie-1-768x390.png 768w\" sizes=\"auto, (max-width: 776px) 100vw, 776px\" \/><\/a><\/figure>\n\n\n<div class=\"wp-block-group is-vertical is-nowrap is-layout-flex wp-container-core-group-is-layout-37c62d8e wp-block-group-is-layout-flex\" style=\"margin-top:var(--wp--preset--spacing--20);padding-top:0\"><h2 class=\"wp-block-post-title has-large-font-size wp-container-content-32e3a40d\"><a href=\"https:\/\/www.adapei64.fr\/site\/la-bonne-pratique-rso-du-mois-janvier-2026\/\" target=\"_self\" >La bonne pratique RSO du mois &#8211; Janvier 2026 : Complexe La Virginie, une mission sociale align\u00e9e avec les enjeux environnementaux<\/a><\/h2>\n\n<div class=\"wp-block-template-part\">\n<div class=\"wp-block-group is-content-justification-left is-layout-flex wp-container-core-group-is-layout-3923442b wp-block-group-is-layout-flex\"><div class=\"wp-block-post-date\"><time datetime=\"2026-01-26T16:55:03+01:00\">lun 26 Jan 2026<\/time><\/div>\n\n<div class=\"taxonomy-category is-style-default wp-block-post-terms\"><span class=\"wp-block-post-terms__prefix\">dans <\/span><a href=\"https:\/\/www.adapei64.fr\/site\/category\/rso\/\" rel=\"tag\">RSO<\/a><span class=\"wp-block-post-terms__separator\">, <\/span><a href=\"https:\/\/www.adapei64.fr\/site\/category\/actualites\/\" rel=\"tag\">Actualit\u00e9s<\/a><\/div><\/div>\n<\/div>\n\n<div class=\"wp-block-post-excerpt has-text-color has-contrast-2-color has-small-font-size wp-container-content-32e3a40d\"><p class=\"wp-block-post-excerpt__excerpt\">Complexe La Virginie : une mission sociale align\u00e9e avec les enjeux environnementaux. Le d\u00e9veloppement durable alli\u00e9 de la performance \u00e9conomique. La dynamique de Responsabilit\u00e9 Soci\u00e9tale des Organisations&#8230; Lire : La bonne pratique RSO du mois &#8211; Janvier 2026 : Complexe La Virginie, une mission sociale align\u00e9e avec les enjeux environnementaux <\/p><\/div>\n\n\n<div style=\"height:0px\" aria-hidden=\"true\" class=\"wp-block-spacer wp-container-content-32e3a40d\"><\/div>\n<\/div>\n\n<\/li><li class=\"wp-block-post post-18823 post type-post status-publish format-standard has-post-thumbnail hentry category-rso\">\n<figure style=\"aspect-ratio:3\/4; padding-bottom:var(--wp--preset--spacing--20);margin-bottom:0;\" class=\"wp-block-post-featured-image\"><a href=\"https:\/\/www.adapei64.fr\/site\/des-panneaux-solaires-a-la-virginie\/\" target=\"_self\"  ><img loading=\"lazy\" decoding=\"async\" width=\"1280\" height=\"720\" src=\"https:\/\/www.adapei64.fr\/site\/wp-content\/uploads\/2025\/11\/partenariat-entre-ladapei-des-pyrenees-atlantiques-et-enedis.jpg\" class=\"attachment-post-thumbnail size-post-thumbnail wp-post-image\" alt=\"Des panneaux solaires \u00e0 la Virginie\" style=\"width:100%;height:100%;object-fit:cover;\" srcset=\"https:\/\/www.adapei64.fr\/site\/wp-content\/uploads\/2025\/11\/partenariat-entre-ladapei-des-pyrenees-atlantiques-et-enedis.jpg 1280w, https:\/\/www.adapei64.fr\/site\/wp-content\/uploads\/2025\/11\/partenariat-entre-ladapei-des-pyrenees-atlantiques-et-enedis-1000x563.jpg 1000w, https:\/\/www.adapei64.fr\/site\/wp-content\/uploads\/2025\/11\/partenariat-entre-ladapei-des-pyrenees-atlantiques-et-enedis-768x432.jpg 768w\" sizes=\"auto, (max-width: 1280px) 100vw, 1280px\" \/><\/a><\/figure>\n\n\n<div class=\"wp-block-group is-vertical is-nowrap is-layout-flex wp-container-core-group-is-layout-37c62d8e wp-block-group-is-layout-flex\" style=\"margin-top:var(--wp--preset--spacing--20);padding-top:0\"><h2 class=\"wp-block-post-title has-large-font-size wp-container-content-32e3a40d\"><a href=\"https:\/\/www.adapei64.fr\/site\/des-panneaux-solaires-a-la-virginie\/\" target=\"_self\" >Des panneaux solaires \u00e0 la Virginie<\/a><\/h2>\n\n<div class=\"wp-block-template-part\">\n<div class=\"wp-block-group is-content-justification-left is-layout-flex wp-container-core-group-is-layout-3923442b wp-block-group-is-layout-flex\"><div class=\"wp-block-post-date\"><time datetime=\"2025-11-18T15:59:44+01:00\">mar 18 Nov 2025<\/time><\/div>\n\n<div class=\"taxonomy-category is-style-default wp-block-post-terms\"><span class=\"wp-block-post-terms__prefix\">dans <\/span><a href=\"https:\/\/www.adapei64.fr\/site\/category\/rso\/\" rel=\"tag\">RSO<\/a><\/div><\/div>\n<\/div>\n\n<div class=\"wp-block-post-excerpt has-text-color has-contrast-2-color has-small-font-size wp-container-content-32e3a40d\"><p class=\"wp-block-post-excerpt__excerpt\">Test <\/p><\/div>\n\n\n<div style=\"height:0px\" aria-hidden=\"true\" class=\"wp-block-spacer wp-container-content-32e3a40d\"><\/div>\n<\/div>\n\n<\/li><\/ul>\n\n\n<div style=\"margin-top:0;margin-bottom:0;height:var(--wp--preset--spacing--40)\" aria-hidden=\"true\" class=\"wp-block-spacer\"><\/div>\n\n\n<\/div>\n<\/div>\n","protected":false},"excerpt":{"rendered":"<p>Politique RSO<\/p>\n","protected":false},"author":1,"featured_media":0,"parent":0,"menu_order":0,"comment_status":"closed","ping_status":"closed","template":"","meta":{"_crdt_document":"","om_disable_all_campaigns":false,"_uag_custom_page_level_css":"","_monsterinsights_skip_tracking":false,"_monsterinsights_sitenote_active":false,"_monsterinsights_sitenote_note":"","_monsterinsights_sitenote_category":0,"_uf_show_specific_survey":0,"_uf_disable_surveys":false,"_EventAllDay":false,"_EventTimezone":"","_EventStartDate":"","_EventEndDate":"","_EventStartDateUTC":"","_EventEndDateUTC":"","_EventShowMap":false,"_EventShowMapLink":false,"_EventURL":"","_EventCost":"","_EventCostDescription":"","_EventCurrencySymbol":"","_EventCurrencyCode":"","_EventCurrencyPosition":"","_EventDateTimeSeparator":"","_EventTimeRangeSeparator":"","_EventOrganizerID":[],"_EventVenueID":[],"_OrganizerEmail":"","_OrganizerPhone":"","_OrganizerWebsite":"","_VenueAddress":"","_VenueCity":"","_VenueCountry":"","_VenueProvince":"","_VenueState":"","_VenueZip":"","_VenuePhone":"","_VenueURL":"","_VenueStateProvince":"","_VenueLat":"","_VenueLng":"","_VenueShowMap":false,"_VenueShowMapLink":false,"footnotes":""},"class_list":["post-18818","page","type-page","status-publish","hentry"],"uagb_featured_image_src":{"full":false,"thumbnail":false,"medium":false,"medium_large":false,"large":false,"1536x1536":false,"2048x2048":false},"uagb_author_info":{"display_name":"Marie Lafargue","author_link":"https:\/\/www.adapei64.fr\/site\/author\/marie\/"},"uagb_comment_info":0,"uagb_excerpt":"Politique RSO","distributor_meta":false,"distributor_terms":false,"distributor_media":false,"distributor_original_site_name":"Adapei des Pyr\u00e9n\u00e9es-Atlantiques","distributor_original_site_url":"https:\/\/www.adapei64.fr\/site","push-errors":false,"_links":{"self":[{"href":"https:\/\/www.adapei64.fr\/site\/wp-json\/wp\/v2\/pages\/18818","targetHints":{"allow":["GET"]}}],"collection":[{"href":"https:\/\/www.adapei64.fr\/site\/wp-json\/wp\/v2\/pages"}],"about":[{"href":"https:\/\/www.adapei64.fr\/site\/wp-json\/wp\/v2\/types\/page"}],"author":[{"embeddable":true,"href":"https:\/\/www.adapei64.fr\/site\/wp-json\/wp\/v2\/users\/1"}],"replies":[{"embeddable":true,"href":"https:\/\/www.adapei64.fr\/site\/wp-json\/wp\/v2\/comments?post=18818"}],"version-history":[{"count":1,"href":"https:\/\/www.adapei64.fr\/site\/wp-json\/wp\/v2\/pages\/18818\/revisions"}],"predecessor-version":[{"id":18819,"href":"https:\/\/www.adapei64.fr\/site\/wp-json\/wp\/v2\/pages\/18818\/revisions\/18819"}],"wp:attachment":[{"href":"https:\/\/www.adapei64.fr\/site\/wp-json\/wp\/v2\/media?parent=18818"}],"curies":[{"name":"wp","href":"https:\/\/api.w.org\/{rel}","templated":true}]}}