{"id":2407,"date":"2021-08-09T13:16:54","date_gmt":"2021-07-30T11:16:27","guid":{"rendered":"http:\/\/adapei64.fr\/wp2\/je-un-proche-dune-personne-vivant-avec-un-handicap\/aide-dans-la-vie-quotidienne\/"},"modified":"2025-07-30T18:08:55","modified_gmt":"2025-07-30T16:08:55","slug":"aide-dans-la-vie-quotidienne","status":"publish","type":"page","link":"https:\/\/www.adapei64.fr\/site\/proche\/aide-dans-la-vie-quotidienne\/","title":{"rendered":"Aide dans la vie quotidienne"},"content":{"rendered":"\n<div style=\"height:70px\" aria-hidden=\"true\" class=\"wp-block-spacer\"><\/div>\n\n\n\n<div class=\"wp-block-columns is-layout-flex wp-container-core-columns-is-layout-07579d57 wp-block-columns-is-layout-flex\">\n<div class=\"wp-block-column is-layout-flow wp-block-column-is-layout-flow\" style=\"flex-basis:80%\">\n<h2 class=\"wp-block-heading\">Le SESIPS<\/h2>\n\n\n\n<p class=\"wp-block-paragraph\">Le&nbsp;<a href=\"http:\/\/www.adapei64.fr\/site\/adapei\/les-etablissements-et-services\/enfance-scolarisation\/sesips-ime-sessad-itep\/\">Service d\u2019Education Sp\u00e9cialis\u00e9 pour l\u2019Insertion Professionnelle et Sociale&nbsp;(SESIPS)<\/a> accompagne les jeunes de 14 \u00e0 20 ans.<\/p>\n\n\n\n<p class=\"wp-block-paragraph\">Le SESIPS accompagne votre proche dans un parcours vers l&#8217;autonomie, <br>en l&#8217;aidant \u00e0&nbsp; :<\/p>\n\n\n\n<ul class=\"wp-block-list\">\n<li>faire un bilan de sa situation,<\/li>\n\n\n\n<li>r\u00e9fl\u00e9chir \u00e0 son projet de vie,<\/li>\n\n\n\n<li>s&#8217;entrainer \u00e0 la prise de d\u00e9cisions,<\/li>\n\n\n\n<li>acc\u00e9der \u00e0 un logement autonome,<\/li>\n\n\n\n<li>pr\u00e9parer son permis de conduire.<\/li>\n<\/ul>\n\n\n\n<div style=\"height:70px\" aria-hidden=\"true\" class=\"wp-block-spacer\"><\/div>\n\n\n\n<h2 class=\"wp-block-heading\">Le Service d&#8217;Accompagnement \u00e0 la Vie Sociale : SAVS<\/h2>\n\n\n\n<p class=\"wp-block-paragraph\">Le Service d&#8217;Accompagnement \u00e0 la Vie Sociale (SAVS) est un service qui accompagne les adultes handicap\u00e9s pour une inclusion et une vie en milieu ordinaire.<\/p>\n\n\n\n<p class=\"wp-block-paragraph\">Les SAVS apportent un soutien dans les domaines :<\/p>\n\n\n\n<ul class=\"wp-block-list\">\n<li>du logement,<\/li>\n\n\n\n<li>du travail,<\/li>\n\n\n\n<li>de l&#8217;alimentation,<\/li>\n\n\n\n<li>du soin de la sant\u00e9,<\/li>\n\n\n\n<li>des loisirs,<\/li>\n\n\n\n<li>des liens familiaux,<\/li>\n\n\n\n<li>de la gestion budg\u00e9taire.<\/li>\n<\/ul>\n\n\n\n<p class=\"wp-block-paragraph\">Les prestations sont assur\u00e9es par une \u00e9quipe pluridisciplinaire intervenant principalement au domicile des personnes handicap\u00e9es b\u00e9n\u00e9ficiant d\u2019une&nbsp;<a href=\"http:\/\/www.adapei64.fr\/site\/proche\/reconnaissance-du-handicap\/\" target=\"_blank\" rel=\"noopener\">notification SAVS de la part de la CDAPH.<\/a><\/p>\n\n\n\n<div style=\"height:70px\" aria-hidden=\"true\" class=\"wp-block-spacer\"><\/div>\n\n\n\n<h2 class=\"wp-block-heading\">Le Service d&#8217;Accompagnement m\u00e9dico-social pour adult\u00e9 handicap\u00e9s : SAMSAH<\/h2>\n\n\n\n<p class=\"wp-block-paragraph\">En plus des prestations d\u2019un SAVS, le Service d\u2019accompagnement m\u00e9dico-social pour adultes handicap\u00e9s (SAMSAH) propose un accompagnement et une coordination du parcours de soins, ainsi qu\u2019un accompagnement m\u00e9dical et param\u00e9dical en milieu ouvert.<\/p>\n\n\n\n<p class=\"wp-block-paragraph\">Les prestations sont assur\u00e9es par une \u00e9quipe pluridisciplinaire, y compris soignante, intervenant principalement au domicile des personnes handicap\u00e9es b\u00e9n\u00e9ficiant d\u2019une notification SAMSAH de la part de la CDAPH.<\/p>\n\n\n\n<p class=\"wp-block-paragraph\">Le financement des SAMSAH est assur\u00e9 par le D\u00e9partement sur le volet de l\u2019accompagnement \u00e0 la vie sociale et par l\u2019assurance maladie sur le volet soin. Il n\u2019y a pas de participation financi\u00e8re de l\u2019usager, \u00e0 l\u2019exception de frais individuels pour financer les sorties, loisirs qui pourraient \u00eatre organis\u00e9s, etc.<\/p>\n\n\n\n<div style=\"height:70px\" aria-hidden=\"true\" class=\"wp-block-spacer\"><\/div>\n\n\n\n<h2 class=\"wp-block-heading\">Les Services \u00e0 la personne<\/h2>\n\n\n\n<p class=\"wp-block-paragraph\">Les Services \u00e0 la personne (SAP) regroupent de nombreuses activit\u00e9s de garde d\u2019enfants, d\u2019entretien du domicile ou d\u2019accompagnement au quotidien. Les personnes handicap\u00e9es et leurs familles peuvent y recourir en \u00e9tant directement employeurs des intervenants ou en faisant appel \u00e0 une entreprise ou un autre organisme intervenant comme prestataire.<\/p>\n\n\n\n<p class=\"wp-block-paragraph\">Les services \u00e0 la personne ouvrent droit \u00e0 un certain nombre d\u2019avantages fiscaux et sociaux, et peuvent \u00eatre r\u00e9mun\u00e9r\u00e9s au moyen du ch\u00e8que emploi service universel (CESU).<\/p>\n\n\n\n<p class=\"wp-block-paragraph\"><a href=\"https:\/\/www.servicesalapersonne.gouv.fr\/\" target=\"_blank\" rel=\"noopener\" data-wplink-edit=\"true\">Voir le portail national des services \u00e0 la personne<\/a><\/p>\n\n\n\n<div style=\"height:70px\" aria-hidden=\"true\" class=\"wp-block-spacer\"><\/div>\n\n\n\n<h2 class=\"wp-block-heading\">Accompagnement \u00e0 domicile et soins infirmiers : les SAAD, SSIAD et SPASAD<\/h2>\n\n\n\n<p class=\"wp-block-paragraph\">Les personnes en perte d\u2019autonomie peuvent \u00e9galement b\u00e9n\u00e9ficier de prestations d\u2019accompagnement et\/ou de soins infirmiers \u00e0 domicile. Port\u00e9es par des organismes priv\u00e9s ou par des services publics de proximit\u00e9, ces services b\u00e9n\u00e9ficient de r\u00e8gles sp\u00e9cifiques de financement et de tarification et se divisent en plusieurs cat\u00e9gories :<\/p>\n\n\n\n<p class=\"wp-block-paragraph\">Les services d\u2019aide et d\u2019accompagnement \u00e0 domicile (SAAD), sp\u00e9cialis\u00e9s dans les actes de la vie quotidienne (courses, m\u00e9nage\u2026).<\/p>\n\n\n\n<p class=\"wp-block-paragraph\">Les services de soins infirmiers \u00e0 domicile (SSIAD), qui peuvent intervenir dans le traitement d\u2019une pathologie de longue dur\u00e9e, pour \u00e9viter une hospitalisation ou accompagner un retour d\u2019hospitalisation ;<\/p>\n\n\n\n<p class=\"wp-block-paragraph\">Les services polyvalents d\u2019aide et de soins \u00e0 domicile (SPASAD), qui conjuguent ces deux types de prestation.<\/p>\n\n\n\n<p class=\"wp-block-paragraph\">Un annuaire national de ces services \u00e0 domicile, qui s\u2019adressent autant aux personnes \u00e2g\u00e9es qu\u2019aux personnes handicap\u00e9es, est disponible sur le site Pour les personnes \u00e2g\u00e9es. Votre Maison d\u00e9partementale des personnes \u00e2g\u00e9es (MDPH) ou votre Centre communal d\u2019action social (CCAS) peuvent vous orienter vers les structures \u00e0 proximit\u00e9 de chez vous.<\/p>\n\n\n\n<p class=\"wp-block-paragraph\"><a href=\"https:\/\/www.pour-les-personnes-agees.gouv.fr\/annuaire-services-aide-et-soins-a-domicile\" target=\"_blank\" rel=\"noopener\">Voir l&#8217;annuaire des services \u00e0 domicile<\/a><\/p>\n<\/div>\n\n\n\n<div class=\"wp-block-column is-layout-flow wp-block-column-is-layout-flow\" style=\"flex-basis:20%\">\n<figure class=\"wp-block-image bloc_bleu\"><a href=\"https:\/\/www.adapei64.fr\/site\/adapei\/les-etablissements-et-services\/\"><img decoding=\"async\" src=\"http:\/\/www.adapei64.fr\/site\/wp-content\/uploads\/2021\/02\/TrouverESMS.png\" alt=\"Carte vers les \u00e9tablissements et services de l'Adapei des Pyr\u00e9n\u00e9es-Atlantiques\"\/><\/a><figcaption class=\"wp-element-caption\"><a href=\"https:\/\/www.adapei64.fr\/site\/adapei\/les-etablissements-et-services\/\" data-type=\"page\" data-id=\"1013\">Trouver un \u00e9tablissement ou service<\/a><\/figcaption><\/figure>\n\n\n\n<figure class=\"wp-block-image bloc_gris\"><a href=\"http:\/\/www.adapei64.fr\/site\/proche\/reconnaissance-du-handicap\/\"><img decoding=\"async\" src=\"http:\/\/www.adapei64.fr\/site\/wp-content\/uploads\/2021\/12\/02-Reconnaissance-du-handicap.svg\" alt=\"Une personne handicap\u00e9e poste un document\"\/><\/a><figcaption class=\"wp-element-caption\"><a href=\"https:\/\/www.adapei64.fr\/site\/proche\/reconnaissance-du-handicap\/\" data-type=\"page\" data-id=\"2399\">Reconnaissance du handicap<\/a><\/figcaption><\/figure>\n\n\n\n<figure class=\"wp-block-image bloc_gris\"><a href=\"http:\/\/www.adapei64.fr\/site\/proche\/aides-pour-adultes\/\"><img decoding=\"async\" src=\"http:\/\/www.adapei64.fr\/site\/wp-content\/uploads\/2021\/12\/12-Aides-Adultes.svg\" alt=\"Un femme tient une tirelire\"\/><\/a><figcaption class=\"wp-element-caption\"><a href=\"https:\/\/www.adapei64.fr\/site\/proche\/aides-pour-adultes\/\" data-type=\"page\" data-id=\"6080\">Aides pour adultes<\/a><\/figcaption><\/figure>\n<\/div>\n<\/div>\n","protected":false},"excerpt":{"rendered":"<p>Le SESIPS Le&nbsp;Service d\u2019Education Sp\u00e9cialis\u00e9 pour l\u2019Insertion Professionnelle et Sociale&nbsp;(SESIPS) accompagne les jeunes de 14 \u00e0 20 ans. Le SESIPS accompagne votre proche dans un parcours vers l&#8217;autonomie, en l&#8217;aidant&hellip; <a class=\"continue\" href=\"https:\/\/www.adapei64.fr\/site\/proche\/aide-dans-la-vie-quotidienne\/\">Lire :<span> Aide dans la vie quotidienne<\/span><\/a><\/p>\n","protected":false},"author":1,"featured_media":5692,"parent":1597,"menu_order":9,"comment_status":"closed","ping_status":"closed","template":"","meta":{"_crdt_document":"","om_disable_all_campaigns":false,"_uag_custom_page_level_css":"","_monsterinsights_skip_tracking":false,"_monsterinsights_sitenote_active":false,"_monsterinsights_sitenote_note":"","_monsterinsights_sitenote_category":0,"_uf_show_specific_survey":0,"_uf_disable_surveys":false,"_EventAllDay":false,"_EventTimezone":"","_EventStartDate":"","_EventEndDate":"","_EventStartDateUTC":"","_EventEndDateUTC":"","_EventShowMap":false,"_EventShowMapLink":false,"_EventURL":"","_EventCost":"","_EventCostDescription":"","_EventCurrencySymbol":"","_EventCurrencyCode":"","_EventCurrencyPosition":"","_EventDateTimeSeparator":"","_EventTimeRangeSeparator":"","_EventOrganizerID":[],"_EventVenueID":[],"_OrganizerEmail":"","_OrganizerPhone":"","_OrganizerWebsite":"","_VenueAddress":"","_VenueCity":"","_VenueCountry":"","_VenueProvince":"","_VenueState":"","_VenueZip":"","_VenuePhone":"","_VenueURL":"","_VenueStateProvince":"","_VenueLat":"","_VenueLng":"","_VenueShowMap":false,"_VenueShowMapLink":false,"footnotes":""},"class_list":["post-2407","page","type-page","status-publish","has-post-thumbnail","hentry"],"uagb_featured_image_src":{"full":["https:\/\/www.adapei64.fr\/site\/wp-content\/uploads\/2021\/12\/09-Vie-Quotidienne.svg",500,500,false],"thumbnail":["https:\/\/www.adapei64.fr\/site\/wp-content\/uploads\/2021\/12\/09-Vie-Quotidienne.svg",500,500,false],"medium":["https:\/\/www.adapei64.fr\/site\/wp-content\/uploads\/2021\/12\/09-Vie-Quotidienne.svg",500,500,false],"medium_large":["https:\/\/www.adapei64.fr\/site\/wp-content\/uploads\/2021\/12\/09-Vie-Quotidienne.svg",500,500,false],"large":["https:\/\/www.adapei64.fr\/site\/wp-content\/uploads\/2021\/12\/09-Vie-Quotidienne.svg",500,500,false],"1536x1536":["https:\/\/www.adapei64.fr\/site\/wp-content\/uploads\/2021\/12\/09-Vie-Quotidienne.svg",500,500,false],"2048x2048":["https:\/\/www.adapei64.fr\/site\/wp-content\/uploads\/2021\/12\/09-Vie-Quotidienne.svg",500,500,false]},"uagb_author_info":{"display_name":"Marie Lafargue","author_link":"https:\/\/www.adapei64.fr\/site\/author\/marie\/"},"uagb_comment_info":0,"uagb_excerpt":"Le SESIPS Le&nbsp;Service d\u2019Education Sp\u00e9cialis\u00e9 pour l\u2019Insertion Professionnelle et Sociale&nbsp;(SESIPS) accompagne les jeunes de 14 \u00e0 20 ans. Le SESIPS accompagne votre proche dans un parcours vers l&#8217;autonomie, en l&#8217;aidant&hellip; Lire : Aide dans la vie quotidienne","distributor_meta":false,"distributor_terms":false,"distributor_media":false,"distributor_original_site_name":"Adapei des Pyr\u00e9n\u00e9es-Atlantiques","distributor_original_site_url":"https:\/\/www.adapei64.fr\/site","push-errors":false,"_links":{"self":[{"href":"https:\/\/www.adapei64.fr\/site\/wp-json\/wp\/v2\/pages\/2407","targetHints":{"allow":["GET"]}}],"collection":[{"href":"https:\/\/www.adapei64.fr\/site\/wp-json\/wp\/v2\/pages"}],"about":[{"href":"https:\/\/www.adapei64.fr\/site\/wp-json\/wp\/v2\/types\/page"}],"author":[{"embeddable":true,"href":"https:\/\/www.adapei64.fr\/site\/wp-json\/wp\/v2\/users\/1"}],"replies":[{"embeddable":true,"href":"https:\/\/www.adapei64.fr\/site\/wp-json\/wp\/v2\/comments?post=2407"}],"version-history":[{"count":36,"href":"https:\/\/www.adapei64.fr\/site\/wp-json\/wp\/v2\/pages\/2407\/revisions"}],"predecessor-version":[{"id":18038,"href":"https:\/\/www.adapei64.fr\/site\/wp-json\/wp\/v2\/pages\/2407\/revisions\/18038"}],"up":[{"embeddable":true,"href":"https:\/\/www.adapei64.fr\/site\/wp-json\/wp\/v2\/pages\/1597"}],"wp:featuredmedia":[{"embeddable":true,"href":"https:\/\/www.adapei64.fr\/site\/wp-json\/wp\/v2\/media\/5692"}],"wp:attachment":[{"href":"https:\/\/www.adapei64.fr\/site\/wp-json\/wp\/v2\/media?parent=2407"}],"curies":[{"name":"wp","href":"https:\/\/api.w.org\/{rel}","templated":true}]}}