{"id":2554,"date":"2021-08-04T16:54:25","date_gmt":"2021-08-04T14:54:25","guid":{"rendered":"http:\/\/adapei64.fr\/wp2\/je-suis-un-adulte-vivant-avec-un-handicap\/jai-besoin-dun-logement\/"},"modified":"2025-07-30T17:44:16","modified_gmt":"2025-07-30T15:44:16","slug":"jai-besoin-dun-logement","status":"publish","type":"page","link":"https:\/\/www.adapei64.fr\/site\/situation-de-handicap\/jai-besoin-dun-logement\/","title":{"rendered":"J&#8217;ai besoin d&#8217;un logement"},"content":{"rendered":"\n<div style=\"height:70px\" aria-hidden=\"true\" class=\"wp-block-spacer\"><\/div>\n\n\n\n<div class=\"wp-block-columns is-layout-flex wp-container-core-columns-is-layout-07579d57 wp-block-columns-is-layout-flex\">\n<div class=\"wp-block-column is-layout-flow wp-block-column-is-layout-flow\" style=\"flex-basis:80%\">\n<h2 class=\"wp-block-heading\">Un logement autonome<\/h2>\n\n\n\n<p class=\"wp-block-paragraph\"><strong>Si j&#8217;ai moins de 20 ans,<\/strong><br>le <strong><a href=\"http:\/\/www.adapei64.fr\/site\/adapei\/les-etablissements-et-services\/enfance-scolarisation\/sesips-ime-sessad-itep\/\">SESIPS<\/a> <\/strong>peut m&#8217;accompagner<br>pour apprendre \u00e0 vivre en autonomie :<\/p>\n\n\n\n<ul class=\"wp-block-list\">\n<li>apprendre \u00e0 me conna\u00eetre,<\/li>\n\n\n\n<li>apprendre \u00e0 me nourrir<\/li>\n\n\n\n<li>apprendre \u00e0 me d\u00e9placer<\/li>\n\n\n\n<li>me loger.<\/li>\n<\/ul>\n\n\n\n<div style=\"height:54px\" aria-hidden=\"true\" class=\"wp-block-spacer\"><\/div>\n\n\n\n<p class=\"wp-block-paragraph\"><strong>Si j&#8217;ai plus de 20 ans<\/strong><br>et j&#8217;habite dans mon appartement ou ma maison,<br>je peux me faire accompagner par le <strong><a href=\"https:\/\/www.adapei64.fr\/site\/adapei\/les-etablissements-et-services\/vie-sociale-habitat\/savs-sifa\/\">SAVS <\/a><\/strong>pour ma vie quotidienne.<\/p>\n\n\n\n<p class=\"wp-block-paragraph\">Le SAVS peut m&#8217;aider pour :<\/p>\n\n\n\n<ul class=\"wp-block-list\">\n<li>faire mes courses,<\/li>\n\n\n\n<li>ranger mon appartement,<\/li>\n\n\n\n<li>trier mes papiers,<\/li>\n\n\n\n<li>prendre mes rendez-vous m\u00e9dicaux\u2026<\/li>\n<\/ul>\n\n\n\n<p class=\"wp-block-paragraph\">Si j&#8217;habite dans mon appartement ou ma maison,<br>je peux avoir l&#8217;allocation des aides<br>comme la Majoration pour la vie autonome.<\/p>\n\n\n\n<p class=\"wp-block-paragraph\">Pour en savoir plus sur la Majoration pour la vie autonome,<br><a href=\"https:\/\/www.cnsa.fr\/documentation\/cnsa_20-07_fiches-facilealire_majoration_vie_autonome.pdf\" target=\"_blank\" rel=\"noopener\">je peux lire la fiche en Facile \u00e0 Lire et \u00e0 Comprendre<\/a><\/p>\n<\/div>\n\n\n\n<div class=\"wp-block-column is-layout-flow wp-block-column-is-layout-flow\" style=\"flex-basis:20%\">\n<figure class=\"wp-block-image bloc_gris\"><a href=\"https:\/\/www.cnsa.fr\/documentation\/cnsa_20-07_fiches-facilealire_majoration_vie_autonome.pdf\" target=\"_blank\" rel=\"noopener\"><img decoding=\"async\" src=\"http:\/\/www.adapei64.fr\/site\/wp-content\/uploads\/2021\/12\/capture_majoration_vie_autonome.jpg\" alt=\"Fiche FALC &quot;Majoration pour la vie autonome&quot;\"\/><\/a><figcaption class=\"wp-element-caption\">Voir la fiche &#8220;La majoration pour la vie autonome&#8221;<\/figcaption><\/figure>\n<\/div>\n<\/div>\n\n\n\n<div style=\"height:70px\" aria-hidden=\"true\" class=\"wp-block-spacer\"><\/div>\n\n\n\n<div class=\"wp-block-columns is-layout-flex wp-container-core-columns-is-layout-07579d57 wp-block-columns-is-layout-flex\">\n<div class=\"wp-block-column is-layout-flow wp-block-column-is-layout-flow\" style=\"flex-basis:80%\">\n<h2 class=\"wp-block-heading\">Les Foyers d&#8217;h\u00e9bergement<\/h2>\n\n\n\n<p class=\"wp-block-paragraph\"><b>Si je travaille dans un ESAT,<\/b><br>je peux \u00eatre log\u00e9 dans un Foyer d&#8217;h\u00e9bergement.<\/p>\n\n\n\n<p class=\"wp-block-paragraph\">En foyer d&#8217;h\u00e9bergement,<\/p>\n\n\n\n<ul class=\"wp-block-list\">\n<li>Je peux habiter dans un logement collectif :\n<ul class=\"wp-block-list\">\n<li>J&#8217;ai ma chambre avec une salle de bain<br>ou je partage ma chambre et ma salle de bain avec quelqu&#8217;un.<\/li>\n\n\n\n<li>Je prends les repas avec les autres personnes vivant dans le foyer.<\/li>\n<\/ul>\n<\/li>\n\n\n\n<li>Je peux habiter dans un appartement avec un ou plusieurs ouvriers d&#8217;ESAT.<\/li>\n<\/ul>\n\n\n\n<p class=\"wp-block-paragraph\">En foyer d&#8217;h\u00e9bergement,<br>les professionnels peuvent m&#8217;accompagner dans ma vie quotidienne<br>et dans mes activit\u00e9s de loisirs.<\/p>\n\n\n\n<p class=\"wp-block-paragraph\">Je peux aussi faire activit\u00e9s individuelles&nbsp;ou en groupe,<br>le soir et le week-end.<\/p>\n<\/div>\n\n\n\n<div class=\"wp-block-column is-layout-flow wp-block-column-is-layout-flow\" style=\"flex-basis:20%\">\n<figure class=\"wp-block-image bloc_bleu\"><a href=\"http:\/\/www.adapei64.fr\/site\/adapei\/les-etablissements-et-services\/vie-sociale-habitat\/\"><img decoding=\"async\" src=\"http:\/\/adapei64.fr\/site\/wp-content\/uploads\/2021\/02\/TrouverESMS.png\" alt=\"Carte des \u00e9tablissements\" title=\"\"\/><\/a><figcaption class=\"wp-element-caption\">Trouver un foyer d&#8217;h\u00e9bergement<\/figcaption><\/figure>\n\n\n\n<figure class=\"wp-block-image bloc_gris\"><a href=\"https:\/\/www.cnsa.fr\/documentation\/cnsa_18-01_fiches-facilealire_orientation_2_vivre_etablissement.pdf\" target=\"_blank\" rel=\"noopener\"><img decoding=\"async\" src=\"http:\/\/www.adapei64.fr\/site\/wp-content\/uploads\/2021\/12\/capture_vivre_dans_un_esms.jpg\" alt=\"Fiche FALC &quot;Vivre dans un \u00e9tablissement pour les adultes handicap\u00e9s&quot;\"\/><\/a><figcaption class=\"wp-element-caption\">Voir la fiche &#8220;Vivre dans un \u00e9tablissement pour les adultes handicap\u00e9s&#8221;<\/figcaption><\/figure>\n<\/div>\n<\/div>\n\n\n\n<div style=\"height:70px\" aria-hidden=\"true\" class=\"wp-block-spacer\"><\/div>\n\n\n\n<div class=\"wp-block-columns is-layout-flex wp-container-core-columns-is-layout-07579d57 wp-block-columns-is-layout-flex\">\n<div class=\"wp-block-column is-layout-flow wp-block-column-is-layout-flow\" style=\"flex-basis:80%\">\n<h2 class=\"wp-block-heading\">Les Foyers de Vie<\/h2>\n\n\n\n<p class=\"wp-block-paragraph\">Le foyer de vie est un lieu de vie<br><b>pour les adultes qui ne travaillent pas.<\/b><\/p>\n\n\n\n<p class=\"wp-block-paragraph\">Au Foyer de vie :<\/p>\n\n\n\n<ul class=\"wp-block-list\">\n<li>J&#8217;ai ma chambre avec une salle de bain<br>ou je partage ma chambre et ma salle de bain avec quelqu&#8217;un.<\/li>\n\n\n\n<li>Je prends les repas avec les autres personnes vivant dans le foyer.<\/li>\n<\/ul>\n\n\n\n<p class=\"wp-block-paragraph\">Le foyer de vie propose des activit\u00e9s individuelles<br>ou des activit\u00e9s en groupe.<\/p>\n<\/div>\n\n\n\n<div class=\"wp-block-column is-layout-flow wp-block-column-is-layout-flow\" style=\"flex-basis:20%\">\n<figure class=\"wp-block-image bloc_bleu\"><a href=\"http:\/\/www.adapei64.fr\/site\/adapei\/les-etablissements-et-services\/vie-sociale-habitat\/\"><img decoding=\"async\" src=\"http:\/\/adapei64.fr\/site\/wp-content\/uploads\/2021\/02\/TrouverESMS.png\" alt=\"Carte des \u00e9tablissements\" title=\"\"\/><\/a><figcaption class=\"wp-element-caption\">Trouver un foyer de vie<\/figcaption><\/figure>\n\n\n\n<figure class=\"wp-block-image bloc_gris\"><a href=\"https:\/\/www.cnsa.fr\/documentation\/cnsa_18-01_fiches-facilealire_orientation_2_vivre_etablissement.pdf\" target=\"_blank\" rel=\"noopener\"><img decoding=\"async\" src=\"http:\/\/www.adapei64.fr\/site\/wp-content\/uploads\/2021\/12\/capture_vivre_dans_un_esms.jpg\" alt=\"Fiche FALC &quot;Vivre dans un \u00e9tablissement pour les adultes handicap\u00e9s&quot;\"\/><\/a><figcaption class=\"wp-element-caption\">Voir la fiche &#8220;Vivre dans un \u00e9tablissement pour les adultes handicap\u00e9s&#8221;<\/figcaption><\/figure>\n<\/div>\n<\/div>\n","protected":false},"excerpt":{"rendered":"<p>Un logement autonome Si j&#8217;ai moins de 20 ans,le SESIPS peut m&#8217;accompagnerpour apprendre \u00e0 vivre en autonomie : Si j&#8217;ai plus de 20 anset j&#8217;habite dans mon appartement ou ma&hellip; <a class=\"continue\" href=\"https:\/\/www.adapei64.fr\/site\/situation-de-handicap\/jai-besoin-dun-logement\/\">Lire :<span> J&#8217;ai besoin d&#8217;un logement<\/span><\/a><\/p>\n","protected":false},"author":1,"featured_media":5279,"parent":1595,"menu_order":4,"comment_status":"closed","ping_status":"closed","template":"","meta":{"_crdt_document":"","om_disable_all_campaigns":false,"_uag_custom_page_level_css":"","_monsterinsights_skip_tracking":false,"_monsterinsights_sitenote_active":false,"_monsterinsights_sitenote_note":"","_monsterinsights_sitenote_category":0,"_uf_show_specific_survey":0,"_uf_disable_surveys":false,"_EventAllDay":false,"_EventTimezone":"","_EventStartDate":"","_EventEndDate":"","_EventStartDateUTC":"","_EventEndDateUTC":"","_EventShowMap":false,"_EventShowMapLink":false,"_EventURL":"","_EventCost":"","_EventCostDescription":"","_EventCurrencySymbol":"","_EventCurrencyCode":"","_EventCurrencyPosition":"","_EventDateTimeSeparator":"","_EventTimeRangeSeparator":"","_EventOrganizerID":[],"_EventVenueID":[],"_OrganizerEmail":"","_OrganizerPhone":"","_OrganizerWebsite":"","_VenueAddress":"","_VenueCity":"","_VenueCountry":"","_VenueProvince":"","_VenueState":"","_VenueZip":"","_VenuePhone":"","_VenueURL":"","_VenueStateProvince":"","_VenueLat":"","_VenueLng":"","_VenueShowMap":false,"_VenueShowMapLink":false,"footnotes":""},"class_list":["post-2554","page","type-page","status-publish","has-post-thumbnail","hentry"],"uagb_featured_image_src":{"full":["https:\/\/www.adapei64.fr\/site\/wp-content\/uploads\/2021\/12\/Logement.png",700,700,false],"thumbnail":["https:\/\/www.adapei64.fr\/site\/wp-content\/uploads\/2021\/12\/Logement-600x600.png",600,600,true],"medium":["https:\/\/www.adapei64.fr\/site\/wp-content\/uploads\/2021\/12\/Logement.png",700,700,false],"medium_large":["https:\/\/www.adapei64.fr\/site\/wp-content\/uploads\/2021\/12\/Logement.png",700,700,false],"large":["https:\/\/www.adapei64.fr\/site\/wp-content\/uploads\/2021\/12\/Logement.png",700,700,false],"1536x1536":["https:\/\/www.adapei64.fr\/site\/wp-content\/uploads\/2021\/12\/Logement.png",700,700,false],"2048x2048":["https:\/\/www.adapei64.fr\/site\/wp-content\/uploads\/2021\/12\/Logement.png",700,700,false]},"uagb_author_info":{"display_name":"Marie Lafargue","author_link":"https:\/\/www.adapei64.fr\/site\/author\/marie\/"},"uagb_comment_info":0,"uagb_excerpt":"Un logement autonome Si j&#8217;ai moins de 20 ans,le SESIPS peut m&#8217;accompagnerpour apprendre \u00e0 vivre en autonomie : Si j&#8217;ai plus de 20 anset j&#8217;habite dans mon appartement ou ma&hellip; Lire : J&#8217;ai besoin d&#8217;un logement","distributor_meta":false,"distributor_terms":false,"distributor_media":false,"distributor_original_site_name":"Adapei des Pyr\u00e9n\u00e9es-Atlantiques","distributor_original_site_url":"https:\/\/www.adapei64.fr\/site","push-errors":false,"_links":{"self":[{"href":"https:\/\/www.adapei64.fr\/site\/wp-json\/wp\/v2\/pages\/2554","targetHints":{"allow":["GET"]}}],"collection":[{"href":"https:\/\/www.adapei64.fr\/site\/wp-json\/wp\/v2\/pages"}],"about":[{"href":"https:\/\/www.adapei64.fr\/site\/wp-json\/wp\/v2\/types\/page"}],"author":[{"embeddable":true,"href":"https:\/\/www.adapei64.fr\/site\/wp-json\/wp\/v2\/users\/1"}],"replies":[{"embeddable":true,"href":"https:\/\/www.adapei64.fr\/site\/wp-json\/wp\/v2\/comments?post=2554"}],"version-history":[{"count":22,"href":"https:\/\/www.adapei64.fr\/site\/wp-json\/wp\/v2\/pages\/2554\/revisions"}],"predecessor-version":[{"id":18021,"href":"https:\/\/www.adapei64.fr\/site\/wp-json\/wp\/v2\/pages\/2554\/revisions\/18021"}],"up":[{"embeddable":true,"href":"https:\/\/www.adapei64.fr\/site\/wp-json\/wp\/v2\/pages\/1595"}],"wp:featuredmedia":[{"embeddable":true,"href":"https:\/\/www.adapei64.fr\/site\/wp-json\/wp\/v2\/media\/5279"}],"wp:attachment":[{"href":"https:\/\/www.adapei64.fr\/site\/wp-json\/wp\/v2\/media?parent=2554"}],"curies":[{"name":"wp","href":"https:\/\/api.w.org\/{rel}","templated":true}]}}