{"id":2556,"date":"2021-08-06T16:55:23","date_gmt":"2021-08-06T14:55:23","guid":{"rendered":"http:\/\/adapei64.fr\/wp2\/je-suis-un-adulte-vivant-avec-un-handicap\/je-ne-peux-pas-travailler-mais-jai-besoin-dun-accompagnement-au-quotidien\/"},"modified":"2025-07-30T17:52:37","modified_gmt":"2025-07-30T15:52:37","slug":"je-ne-peux-pas-travailler-mais-jai-besoin-dun-accompagnement-au-quotidien","status":"publish","type":"page","link":"https:\/\/www.adapei64.fr\/site\/situation-de-handicap\/je-ne-peux-pas-travailler-mais-jai-besoin-dun-accompagnement-au-quotidien\/","title":{"rendered":"Je ne peux pas travailler<br \/>j&#8217;ai besoin d&#8217;un accompagnement<br \/> au quotidien"},"content":{"rendered":"\n<div style=\"height:70px\" aria-hidden=\"true\" class=\"wp-block-spacer\"><\/div>\n\n\n\n<div class=\"wp-block-columns is-layout-flex wp-container-core-columns-is-layout-07579d57 wp-block-columns-is-layout-flex\">\n<div class=\"wp-block-column is-layout-flow wp-block-column-is-layout-flow\" style=\"flex-basis:80%\">\n<h2 class=\"wp-block-heading\">Le Foyer de Vie<\/h2>\n\n\n\n<p class=\"wp-block-paragraph\"><b>Le foyer de vie est un lieu de vie pour les adultes<br>qui ne peuvent pas travailler.<\/b><\/p>\n\n\n\n<p class=\"wp-block-paragraph\">Les professionnels peuvent m\u2019accompagner dans ma vie quotidienne et dans mes activit\u00e9s de loisirs.<\/p>\n\n\n\n<p class=\"wp-block-paragraph\">Les professionnels font les t\u00e2ches trop difficiles \u00e0 faire pour moi.<\/p>\n\n\n\n<p class=\"wp-block-paragraph\">Par exemple, les professionnels peuvent s\u2019occuper<br>des repas, du m\u00e9nage et de l\u2019entretien de mon linge.<\/p>\n\n\n\n<p class=\"wp-block-paragraph\">Les professionnels m&#8217;aident aussi \u00e0 m&#8217;occuper de moi-m\u00eame<br>si j&#8217;en ai besoin.<\/p>\n\n\n\n<p class=\"wp-block-paragraph\">Le foyer de vie propose des activit\u00e9s individuelles<br>ou des activit\u00e9s en groupe.<\/p>\n<\/div>\n\n\n\n<div class=\"wp-block-column is-layout-flow wp-block-column-is-layout-flow\" style=\"flex-basis:20%\">\n<figure class=\"wp-block-image bloc_bleu\"><a href=\"http:\/\/www.adapei64.fr\/site\/adapei\/les-etablissements-et-services\/vie-sociale-habitat\/\"><img decoding=\"async\" src=\"http:\/\/adapei64.fr\/site\/wp-content\/uploads\/2021\/02\/TrouverESMS.png\" alt=\"Carte des \u00e9tablissements\" title=\"\"\/><\/a><figcaption class=\"wp-element-caption\">Trouver un Foyer <br>de vie<\/figcaption><\/figure>\n\n\n\n<figure class=\"wp-block-image bloc_gris\"><a href=\"https:\/\/www.cnsa.fr\/documentation\/cnsa_18-01_fiches-facilealire_orientation_2_vivre_etablissement.pdf\" target=\"_blank\" rel=\"noopener\"><img decoding=\"async\" src=\"http:\/\/www.adapei64.fr\/site\/wp-content\/uploads\/2021\/12\/capture_vivre_dans_un_esms.jpg\" alt=\"Fiche FALC &quot;Vivre dans un \u00e9tablissement pour les adultes handicap\u00e9s&quot;\"\/><\/a><figcaption class=\"wp-element-caption\">Vivre dans un \u00e9tablissement pour les adultes handicap\u00e9s<\/figcaption><\/figure>\n<\/div>\n<\/div>\n\n\n\n<div style=\"height:70px\" aria-hidden=\"true\" class=\"wp-block-spacer\"><\/div>\n\n\n\n<div class=\"wp-block-columns is-layout-flex wp-container-core-columns-is-layout-07579d57 wp-block-columns-is-layout-flex\">\n<div class=\"wp-block-column is-layout-flow wp-block-column-is-layout-flow\" style=\"flex-basis:80%\">\n<h2 class=\"wp-block-heading\">Le Foyer d&#8217;accueil m\u00e9dicalis\u00e9 : FAM<\/h2>\n\n\n\n<p class=\"wp-block-paragraph\">Le Foyer d\u2019accueil m\u00e9dicalis\u00e9 accueille des adultes en situation de handicap<br>qui ont besoin d\u2019aide pour les actes de la vie quotidienne.<\/p>\n\n\n\n<p class=\"wp-block-paragraph\"><b>Le Foyer d\u2019accueil m\u00e9dicalis\u00e9 propose<br>une surveillance m\u00e9dicale<br>et des soins constants.<\/b><\/p>\n\n\n\n<p class=\"wp-block-paragraph\">Le Foyer d\u2019accueil m\u00e9dicalis\u00e9 aide les personnes<br>\u00e0 s\u2019\u00e9panouir et se sentir bien.<\/p>\n\n\n\n<p class=\"wp-block-paragraph\">Le Foyer d\u2019accueil m\u00e9dicalis\u00e9 propose des activit\u00e9s adapt\u00e9es, <br>individuelles ou en groupe.<\/p>\n<\/div>\n\n\n\n<div class=\"wp-block-column is-layout-flow wp-block-column-is-layout-flow\" style=\"flex-basis:20%\">\n<figure class=\"wp-block-image bloc_bleu\"><a href=\"http:\/\/www.adapei64.fr\/site\/adapei\/les-etablissements-et-services\/accompagnement-medicalise\/\"><img decoding=\"async\" src=\"http:\/\/www.adapei64.fr\/site\/wp-content\/uploads\/2021\/02\/TrouverESMS.png\" alt=\"Carte vers les \u00e9tablissements et services de l'Adapei des Pyr\u00e9n\u00e9es-Atlantiques\"\/><\/a><figcaption class=\"wp-element-caption\">Trouver un Foyer d&#8217;accueil m\u00e9dicalis\u00e9<\/figcaption><\/figure>\n\n\n\n<figure class=\"wp-block-image bloc_gris\"><a href=\"https:\/\/www.cnsa.fr\/documentation\/cnsa_18-01_fiches-facilealire_orientation_2_vivre_etablissement.pdf\" target=\"_blank\" rel=\"noopener\"><img decoding=\"async\" src=\"http:\/\/www.adapei64.fr\/site\/wp-content\/uploads\/2021\/12\/capture_vivre_dans_un_esms.jpg\" alt=\"Fiche FALC &quot;Vivre dans un \u00e9tablissement pour les adultes handicap\u00e9s&quot;\"\/><\/a><figcaption class=\"wp-element-caption\">Vivre dans un \u00e9tablissement pour les adultes handicap\u00e9s<\/figcaption><\/figure>\n<\/div>\n<\/div>\n\n\n\n<div style=\"height:70px\" aria-hidden=\"true\" class=\"wp-block-spacer\"><\/div>\n\n\n\n<div class=\"wp-block-columns is-layout-flex wp-container-core-columns-is-layout-07579d57 wp-block-columns-is-layout-flex\">\n<div class=\"wp-block-column is-layout-flow wp-block-column-is-layout-flow\" style=\"flex-basis:80%\">\n<h2 class=\"wp-block-heading\">Maison d&#8217;accueil sp\u00e9cialis\u00e9e : MAS<\/h2>\n\n\n\n<p class=\"wp-block-paragraph\"><b>La Maison d\u2019accueil sp\u00e9cialis\u00e9e accueille des personnes<br>en situation de grande d\u00e9pendance.<\/b><\/p>\n\n\n\n<p class=\"wp-block-paragraph\">La Maison d\u2019accueil sp\u00e9cialis\u00e9 apporte<br>des soins constants aux personnes accueillies.<\/p>\n\n\n\n<p class=\"wp-block-paragraph\">Malgr\u00e9 la d\u00e9pendance des personnes accueillies,<br>la Maison d\u2019accueil sp\u00e9cialis\u00e9e\u00a0propose de nombreuses activit\u00e9s<br>pour aider les personnes \u00e0 s\u2019\u00e9panouir et se sentir bien.<\/p>\n<\/div>\n\n\n\n<div class=\"wp-block-column is-layout-flow wp-block-column-is-layout-flow\" style=\"flex-basis:20%\">\n<figure class=\"wp-block-image bloc_bleu\"><a href=\"http:\/\/www.adapei64.fr\/site\/adapei\/les-etablissements-et-services\/accompagnement-medicalise\/\"><img decoding=\"async\" src=\"http:\/\/adapei64.fr\/site\/wp-content\/uploads\/2021\/02\/TrouverESMS.png\" alt=\"Carte des \u00e9tablissements\" title=\"\"\/><\/a><figcaption class=\"wp-element-caption\">Trouver une Maison d&#8217;accueil sp\u00e9cialis\u00e9e<\/figcaption><\/figure>\n\n\n\n<figure class=\"wp-block-image bloc_gris\"><a href=\"https:\/\/www.cnsa.fr\/documentation\/cnsa_18-01_fiches-facilealire_orientation_2_vivre_etablissement.pdf\" target=\"_blank\" rel=\"noopener\"><img decoding=\"async\" src=\"http:\/\/www.adapei64.fr\/site\/wp-content\/uploads\/2021\/12\/capture_vivre_dans_un_esms.jpg\" alt=\"Fiche FALC &quot;Vivre dans un \u00e9tablissement pour les adultes handicap\u00e9s&quot;\"\/><\/a><figcaption class=\"wp-element-caption\">Vivre dans un \u00e9tablissement pour les adultes handicap\u00e9s<\/figcaption><\/figure>\n<\/div>\n<\/div>\n","protected":false},"excerpt":{"rendered":"<p>Le Foyer de Vie Le foyer de vie est un lieu de vie pour les adultesqui ne peuvent pas travailler. Les professionnels peuvent m\u2019accompagner dans ma vie quotidienne et dans&hellip; <a class=\"continue\" href=\"https:\/\/www.adapei64.fr\/site\/situation-de-handicap\/je-ne-peux-pas-travailler-mais-jai-besoin-dun-accompagnement-au-quotidien\/\">Lire :<span> Je ne peux pas travailler<br \/>j&#8217;ai besoin d&#8217;un accompagnement<br \/> au quotidien<\/span><\/a><\/p>\n","protected":false},"author":1,"featured_media":5436,"parent":1595,"menu_order":5,"comment_status":"closed","ping_status":"closed","template":"","meta":{"_crdt_document":"","om_disable_all_campaigns":false,"_uag_custom_page_level_css":"","_monsterinsights_skip_tracking":false,"_monsterinsights_sitenote_active":false,"_monsterinsights_sitenote_note":"","_monsterinsights_sitenote_category":0,"_uf_show_specific_survey":0,"_uf_disable_surveys":false,"_EventAllDay":false,"_EventTimezone":"","_EventStartDate":"","_EventEndDate":"","_EventStartDateUTC":"","_EventEndDateUTC":"","_EventShowMap":false,"_EventShowMapLink":false,"_EventURL":"","_EventCost":"","_EventCostDescription":"","_EventCurrencySymbol":"","_EventCurrencyCode":"","_EventCurrencyPosition":"","_EventDateTimeSeparator":"","_EventTimeRangeSeparator":"","_EventOrganizerID":[],"_EventVenueID":[],"_OrganizerEmail":"","_OrganizerPhone":"","_OrganizerWebsite":"","_VenueAddress":"","_VenueCity":"","_VenueCountry":"","_VenueProvince":"","_VenueState":"","_VenueZip":"","_VenuePhone":"","_VenueURL":"","_VenueStateProvince":"","_VenueLat":"","_VenueLng":"","_VenueShowMap":false,"_VenueShowMapLink":false,"footnotes":""},"class_list":["post-2556","page","type-page","status-publish","has-post-thumbnail","hentry"],"uagb_featured_image_src":{"full":["https:\/\/www.adapei64.fr\/site\/wp-content\/uploads\/2021\/12\/AccompagnementQuotidien.jpg",700,700,false],"thumbnail":["https:\/\/www.adapei64.fr\/site\/wp-content\/uploads\/2021\/12\/AccompagnementQuotidien-600x600.jpg",600,600,true],"medium":["https:\/\/www.adapei64.fr\/site\/wp-content\/uploads\/2021\/12\/AccompagnementQuotidien.jpg",700,700,false],"medium_large":["https:\/\/www.adapei64.fr\/site\/wp-content\/uploads\/2021\/12\/AccompagnementQuotidien.jpg",700,700,false],"large":["https:\/\/www.adapei64.fr\/site\/wp-content\/uploads\/2021\/12\/AccompagnementQuotidien.jpg",700,700,false],"1536x1536":["https:\/\/www.adapei64.fr\/site\/wp-content\/uploads\/2021\/12\/AccompagnementQuotidien.jpg",700,700,false],"2048x2048":["https:\/\/www.adapei64.fr\/site\/wp-content\/uploads\/2021\/12\/AccompagnementQuotidien.jpg",700,700,false]},"uagb_author_info":{"display_name":"Marie Lafargue","author_link":"https:\/\/www.adapei64.fr\/site\/author\/marie\/"},"uagb_comment_info":0,"uagb_excerpt":"Le Foyer de Vie Le foyer de vie est un lieu de vie pour les adultesqui ne peuvent pas travailler. Les professionnels peuvent m\u2019accompagner dans ma vie quotidienne et dans&hellip; Lire : Je ne peux pas travaillerj&#8217;ai besoin d&#8217;un accompagnement au quotidien","distributor_meta":false,"distributor_terms":false,"distributor_media":false,"distributor_original_site_name":"Adapei des Pyr\u00e9n\u00e9es-Atlantiques","distributor_original_site_url":"https:\/\/www.adapei64.fr\/site","push-errors":false,"_links":{"self":[{"href":"https:\/\/www.adapei64.fr\/site\/wp-json\/wp\/v2\/pages\/2556","targetHints":{"allow":["GET"]}}],"collection":[{"href":"https:\/\/www.adapei64.fr\/site\/wp-json\/wp\/v2\/pages"}],"about":[{"href":"https:\/\/www.adapei64.fr\/site\/wp-json\/wp\/v2\/types\/page"}],"author":[{"embeddable":true,"href":"https:\/\/www.adapei64.fr\/site\/wp-json\/wp\/v2\/users\/1"}],"replies":[{"embeddable":true,"href":"https:\/\/www.adapei64.fr\/site\/wp-json\/wp\/v2\/comments?post=2556"}],"version-history":[{"count":18,"href":"https:\/\/www.adapei64.fr\/site\/wp-json\/wp\/v2\/pages\/2556\/revisions"}],"predecessor-version":[{"id":18027,"href":"https:\/\/www.adapei64.fr\/site\/wp-json\/wp\/v2\/pages\/2556\/revisions\/18027"}],"up":[{"embeddable":true,"href":"https:\/\/www.adapei64.fr\/site\/wp-json\/wp\/v2\/pages\/1595"}],"wp:featuredmedia":[{"embeddable":true,"href":"https:\/\/www.adapei64.fr\/site\/wp-json\/wp\/v2\/media\/5436"}],"wp:attachment":[{"href":"https:\/\/www.adapei64.fr\/site\/wp-json\/wp\/v2\/media?parent=2556"}],"curies":[{"name":"wp","href":"https:\/\/api.w.org\/{rel}","templated":true}]}}