{"id":8471,"date":"2021-08-05T16:11:33","date_gmt":"2021-08-05T14:11:33","guid":{"rendered":"http:\/\/www.adapei64.fr\/site\/?page_id=8471"},"modified":"2025-07-30T17:50:09","modified_gmt":"2025-07-30T15:50:09","slug":"jai-besoin-daide-pour-me-deplacer","status":"publish","type":"page","link":"https:\/\/www.adapei64.fr\/site\/situation-de-handicap\/jai-besoin-daide-pour-me-deplacer\/","title":{"rendered":"J&#8217;ai besoin de me d\u00e9placer"},"content":{"rendered":"\n<div style=\"height:70px\" aria-hidden=\"true\" class=\"wp-block-spacer\"><\/div>\n\n\n\n<div class=\"wp-block-columns is-layout-flex wp-container-core-columns-is-layout-07579d57 wp-block-columns-is-layout-flex\">\n<div class=\"wp-block-column is-layout-flow wp-block-column-is-layout-flow\" style=\"flex-basis:80%\">\n<h2 class=\"wp-block-heading\">Passer mon permis ou mon BSR<\/h2>\n\n\n\n<p class=\"wp-block-paragraph\">Le BSR, c&#8217;est le&nbsp;Brevet de S\u00e9curit\u00e9 Routi\u00e8re.<br>Avec le BSR,<br>je peux conduire un scooter.<\/p>\n\n\n\n<p class=\"wp-block-paragraph\">Avec le permis de conduire,<br>je peux conduire une voiture.<\/p>\n\n\n\n<p class=\"wp-block-paragraph\"><\/p>\n\n\n\n<h3 class=\"wp-block-heading\">Si j&#8217;ai moins de 20 ans,<\/h3>\n\n\n\n<p class=\"wp-block-paragraph\">le&nbsp;<a href=\"http:\/\/www.adapei64.fr\/site\/adapei\/les-etablissements-et-services\/enfance-scolarisation\/sesips-ime-sessad-itep\/\">SESIPS<\/a> peut m&#8217;accompagner<br>pour passer mon BSR ou mon permis de conduire.<\/p>\n\n\n\n<p class=\"wp-block-paragraph\">A l&#8217;auto-\u00e9cole du SESIPS,<br>j&#8217;apprends :<\/p>\n\n\n\n<ul class=\"wp-block-list\">\n<li>le code de la route<\/li>\n\n\n\n<li>\u00e0 conduire un scooter ou une voiture.<\/li>\n<\/ul>\n\n\n\n<p class=\"wp-block-paragraph\"><\/p>\n\n\n\n<h3 class=\"wp-block-heading\">Si j&#8217;ai plus de 20 ans<\/h3>\n\n\n\n<p class=\"wp-block-paragraph\">je peux \u00eatre accompagn\u00e9 par le <a href=\"https:\/\/www.adapei64.fr\/site\/adapei\/les-etablissements-et-services\/vie-sociale-habitat\/savs-sifa\/\">SAVS<\/a><br>pour mes d\u00e9marches pour le BSR ou le permis de conduire.<\/p>\n\n\n\n<p class=\"wp-block-paragraph\">Le SAVS peut m&#8217;aider pour :<\/p>\n\n\n\n<ul class=\"wp-block-list\">\n<li>trouver une auto-\u00e9cole,<\/li>\n\n\n\n<li>trouver une voiture,<\/li>\n\n\n\n<li>demander des aides pour am\u00e9nager ma voiture.<\/li>\n<\/ul>\n<\/div>\n\n\n\n<div class=\"wp-block-column is-layout-flow wp-block-column-is-layout-flow\" style=\"flex-basis:20%\">\n<figure class=\"wp-block-image bloc_bleu\"><a href=\"https:\/\/www.adapei64.fr\/site\/adapei\/les-etablissements-et-services\/\"><img decoding=\"async\" src=\"http:\/\/www.adapei64.fr\/site\/wp-content\/uploads\/2021\/02\/TrouverESMS.png\" alt=\"Carte vers les \u00e9tablissements et services de l'Adapei des Pyr\u00e9n\u00e9es-Atlantiques\"\/><\/a><figcaption class=\"wp-element-caption\"><a href=\"https:\/\/www.adapei64.fr\/site\/adapei\/les-etablissements-et-services\/\" data-type=\"page\" data-id=\"1013\">Trouver un \u00e9tablissement ou service<\/a><\/figcaption><\/figure>\n<\/div>\n<\/div>\n\n\n\n<div style=\"height:70px\" aria-hidden=\"true\" class=\"wp-block-spacer\"><\/div>\n\n\n\n<h2 class=\"wp-block-heading\">Les aides pour mes d\u00e9placements<\/h2>\n\n\n\n<div style=\"height:35px\" aria-hidden=\"true\" class=\"wp-block-spacer\"><\/div>\n\n\n\n<div class=\"wp-block-columns is-layout-flex wp-container-core-columns-is-layout-07579d57 wp-block-columns-is-layout-flex\">\n<div class=\"wp-block-column is-layout-flow wp-block-column-is-layout-flow\" style=\"flex-basis:80%\">\n<h3 class=\"wp-block-heading\">La prestation de compensation du handicap : PCH<\/h3>\n\n\n\n<p class=\"wp-block-paragraph\">La PCH est la prestation de compensation du handicap.<\/p>\n\n\n\n<p class=\"wp-block-paragraph\">La PCH est une somme d\u2019argent<br>pour les personnes qui ont besoin d\u2019une aide <br>dans la vie de tous les jours \u00e0 cause d\u2019un handicap.<\/p>\n\n\n\n<p class=\"wp-block-paragraph\">Par exemple :<\/p>\n\n\n\n<p class=\"wp-block-paragraph\">La PCH peut aider \u00e0 payer l\u2019installation d\u2019une rampe<br>pour rentrer dans ma voiture en fauteuil roulant.<\/p>\n\n\n\n<p class=\"wp-block-paragraph\">La PCH peut aider \u00e0 payer l\u2019am\u00e9nagement de ma voiture.<\/p>\n<\/div>\n\n\n\n<div class=\"wp-block-column is-layout-flow wp-block-column-is-layout-flow\" style=\"flex-basis:20%\">\n<figure class=\"wp-block-image bloc_gris\"><a href=\"https:\/\/www.cnsa.fr\/documentation\/cnsa_fiche_facile_a_lire_aide_pch.pdf\" target=\"_blank\" rel=\"noopener\"><img decoding=\"async\" src=\"http:\/\/www.adapei64.fr\/site\/wp-content\/uploads\/2021\/12\/capture_pch.jpg\" alt=\"\"\/><\/a><figcaption class=\"wp-element-caption\">Voir la fiche sur <br>&#8220;La PCH&#8221;<\/figcaption><\/figure>\n<\/div>\n<\/div>\n\n\n\n<div style=\"height:35px\" aria-hidden=\"true\" class=\"wp-block-spacer\"><\/div>\n\n\n\n<div class=\"wp-block-columns is-layout-flex wp-container-core-columns-is-layout-07579d57 wp-block-columns-is-layout-flex\">\n<div class=\"wp-block-column is-layout-flow wp-block-column-is-layout-flow\" style=\"flex-basis:80%\">\n<h3 class=\"wp-block-heading\">La CMI<\/h3>\n\n\n\n<p class=\"wp-block-paragraph\">La CMI, c&#8217;est la Carte Mobilit\u00e9 Inclusion.<\/p>\n\n\n\n<p class=\"wp-block-paragraph\">Les CMI donnent des avantages aux personnes handicap\u00e9es<br>et aux personnes \u00e2g\u00e9es pour faciliter leurs d\u00e9placements.<\/p>\n\n\n\n<p class=\"wp-block-paragraph\">Il y a 3 CMI diff\u00e9rentes :<\/p>\n\n\n\n<ul class=\"wp-block-list\">\n<li><a href=\"https:\/\/www.cnsa.fr\/documentation\/cnsa_18-01_fiches-facilealire_cmi_stationnement.pdf\" target=\"_blank\" rel=\"noopener\">la CMI stationnement<br>Pour en savoir plus, <br>je lis fiche sur la CMI stationnement.<\/a><\/li>\n\n\n\n<li><a href=\"https:\/\/www.cnsa.fr\/documentation\/cnsa_17-09_fiches-facilealire_cmi_priorite.pdf\" target=\"_blank\" rel=\"noopener\">la CMI priorit\u00e9<br>Pour en savoir plus, <br>je lis la fiche sur a CMI priorit\u00e9. <\/a><\/li>\n\n\n\n<li><a href=\"https:\/\/www.cnsa.fr\/documentation\/cnsa_18-01_fiches-facilealire_cmi_invalidite.pdf\" target=\"_blank\" rel=\"noopener\">la CMI invalidit\u00e9<br>Pour en savoir plus, <br>je lis la fiche sur la CMI invalidit\u00e9.<\/a><\/li>\n<\/ul>\n\n\n\n<figure class=\"wp-block-embed is-type-video is-provider-youtube wp-block-embed-youtube wp-embed-aspect-16-9 wp-has-aspect-ratio\"><div class=\"wp-block-embed__wrapper\">\n<iframe loading=\"lazy\" title=\"La CMI Invalidit\u00e9\" width=\"500\" height=\"281\" src=\"https:\/\/www.youtube.com\/embed\/paGw1bneDwo?start=1&#038;feature=oembed\" frameborder=\"0\" allow=\"accelerometer; autoplay; clipboard-write; encrypted-media; gyroscope; picture-in-picture; web-share\" referrerpolicy=\"strict-origin-when-cross-origin\" allowfullscreen><\/iframe>\n<\/div><\/figure>\n\n\n\n<details class=\"wp-block-details falc is-layout-flow wp-block-details-is-layout-flow\"><summary>Transcription \/ Lire le texte de la vid\u00e9o<\/summary>\n<p class=\"wp-block-paragraph\"><strong>Qu\u2019est ce que la CMI ?&nbsp;<\/strong><\/p>\n\n\n\n<p class=\"wp-block-paragraph\">C\u2019est la Carte Mobilit\u00e9 Inclusion.<\/p>\n\n\n\n<p class=\"wp-block-paragraph\">La CMI invalidit\u00e9 est gratuite.<br>La CMI invalidit\u00e9 vous donne des avantages quand vous avez \u00e0 vous d\u00e9placer.&nbsp;<br>Vous avez le droit d\u2019utiliser une place assise dans le bus ou dans le m\u00e9tro ou dans les&nbsp; salles d\u2019attente.&nbsp;<br>Vous avez le droit de passer devant tout le monde quand vous faite la queue.&nbsp;<br>Vous avez le droit de payer moins cher<br>quand vous utilisez les transports en commun.&nbsp;<\/p>\n\n\n\n<p class=\"wp-block-paragraph\">Les personnes qui vous accompagnent<br>ont aussi ces avantages.&nbsp;<\/p>\n\n\n\n<p class=\"wp-block-paragraph\">La CMI invalidit\u00e9 permet aussi de payer moins d\u2019imp\u00f4ts.&nbsp;<\/p>\n\n\n\n<p class=\"wp-block-paragraph\"><strong>Qui peut avoir la CMI invalidit\u00e9 ?&nbsp;<\/strong><\/p>\n\n\n\n<p class=\"wp-block-paragraph\">Vous pouvez avoir la CMI invalidit\u00e9<br>si votre taux d\u2019incapacit\u00e9 est de + de 80%.&nbsp;<br>Vous pouvez avoir la CMI invalidit\u00e9<br>si vous ne pouvez plus travailler <br>et si vous avez besoin d\u2019aide tout le temps dans la vie.&nbsp;<\/p>\n\n\n\n<p class=\"wp-block-paragraph\">Certaines personnes \u00e2g\u00e9es ont la CMI invalidit\u00e9&nbsp; automatiquement.&nbsp;<br>Elles ont une allocation personnalis\u00e9e d\u2019autonomie (APA).&nbsp;<\/p>\n\n\n\n<p class=\"wp-block-paragraph\">La CMI invalidit\u00e9 est donn\u00e9e pour une dur\u00e9e de 1 \u00e0 20 ans.<br>Elle peut aussi vous \u00eatre donn\u00e9e pour toujours.&nbsp;<\/p>\n\n\n\n<p class=\"wp-block-paragraph\">Si vous avez une CMI invalidit\u00e9,<br>vous pouvez avoir une CMI stationnement mais ce n\u2019est pas automatique.&nbsp;<br>Pour avoir une CMI stationnement,<br>il faut faire la demande.&nbsp;<br>Pour faire votre demande, regardez les fiches correspondantes.<\/p>\n<\/details>\n<\/div>\n\n\n\n<div class=\"wp-block-column is-layout-flow wp-block-column-is-layout-flow\" style=\"flex-basis:20%\">\n<figure class=\"wp-block-image bloc_gris\"><a href=\"https:\/\/www.cnsa.fr\/documentation\/cnsa_17-09_fiches-facilealire_cmi_toutsavoir.pdf\" target=\"_blank\" rel=\"noopener\"><img decoding=\"async\" src=\"http:\/\/www.adapei64.fr\/site\/wp-content\/uploads\/2022\/01\/CMI.jpg\" alt=\"Fiche FALC sur la CMI\"\/><\/a><figcaption class=\"wp-element-caption\">Voir la fiche &#8220;Tout savoir sur la CMI&#8221;<\/figcaption><\/figure>\n<\/div>\n<\/div>\n\n\n\n<div style=\"height:35px\" aria-hidden=\"true\" class=\"wp-block-spacer\"><\/div>\n\n\n\n<div class=\"wp-block-columns is-layout-flex wp-container-core-columns-is-layout-07579d57 wp-block-columns-is-layout-flex\">\n<div class=\"wp-block-column is-layout-flow wp-block-column-is-layout-flow\" style=\"flex-basis:80%\">\n<h3 class=\"wp-block-heading\">L&#8217;aide aux d\u00e9placements en compensation du handicap<\/h3>\n\n\n\n<p class=\"wp-block-paragraph\">L&#8217;aide aux d\u00e9placements en compensation du handicap<br>est une somme d&#8217;argent.<\/p>\n\n\n\n<p class=\"wp-block-paragraph\">Avec cet argent, je peux payer<br>pour mes d\u00e9placements pour aller au travail.<\/p>\n\n\n\n<p class=\"wp-block-paragraph\">Par exemple :<\/p>\n\n\n\n<ul class=\"wp-block-list\">\n<li>pour adapter ma voiture \u00e0 mon handicap,<\/li>\n\n\n\n<li>pour payer le taxi pour aller travailler,<\/li>\n\n\n\n<li>pour payer un transport adapt\u00e9.<\/li>\n<\/ul>\n\n\n\n<p class=\"wp-block-paragraph\">Pour avoir l&#8217;aide,<br><a href=\"https:\/\/www.agefiph.fr\/aides-handicap\/aide-aux-deplacements-en-compensation-du-handicap\" target=\"_blank\" rel=\"noopener\">je demande \u00e0 l&#8217;Agefiph.<\/a><\/p>\n\n\n\n<p class=\"wp-block-paragraph\">Je peux avoir 5 000 euros maximum.<\/p>\n\n\n\n<p class=\"wp-block-paragraph\"><a href=\"https:\/\/www.monparcourshandicap.gouv.fr\/formation-professionnelle\/aide-aux-deplacements-en-compensation-du-handicap\" target=\"_blank\" rel=\"noopener\">Pour en savoir plus, je peux lire la page<br>sur le site Monparcourshandicap.gouv.fr<\/a><\/p>\n<\/div>\n\n\n\n<div class=\"wp-block-column is-layout-flow wp-block-column-is-layout-flow\" style=\"flex-basis:20%\">\n<figure class=\"wp-block-image bloc_gris\"><a href=\"https:\/\/www.monparcourshandicap.gouv.fr\/formation-professionnelle\/aide-aux-deplacements-en-compensation-du-handicap\" target=\"_blank\" rel=\"noopener\"><img decoding=\"async\" src=\"http:\/\/www.adapei64.fr\/site\/wp-content\/uploads\/2022\/02\/mon_parcours_handicap_logo.svg\" alt=\"Mon Parcours handicap.gouv\"\/><\/a><figcaption class=\"wp-element-caption\"><a href=\"https:\/\/www.monparcourshandicap.gouv.fr\/formation-professionnelle\/aide-aux-deplacements-en-compensation-du-handicap\" target=\"_blank\" rel=\"noreferrer noopener\">Voir le site &#8220;Mon Parcours Handicap&#8221;<\/a><\/figcaption><\/figure>\n\n\n\n<figure class=\"wp-block-image bloc_gris\"><a href=\"https:\/\/www.agefiph.fr\/aides-handicap\/aide-aux-deplacements-en-compensation-du-handicap\" target=\"_blank\" rel=\"noopener\"><img decoding=\"async\" src=\"http:\/\/www.adapei64.fr\/site\/wp-content\/uploads\/2021\/09\/agefiph.jpg\" alt=\"Logo de l'AGEFIPH\"\/><\/a><figcaption class=\"wp-element-caption\">Demander l&#8217;aide \u00e0 l&#8217;Agefiph<\/figcaption><\/figure>\n<\/div>\n<\/div>\n\n\n\n<div style=\"height:70px\" aria-hidden=\"true\" class=\"wp-block-spacer\"><\/div>\n\n\n\n<div class=\"wp-block-columns is-layout-flex wp-container-core-columns-is-layout-07579d57 wp-block-columns-is-layout-flex\">\n<div class=\"wp-block-column is-layout-flow wp-block-column-is-layout-flow\" style=\"flex-basis:80%\">\n<h2 class=\"wp-block-heading\">Me d\u00e9placer autour de Pau<\/h2>\n\n\n\n<div style=\"height:35px\" aria-hidden=\"true\" class=\"wp-block-spacer\"><\/div>\n\n\n\n<h3 class=\"wp-block-heading\">Les bus Idelis<\/h3>\n\n\n\n<p class=\"wp-block-paragraph\">Idelis, c&#8217;est le <strong>r\u00e9seau de bus<\/strong> autour de Pau.<br><a href=\"https:\/\/www.idelis.fr\/se-deplacer\/telecharger-vos-plans\">Je peux voir le plan de tous les bus sur le Plan G\u00e9n\u00e9ral du R\u00e9seau.<\/a><\/p>\n\n\n\n<div style=\"height:35px\" aria-hidden=\"true\" class=\"wp-block-spacer\"><\/div>\n\n\n\n<h3 class=\"wp-block-heading\">Idelis \u00e0 la demande<\/h3>\n\n\n\n<p class=\"wp-block-paragraph\">Je peux aussi r\u00e9server <strong>sur Idelis \u00e0 la demande<\/strong>.<br>C&#8217;est un minibus qui peut venir jusqu&#8217;\u00e0 chez moi.<\/p>\n\n\n\n<p class=\"wp-block-paragraph\">Je dois m&#8217;inscrire.<br>Je dois r\u00e9server par t\u00e9l\u00e9phone, par internet ou par mail.<\/p>\n\n\n\n<p class=\"wp-block-paragraph\"><a href=\"https:\/\/www.idelis.fr\/se-deplacer\/transport-a-la-demande\/idelis-a-la-demande-le-transport-a-la-demande-de-jour-et-de-soiree\">Pour en savoir plus ou pour m&#8217;inscrire,<br>je visite la page internet &#8220;Idelis \u00e0 la demande&#8221;<\/a><\/p>\n\n\n\n<div style=\"height:35px\" aria-hidden=\"true\" class=\"wp-block-spacer\"><\/div>\n\n\n\n<h3 class=\"wp-block-heading\">Libertis<\/h3>\n\n\n\n<p class=\"wp-block-paragraph\">Je peux aussi r\u00e9server le Libertis.<br>Libertis, c&#8217;est un minibus am\u00e9nag\u00e9 pour les personnes \u00e0 mobilit\u00e9 r\u00e9duite.<\/p>\n\n\n\n<p class=\"wp-block-paragraph\">Je dois m&#8217;inscrire.<br>Je dois r\u00e9server par t\u00e9l\u00e9phone, par internet ou par mail.<\/p>\n\n\n\n<p class=\"wp-block-paragraph\"><a href=\"https:\/\/www.idelis.fr\/se-deplacer\/transport-a-la-demande\/libertis-le-transport-adapte\">Pour en savoir plus, ou pour m&#8217;inscrire,<br>je visite la page internet du Libertis<\/a><\/p>\n<\/div>\n\n\n\n<div class=\"wp-block-column is-layout-flow wp-block-column-is-layout-flow\" style=\"flex-basis:20%\"><\/div>\n<\/div>\n","protected":false},"excerpt":{"rendered":"<p>Passer mon permis ou mon BSR Le BSR, c&#8217;est le&nbsp;Brevet de S\u00e9curit\u00e9 Routi\u00e8re.Avec le BSR,je peux conduire un scooter. Avec le permis de conduire,je peux conduire une voiture. Si j&#8217;ai&hellip; <a class=\"continue\" href=\"https:\/\/www.adapei64.fr\/site\/situation-de-handicap\/jai-besoin-daide-pour-me-deplacer\/\">Lire :<span> J&#8217;ai besoin de me d\u00e9placer<\/span><\/a><\/p>\n","protected":false},"author":1,"featured_media":8561,"parent":1595,"menu_order":3,"comment_status":"closed","ping_status":"closed","template":"","meta":{"_crdt_document":"","om_disable_all_campaigns":false,"_uag_custom_page_level_css":"","_monsterinsights_skip_tracking":false,"_monsterinsights_sitenote_active":false,"_monsterinsights_sitenote_note":"","_monsterinsights_sitenote_category":0,"_uf_show_specific_survey":0,"_uf_disable_surveys":false,"_EventAllDay":false,"_EventTimezone":"","_EventStartDate":"","_EventEndDate":"","_EventStartDateUTC":"","_EventEndDateUTC":"","_EventShowMap":false,"_EventShowMapLink":false,"_EventURL":"","_EventCost":"","_EventCostDescription":"","_EventCurrencySymbol":"","_EventCurrencyCode":"","_EventCurrencyPosition":"","_EventDateTimeSeparator":"","_EventTimeRangeSeparator":"","_EventOrganizerID":[],"_EventVenueID":[],"_OrganizerEmail":"","_OrganizerPhone":"","_OrganizerWebsite":"","_VenueAddress":"","_VenueCity":"","_VenueCountry":"","_VenueProvince":"","_VenueState":"","_VenueZip":"","_VenuePhone":"","_VenueURL":"","_VenueStateProvince":"","_VenueLat":"","_VenueLng":"","_VenueShowMap":false,"_VenueShowMapLink":false,"footnotes":""},"class_list":["post-8471","page","type-page","status-publish","has-post-thumbnail","hentry"],"uagb_featured_image_src":{"full":["https:\/\/www.adapei64.fr\/site\/wp-content\/uploads\/2022\/02\/deplacement.jpg",700,700,false],"thumbnail":["https:\/\/www.adapei64.fr\/site\/wp-content\/uploads\/2022\/02\/deplacement-600x600.jpg",600,600,true],"medium":["https:\/\/www.adapei64.fr\/site\/wp-content\/uploads\/2022\/02\/deplacement.jpg",700,700,false],"medium_large":["https:\/\/www.adapei64.fr\/site\/wp-content\/uploads\/2022\/02\/deplacement.jpg",700,700,false],"large":["https:\/\/www.adapei64.fr\/site\/wp-content\/uploads\/2022\/02\/deplacement.jpg",700,700,false],"1536x1536":["https:\/\/www.adapei64.fr\/site\/wp-content\/uploads\/2022\/02\/deplacement.jpg",700,700,false],"2048x2048":["https:\/\/www.adapei64.fr\/site\/wp-content\/uploads\/2022\/02\/deplacement.jpg",700,700,false]},"uagb_author_info":{"display_name":"Marie Lafargue","author_link":"https:\/\/www.adapei64.fr\/site\/author\/marie\/"},"uagb_comment_info":0,"uagb_excerpt":"Passer mon permis ou mon BSR Le BSR, c&#8217;est le&nbsp;Brevet de S\u00e9curit\u00e9 Routi\u00e8re.Avec le BSR,je peux conduire un scooter. Avec le permis de conduire,je peux conduire une voiture. Si j&#8217;ai&hellip; Lire : J&#8217;ai besoin de me d\u00e9placer","distributor_meta":false,"distributor_terms":false,"distributor_media":false,"distributor_original_site_name":"Adapei des Pyr\u00e9n\u00e9es-Atlantiques","distributor_original_site_url":"https:\/\/www.adapei64.fr\/site","push-errors":false,"_links":{"self":[{"href":"https:\/\/www.adapei64.fr\/site\/wp-json\/wp\/v2\/pages\/8471","targetHints":{"allow":["GET"]}}],"collection":[{"href":"https:\/\/www.adapei64.fr\/site\/wp-json\/wp\/v2\/pages"}],"about":[{"href":"https:\/\/www.adapei64.fr\/site\/wp-json\/wp\/v2\/types\/page"}],"author":[{"embeddable":true,"href":"https:\/\/www.adapei64.fr\/site\/wp-json\/wp\/v2\/users\/1"}],"replies":[{"embeddable":true,"href":"https:\/\/www.adapei64.fr\/site\/wp-json\/wp\/v2\/comments?post=8471"}],"version-history":[{"count":116,"href":"https:\/\/www.adapei64.fr\/site\/wp-json\/wp\/v2\/pages\/8471\/revisions"}],"predecessor-version":[{"id":18024,"href":"https:\/\/www.adapei64.fr\/site\/wp-json\/wp\/v2\/pages\/8471\/revisions\/18024"}],"up":[{"embeddable":true,"href":"https:\/\/www.adapei64.fr\/site\/wp-json\/wp\/v2\/pages\/1595"}],"wp:featuredmedia":[{"embeddable":true,"href":"https:\/\/www.adapei64.fr\/site\/wp-json\/wp\/v2\/media\/8561"}],"wp:attachment":[{"href":"https:\/\/www.adapei64.fr\/site\/wp-json\/wp\/v2\/media?parent=8471"}],"curies":[{"name":"wp","href":"https:\/\/api.w.org\/{rel}","templated":true}]}}