{"id":9074,"date":"2022-02-21T17:20:39","date_gmt":"2022-02-21T16:20:39","guid":{"rendered":"http:\/\/www.adapei64.fr\/site\/?page_id=9074"},"modified":"2024-08-06T16:50:20","modified_gmt":"2024-08-06T14:50:20","slug":"service-emploi-accompagne","status":"publish","type":"page","link":"https:\/\/www.adapei64.fr\/site\/adapei\/les-etablissements-et-services\/services-transversaux\/service-emploi-accompagne\/","title":{"rendered":"Service Emploi Accompagn\u00e9"},"content":{"rendered":"\n<div class=\"wp-block-columns is-layout-flex wp-container-core-columns-is-layout-07579d57 wp-block-columns-is-layout-flex\">\n<div class=\"wp-block-column is-layout-flow wp-block-column-is-layout-flow\" style=\"flex-basis:80%\">\n<p class=\"wp-block-paragraph\">Mis en place au 1er janvier 2018, le Service Emploi Accompagn\u00e9 64 propose un accompagnement structur\u00e9, formalis\u00e9, personnalis\u00e9, adapt\u00e9 aux besoins des personnes en situation de handicap et des employeurs.<\/p>\n\n\n\n<p class=\"wp-block-paragraph\">Le Service propose les prestations suivantes, sans limitation de dur\u00e9e :<\/p>\n\n\n\n<ul class=\"wp-block-list\">\n<li>Information sur le dispositif et adh\u00e9sion du b\u00e9n\u00e9ficiaire\n<ul class=\"wp-block-list\">\n<li>Evaluation : recueil de donn\u00e9es<\/li>\n\n\n\n<li>D\u00e9termination du projet professionnel et aide \u00e0 sa r\u00e9alisation<\/li>\n\n\n\n<li>Assistance dans la recherche d\u2019emploi<\/li>\n\n\n\n<li>Accompagnement dans l\u2019emploi<\/li>\n\n\n\n<li>Accompagnement vers l\u2019autonomie personnelle et sociale<\/li>\n<\/ul>\n<\/li>\n<\/ul>\n\n\n\n<p class=\"wp-block-paragraph\">Pour b\u00e9n\u00e9ficier de ce dispositif, la personne en situation de handicap doit faire la demande d\u2019une orientation professionnelle avec accompagnement par le dispositif \u201cEmploi Accompagn\u00e9\u201d aupr\u00e8s de la MDPH.<\/p>\n\n\n\n<p class=\"wp-block-paragraph\">Dans les Pyr\u00e9n\u00e9es-Atlantiques, aussi bien en Pays Basque qu\u2019en B\u00e9arn, le Service est port\u00e9 par une plateforme qui s\u2019appuie sur l\u2019exp\u00e9rience acquise et reconnue de ses acteurs, sur leur expertise, sur leurs r\u00e9seaux et sur leur capacit\u00e9 collective \u00e0 se mobiliser et innover pour favoriser l\u2019acc\u00e8s et le maintien durable dans l\u2019emploi en milieu ordinaire des personnes en situation de handicap.<\/p>\n\n\n\n<div style=\"height:70px\" aria-hidden=\"true\" class=\"wp-block-spacer\"><\/div>\n\n\n\n<h2 class=\"wp-block-heading\">Evaluation de situations :<\/h2>\n\n\n\n<p class=\"wp-block-paragraph\">Les activit\u00e9s de cette \u00e9tape donneront un aper\u00e7u des comp\u00e9tences, des aptitudes, des points forts et des points faibles de l\u2019individu et fourniront un profil d\u00e9taill\u00e9 de toutes les questions li\u00e9es \u00e0 l\u2019emploi qui d\u00e9terminera la suite du processus.<\/p>\n\n\n\n<p class=\"wp-block-paragraph\">La Plateforme Emploi Accompagn\u00e9 64 offrira aux demandeurs d\u2019emploi l\u2019opportunit\u00e9 de prendre part activement \u00e0 la s\u00e9lection d\u2019un emploi correspondant \u00e0 leurs int\u00e9r\u00eats, leurs aspirations, leurs besoins, leur situation et leur exp\u00e9rience.<\/p>\n\n\n\n<p class=\"wp-block-paragraph\">Ce processus de planification reposera sur une approche de responsabilisation selon laquelle on encouragera les participants \u00e0 faire leurs propres choix de carri\u00e8re et \u00e0 participer \u00e0 l\u2019\u00e9laboration de leur propre projet professionnel, en accord avec leurs int\u00e9r\u00eats et leurs aspirations professionnelles.<\/p>\n\n\n\n<p class=\"wp-block-paragraph\">Une approche de planification centr\u00e9e sur la personne devra \u00eatre compl\u00e8tement adopt\u00e9e \u00e0 ce&nbsp;stade.<\/p>\n\n\n\n<div style=\"height:70px\" aria-hidden=\"true\" class=\"wp-block-spacer\"><\/div>\n\n\n\n<h2 class=\"wp-block-heading\">D\u00e9termination d\u2019un projet professionnel ou d\u2019un poste de travail :<\/h2>\n\n\n\n<p class=\"wp-block-paragraph\">La recherche d\u2019emploi est une \u00e9tape fondamentale au cours de laquelle les activit\u00e9s mises en place devront rassurer les employeurs et permettre aux demandeurs d\u2019emploi de d\u00e9crocher un travail.<\/p>\n\n\n\n<p class=\"wp-block-paragraph\">A tout moment, le demandeur d\u2019emploi devra \u00eatre en contr\u00f4le des activit\u00e9s et devra \u00eatre conseill\u00e9 et inform\u00e9 pour pouvoir faire des choix avis\u00e9s.<\/p>\n\n\n\n<p class=\"wp-block-paragraph\">Ind\u00e9pendamment des cons\u00e9quences du handicap ou de tout autre d\u00e9savantage, la responsabilit\u00e9&nbsp;appartiendra au demandeur d\u2019emploi.<\/p>\n\n\n\n<div style=\"height:70px\" aria-hidden=\"true\" class=\"wp-block-spacer\"><\/div>\n\n\n\n<h2 class=\"wp-block-heading\">Accompagnement \u00e0 la recherche d\u2019emploi :<\/h2>\n\n\n\n<p class=\"wp-block-paragraph\">Afin de s\u00e9curiser le parcours professionnel du travailleur handicap\u00e9 en facilitant notamment l\u2019acc\u00e8s \u00e0 la formation et aux bilans de comp\u00e9tence, incluant si n\u00e9cessaire une interm\u00e9diation entre la personne handicap\u00e9e et son employeur, ainsi que les modalit\u00e9s d\u2019adaptation ou d\u2019am\u00e9nagement de l\u2019environnement de travail aux besoins de la personne handicap\u00e9e, en lien notamment avec les&nbsp;acteurs de l\u2019entreprise, notamment le m\u00e9decin du travail.<\/p>\n\n\n\n<div style=\"height:70px\" aria-hidden=\"true\" class=\"wp-block-spacer\"><\/div>\n\n\n\n<h2 class=\"wp-block-heading\">Mise en relation des employeurs et des personnes en situation de handicap :<\/h2>\n\n\n\n<p class=\"wp-block-paragraph\">Le Conseiller Emploi Accompagn\u00e9 assistera le b\u00e9n\u00e9ficiaire dans le cadre de chaque entretien, en s\u2019assurant de l\u2019organisation du d\u00e9placement et de la pr\u00e9paration \u00e0 l\u2019entretien, et d\u2019\u00e9tablir de suite un espace de m\u00e9diation entre le b\u00e9n\u00e9ficiaire et l\u2019 employeur, en assurant une veille sur la situation de handicap.<\/p>\n\n\n\n<p class=\"wp-block-paragraph\">Il s\u2019agit de lever de facto les interpr\u00e9tations qui \u00e9mergent de la situation de handicap.<\/p>\n\n\n\n<p class=\"wp-block-paragraph\">Le conseiller Emploi Accompagn\u00e9 servira ici de facilitateur et d\u2019appui tant aupr\u00e8s du b\u00e9n\u00e9ficiaire que de l\u2019employeur, notamment en ce qui concerne les adaptations de l\u2019environnement et les compensations.<\/p>\n\n\n\n<div style=\"height:70px\" aria-hidden=\"true\" class=\"wp-block-spacer\"><\/div>\n\n\n\n<h2 class=\"wp-block-heading\">Coordination et s\u00e9curisation de parcours professionnels sur du long terme :<\/h2>\n\n\n\n<p class=\"wp-block-paragraph\">L\u2019accompagnement en emploi durera autant que de besoin confonn\u00e9ment \u00e0 l\u2019esprit du d\u00e9cret du&nbsp;27 d\u00e9cembre 2016.<\/p>\n<\/div>\n\n\n\n<div class=\"wp-block-column is-layout-flow wp-block-column-is-layout-flow\" style=\"flex-basis:20%\">\n<div class=\"wp-block-group bloc_gris coord_esms is-vertical is-layout-flex wp-container-core-group-is-layout-2c90304e wp-block-group-is-layout-flex\">\n<h2 class=\"wp-block-heading\">Coordonn\u00e9es<\/h2>\n\n\n\n<figure class=\"wp-block-image\"><img decoding=\"async\" src=\"https:\/\/www.adapei64.fr\/site\/wp-content\/uploads\/2022\/01\/LogoSEA64-B-1.png\" alt=\"Plateforme des Pyr\u00e9n\u00e9es-Atlantiques porteuse du Service Emploi Accompagn\u00e9\"\/><\/figure>\n\n\n\n<p class=\"wp-block-paragraph\">P\u00f4le Laherr\u00e8re<br>14 avenue Saragosse<br>64000 Pau<br>T\u00e9l. : 05 59 14 31 91<br>Fax : 05 59 14 31 99<br>E-mail : psat.service-emploi-accompagne@adapei64.fr<\/p>\n<\/div>\n\n\n\n<div class=\"wp-block-group is-vertical is-content-justification-center is-layout-flex wp-container-core-group-is-layout-f9faaab3 wp-block-group-is-layout-flex\">\n<figure class=\"wp-block-image\"><img decoding=\"async\" src=\"http:\/\/www.adapei64.fr\/site\/wp-content\/uploads\/2020\/10\/Logo-Adapei-couleur_Petit.png\" alt=\"Logo de l'Adapei des Pyr\u00e9n\u00e9es-Atlantiques\"\/><\/figure>\n\n\n\n<figure class=\"wp-block-image\"><img decoding=\"async\" src=\"http:\/\/www.adapei64.fr\/site\/wp-content\/uploads\/2022\/02\/CAP-EMPLOI_LOGO-CENTRE-BASELINE-rvb.jpg\" alt=\"Cap Emploi\"\/><\/figure>\n\n\n\n<figure class=\"wp-block-image\"><img decoding=\"async\" src=\"http:\/\/www.adapei64.fr\/site\/wp-content\/uploads\/2022\/02\/ciph.jpg\" alt=\"CIPH B\u00e9arn\"\/><\/figure>\n\n\n\n<figure class=\"wp-block-image\"><img decoding=\"async\" src=\"http:\/\/www.adapei64.fr\/site\/wp-content\/uploads\/2022\/02\/dephie.jpg\" alt=\"\"\/><\/figure>\n\n\n\n<figure class=\"wp-block-image\"><img decoding=\"async\" src=\"http:\/\/www.adapei64.fr\/site\/wp-content\/uploads\/2022\/02\/logo_T21-NouvelleAquitaine.jpg\" alt=\"Trisomie 21 Nouvelle Aquitaine\"\/><\/figure>\n\n\n\n<figure class=\"wp-block-image\"><img decoding=\"async\" src=\"http:\/\/www.adapei64.fr\/site\/wp-content\/uploads\/2022\/02\/adiaph.jpg\" alt=\"Adiaph\"\/><\/figure>\n\n\n\n<figure class=\"wp-block-image\"><img decoding=\"async\" src=\"http:\/\/www.adapei64.fr\/site\/wp-content\/uploads\/2021\/09\/pep64.jpg\" alt=\"Logo des PEP 64\"\/><\/figure>\n\n\n\n<figure class=\"wp-block-image\"><img decoding=\"async\" src=\"http:\/\/www.adapei64.fr\/site\/wp-content\/uploads\/2022\/02\/ugecam.jpg\" alt=\"UGECAM\"\/><\/figure>\n\n\n\n<figure class=\"wp-block-image\"><img decoding=\"async\" src=\"http:\/\/www.adapei64.fr\/site\/wp-content\/uploads\/2022\/02\/Logo-bloc-APF-France-handicap-bichromie.jpg\" alt=\"APF France Handicap\"\/><\/figure>\n<\/div>\n<\/div>\n<\/div>\n\n\n\n<div style=\"height:70px\" aria-hidden=\"true\" class=\"wp-block-spacer\"><\/div>\n\n\n\n<h2 class=\"wp-block-heading\">Localisation<\/h2>\n\n\n\n<p class=\"wp-block-paragraph\"><iframe title=\"14 avenue Saragosse Pau\" src=\"https:\/\/maps.google.com\/maps?q=14%20avenue%20Saragosse%20Pau&amp;t=m&amp;z=15&amp;output=embed&amp;iwloc=near\" aria-label=\"14 avenue Saragosse Pau\"><\/iframe><\/p>\n","protected":false},"excerpt":{"rendered":"<p>Mis en place au 1er janvier 2018, le Service Emploi Accompagn\u00e9 64 propose un accompagnement structur\u00e9, formalis\u00e9, personnalis\u00e9, adapt\u00e9 aux besoins des personnes en situation de handicap et des employeurs.&hellip; <a class=\"continue\" href=\"https:\/\/www.adapei64.fr\/site\/adapei\/les-etablissements-et-services\/services-transversaux\/service-emploi-accompagne\/\">Lire :<span> Service Emploi Accompagn\u00e9<\/span><\/a><\/p>\n","protected":false},"author":1,"featured_media":6738,"parent":1028,"menu_order":2,"comment_status":"closed","ping_status":"closed","template":"","meta":{"_crdt_document":"","om_disable_all_campaigns":false,"_uag_custom_page_level_css":"","_monsterinsights_skip_tracking":false,"_monsterinsights_sitenote_active":false,"_monsterinsights_sitenote_note":"","_monsterinsights_sitenote_category":0,"_uf_show_specific_survey":0,"_uf_disable_surveys":false,"_EventAllDay":false,"_EventTimezone":"","_EventStartDate":"","_EventEndDate":"","_EventStartDateUTC":"","_EventEndDateUTC":"","_EventShowMap":false,"_EventShowMapLink":false,"_EventURL":"","_EventCost":"","_EventCostDescription":"","_EventCurrencySymbol":"","_EventCurrencyCode":"","_EventCurrencyPosition":"","_EventDateTimeSeparator":"","_EventTimeRangeSeparator":"","_EventOrganizerID":[],"_EventVenueID":[],"_OrganizerEmail":"","_OrganizerPhone":"","_OrganizerWebsite":"","_VenueAddress":"","_VenueCity":"","_VenueCountry":"","_VenueProvince":"","_VenueState":"","_VenueZip":"","_VenuePhone":"","_VenueURL":"","_VenueStateProvince":"","_VenueLat":"","_VenueLng":"","_VenueShowMap":false,"_VenueShowMapLink":false,"footnotes":""},"class_list":["post-9074","page","type-page","status-publish","has-post-thumbnail","hentry"],"uagb_featured_image_src":{"full":["https:\/\/www.adapei64.fr\/site\/wp-content\/uploads\/2022\/01\/LogoSEA64-B-1.png",600,718,false],"thumbnail":["https:\/\/www.adapei64.fr\/site\/wp-content\/uploads\/2022\/01\/LogoSEA64-B-1-600x600.png",600,600,true],"medium":["https:\/\/www.adapei64.fr\/site\/wp-content\/uploads\/2022\/01\/LogoSEA64-B-1.png",600,718,false],"medium_large":["https:\/\/www.adapei64.fr\/site\/wp-content\/uploads\/2022\/01\/LogoSEA64-B-1.png",600,718,false],"large":["https:\/\/www.adapei64.fr\/site\/wp-content\/uploads\/2022\/01\/LogoSEA64-B-1.png",600,718,false],"1536x1536":["https:\/\/www.adapei64.fr\/site\/wp-content\/uploads\/2022\/01\/LogoSEA64-B-1.png",600,718,false],"2048x2048":["https:\/\/www.adapei64.fr\/site\/wp-content\/uploads\/2022\/01\/LogoSEA64-B-1.png",600,718,false]},"uagb_author_info":{"display_name":"Marie Lafargue","author_link":"https:\/\/www.adapei64.fr\/site\/author\/marie\/"},"uagb_comment_info":0,"uagb_excerpt":"Mis en place au 1er janvier 2018, le Service Emploi Accompagn\u00e9 64 propose un accompagnement structur\u00e9, formalis\u00e9, personnalis\u00e9, adapt\u00e9 aux besoins des personnes en situation de handicap et des employeurs.&hellip; Lire : Service Emploi Accompagn\u00e9","distributor_meta":false,"distributor_terms":false,"distributor_media":false,"distributor_original_site_name":"Adapei des Pyr\u00e9n\u00e9es-Atlantiques","distributor_original_site_url":"https:\/\/www.adapei64.fr\/site","push-errors":false,"_links":{"self":[{"href":"https:\/\/www.adapei64.fr\/site\/wp-json\/wp\/v2\/pages\/9074","targetHints":{"allow":["GET"]}}],"collection":[{"href":"https:\/\/www.adapei64.fr\/site\/wp-json\/wp\/v2\/pages"}],"about":[{"href":"https:\/\/www.adapei64.fr\/site\/wp-json\/wp\/v2\/types\/page"}],"author":[{"embeddable":true,"href":"https:\/\/www.adapei64.fr\/site\/wp-json\/wp\/v2\/users\/1"}],"replies":[{"embeddable":true,"href":"https:\/\/www.adapei64.fr\/site\/wp-json\/wp\/v2\/comments?post=9074"}],"version-history":[{"count":64,"href":"https:\/\/www.adapei64.fr\/site\/wp-json\/wp\/v2\/pages\/9074\/revisions"}],"predecessor-version":[{"id":15656,"href":"https:\/\/www.adapei64.fr\/site\/wp-json\/wp\/v2\/pages\/9074\/revisions\/15656"}],"up":[{"embeddable":true,"href":"https:\/\/www.adapei64.fr\/site\/wp-json\/wp\/v2\/pages\/1028"}],"wp:featuredmedia":[{"embeddable":true,"href":"https:\/\/www.adapei64.fr\/site\/wp-json\/wp\/v2\/media\/6738"}],"wp:attachment":[{"href":"https:\/\/www.adapei64.fr\/site\/wp-json\/wp\/v2\/media?parent=9074"}],"curies":[{"name":"wp","href":"https:\/\/api.w.org\/{rel}","templated":true}]}}